{"id":2871,"date":"2023-06-05T15:01:01","date_gmt":"2023-06-05T18:01:01","guid":{"rendered":"https:\/\/meriti.rj.gov.br\/wordpress\/?page_id=2871"},"modified":"2025-01-08T09:46:23","modified_gmt":"2025-01-08T12:46:23","slug":"noticia-pgm","status":"publish","type":"page","link":"https:\/\/meriti.rj.gov.br\/inicio\/noticia-pgm\/","title":{"rendered":"NOTICIA PGM"},"content":{"rendered":"\t\t<div data-elementor-type=\"wp-page\" data-elementor-id=\"2871\" class=\"elementor elementor-2871\" data-elementor-post-type=\"page\">\n\t\t\t\t<div class=\"elementor-element elementor-element-2f71e8a e-flex e-con-boxed e-con e-parent\" data-id=\"2f71e8a\" data-element_type=\"container\" data-e-type=\"container\" data-settings=\"{&quot;background_background&quot;:&quot;classic&quot;}\">\n\t\t\t\t\t<div class=\"e-con-inner\">\n\t\t<div class=\"elementor-element elementor-element-96afdd0 e-con-full e-flex e-con e-child\" data-id=\"96afdd0\" data-element_type=\"container\" data-e-type=\"container\" data-settings=\"{&quot;background_background&quot;:&quot;classic&quot;}\">\n\t\t<div class=\"elementor-element elementor-element-27273ce e-flex e-con-boxed e-con e-child\" data-id=\"27273ce\" data-element_type=\"container\" data-e-type=\"container\" data-settings=\"{&quot;background_background&quot;:&quot;classic&quot;}\">\n\t\t\t\t\t<div class=\"e-con-inner\">\n\t\t<div class=\"elementor-element elementor-element-aa03fc3 e-flex e-con-boxed e-con e-child\" data-id=\"aa03fc3\" data-element_type=\"container\" data-e-type=\"container\">\n\t\t\t\t\t<div class=\"e-con-inner\">\n\t\t<div class=\"elementor-element elementor-element-875a8c1 e-flex e-con-boxed e-con e-child\" data-id=\"875a8c1\" data-element_type=\"container\" data-e-type=\"container\" data-settings=\"{&quot;background_background&quot;:&quot;classic&quot;}\">\n\t\t\t\t\t<div class=\"e-con-inner\">\n\t\t<div class=\"elementor-element elementor-element-dc2a53e e-con-full e-flex e-con e-child\" data-id=\"dc2a53e\" data-element_type=\"container\" data-e-type=\"container\" data-settings=\"{&quot;background_background&quot;:&quot;gradient&quot;}\">\n\t\t\t\t<div class=\"elementor-element elementor-element-ed6a596 elementor-widget elementor-widget-text-editor\" data-id=\"ed6a596\" data-element_type=\"widget\" data-e-type=\"widget\" data-widget_type=\"text-editor.default\">\n\t\t\t\t<div class=\"elementor-widget-container\">\n\t\t\t\t\t\t\t\t\t<p><a href=\"https:\/\/meriti.rj.gov.br\/inicio\/?page_id=2871\">Procuradoria Geral do Munic\u00edpio<\/a><\/p>\t\t\t\t\t\t\t\t<\/div>\n\t\t\t\t<\/div>\n\t\t\t\t<div class=\"elementor-element elementor-element-31cdc20 elementor-widget elementor-widget-text-editor\" data-id=\"31cdc20\" data-element_type=\"widget\" data-e-type=\"widget\" data-widget_type=\"text-editor.default\">\n\t\t\t\t<div class=\"elementor-widget-container\">\n\t\t\t\t\t\t\t\t\t<p><a href=\"https:\/\/meriti.rj.gov.br\/inicio\/?page_id=2882\">Secretaria Municipal de Governo <\/a><\/p>\t\t\t\t\t\t\t\t<\/div>\n\t\t\t\t<\/div>\n\t\t\t\t<div class=\"elementor-element elementor-element-b1e5fad elementor-widget elementor-widget-text-editor\" data-id=\"b1e5fad\" data-element_type=\"widget\" data-e-type=\"widget\" data-widget_type=\"text-editor.default\">\n\t\t\t\t<div class=\"elementor-widget-container\">\n\t\t\t\t\t\t\t\t\t<p><a href=\"https:\/\/meriti.rj.gov.br\/inicio\/?page_id=2840\">Secretaria Municipal de Administra\u00e7\u00e3o<\/a><\/p>\t\t\t\t\t\t\t\t<\/div>\n\t\t\t\t<\/div>\n\t\t\t\t<div class=\"elementor-element elementor-element-d96760b elementor-widget elementor-widget-text-editor\" data-id=\"d96760b\" data-element_type=\"widget\" data-e-type=\"widget\" data-widget_type=\"text-editor.default\">\n\t\t\t\t<div class=\"elementor-widget-container\">\n\t\t\t\t\t\t\t\t\t<p><a href=\"https:\/\/meriti.rj.gov.br\/inicio\/?page_id=14003\">Secretaria de Apoio T\u00e9cnico ao Prefeito<\/a><\/p>\t\t\t\t\t\t\t\t<\/div>\n\t\t\t\t<\/div>\n\t\t\t\t<div class=\"elementor-element elementor-element-520dd27 elementor-widget elementor-widget-text-editor\" data-id=\"520dd27\" data-element_type=\"widget\" data-e-type=\"widget\" data-widget_type=\"text-editor.default\">\n\t\t\t\t<div class=\"elementor-widget-container\">\n\t\t\t\t\t\t\t\t\t<p><a href=\"https:\/\/meriti.rj.gov.br\/inicio\/?page_id=14017\">Secretaria Municipal da Cidade<\/a><\/p>\t\t\t\t\t\t\t\t<\/div>\n\t\t\t\t<\/div>\n\t\t\t\t<div class=\"elementor-element elementor-element-cda1b08 elementor-widget elementor-widget-text-editor\" data-id=\"cda1b08\" data-element_type=\"widget\" data-e-type=\"widget\" data-widget_type=\"text-editor.default\">\n\t\t\t\t<div class=\"elementor-widget-container\">\n\t\t\t\t\t\t\t\t\t<p><a href=\"https:\/\/meriti.rj.gov.br\/inicio\/?page_id=2838\">Secretaria Municipal de A\u00e7\u00e3o Comunit\u00e1ria<\/a><\/p>\t\t\t\t\t\t\t\t<\/div>\n\t\t\t\t<\/div>\n\t\t\t\t<div class=\"elementor-element elementor-element-67aee7f elementor-widget elementor-widget-text-editor\" data-id=\"67aee7f\" data-element_type=\"widget\" data-e-type=\"widget\" data-widget_type=\"text-editor.default\">\n\t\t\t\t<div class=\"elementor-widget-container\">\n\t\t\t\t\t\t\t\t\t<p><a href=\"https:\/\/meriti.rj.gov.br\/inicio\/?page_id=2845\">Secretaria Municipal de Ambiente, Mudan\u00e7as do Clima e Bem-Estar Animal<\/a><\/p>\t\t\t\t\t\t\t\t<\/div>\n\t\t\t\t<\/div>\n\t\t\t\t<div class=\"elementor-element elementor-element-18cf0b6 elementor-widget elementor-widget-text-editor\" data-id=\"18cf0b6\" data-element_type=\"widget\" data-e-type=\"widget\" data-widget_type=\"text-editor.default\">\n\t\t\t\t<div class=\"elementor-widget-container\">\n\t\t\t\t\t\t\t\t\t<p><a href=\"https:\/\/meriti.rj.gov.br\/inicio\/?page_id=2874\">Secretaria Municipal de Assist\u00eancia Social<\/a><\/p>\t\t\t\t\t\t\t\t<\/div>\n\t\t\t\t<\/div>\n\t\t\t\t<div class=\"elementor-element elementor-element-c6a9f97 elementor-widget elementor-widget-text-editor\" data-id=\"c6a9f97\" data-element_type=\"widget\" data-e-type=\"widget\" data-widget_type=\"text-editor.default\">\n\t\t\t\t<div class=\"elementor-widget-container\">\n\t\t\t\t\t\t\t\t\t<p><a href=\"https:\/\/meriti.rj.gov.br\/inicio\/?page_id=14053\">Secretaria Municipal de Aten\u00e7\u00e3o ao Idoso e \u00e0 Pessoa com Defici\u00eancia<\/a><\/p>\t\t\t\t\t\t\t\t<\/div>\n\t\t\t\t<\/div>\n\t\t\t\t<div class=\"elementor-element elementor-element-f6e8845 elementor-widget elementor-widget-text-editor\" data-id=\"f6e8845\" data-element_type=\"widget\" data-e-type=\"widget\" data-widget_type=\"text-editor.default\">\n\t\t\t\t<div class=\"elementor-widget-container\">\n\t\t\t\t\t\t\t\t\t<p><a href=\"https:\/\/meriti.rj.gov.br\/inicio\/?page_id=14022\">Secretaria Municipal de Cidadania<\/a><\/p>\t\t\t\t\t\t\t\t<\/div>\n\t\t\t\t<\/div>\n\t\t\t\t<div class=\"elementor-element elementor-element-909a494 elementor-widget elementor-widget-text-editor\" data-id=\"909a494\" data-element_type=\"widget\" data-e-type=\"widget\" data-widget_type=\"text-editor.default\">\n\t\t\t\t<div class=\"elementor-widget-container\">\n\t\t\t\t\t\t\t\t\t<p><a href=\"https:\/\/meriti.rj.gov.br\/inicio\/?page_id=14048\" data-wplink-edit=\"true\">Secretaria Municipal de Compras e Contrata\u00e7\u00f5es P\u00fablicas<\/a><\/p>\t\t\t\t\t\t\t\t<\/div>\n\t\t\t\t<\/div>\n\t\t\t\t<div class=\"elementor-element elementor-element-d702816 elementor-widget elementor-widget-text-editor\" data-id=\"d702816\" data-element_type=\"widget\" data-e-type=\"widget\" data-widget_type=\"text-editor.default\">\n\t\t\t\t<div class=\"elementor-widget-container\">\n\t\t\t\t\t\t\t\t\t<p><a href=\"https:\/\/meriti.rj.gov.br\/inicio\/?page_id=14043\" data-wplink-edit=\"true\">Secretaria Municipal de Comunica\u00e7\u00e3o Social<\/a><\/p>\t\t\t\t\t\t\t\t<\/div>\n\t\t\t\t<\/div>\n\t\t\t\t<div class=\"elementor-element elementor-element-682a9e5 elementor-widget elementor-widget-text-editor\" data-id=\"682a9e5\" data-element_type=\"widget\" data-e-type=\"widget\" data-widget_type=\"text-editor.default\">\n\t\t\t\t<div class=\"elementor-widget-container\">\n\t\t\t\t\t\t\t\t\t<p><a href=\"https:\/\/meriti.rj.gov.br\/inicio\/?page_id=2884\" data-wplink-edit=\"true\">Secretaria Municipal de Controle Interno<\/a><\/p>\t\t\t\t\t\t\t\t<\/div>\n\t\t\t\t<\/div>\n\t\t\t\t<div class=\"elementor-element elementor-element-039e357 elementor-widget elementor-widget-text-editor\" data-id=\"039e357\" data-element_type=\"widget\" data-e-type=\"widget\" data-widget_type=\"text-editor.default\">\n\t\t\t\t<div class=\"elementor-widget-container\">\n\t\t\t\t\t\t\t\t\t<p><a href=\"https:\/\/meriti.rj.gov.br\/inicio\/?page_id=14038\" data-wplink-edit=\"true\">Secretaria Municipal de Cultura e Turismo<\/a><\/p>\t\t\t\t\t\t\t\t<\/div>\n\t\t\t\t<\/div>\n\t\t\t\t<div class=\"elementor-element elementor-element-f1cee73 elementor-widget elementor-widget-text-editor\" data-id=\"f1cee73\" data-element_type=\"widget\" data-e-type=\"widget\" data-widget_type=\"text-editor.default\">\n\t\t\t\t<div class=\"elementor-widget-container\">\n\t\t\t\t\t\t\t\t\t<p><a href=\"https:\/\/meriti.rj.gov.br\/inicio\/?page_id=14027\" data-wplink-edit=\"true\">Secretaria Municipal de Defesa Civil<\/a><\/p>\t\t\t\t\t\t\t\t<\/div>\n\t\t\t\t<\/div>\n\t\t\t\t<div class=\"elementor-element elementor-element-1b4a6dd elementor-widget elementor-widget-text-editor\" data-id=\"1b4a6dd\" data-element_type=\"widget\" data-e-type=\"widget\" data-widget_type=\"text-editor.default\">\n\t\t\t\t<div class=\"elementor-widget-container\">\n\t\t\t\t\t\t\t\t\t<p><a href=\"https:\/\/meriti.rj.gov.br\/inicio\/?page_id=2849\">Secretaria Municipal de Educa\u00e7\u00e3o, Ci\u00eancia e Tecnologia<\/a><\/p>\t\t\t\t\t\t\t\t<\/div>\n\t\t\t\t<\/div>\n\t\t\t\t<div class=\"elementor-element elementor-element-0af8e5c elementor-widget elementor-widget-text-editor\" data-id=\"0af8e5c\" data-element_type=\"widget\" data-e-type=\"widget\" data-widget_type=\"text-editor.default\">\n\t\t\t\t<div class=\"elementor-widget-container\">\n\t\t\t\t\t\t\t\t\t<p><a href=\"https:\/\/meriti.rj.gov.br\/inicio\/?page_id=2880\">Secretaria Municipal de Esporte e Lazer<\/a><\/p>\t\t\t\t\t\t\t\t<\/div>\n\t\t\t\t<\/div>\n\t\t\t\t<div class=\"elementor-element elementor-element-7bd7b2d elementor-widget elementor-widget-text-editor\" data-id=\"7bd7b2d\" data-element_type=\"widget\" data-e-type=\"widget\" data-widget_type=\"text-editor.default\">\n\t\t\t\t<div class=\"elementor-widget-container\">\n\t\t\t\t\t\t\t\t\t<p><a href=\"https:\/\/meriti.rj.gov.br\/inicio\/?page_id=2843\" data-wplink-edit=\"true\">Secretaria Municipal de Fazenda<\/a><\/p>\t\t\t\t\t\t\t\t<\/div>\n\t\t\t\t<\/div>\n\t\t\t\t<div class=\"elementor-element elementor-element-036356e elementor-widget elementor-widget-text-editor\" data-id=\"036356e\" data-element_type=\"widget\" data-e-type=\"widget\" data-widget_type=\"text-editor.default\">\n\t\t\t\t<div class=\"elementor-widget-container\">\n\t\t\t\t\t\t\t\t\t<p><a href=\"https:\/\/meriti.rj.gov.br\/inicio\/?page_id=14033\">Secretaria Municipal de Habita\u00e7\u00e3o, Urbanismo e Ilumina\u00e7\u00e3o P\u00fablica<\/a><\/p>\t\t\t\t\t\t\t\t<\/div>\n\t\t\t\t<\/div>\n\t\t\t\t<div class=\"elementor-element elementor-element-cd58236 elementor-widget elementor-widget-text-editor\" data-id=\"cd58236\" data-element_type=\"widget\" data-e-type=\"widget\" data-widget_type=\"text-editor.default\">\n\t\t\t\t<div class=\"elementor-widget-container\">\n\t\t\t\t\t\t\t\t\t<p><a href=\"https:\/\/meriti.rj.gov.br\/inicio\/?page_id=2876\">Secretaria Municipal de Obras e Servi\u00e7os P\u00fablicos<\/a><\/p>\t\t\t\t\t\t\t\t<\/div>\n\t\t\t\t<\/div>\n\t\t\t\t<div class=\"elementor-element elementor-element-a7f9fcd elementor-widget elementor-widget-text-editor\" data-id=\"a7f9fcd\" data-element_type=\"widget\" data-e-type=\"widget\" data-widget_type=\"text-editor.default\">\n\t\t\t\t<div class=\"elementor-widget-container\">\n\t\t\t\t\t\t\t\t\t<p><a href=\"https:\/\/meriti.rj.gov.br\/inicio\/?page_id=14012\">Secretaria Municipal de Planejamento e Inova\u00e7\u00e3o<\/a><\/p>\t\t\t\t\t\t\t\t<\/div>\n\t\t\t\t<\/div>\n\t\t\t\t<div class=\"elementor-element elementor-element-5446b07 elementor-widget elementor-widget-text-editor\" data-id=\"5446b07\" data-element_type=\"widget\" data-e-type=\"widget\" data-widget_type=\"text-editor.default\">\n\t\t\t\t<div class=\"elementor-widget-container\">\n\t\t\t\t\t\t\t\t\t<p><a href=\"https:\/\/meriti.rj.gov.br\/inicio\/?page_id=2847\">Secretaria Municipal de Sa\u00fade<\/a><\/p>\t\t\t\t\t\t\t\t<\/div>\n\t\t\t\t<\/div>\n\t\t\t\t<div class=\"elementor-element elementor-element-b94c4e9 elementor-widget elementor-widget-text-editor\" data-id=\"b94c4e9\" data-element_type=\"widget\" data-e-type=\"widget\" data-widget_type=\"text-editor.default\">\n\t\t\t\t<div class=\"elementor-widget-container\">\n\t\t\t\t\t\t\t\t\t<p><a href=\"https:\/\/meriti.rj.gov.br\/inicio\/?page_id=2886\">Secretaria Municipal de Seguran\u00e7a P\u00fablica e Mobilidade Urbana<\/a><\/p>\t\t\t\t\t\t\t\t<\/div>\n\t\t\t\t<\/div>\n\t\t\t\t<div class=\"elementor-element elementor-element-e4faf01 elementor-widget elementor-widget-text-editor\" data-id=\"e4faf01\" data-element_type=\"widget\" data-e-type=\"widget\" data-widget_type=\"text-editor.default\">\n\t\t\t\t<div class=\"elementor-widget-container\">\n\t\t\t\t\t\t\t\t\t<p><a href=\"https:\/\/meriti.rj.gov.br\/inicio\/?page_id=2878\">Secretaria Municipal de Trabalho e Renda<\/a><\/p>\t\t\t\t\t\t\t\t<\/div>\n\t\t\t\t<\/div>\n\t\t\t\t<\/div>\n\t\t<div class=\"elementor-element elementor-element-5da9bd1 e-con-full e-flex e-con e-child\" data-id=\"5da9bd1\" data-element_type=\"container\" data-e-type=\"container\" data-settings=\"{&quot;background_background&quot;:&quot;classic&quot;}\">\n\t\t\t\t<div class=\"elementor-element elementor-element-2a5e568 elementor-grid-eael-col-2 elementor-widget-laptop__width-initial elementor-grid-tablet-eael-col-2 elementor-grid-mobile-eael-col-1 elementor-widget elementor-widget-eael-post-grid\" data-id=\"2a5e568\" data-element_type=\"widget\" data-e-type=\"widget\" data-settings=\"{&quot;eael_post_grid_columns&quot;:&quot;eael-col-2&quot;,&quot;eael_post_grid_columns_tablet&quot;:&quot;eael-col-2&quot;,&quot;eael_post_grid_columns_mobile&quot;:&quot;eael-col-1&quot;}\" data-widget_type=\"eael-post-grid.default\">\n\t\t\t\t<div class=\"elementor-widget-container\">\n\t\t\t\t\t<div id=\"eael-post-grid-2a5e568\" class=\"eael-post-grid-container\">\n            <div class=\"eael-post-grid eael-post-appender eael-post-appender-2a5e568 eael-post-grid-style-one\" data-layout-mode=\"grid\"><article class=\"eael-grid-post  eael-post-grid-column eael-pg-post-22663 category-procuradoria-geral-do-municipio-secretaria-municipal-de-controle-interno-secretaria-municipal-de-planejamento-e-inovacao\" data-id=\"22663\">\n        <div class=\"eael-grid-post-holder\">\n            <div class=\"eael-grid-post-holder-inner\"><div class=\"eael-entry-media\"><div class=\"eael-entry-overlay fade-in\"><i class=\"fas fa-long-arrow-alt-right\" aria-hidden=\"true\"><\/i><a href=\"https:\/\/meriti.rj.gov.br\/inicio\/prefeitura-de-meriti-participa-de-palestras-sobre-consensualidade-na-administracao-publica\/\"><\/a><\/div><div class=\"eael-entry-thumbnail \">\n                <img fetchpriority=\"high\" decoding=\"async\" width=\"300\" height=\"188\" src=\"https:\/\/meriti.rj.gov.br\/inicio\/wp-content\/uploads\/2026\/04\/Foto-Palestra-consensualidade-na-administracao-publica-300x188.jpeg\" class=\"attachment-medium size-medium wp-image-22664\" alt=\"\" srcset=\"https:\/\/meriti.rj.gov.br\/inicio\/wp-content\/uploads\/2026\/04\/Foto-Palestra-consensualidade-na-administracao-publica-300x188.jpeg 300w, https:\/\/meriti.rj.gov.br\/inicio\/wp-content\/uploads\/2026\/04\/Foto-Palestra-consensualidade-na-administracao-publica-768x481.jpeg 768w, https:\/\/meriti.rj.gov.br\/inicio\/wp-content\/uploads\/2026\/04\/Foto-Palestra-consensualidade-na-administracao-publica.jpeg 960w\" sizes=\"(max-width: 300px) 100vw, 300px\" \/>\n            <\/div>\n        <\/div><div class=\"eael-entry-wrapper\"><header class=\"eael-entry-header\"><h2 class=\"eael-entry-title\"><a class=\"eael-grid-post-link\" href=\"https:\/\/meriti.rj.gov.br\/inicio\/prefeitura-de-meriti-participa-de-palestras-sobre-consensualidade-na-administracao-publica\/\" title=\"Prefeitura de Meriti participa de palestras sobre consensualidade na administra\u00e7\u00e3o p\u00fablica\">Prefeitura de Meriti participa de palestras sobre consensualidade na administra\u00e7\u00e3o p\u00fablica<\/a><\/h2><\/header><div class=\"eael-entry-content\">\n                        <div class=\"eael-grid-post-excerpt\"><p>Prefeitura de Meriti participa de palestras sobre consensualidade na administra\u00e7\u00e3o...<\/p><a href=\"https:\/\/meriti.rj.gov.br\/inicio\/prefeitura-de-meriti-participa-de-palestras-sobre-consensualidade-na-administracao-publica\/\" class=\"eael-post-elements-readmore-btn\">LEIA MAIS<\/a><\/div>\n                    <\/div><div class=\"eael-entry-footer\"><div class=\"eael-author-avatar\"><a href=\"https:\/\/meriti.rj.gov.br\/inicio\/author\/eduarda-santos\/\"><img alt='Comunica\u00e7\u00e3o Web' src='https:\/\/secure.gravatar.com\/avatar\/3f7b0e285be74dace2bc523176738d07c9c6b6e56857675b9366dd1d0df8c3e2?s=96&#038;d=mm&#038;r=g' srcset='https:\/\/secure.gravatar.com\/avatar\/3f7b0e285be74dace2bc523176738d07c9c6b6e56857675b9366dd1d0df8c3e2?s=192&#038;d=mm&#038;r=g 2x' class='avatar avatar-96 photo' height='96' width='96' \/><\/a><\/div><div class=\"eael-entry-meta\"><span class=\"eael-posted-by\"><a href=\"https:\/\/meriti.rj.gov.br\/inicio\/author\/eduarda-santos\/\" title=\"Posts de Comunica\u00e7\u00e3o Web\" rel=\"author\">Comunica\u00e7\u00e3o Web<\/a><\/span><span class=\"eael-posted-on\"><time datetime=\"22 de abril de 2026\">22 de abril de 2026<\/time><\/span><\/div><\/div><\/div><\/div>\n        <\/div>\n    <\/article><article class=\"eael-grid-post  eael-post-grid-column eael-pg-post-22061 category-procuradoria-geral-do-municipio\" data-id=\"22061\">\n        <div class=\"eael-grid-post-holder\">\n            <div class=\"eael-grid-post-holder-inner\"><div class=\"eael-entry-media\"><div class=\"eael-entry-overlay fade-in\"><i class=\"fas fa-long-arrow-alt-right\" aria-hidden=\"true\"><\/i><a href=\"https:\/\/meriti.rj.gov.br\/inicio\/meriti-recebe-pela-primeira-vez-encontro-de-procuradores-gerais-municipais\/\"><\/a><\/div><div class=\"eael-entry-thumbnail \">\n                <img decoding=\"async\" width=\"300\" height=\"173\" src=\"https:\/\/meriti.rj.gov.br\/inicio\/wp-content\/uploads\/2026\/03\/Foto-1-Encontro-de-Procuradores-Gerais-Municipais-em-SJM-300x173.jpg\" class=\"attachment-medium size-medium wp-image-22062\" alt=\"\" srcset=\"https:\/\/meriti.rj.gov.br\/inicio\/wp-content\/uploads\/2026\/03\/Foto-1-Encontro-de-Procuradores-Gerais-Municipais-em-SJM-300x173.jpg 300w, https:\/\/meriti.rj.gov.br\/inicio\/wp-content\/uploads\/2026\/03\/Foto-1-Encontro-de-Procuradores-Gerais-Municipais-em-SJM-1024x589.jpg 1024w, https:\/\/meriti.rj.gov.br\/inicio\/wp-content\/uploads\/2026\/03\/Foto-1-Encontro-de-Procuradores-Gerais-Municipais-em-SJM-768x442.jpg 768w, https:\/\/meriti.rj.gov.br\/inicio\/wp-content\/uploads\/2026\/03\/Foto-1-Encontro-de-Procuradores-Gerais-Municipais-em-SJM-1536x883.jpg 1536w, https:\/\/meriti.rj.gov.br\/inicio\/wp-content\/uploads\/2026\/03\/Foto-1-Encontro-de-Procuradores-Gerais-Municipais-em-SJM-2048x1178.jpg 2048w\" sizes=\"(max-width: 300px) 100vw, 300px\" \/>\n            <\/div>\n        <\/div><div class=\"eael-entry-wrapper\"><header class=\"eael-entry-header\"><h2 class=\"eael-entry-title\"><a class=\"eael-grid-post-link\" href=\"https:\/\/meriti.rj.gov.br\/inicio\/meriti-recebe-pela-primeira-vez-encontro-de-procuradores-gerais-municipais\/\" title=\"Meriti recebe pela primeira vez Encontro de Procuradores-Gerais Municipais\">Meriti recebe pela primeira vez Encontro de Procuradores-Gerais Municipais<\/a><\/h2><\/header><div class=\"eael-entry-content\">\n                        <div class=\"eael-grid-post-excerpt\"><p>Meriti recebe pela primeira vez Encontro de Procuradores-Gerais Municipais O...<\/p><a href=\"https:\/\/meriti.rj.gov.br\/inicio\/meriti-recebe-pela-primeira-vez-encontro-de-procuradores-gerais-municipais\/\" class=\"eael-post-elements-readmore-btn\">LEIA MAIS<\/a><\/div>\n                    <\/div><div class=\"eael-entry-footer\"><div class=\"eael-author-avatar\"><a href=\"https:\/\/meriti.rj.gov.br\/inicio\/author\/eduarda-santos\/\"><img alt='Comunica\u00e7\u00e3o Web' src='https:\/\/secure.gravatar.com\/avatar\/3f7b0e285be74dace2bc523176738d07c9c6b6e56857675b9366dd1d0df8c3e2?s=96&#038;d=mm&#038;r=g' srcset='https:\/\/secure.gravatar.com\/avatar\/3f7b0e285be74dace2bc523176738d07c9c6b6e56857675b9366dd1d0df8c3e2?s=192&#038;d=mm&#038;r=g 2x' class='avatar avatar-96 photo' height='96' width='96' \/><\/a><\/div><div class=\"eael-entry-meta\"><span class=\"eael-posted-by\"><a href=\"https:\/\/meriti.rj.gov.br\/inicio\/author\/eduarda-santos\/\" title=\"Posts de Comunica\u00e7\u00e3o Web\" rel=\"author\">Comunica\u00e7\u00e3o Web<\/a><\/span><span class=\"eael-posted-on\"><time datetime=\"13 de mar\u00e7o de 2026\">13 de mar\u00e7o de 2026<\/time><\/span><\/div><\/div><\/div><\/div>\n        <\/div>\n    <\/article><article class=\"eael-grid-post  eael-post-grid-column eael-pg-post-20790 category-procuradoria-geral-do-municipio\" data-id=\"20790\">\n        <div class=\"eael-grid-post-holder\">\n            <div class=\"eael-grid-post-holder-inner\"><div class=\"eael-entry-media\"><div class=\"eael-entry-overlay fade-in\"><i class=\"fas fa-long-arrow-alt-right\" aria-hidden=\"true\"><\/i><a href=\"https:\/\/meriti.rj.gov.br\/inicio\/elementor-20790\/\"><\/a><\/div><div class=\"eael-entry-thumbnail \">\n                <img decoding=\"async\" width=\"300\" height=\"169\" src=\"https:\/\/meriti.rj.gov.br\/inicio\/wp-content\/uploads\/2026\/01\/Foto-1-ReuniaoProcuradoria-300x169.jpeg\" class=\"attachment-medium size-medium wp-image-20795\" alt=\"\" srcset=\"https:\/\/meriti.rj.gov.br\/inicio\/wp-content\/uploads\/2026\/01\/Foto-1-ReuniaoProcuradoria-300x169.jpeg 300w, https:\/\/meriti.rj.gov.br\/inicio\/wp-content\/uploads\/2026\/01\/Foto-1-ReuniaoProcuradoria-1024x576.jpeg 1024w, https:\/\/meriti.rj.gov.br\/inicio\/wp-content\/uploads\/2026\/01\/Foto-1-ReuniaoProcuradoria-768x432.jpeg 768w, https:\/\/meriti.rj.gov.br\/inicio\/wp-content\/uploads\/2026\/01\/Foto-1-ReuniaoProcuradoria.jpeg 1280w\" sizes=\"(max-width: 300px) 100vw, 300px\" \/>\n            <\/div>\n        <\/div><div class=\"eael-entry-wrapper\"><header class=\"eael-entry-header\"><h2 class=\"eael-entry-title\"><a class=\"eael-grid-post-link\" href=\"https:\/\/meriti.rj.gov.br\/inicio\/elementor-20790\/\" title=\"Procuradoria-Geral de Meriti promove reuni\u00e3o de alinhamento com \u00f3rg\u00e3os jur\u00eddicos municipais\">Procuradoria-Geral de Meriti promove reuni\u00e3o de alinhamento com \u00f3rg\u00e3os jur\u00eddicos municipais<\/a><\/h2><\/header><div class=\"eael-entry-content\">\n                        <div class=\"eael-grid-post-excerpt\"><p>Procuradoria-Geral de Meriti promove reuni\u00e3o de alinhamento com \u00f3rg\u00e3os jur\u00eddicos...<\/p><a href=\"https:\/\/meriti.rj.gov.br\/inicio\/elementor-20790\/\" class=\"eael-post-elements-readmore-btn\">LEIA MAIS<\/a><\/div>\n                    <\/div><div class=\"eael-entry-footer\"><div class=\"eael-author-avatar\"><a href=\"https:\/\/meriti.rj.gov.br\/inicio\/author\/eduarda-santos\/\"><img alt='Comunica\u00e7\u00e3o Web' src='https:\/\/secure.gravatar.com\/avatar\/3f7b0e285be74dace2bc523176738d07c9c6b6e56857675b9366dd1d0df8c3e2?s=96&#038;d=mm&#038;r=g' srcset='https:\/\/secure.gravatar.com\/avatar\/3f7b0e285be74dace2bc523176738d07c9c6b6e56857675b9366dd1d0df8c3e2?s=192&#038;d=mm&#038;r=g 2x' class='avatar avatar-96 photo' height='96' width='96' \/><\/a><\/div><div class=\"eael-entry-meta\"><span class=\"eael-posted-by\"><a href=\"https:\/\/meriti.rj.gov.br\/inicio\/author\/eduarda-santos\/\" title=\"Posts de Comunica\u00e7\u00e3o Web\" rel=\"author\">Comunica\u00e7\u00e3o Web<\/a><\/span><span class=\"eael-posted-on\"><time datetime=\"8 de janeiro de 2026\">8 de janeiro de 2026<\/time><\/span><\/div><\/div><\/div><\/div>\n        <\/div>\n    <\/article><article class=\"eael-grid-post  eael-post-grid-column eael-pg-post-20549 category-procuradoria-geral-do-municipio\" data-id=\"20549\">\n        <div class=\"eael-grid-post-holder\">\n            <div class=\"eael-grid-post-holder-inner\"><div class=\"eael-entry-media\"><div class=\"eael-entry-overlay fade-in\"><i class=\"fas fa-long-arrow-alt-right\" aria-hidden=\"true\"><\/i><a href=\"https:\/\/meriti.rj.gov.br\/inicio\/elementor-20549\/\"><\/a><\/div><div class=\"eael-entry-thumbnail \">\n                <img loading=\"lazy\" decoding=\"async\" width=\"300\" height=\"169\" src=\"https:\/\/meriti.rj.gov.br\/inicio\/wp-content\/uploads\/2025\/12\/Foto-1-Medalha-300x169.jpeg\" class=\"attachment-medium size-medium wp-image-20555\" alt=\"\" srcset=\"https:\/\/meriti.rj.gov.br\/inicio\/wp-content\/uploads\/2025\/12\/Foto-1-Medalha-300x169.jpeg 300w, https:\/\/meriti.rj.gov.br\/inicio\/wp-content\/uploads\/2025\/12\/Foto-1-Medalha-1024x576.jpeg 1024w, https:\/\/meriti.rj.gov.br\/inicio\/wp-content\/uploads\/2025\/12\/Foto-1-Medalha-768x432.jpeg 768w, https:\/\/meriti.rj.gov.br\/inicio\/wp-content\/uploads\/2025\/12\/Foto-1-Medalha.jpeg 1280w\" sizes=\"(max-width: 300px) 100vw, 300px\" \/>\n            <\/div>\n        <\/div><div class=\"eael-entry-wrapper\"><header class=\"eael-entry-header\"><h2 class=\"eael-entry-title\"><a class=\"eael-grid-post-link\" href=\"https:\/\/meriti.rj.gov.br\/inicio\/elementor-20549\/\" title=\"Procuradoria-Geral de Meriti entrega primeira medalha Jacy Alves dos Santos\">Procuradoria-Geral de Meriti entrega primeira medalha Jacy Alves dos Santos<\/a><\/h2><\/header><div class=\"eael-entry-content\">\n                        <div class=\"eael-grid-post-excerpt\"><p>Procuradoria-Geral de Meriti entrega primeira medalha Jacy Alves dos Santos...<\/p><a href=\"https:\/\/meriti.rj.gov.br\/inicio\/elementor-20549\/\" class=\"eael-post-elements-readmore-btn\">LEIA MAIS<\/a><\/div>\n                    <\/div><div class=\"eael-entry-footer\"><div class=\"eael-author-avatar\"><a href=\"https:\/\/meriti.rj.gov.br\/inicio\/author\/eduarda-santos\/\"><img alt='Comunica\u00e7\u00e3o Web' src='https:\/\/secure.gravatar.com\/avatar\/3f7b0e285be74dace2bc523176738d07c9c6b6e56857675b9366dd1d0df8c3e2?s=96&#038;d=mm&#038;r=g' srcset='https:\/\/secure.gravatar.com\/avatar\/3f7b0e285be74dace2bc523176738d07c9c6b6e56857675b9366dd1d0df8c3e2?s=192&#038;d=mm&#038;r=g 2x' class='avatar avatar-96 photo' height='96' width='96' \/><\/a><\/div><div class=\"eael-entry-meta\"><span class=\"eael-posted-by\"><a href=\"https:\/\/meriti.rj.gov.br\/inicio\/author\/eduarda-santos\/\" title=\"Posts de Comunica\u00e7\u00e3o Web\" rel=\"author\">Comunica\u00e7\u00e3o Web<\/a><\/span><span class=\"eael-posted-on\"><time datetime=\"15 de dezembro de 2025\">15 de dezembro de 2025<\/time><\/span><\/div><\/div><\/div><\/div>\n        <\/div>\n    <\/article><article class=\"eael-grid-post  eael-post-grid-column eael-pg-post-14594 category-procuradoria-geral-do-municipio\" data-id=\"14594\">\n        <div class=\"eael-grid-post-holder\">\n            <div class=\"eael-grid-post-holder-inner\"><div class=\"eael-entry-wrapper\"><header class=\"eael-entry-header\"><h2 class=\"eael-entry-title\"><a class=\"eael-grid-post-link\" href=\"https:\/\/meriti.rj.gov.br\/inicio\/elementor-14594\/\" title=\"Prefeito L\u00e9o Vieira anuncia pagamentos de sal\u00e1rios de servidores ativos e inativos em Meriti\">Prefeito L\u00e9o Vieira anuncia pagamentos de sal\u00e1rios de servidores ativos e inativos em Meriti<\/a><\/h2><\/header><div class=\"eael-entry-content\">\n                        <div class=\"eael-grid-post-excerpt\"><p>Prefeito L\u00e9o Vieira anuncia pagamentos de sal\u00e1rios de servidores ativos...<\/p><a href=\"https:\/\/meriti.rj.gov.br\/inicio\/elementor-14594\/\" class=\"eael-post-elements-readmore-btn\">LEIA MAIS<\/a><\/div>\n                    <\/div><div class=\"eael-entry-footer\"><div class=\"eael-author-avatar\"><a href=\"https:\/\/meriti.rj.gov.br\/inicio\/author\/comunicacao\/\"><img alt='Comunica\u00e7\u00e3o Web' src='https:\/\/secure.gravatar.com\/avatar\/34c12b2519c8bfadd12f7c593d74908190f54fe37c2e3ef2d5613255d9f23072?s=96&#038;d=mm&#038;r=g' srcset='https:\/\/secure.gravatar.com\/avatar\/34c12b2519c8bfadd12f7c593d74908190f54fe37c2e3ef2d5613255d9f23072?s=192&#038;d=mm&#038;r=g 2x' class='avatar avatar-96 photo' height='96' width='96' \/><\/a><\/div><div class=\"eael-entry-meta\"><span class=\"eael-posted-by\"><a href=\"https:\/\/meriti.rj.gov.br\/inicio\/author\/comunicacao\/\" title=\"Posts de Comunica\u00e7\u00e3o Web\" rel=\"author\">Comunica\u00e7\u00e3o Web<\/a><\/span><span class=\"eael-posted-on\"><time datetime=\"15 de janeiro de 2025\">15 de janeiro de 2025<\/time><\/span><\/div><\/div><\/div><\/div>\n        <\/div>\n    <\/article><\/div>\n            <div class=\"clearfix\"><\/div>\n        <\/div>\t\t\t\t<\/div>\n\t\t\t\t<\/div>\n\t\t\t\t<\/div>\n\t\t\t\t\t<\/div>\n\t\t\t\t<\/div>\n\t\t\t\t\t<\/div>\n\t\t\t\t<\/div>\n\t\t\t\t\t<\/div>\n\t\t\t\t<\/div>\n\t\t\t\t<\/div>\n\t\t\t\t\t<\/div>\n\t\t\t\t<\/div>\n\t\t<div class=\"elementor-element elementor-element-66041a6 e-flex e-con-boxed e-con e-parent\" data-id=\"66041a6\" data-element_type=\"container\" data-e-type=\"container\">\n\t\t\t\t\t<div class=\"e-con-inner\">\n\t\t\t\t<div class=\"elementor-element elementor-element-ba58b0d elementor-widget elementor-widget-html\" data-id=\"ba58b0d\" data-element_type=\"widget\" data-e-type=\"widget\" data-widget_type=\"html.default\">\n\t\t\t\t<div class=\"elementor-widget-container\">\n\t\t\t\t\t<body> <!-- Inicio do corpo da p\u00e1gina -->\r\n\r\n   <!-- Conte\u00fado da p\u00e1gina -->\r\n\r\n  <div vw class=\"enabled\">\r\n    <div vw-access-button class=\"active\"><\/div>\r\n    <div vw-plugin-wrapper>\r\n      <div class=\"vw-plugin-top-wrapper\"><\/div>\r\n    <\/div>\r\n  <\/div>\r\n  <script src=\"https:\/\/vlibras.gov.br\/app\/vlibras-plugin.js\"><\/script>\r\n  <script>\r\n    new window.VLibras.Widget('https:\/\/vlibras.gov.br\/app');\r\n  <\/script>\r\n<\/body> <!-- Fim do corpo da p\u00e1gina -->\t\t\t\t<\/div>\n\t\t\t\t<\/div>\n\t\t\t\t\t<\/div>\n\t\t\t\t<\/div>\n\t\t\t\t<\/div>\n\t\t","protected":false},"excerpt":{"rendered":"<p>Procuradoria Geral do Munic\u00edpio Secretaria Municipal de Governo Secretaria Municipal de Administra\u00e7\u00e3o Secretaria de Apoio T\u00e9cnico ao Prefeito Secretaria Municipal da Cidade Secretaria Municipal de&hellip;<\/p>\n","protected":false},"author":1,"featured_media":0,"parent":0,"menu_order":0,"comment_status":"closed","ping_status":"closed","template":"","meta":{"footnotes":""},"class_list":["post-2871","page","type-page","status-publish","hentry"],"yoast_head":"<!-- This site is optimized with the Yoast SEO plugin v27.3 - https:\/\/yoast.com\/product\/yoast-seo-wordpress\/ -->\n<title>NOTICIA PGM - Prefeitura Municipal de S\u00e3o Jo\u00e3o de Meriti<\/title>\n<meta name=\"robots\" content=\"index, follow, max-snippet:-1, max-image-preview:large, max-video-preview:-1\" \/>\n<link rel=\"canonical\" href=\"https:\/\/meriti.rj.gov.br\/inicio\/noticia-pgm\/\" \/>\n<meta property=\"og:locale\" content=\"pt_BR\" \/>\n<meta property=\"og:type\" content=\"article\" \/>\n<meta property=\"og:title\" content=\"NOTICIA PGM - Prefeitura Municipal de S\u00e3o Jo\u00e3o de Meriti\" \/>\n<meta property=\"og:description\" content=\"Procuradoria Geral do Munic\u00edpio Secretaria Municipal de Governo Secretaria Municipal de Administra\u00e7\u00e3o Secretaria de Apoio T\u00e9cnico ao Prefeito Secretaria Municipal da Cidade Secretaria Municipal de&hellip;\" \/>\n<meta property=\"og:url\" content=\"https:\/\/meriti.rj.gov.br\/inicio\/noticia-pgm\/\" \/>\n<meta property=\"og:site_name\" content=\"Prefeitura Municipal de S\u00e3o Jo\u00e3o de Meriti\" \/>\n<meta property=\"article:modified_time\" content=\"2025-01-08T12:46:23+00:00\" \/>\n<meta name=\"twitter:card\" content=\"summary_large_image\" \/>\n<meta name=\"twitter:label1\" content=\"Est. tempo de leitura\" \/>\n\t<meta name=\"twitter:data1\" content=\"1 minuto\" \/>\n<script type=\"application\/ld+json\" class=\"yoast-schema-graph\">{\"@context\":\"https:\\\/\\\/schema.org\",\"@graph\":[{\"@type\":\"WebPage\",\"@id\":\"https:\\\/\\\/meriti.rj.gov.br\\\/inicio\\\/noticia-pgm\\\/\",\"url\":\"https:\\\/\\\/meriti.rj.gov.br\\\/inicio\\\/noticia-pgm\\\/\",\"name\":\"NOTICIA PGM - Prefeitura Municipal de S\u00e3o Jo\u00e3o de Meriti\",\"isPartOf\":{\"@id\":\"https:\\\/\\\/meriti.rj.gov.br\\\/inicio\\\/#website\"},\"datePublished\":\"2023-06-05T18:01:01+00:00\",\"dateModified\":\"2025-01-08T12:46:23+00:00\",\"breadcrumb\":{\"@id\":\"https:\\\/\\\/meriti.rj.gov.br\\\/inicio\\\/noticia-pgm\\\/#breadcrumb\"},\"inLanguage\":\"pt-BR\",\"potentialAction\":[{\"@type\":\"ReadAction\",\"target\":[\"https:\\\/\\\/meriti.rj.gov.br\\\/inicio\\\/noticia-pgm\\\/\"]}]},{\"@type\":\"BreadcrumbList\",\"@id\":\"https:\\\/\\\/meriti.rj.gov.br\\\/inicio\\\/noticia-pgm\\\/#breadcrumb\",\"itemListElement\":[{\"@type\":\"ListItem\",\"position\":1,\"name\":\"In\u00edcio\",\"item\":\"https:\\\/\\\/meriti.rj.gov.br\\\/inicio\\\/\"},{\"@type\":\"ListItem\",\"position\":2,\"name\":\"NOTICIA PGM\"}]},{\"@type\":\"WebSite\",\"@id\":\"https:\\\/\\\/meriti.rj.gov.br\\\/inicio\\\/#website\",\"url\":\"https:\\\/\\\/meriti.rj.gov.br\\\/inicio\\\/\",\"name\":\"portal.meriti\",\"description\":\"Prefeitura Municipal de S\u00e3o Jo\u00e3o de Meriti\",\"publisher\":{\"@id\":\"https:\\\/\\\/meriti.rj.gov.br\\\/inicio\\\/#organization\"},\"potentialAction\":[{\"@type\":\"SearchAction\",\"target\":{\"@type\":\"EntryPoint\",\"urlTemplate\":\"https:\\\/\\\/meriti.rj.gov.br\\\/inicio\\\/?s={search_term_string}\"},\"query-input\":{\"@type\":\"PropertyValueSpecification\",\"valueRequired\":true,\"valueName\":\"search_term_string\"}}],\"inLanguage\":\"pt-BR\"},{\"@type\":\"Organization\",\"@id\":\"https:\\\/\\\/meriti.rj.gov.br\\\/inicio\\\/#organization\",\"name\":\"Prefeitura Municipal de S\u00e3o Jo\u00e3o de Meriti\",\"url\":\"https:\\\/\\\/meriti.rj.gov.br\\\/inicio\\\/\",\"logo\":{\"@type\":\"ImageObject\",\"inLanguage\":\"pt-BR\",\"@id\":\"https:\\\/\\\/meriti.rj.gov.br\\\/inicio\\\/#\\\/schema\\\/logo\\\/image\\\/\",\"url\":\"https:\\\/\\\/meriti.rj.gov.br\\\/inicio\\\/wp-content\\\/uploads\\\/2023\\\/04\\\/cropped-logo.png\",\"contentUrl\":\"https:\\\/\\\/meriti.rj.gov.br\\\/inicio\\\/wp-content\\\/uploads\\\/2023\\\/04\\\/cropped-logo.png\",\"width\":512,\"height\":512,\"caption\":\"Prefeitura Municipal de S\u00e3o Jo\u00e3o de Meriti\"},\"image\":{\"@id\":\"https:\\\/\\\/meriti.rj.gov.br\\\/inicio\\\/#\\\/schema\\\/logo\\\/image\\\/\"}}]}<\/script>\n<!-- \/ Yoast SEO plugin. -->","yoast_head_json":{"title":"NOTICIA PGM - Prefeitura Municipal de S\u00e3o Jo\u00e3o de Meriti","robots":{"index":"index","follow":"follow","max-snippet":"max-snippet:-1","max-image-preview":"max-image-preview:large","max-video-preview":"max-video-preview:-1"},"canonical":"https:\/\/meriti.rj.gov.br\/inicio\/noticia-pgm\/","og_locale":"pt_BR","og_type":"article","og_title":"NOTICIA PGM - Prefeitura Municipal de S\u00e3o Jo\u00e3o de Meriti","og_description":"Procuradoria Geral do Munic\u00edpio Secretaria Municipal de Governo Secretaria Municipal de Administra\u00e7\u00e3o Secretaria de Apoio T\u00e9cnico ao Prefeito Secretaria Municipal da Cidade Secretaria Municipal de&hellip;","og_url":"https:\/\/meriti.rj.gov.br\/inicio\/noticia-pgm\/","og_site_name":"Prefeitura Municipal de S\u00e3o Jo\u00e3o de Meriti","article_modified_time":"2025-01-08T12:46:23+00:00","twitter_card":"summary_large_image","twitter_misc":{"Est. tempo de leitura":"1 minuto"},"schema":{"@context":"https:\/\/schema.org","@graph":[{"@type":"WebPage","@id":"https:\/\/meriti.rj.gov.br\/inicio\/noticia-pgm\/","url":"https:\/\/meriti.rj.gov.br\/inicio\/noticia-pgm\/","name":"NOTICIA PGM - Prefeitura Municipal de S\u00e3o Jo\u00e3o de Meriti","isPartOf":{"@id":"https:\/\/meriti.rj.gov.br\/inicio\/#website"},"datePublished":"2023-06-05T18:01:01+00:00","dateModified":"2025-01-08T12:46:23+00:00","breadcrumb":{"@id":"https:\/\/meriti.rj.gov.br\/inicio\/noticia-pgm\/#breadcrumb"},"inLanguage":"pt-BR","potentialAction":[{"@type":"ReadAction","target":["https:\/\/meriti.rj.gov.br\/inicio\/noticia-pgm\/"]}]},{"@type":"BreadcrumbList","@id":"https:\/\/meriti.rj.gov.br\/inicio\/noticia-pgm\/#breadcrumb","itemListElement":[{"@type":"ListItem","position":1,"name":"In\u00edcio","item":"https:\/\/meriti.rj.gov.br\/inicio\/"},{"@type":"ListItem","position":2,"name":"NOTICIA PGM"}]},{"@type":"WebSite","@id":"https:\/\/meriti.rj.gov.br\/inicio\/#website","url":"https:\/\/meriti.rj.gov.br\/inicio\/","name":"portal.meriti","description":"Prefeitura Municipal de S\u00e3o Jo\u00e3o de Meriti","publisher":{"@id":"https:\/\/meriti.rj.gov.br\/inicio\/#organization"},"potentialAction":[{"@type":"SearchAction","target":{"@type":"EntryPoint","urlTemplate":"https:\/\/meriti.rj.gov.br\/inicio\/?s={search_term_string}"},"query-input":{"@type":"PropertyValueSpecification","valueRequired":true,"valueName":"search_term_string"}}],"inLanguage":"pt-BR"},{"@type":"Organization","@id":"https:\/\/meriti.rj.gov.br\/inicio\/#organization","name":"Prefeitura Municipal de S\u00e3o Jo\u00e3o de Meriti","url":"https:\/\/meriti.rj.gov.br\/inicio\/","logo":{"@type":"ImageObject","inLanguage":"pt-BR","@id":"https:\/\/meriti.rj.gov.br\/inicio\/#\/schema\/logo\/image\/","url":"https:\/\/meriti.rj.gov.br\/inicio\/wp-content\/uploads\/2023\/04\/cropped-logo.png","contentUrl":"https:\/\/meriti.rj.gov.br\/inicio\/wp-content\/uploads\/2023\/04\/cropped-logo.png","width":512,"height":512,"caption":"Prefeitura Municipal de S\u00e3o Jo\u00e3o de Meriti"},"image":{"@id":"https:\/\/meriti.rj.gov.br\/inicio\/#\/schema\/logo\/image\/"}}]}},"_links":{"self":[{"href":"https:\/\/meriti.rj.gov.br\/inicio\/wp-json\/wp\/v2\/pages\/2871","targetHints":{"allow":["GET"]}}],"collection":[{"href":"https:\/\/meriti.rj.gov.br\/inicio\/wp-json\/wp\/v2\/pages"}],"about":[{"href":"https:\/\/meriti.rj.gov.br\/inicio\/wp-json\/wp\/v2\/types\/page"}],"author":[{"embeddable":true,"href":"https:\/\/meriti.rj.gov.br\/inicio\/wp-json\/wp\/v2\/users\/1"}],"replies":[{"embeddable":true,"href":"https:\/\/meriti.rj.gov.br\/inicio\/wp-json\/wp\/v2\/comments?post=2871"}],"version-history":[{"count":26,"href":"https:\/\/meriti.rj.gov.br\/inicio\/wp-json\/wp\/v2\/pages\/2871\/revisions"}],"predecessor-version":[{"id":14174,"href":"https:\/\/meriti.rj.gov.br\/inicio\/wp-json\/wp\/v2\/pages\/2871\/revisions\/14174"}],"wp:attachment":[{"href":"https:\/\/meriti.rj.gov.br\/inicio\/wp-json\/wp\/v2\/media?parent=2871"}],"curies":[{"name":"wp","href":"https:\/\/api.w.org\/{rel}","templated":true}]}}