{"id":23950,"date":"2026-08-13T15:25:44","date_gmt":"2026-08-13T18:25:44","guid":{"rendered":"https:\/\/meriti.rj.gov.br\/inicio\/?page_id=23950"},"modified":"2026-08-13T16:52:04","modified_gmt":"2026-08-13T19:52:04","slug":"secretaria-municipal-de-protecao-e-defesa-do-consumidor","status":"publish","type":"page","link":"https:\/\/meriti.rj.gov.br\/inicio\/secretaria-municipal-de-protecao-e-defesa-do-consumidor\/","title":{"rendered":"Secretaria Municipal de Prote\u00e7\u00e3o e Defesa do Consumidor"},"content":{"rendered":"\t\t<div data-elementor-type=\"wp-page\" data-elementor-id=\"23950\" class=\"elementor elementor-23950\" data-elementor-post-type=\"page\">\n\t\t\t\t<div class=\"elementor-element elementor-element-191fcb4 e-flex e-con-boxed e-con e-parent\" data-id=\"191fcb4\" data-element_type=\"container\" data-e-type=\"container\">\n\t\t\t\t\t<div class=\"e-con-inner\">\n\t\t\t\t<div class=\"elementor-element elementor-element-f74822d elementor-widget elementor-widget-image\" data-id=\"f74822d\" data-element_type=\"widget\" data-e-type=\"widget\" data-widget_type=\"image.default\">\n\t\t\t\t<div class=\"elementor-widget-container\">\n\t\t\t\t\t\t\t\t\t\t\t\t\t\t\t<img fetchpriority=\"high\" decoding=\"async\" width=\"2560\" height=\"410\" src=\"https:\/\/meriti.rj.gov.br\/inicio\/wp-content\/uploads\/2026\/07\/Banner_SMPDC-scaled.png\" class=\"attachment-full size-full wp-image-23872\" alt=\"\" srcset=\"https:\/\/meriti.rj.gov.br\/inicio\/wp-content\/uploads\/2026\/07\/Banner_SMPDC-scaled.png 2560w, https:\/\/meriti.rj.gov.br\/inicio\/wp-content\/uploads\/2026\/07\/Banner_SMPDC-300x48.png 300w, https:\/\/meriti.rj.gov.br\/inicio\/wp-content\/uploads\/2026\/07\/Banner_SMPDC-1024x164.png 1024w, https:\/\/meriti.rj.gov.br\/inicio\/wp-content\/uploads\/2026\/07\/Banner_SMPDC-768x123.png 768w, https:\/\/meriti.rj.gov.br\/inicio\/wp-content\/uploads\/2026\/07\/Banner_SMPDC-1536x246.png 1536w, https:\/\/meriti.rj.gov.br\/inicio\/wp-content\/uploads\/2026\/07\/Banner_SMPDC-2048x328.png 2048w\" sizes=\"(max-width: 2560px) 100vw, 2560px\" \/>\t\t\t\t\t\t\t\t\t\t\t\t\t\t\t<\/div>\n\t\t\t\t<\/div>\n\t\t\t\t\t<\/div>\n\t\t\t\t<\/div>\n\t\t<div class=\"elementor-element elementor-element-024e85a e-con-full e-flex e-con e-parent\" data-id=\"024e85a\" data-element_type=\"container\" data-e-type=\"container\">\n\t\t\t\t<div class=\"elementor-element elementor-element-78b58a2 elementor-widget-mobile__width-initial elementor-widget elementor-widget-html\" data-id=\"78b58a2\" data-element_type=\"widget\" data-e-type=\"widget\" data-widget_type=\"html.default\">\n\t\t\t\t<div class=\"elementor-widget-container\">\n\t\t\t\t\t<body> <!-- Inicio do corpo da p\u00e1gina -->\r\n\r\n   <!-- Conte\u00fado da p\u00e1gina -->\r\n\r\n  <div vw class=\"enabled\">\r\n    <div vw-access-button class=\"active\"><\/div>\r\n    <div vw-plugin-wrapper>\r\n      <div class=\"vw-plugin-top-wrapper\"><\/div>\r\n    <\/div>\r\n  <\/div>\r\n  <script src=\"https:\/\/vlibras.gov.br\/app\/vlibras-plugin.js\"><\/script>\r\n  <script>\r\n    new window.VLibras.Widget('https:\/\/vlibras.gov.br\/app');\r\n  <\/script>\r\n<\/body> <!-- Fim do corpo da p\u00e1gina -->\t\t\t\t<\/div>\n\t\t\t\t<\/div>\n\t\t\t\t<\/div>\n\t\t<div class=\"elementor-element elementor-element-c8bbe9c e-flex e-con-boxed e-con e-parent\" data-id=\"c8bbe9c\" data-element_type=\"container\" data-e-type=\"container\">\n\t\t\t\t\t<div class=\"e-con-inner\">\n\t\t<div class=\"elementor-element elementor-element-fab3398 e-con-full e-flex e-con e-child\" data-id=\"fab3398\" data-element_type=\"container\" data-e-type=\"container\">\n\t\t\t\t<div class=\"elementor-element elementor-element-7556308 elementor-widget elementor-widget-image\" data-id=\"7556308\" data-element_type=\"widget\" data-e-type=\"widget\" data-widget_type=\"image.default\">\n\t\t\t\t<div class=\"elementor-widget-container\">\n\t\t\t\t\t\t\t\t\t\t\t\t\t\t\t<img decoding=\"async\" width=\"300\" height=\"300\" src=\"https:\/\/meriti.rj.gov.br\/inicio\/wp-content\/uploads\/2025\/01\/Avatar_Secretarios-1-300x300.png\" class=\"attachment-medium size-medium wp-image-12690\" alt=\"\" srcset=\"https:\/\/meriti.rj.gov.br\/inicio\/wp-content\/uploads\/2025\/01\/Avatar_Secretarios-1-300x300.png 300w, https:\/\/meriti.rj.gov.br\/inicio\/wp-content\/uploads\/2025\/01\/Avatar_Secretarios-1-150x150.png 150w, https:\/\/meriti.rj.gov.br\/inicio\/wp-content\/uploads\/2025\/01\/Avatar_Secretarios-1-768x768.png 768w, https:\/\/meriti.rj.gov.br\/inicio\/wp-content\/uploads\/2025\/01\/Avatar_Secretarios-1.png 800w\" sizes=\"(max-width: 300px) 100vw, 300px\" \/>\t\t\t\t\t\t\t\t\t\t\t\t\t\t\t<\/div>\n\t\t\t\t<\/div>\n\t\t\t\t<\/div>\n\t\t<div class=\"elementor-element elementor-element-17132d3 e-con-full e-flex e-con e-child\" data-id=\"17132d3\" data-element_type=\"container\" data-e-type=\"container\">\n\t\t\t\t<div class=\"elementor-element elementor-element-eb85751 elementor-widget elementor-widget-text-editor\" data-id=\"eb85751\" data-element_type=\"widget\" data-e-type=\"widget\" data-widget_type=\"text-editor.default\">\n\t\t\t\t<div class=\"elementor-widget-container\">\n\t\t\t\t\t\t\t\t\t<h4 style=\"text-align: left;\"><strong><span style=\"color: #000080;\">Secret\u00e1ria<\/span><\/strong><\/h4>\n<h3>Nome<\/h3>\n<h4 style=\"text-align: left;\"><span style=\"color: #000080;\"><strong>Biografia<\/strong><\/span><\/h4>\n<p>Texto<\/p>\t\t\t\t\t\t\t\t<\/div>\n\t\t\t\t<\/div>\n\t\t\t\t<\/div>\n\t\t\t\t\t<\/div>\n\t\t\t\t<\/div>\n\t\t<div class=\"elementor-element elementor-element-3cdad12 e-flex e-con-boxed e-con e-parent\" data-id=\"3cdad12\" data-element_type=\"container\" data-e-type=\"container\">\n\t\t\t\t\t<div class=\"e-con-inner\">\n\t\t\t\t<div class=\"elementor-element elementor-element-33c50a0 elementor-widget elementor-widget-text-editor\" data-id=\"33c50a0\" data-element_type=\"widget\" data-e-type=\"widget\" data-widget_type=\"text-editor.default\">\n\t\t\t\t<div class=\"elementor-widget-container\">\n\t\t\t\t\t\t\t\t\t<h4><span style=\"color: #000080;\"><strong>Atribui\u00e7\u00f5es<\/strong><\/span><\/h4>\t\t\t\t\t\t\t\t<\/div>\n\t\t\t\t<\/div>\n\t\t\t\t\t<\/div>\n\t\t\t\t<\/div>\n\t\t<div class=\"elementor-element elementor-element-f865689 e-flex e-con-boxed e-con e-parent\" data-id=\"f865689\" data-element_type=\"container\" data-e-type=\"container\">\n\t\t\t\t\t<div class=\"e-con-inner\">\n\t\t\t\t<div class=\"elementor-element elementor-element-71f2b30 elementor-widget elementor-widget-text-editor\" data-id=\"71f2b30\" data-element_type=\"widget\" data-e-type=\"widget\" data-widget_type=\"text-editor.default\">\n\t\t\t\t<div class=\"elementor-widget-container\">\n\t\t\t\t\t\t\t\t\t<p style=\"text-align: left;\"><span style=\"color: #333333;\"><strong>A Secretaria Municipal de Prote\u00e7\u00e3o e Defesa do Consumidor<\/strong><\/span><\/p><p>Compete \u00e0 Secretaria Municipal de Prote\u00e7\u00e3o e Defesa do Consumidor:<\/p><ul><li>planejar, elaborar, propor, coordenar e executar a pol\u00edtica municipal de prote\u00e7\u00e3o e defesa do consumidor;<\/li><li>receber, analisar, avaliar e apurar consultas e den\u00fancias apresentadas por entidades representativas, pessoas jur\u00eddicas de direito p\u00fablico ou privado ou consumidores individuais;<\/li><li>coordenar a aplica\u00e7\u00e3o das san\u00e7\u00f5es legais cab\u00edveis \u00e0s institui\u00e7\u00f5es que descumprirem a legisla\u00e7\u00e3o de prote\u00e7\u00e3o e defesa do consumidor;<\/li><li>prestar aos consumidores orienta\u00e7\u00e3o permanente sobre seus direitos e garantias;<\/li><li>informar, conscientizar e motivar o consumidor, por interm\u00e9dio dos diferentes meios de comunica\u00e7\u00e3o;<\/li><li>zelar pelo bom atendimento ao consumidor e pelo cumprimento dos prazos das reclama\u00e7\u00f5es, registros, andamentos e encaminhamentos aos respons\u00e1veis;<\/li><li>buscar informa\u00e7\u00f5es para atualiza\u00e7\u00e3o do corpo t\u00e9cnico e verificar o funcionamento dos equipamentos utilizados, buscando nos setores competentes a devida aten\u00e7\u00e3o para o seu bom desempenho;<\/li><li>solicitar \u00e0 pol\u00edcia judici\u00e1ria a instaura\u00e7\u00e3o de inqu\u00e9rito para apura\u00e7\u00e3o de delito contra o consumidor, nos termos da legisla\u00e7\u00e3o vigente;<\/li><li>exercer outras atribui\u00e7\u00f5es diretamente vinculadas \u00e0s compet\u00eancias legais da respectiva Secretaria.<\/li><\/ul><p style=\"text-align: left;\"><span style=\"color: #333333;\"><strong>\u00a0<\/strong><\/span><\/p>\t\t\t\t\t\t\t\t<\/div>\n\t\t\t\t<\/div>\n\t\t\t\t\t<\/div>\n\t\t\t\t<\/div>\n\t\t<div class=\"elementor-element elementor-element-3abe701 e-flex e-con-boxed e-con e-parent\" data-id=\"3abe701\" data-element_type=\"container\" data-e-type=\"container\">\n\t\t\t\t\t<div class=\"e-con-inner\">\n\t\t\t\t<div class=\"elementor-element elementor-element-74ac2db elementor-widget elementor-widget-text-editor\" data-id=\"74ac2db\" data-element_type=\"widget\" data-e-type=\"widget\" data-widget_type=\"text-editor.default\">\n\t\t\t\t<div class=\"elementor-widget-container\">\n\t\t\t\t\t\t\t\t\t<h4><span style=\"color: #000080;\"><strong>Contato<\/strong><\/span><\/h4>\t\t\t\t\t\t\t\t<\/div>\n\t\t\t\t<\/div>\n\t\t\t\t\t<\/div>\n\t\t\t\t<\/div>\n\t\t<div class=\"elementor-element elementor-element-54aa6d0 e-flex e-con-boxed e-con e-parent\" data-id=\"54aa6d0\" data-element_type=\"container\" data-e-type=\"container\">\n\t\t\t\t\t<div class=\"e-con-inner\">\n\t\t\t\t<div class=\"elementor-element elementor-element-3af7586 elementor-widget elementor-widget-text-editor\" data-id=\"3af7586\" data-element_type=\"widget\" data-e-type=\"widget\" data-widget_type=\"text-editor.default\">\n\t\t\t\t<div class=\"elementor-widget-container\">\n\t\t\t\t\t\t\t\t\t<p><span style=\"color: #2e2d2d;\"><strong>Endere\u00e7o:<\/strong> Av. Presidente Lincoln, 899 \u2013 Jardim Meriti &#8211; S\u00e3o Jo\u00e3o de Meriti \u2013 RJ \u2013 CEP 25555-201<\/span><\/p>\n<p><span style=\"color: #000000;\"><a href=\"https:\/\/maps.app.goo.gl\/7GgkXZy4P8CcU22t5\"><strong>\u27a1\ufe0fCOMO CHEGAR<\/strong><\/a><\/span><\/p>\n<p><span style=\"color: #2e2d2d;\"><strong>Telefone:<\/strong><\/span><\/p>\n<p><span style=\"color: #000000;\"><strong>E-mail:<\/strong><\/span><\/p>\n<p><strong>Hor\u00e1rio de Funcionamento<\/strong>: de segunda a sexta-feira das 8:30h \u00e0s 17:30h<\/p>\t\t\t\t\t\t\t\t<\/div>\n\t\t\t\t<\/div>\n\t\t\t\t\t<\/div>\n\t\t\t\t<\/div>\n\t\t<div class=\"elementor-element elementor-element-d272f00 e-flex e-con-boxed e-con e-parent\" data-id=\"d272f00\" data-element_type=\"container\" data-e-type=\"container\">\n\t\t\t\t\t<div class=\"e-con-inner\">\n\t\t\t\t<div class=\"elementor-element elementor-element-374e6e3 elementor-widget elementor-widget-text-editor\" data-id=\"374e6e3\" data-element_type=\"widget\" data-e-type=\"widget\" data-widget_type=\"text-editor.default\">\n\t\t\t\t<div class=\"elementor-widget-container\">\n\t\t\t\t\t\t\t\t\t<h4><span style=\"color: #000080;\"><strong>Links \u00dateis<\/strong><\/span><\/h4>\t\t\t\t\t\t\t\t<\/div>\n\t\t\t\t<\/div>\n\t\t\t\t\t<\/div>\n\t\t\t\t<\/div>\n\t\t\t\t<\/div>\n\t\t","protected":false},"excerpt":{"rendered":"<p>Secret\u00e1ria Nome Biografia Texto Atribui\u00e7\u00f5es A Secretaria Municipal de Prote\u00e7\u00e3o e Defesa do Consumidor Compete \u00e0 Secretaria Municipal de Prote\u00e7\u00e3o e Defesa do Consumidor: planejar,&hellip;<\/p>\n","protected":false},"author":5,"featured_media":0,"parent":0,"menu_order":0,"comment_status":"closed","ping_status":"closed","template":"","meta":{"_customify_content_layout":"","_customify_sidebar":"","_customify_page_header_display":"default","_customify_disable_header":"","_customify_disable_header_top":"","_customify_disable_header_main":"","_customify_disable_header_bottom":"","_customify_disable_page_title":"","_customify_disable_content_vertical_padding":"","_customify_disable_footer_top":"","_customify_disable_footer_main":"","_customify_disable_footer_bottom":"","_customify_breadcrumb_display":"default","_customify_header_transparent_display":"","footnotes":""},"class_list":["post-23950","page","type-page","status-publish","hentry"],"yoast_head":"<!-- This site is optimized with the Yoast SEO plugin v28.2 - https:\/\/yoast.com\/product\/yoast-seo-wordpress\/ -->\n<title>Secretaria Municipal de Prote\u00e7\u00e3o e Defesa do Consumidor - Prefeitura Municipal de S\u00e3o Jo\u00e3o de Meriti<\/title>\n<meta name=\"robots\" content=\"index, follow, max-snippet:-1, max-image-preview:large, max-video-preview:-1\" \/>\n<link rel=\"canonical\" href=\"https:\/\/meriti.rj.gov.br\/inicio\/secretaria-municipal-de-protecao-e-defesa-do-consumidor\/\" \/>\n<meta property=\"og:locale\" content=\"pt_BR\" \/>\n<meta property=\"og:type\" content=\"article\" \/>\n<meta property=\"og:title\" content=\"Secretaria Municipal de Prote\u00e7\u00e3o e Defesa do Consumidor - Prefeitura Municipal de S\u00e3o Jo\u00e3o de Meriti\" \/>\n<meta property=\"og:description\" content=\"Secret\u00e1ria Nome Biografia Texto Atribui\u00e7\u00f5es A Secretaria Municipal de Prote\u00e7\u00e3o e Defesa do Consumidor Compete \u00e0 Secretaria Municipal de Prote\u00e7\u00e3o e Defesa do Consumidor: planejar,&hellip;\" \/>\n<meta property=\"og:url\" content=\"https:\/\/meriti.rj.gov.br\/inicio\/secretaria-municipal-de-protecao-e-defesa-do-consumidor\/\" \/>\n<meta property=\"og:site_name\" content=\"Prefeitura Municipal de S\u00e3o Jo\u00e3o de Meriti\" \/>\n<meta property=\"article:modified_time\" content=\"2026-08-13T19:52:04+00:00\" \/>\n<meta property=\"og:image\" content=\"https:\/\/meriti.rj.gov.br\/inicio\/wp-content\/uploads\/2026\/07\/Banner_SMPDC-scaled.png\" \/>\n\t<meta property=\"og:image:width\" content=\"2560\" \/>\n\t<meta property=\"og:image:height\" content=\"410\" \/>\n\t<meta property=\"og:image:type\" content=\"image\/png\" \/>\n<meta name=\"twitter:card\" content=\"summary_large_image\" \/>\n<meta name=\"twitter:label1\" content=\"Est. tempo de leitura\" \/>\n\t<meta name=\"twitter:data1\" content=\"2 minutos\" \/>\n<script type=\"application\/ld+json\" class=\"yoast-schema-graph\">{\"@context\":\"https:\\\/\\\/schema.org\",\"@graph\":[{\"@type\":\"WebPage\",\"@id\":\"https:\\\/\\\/meriti.rj.gov.br\\\/inicio\\\/secretaria-municipal-de-protecao-e-defesa-do-consumidor\\\/\",\"url\":\"https:\\\/\\\/meriti.rj.gov.br\\\/inicio\\\/secretaria-municipal-de-protecao-e-defesa-do-consumidor\\\/\",\"name\":\"Secretaria Municipal de Prote\u00e7\u00e3o e Defesa do Consumidor - Prefeitura Municipal de S\u00e3o Jo\u00e3o de Meriti\",\"isPartOf\":{\"@id\":\"https:\\\/\\\/meriti.rj.gov.br\\\/inicio\\\/#website\"},\"primaryImageOfPage\":{\"@id\":\"https:\\\/\\\/meriti.rj.gov.br\\\/inicio\\\/secretaria-municipal-de-protecao-e-defesa-do-consumidor\\\/#primaryimage\"},\"image\":{\"@id\":\"https:\\\/\\\/meriti.rj.gov.br\\\/inicio\\\/secretaria-municipal-de-protecao-e-defesa-do-consumidor\\\/#primaryimage\"},\"thumbnailUrl\":\"https:\\\/\\\/meriti.rj.gov.br\\\/inicio\\\/wp-content\\\/uploads\\\/2026\\\/07\\\/Banner_SMPDC-scaled.png\",\"datePublished\":\"2026-08-13T18:25:44+00:00\",\"dateModified\":\"2026-08-13T19:52:04+00:00\",\"breadcrumb\":{\"@id\":\"https:\\\/\\\/meriti.rj.gov.br\\\/inicio\\\/secretaria-municipal-de-protecao-e-defesa-do-consumidor\\\/#breadcrumb\"},\"inLanguage\":\"pt-BR\",\"potentialAction\":[{\"@type\":\"ReadAction\",\"target\":[\"https:\\\/\\\/meriti.rj.gov.br\\\/inicio\\\/secretaria-municipal-de-protecao-e-defesa-do-consumidor\\\/\"]}]},{\"@type\":\"ImageObject\",\"inLanguage\":\"pt-BR\",\"@id\":\"https:\\\/\\\/meriti.rj.gov.br\\\/inicio\\\/secretaria-municipal-de-protecao-e-defesa-do-consumidor\\\/#primaryimage\",\"url\":\"https:\\\/\\\/meriti.rj.gov.br\\\/inicio\\\/wp-content\\\/uploads\\\/2026\\\/07\\\/Banner_SMPDC-scaled.png\",\"contentUrl\":\"https:\\\/\\\/meriti.rj.gov.br\\\/inicio\\\/wp-content\\\/uploads\\\/2026\\\/07\\\/Banner_SMPDC-scaled.png\",\"width\":2560,\"height\":410},{\"@type\":\"BreadcrumbList\",\"@id\":\"https:\\\/\\\/meriti.rj.gov.br\\\/inicio\\\/secretaria-municipal-de-protecao-e-defesa-do-consumidor\\\/#breadcrumb\",\"itemListElement\":[{\"@type\":\"ListItem\",\"position\":1,\"name\":\"In\u00edcio\",\"item\":\"https:\\\/\\\/meriti.rj.gov.br\\\/inicio\\\/\"},{\"@type\":\"ListItem\",\"position\":2,\"name\":\"Secretaria Municipal de Prote\u00e7\u00e3o e Defesa do Consumidor\"}]},{\"@type\":\"WebSite\",\"@id\":\"https:\\\/\\\/meriti.rj.gov.br\\\/inicio\\\/#website\",\"url\":\"https:\\\/\\\/meriti.rj.gov.br\\\/inicio\\\/\",\"name\":\"portal.meriti\",\"description\":\"Prefeitura Municipal de S\u00e3o Jo\u00e3o de Meriti\",\"publisher\":{\"@id\":\"https:\\\/\\\/meriti.rj.gov.br\\\/inicio\\\/#organization\"},\"potentialAction\":[{\"@type\":\"SearchAction\",\"target\":{\"@type\":\"EntryPoint\",\"urlTemplate\":\"https:\\\/\\\/meriti.rj.gov.br\\\/inicio\\\/?s={search_term_string}\"},\"query-input\":{\"@type\":\"PropertyValueSpecification\",\"valueRequired\":true,\"valueName\":\"search_term_string\"}}],\"inLanguage\":\"pt-BR\"},{\"@type\":\"Organization\",\"@id\":\"https:\\\/\\\/meriti.rj.gov.br\\\/inicio\\\/#organization\",\"name\":\"Prefeitura Municipal de S\u00e3o Jo\u00e3o de Meriti\",\"url\":\"https:\\\/\\\/meriti.rj.gov.br\\\/inicio\\\/\",\"logo\":{\"@type\":\"ImageObject\",\"inLanguage\":\"pt-BR\",\"@id\":\"https:\\\/\\\/meriti.rj.gov.br\\\/inicio\\\/#\\\/schema\\\/logo\\\/image\\\/\",\"url\":\"https:\\\/\\\/meriti.rj.gov.br\\\/inicio\\\/wp-content\\\/uploads\\\/2023\\\/04\\\/cropped-logo.png\",\"contentUrl\":\"https:\\\/\\\/meriti.rj.gov.br\\\/inicio\\\/wp-content\\\/uploads\\\/2023\\\/04\\\/cropped-logo.png\",\"width\":512,\"height\":512,\"caption\":\"Prefeitura Municipal de S\u00e3o Jo\u00e3o de Meriti\"},\"image\":{\"@id\":\"https:\\\/\\\/meriti.rj.gov.br\\\/inicio\\\/#\\\/schema\\\/logo\\\/image\\\/\"}}]}<\/script>\n<!-- \/ Yoast SEO plugin. -->","yoast_head_json":{"title":"Secretaria Municipal de Prote\u00e7\u00e3o e Defesa do Consumidor - Prefeitura Municipal de S\u00e3o Jo\u00e3o de Meriti","robots":{"index":"index","follow":"follow","max-snippet":"max-snippet:-1","max-image-preview":"max-image-preview:large","max-video-preview":"max-video-preview:-1"},"canonical":"https:\/\/meriti.rj.gov.br\/inicio\/secretaria-municipal-de-protecao-e-defesa-do-consumidor\/","og_locale":"pt_BR","og_type":"article","og_title":"Secretaria Municipal de Prote\u00e7\u00e3o e Defesa do Consumidor - Prefeitura Municipal de S\u00e3o Jo\u00e3o de Meriti","og_description":"Secret\u00e1ria Nome Biografia Texto Atribui\u00e7\u00f5es A Secretaria Municipal de Prote\u00e7\u00e3o e Defesa do Consumidor Compete \u00e0 Secretaria Municipal de Prote\u00e7\u00e3o e Defesa do Consumidor: planejar,&hellip;","og_url":"https:\/\/meriti.rj.gov.br\/inicio\/secretaria-municipal-de-protecao-e-defesa-do-consumidor\/","og_site_name":"Prefeitura Municipal de S\u00e3o Jo\u00e3o de Meriti","article_modified_time":"2026-08-13T19:52:04+00:00","og_image":[{"width":2560,"height":410,"url":"https:\/\/meriti.rj.gov.br\/inicio\/wp-content\/uploads\/2026\/07\/Banner_SMPDC-scaled.png","type":"image\/png"}],"twitter_card":"summary_large_image","twitter_misc":{"Est. tempo de leitura":"2 minutos"},"schema":{"@context":"https:\/\/schema.org","@graph":[{"@type":"WebPage","@id":"https:\/\/meriti.rj.gov.br\/inicio\/secretaria-municipal-de-protecao-e-defesa-do-consumidor\/","url":"https:\/\/meriti.rj.gov.br\/inicio\/secretaria-municipal-de-protecao-e-defesa-do-consumidor\/","name":"Secretaria Municipal de Prote\u00e7\u00e3o e Defesa do Consumidor - Prefeitura Municipal de S\u00e3o Jo\u00e3o de Meriti","isPartOf":{"@id":"https:\/\/meriti.rj.gov.br\/inicio\/#website"},"primaryImageOfPage":{"@id":"https:\/\/meriti.rj.gov.br\/inicio\/secretaria-municipal-de-protecao-e-defesa-do-consumidor\/#primaryimage"},"image":{"@id":"https:\/\/meriti.rj.gov.br\/inicio\/secretaria-municipal-de-protecao-e-defesa-do-consumidor\/#primaryimage"},"thumbnailUrl":"https:\/\/meriti.rj.gov.br\/inicio\/wp-content\/uploads\/2026\/07\/Banner_SMPDC-scaled.png","datePublished":"2026-08-13T18:25:44+00:00","dateModified":"2026-08-13T19:52:04+00:00","breadcrumb":{"@id":"https:\/\/meriti.rj.gov.br\/inicio\/secretaria-municipal-de-protecao-e-defesa-do-consumidor\/#breadcrumb"},"inLanguage":"pt-BR","potentialAction":[{"@type":"ReadAction","target":["https:\/\/meriti.rj.gov.br\/inicio\/secretaria-municipal-de-protecao-e-defesa-do-consumidor\/"]}]},{"@type":"ImageObject","inLanguage":"pt-BR","@id":"https:\/\/meriti.rj.gov.br\/inicio\/secretaria-municipal-de-protecao-e-defesa-do-consumidor\/#primaryimage","url":"https:\/\/meriti.rj.gov.br\/inicio\/wp-content\/uploads\/2026\/07\/Banner_SMPDC-scaled.png","contentUrl":"https:\/\/meriti.rj.gov.br\/inicio\/wp-content\/uploads\/2026\/07\/Banner_SMPDC-scaled.png","width":2560,"height":410},{"@type":"BreadcrumbList","@id":"https:\/\/meriti.rj.gov.br\/inicio\/secretaria-municipal-de-protecao-e-defesa-do-consumidor\/#breadcrumb","itemListElement":[{"@type":"ListItem","position":1,"name":"In\u00edcio","item":"https:\/\/meriti.rj.gov.br\/inicio\/"},{"@type":"ListItem","position":2,"name":"Secretaria Municipal de Prote\u00e7\u00e3o e Defesa do Consumidor"}]},{"@type":"WebSite","@id":"https:\/\/meriti.rj.gov.br\/inicio\/#website","url":"https:\/\/meriti.rj.gov.br\/inicio\/","name":"portal.meriti","description":"Prefeitura Municipal de S\u00e3o Jo\u00e3o de Meriti","publisher":{"@id":"https:\/\/meriti.rj.gov.br\/inicio\/#organization"},"potentialAction":[{"@type":"SearchAction","target":{"@type":"EntryPoint","urlTemplate":"https:\/\/meriti.rj.gov.br\/inicio\/?s={search_term_string}"},"query-input":{"@type":"PropertyValueSpecification","valueRequired":true,"valueName":"search_term_string"}}],"inLanguage":"pt-BR"},{"@type":"Organization","@id":"https:\/\/meriti.rj.gov.br\/inicio\/#organization","name":"Prefeitura Municipal de S\u00e3o Jo\u00e3o de Meriti","url":"https:\/\/meriti.rj.gov.br\/inicio\/","logo":{"@type":"ImageObject","inLanguage":"pt-BR","@id":"https:\/\/meriti.rj.gov.br\/inicio\/#\/schema\/logo\/image\/","url":"https:\/\/meriti.rj.gov.br\/inicio\/wp-content\/uploads\/2023\/04\/cropped-logo.png","contentUrl":"https:\/\/meriti.rj.gov.br\/inicio\/wp-content\/uploads\/2023\/04\/cropped-logo.png","width":512,"height":512,"caption":"Prefeitura Municipal de S\u00e3o Jo\u00e3o de Meriti"},"image":{"@id":"https:\/\/meriti.rj.gov.br\/inicio\/#\/schema\/logo\/image\/"}}]}},"_links":{"self":[{"href":"https:\/\/meriti.rj.gov.br\/inicio\/wp-json\/wp\/v2\/pages\/23950","targetHints":{"allow":["GET"]}}],"collection":[{"href":"https:\/\/meriti.rj.gov.br\/inicio\/wp-json\/wp\/v2\/pages"}],"about":[{"href":"https:\/\/meriti.rj.gov.br\/inicio\/wp-json\/wp\/v2\/types\/page"}],"author":[{"embeddable":true,"href":"https:\/\/meriti.rj.gov.br\/inicio\/wp-json\/wp\/v2\/users\/5"}],"replies":[{"embeddable":true,"href":"https:\/\/meriti.rj.gov.br\/inicio\/wp-json\/wp\/v2\/comments?post=23950"}],"version-history":[{"count":13,"href":"https:\/\/meriti.rj.gov.br\/inicio\/wp-json\/wp\/v2\/pages\/23950\/revisions"}],"predecessor-version":[{"id":24296,"href":"https:\/\/meriti.rj.gov.br\/inicio\/wp-json\/wp\/v2\/pages\/23950\/revisions\/24296"}],"wp:attachment":[{"href":"https:\/\/meriti.rj.gov.br\/inicio\/wp-json\/wp\/v2\/media?parent=23950"}],"curies":[{"name":"wp","href":"https:\/\/api.w.org\/{rel}","templated":true}]}}