{"id":23945,"date":"2026-08-14T10:23:48","date_gmt":"2026-08-14T13:23:48","guid":{"rendered":"https:\/\/meriti.rj.gov.br\/inicio\/?page_id=23945"},"modified":"2026-08-14T10:27:37","modified_gmt":"2026-08-14T13:27:37","slug":"secretaria-municipal-de-industria-e-comercio","status":"publish","type":"page","link":"https:\/\/meriti.rj.gov.br\/inicio\/secretaria-municipal-de-industria-e-comercio\/","title":{"rendered":"Secretaria Municipal de Ind\u00fastria e Com\u00e9rcio"},"content":{"rendered":"\t\t<div data-elementor-type=\"wp-page\" data-elementor-id=\"23945\" class=\"elementor elementor-23945\" data-elementor-post-type=\"page\">\n\t\t\t\t\t\t<section class=\"elementor-section elementor-top-section elementor-element elementor-element-14ef2bf elementor-section-boxed elementor-section-height-default elementor-section-height-default\" data-id=\"14ef2bf\" data-element_type=\"section\" data-e-type=\"section\">\n\t\t\t\t\t\t<div class=\"elementor-container elementor-column-gap-default\">\n\t\t\t\t\t<div class=\"elementor-column elementor-col-100 elementor-top-column elementor-element elementor-element-d03f44b\" data-id=\"d03f44b\" data-element_type=\"column\" data-e-type=\"column\">\n\t\t\t<div class=\"elementor-widget-wrap elementor-element-populated\">\n\t\t\t\t\t\t<div class=\"elementor-element elementor-element-38a83ba elementor-widget elementor-widget-image\" data-id=\"38a83ba\" data-element_type=\"widget\" data-e-type=\"widget\" data-widget_type=\"image.default\">\n\t\t\t\t<div class=\"elementor-widget-container\">\n\t\t\t\t\t\t\t\t\t\t\t\t\t\t\t<img fetchpriority=\"high\" decoding=\"async\" width=\"2560\" height=\"410\" src=\"https:\/\/meriti.rj.gov.br\/inicio\/wp-content\/uploads\/2026\/07\/Banner_SMIC-scaled.png\" class=\"attachment-full size-full wp-image-23869\" alt=\"\" srcset=\"https:\/\/meriti.rj.gov.br\/inicio\/wp-content\/uploads\/2026\/07\/Banner_SMIC-scaled.png 2560w, https:\/\/meriti.rj.gov.br\/inicio\/wp-content\/uploads\/2026\/07\/Banner_SMIC-300x48.png 300w, https:\/\/meriti.rj.gov.br\/inicio\/wp-content\/uploads\/2026\/07\/Banner_SMIC-1024x164.png 1024w, https:\/\/meriti.rj.gov.br\/inicio\/wp-content\/uploads\/2026\/07\/Banner_SMIC-768x123.png 768w, https:\/\/meriti.rj.gov.br\/inicio\/wp-content\/uploads\/2026\/07\/Banner_SMIC-1536x246.png 1536w, https:\/\/meriti.rj.gov.br\/inicio\/wp-content\/uploads\/2026\/07\/Banner_SMIC-2048x328.png 2048w\" sizes=\"(max-width: 2560px) 100vw, 2560px\" \/>\t\t\t\t\t\t\t\t\t\t\t\t\t\t\t<\/div>\n\t\t\t\t<\/div>\n\t\t\t\t<div class=\"elementor-element elementor-element-bdec74a elementor-widget elementor-widget-html\" data-id=\"bdec74a\" data-element_type=\"widget\" data-e-type=\"widget\" data-widget_type=\"html.default\">\n\t\t\t\t<div class=\"elementor-widget-container\">\n\t\t\t\t\t<body> <!-- Inicio do corpo da p\u00e1gina -->\r\n\r\n   <!-- Conte\u00fado da p\u00e1gina -->\r\n\r\n  <div vw class=\"enabled\">\r\n    <div vw-access-button class=\"active\"><\/div>\r\n    <div vw-plugin-wrapper>\r\n      <div class=\"vw-plugin-top-wrapper\"><\/div>\r\n    <\/div>\r\n  <\/div>\r\n  <script src=\"https:\/\/vlibras.gov.br\/app\/vlibras-plugin.js\"><\/script>\r\n  <script>\r\n    new window.VLibras.Widget('https:\/\/vlibras.gov.br\/app');\r\n  <\/script>\r\n<\/body> <!-- Fim do corpo da p\u00e1gina -->\t\t\t\t<\/div>\n\t\t\t\t<\/div>\n\t\t\t\t\t<\/div>\n\t\t<\/div>\n\t\t\t\t\t<\/div>\n\t\t<\/section>\n\t\t<div class=\"elementor-element elementor-element-ab652f6 e-flex e-con-boxed e-con e-parent\" data-id=\"ab652f6\" data-element_type=\"container\" data-e-type=\"container\">\n\t\t\t\t\t<div class=\"e-con-inner\">\n\t\t<div class=\"elementor-element elementor-element-e61960d e-flex e-con-boxed e-con e-child\" data-id=\"e61960d\" data-element_type=\"container\" data-e-type=\"container\">\n\t\t\t\t\t<div class=\"e-con-inner\">\n\t\t<div class=\"elementor-element elementor-element-7d87877 e-con-full e-flex e-con e-child\" data-id=\"7d87877\" data-element_type=\"container\" data-e-type=\"container\">\n\t\t\t\t<div class=\"elementor-element elementor-element-23cb4b7 elementor-widget elementor-widget-image\" data-id=\"23cb4b7\" data-element_type=\"widget\" data-e-type=\"widget\" data-widget_type=\"image.default\">\n\t\t\t\t<div class=\"elementor-widget-container\">\n\t\t\t\t\t\t\t\t\t\t\t\t\t\t\t<img decoding=\"async\" width=\"300\" height=\"300\" src=\"https:\/\/meriti.rj.gov.br\/inicio\/wp-content\/uploads\/2025\/01\/Avatar_Secretarios-1-300x300.png\" class=\"attachment-medium size-medium wp-image-12690\" alt=\"\" srcset=\"https:\/\/meriti.rj.gov.br\/inicio\/wp-content\/uploads\/2025\/01\/Avatar_Secretarios-1-300x300.png 300w, https:\/\/meriti.rj.gov.br\/inicio\/wp-content\/uploads\/2025\/01\/Avatar_Secretarios-1-150x150.png 150w, https:\/\/meriti.rj.gov.br\/inicio\/wp-content\/uploads\/2025\/01\/Avatar_Secretarios-1-768x768.png 768w, https:\/\/meriti.rj.gov.br\/inicio\/wp-content\/uploads\/2025\/01\/Avatar_Secretarios-1.png 800w\" sizes=\"(max-width: 300px) 100vw, 300px\" \/>\t\t\t\t\t\t\t\t\t\t\t\t\t\t\t<\/div>\n\t\t\t\t<\/div>\n\t\t\t\t<\/div>\n\t\t<div class=\"elementor-element elementor-element-9e41578 e-con-full e-flex e-con e-child\" data-id=\"9e41578\" data-element_type=\"container\" data-e-type=\"container\">\n\t\t\t\t<div class=\"elementor-element elementor-element-5e4a39c elementor-widget elementor-widget-text-editor\" data-id=\"5e4a39c\" data-element_type=\"widget\" data-e-type=\"widget\" data-widget_type=\"text-editor.default\">\n\t\t\t\t<div class=\"elementor-widget-container\">\n\t\t\t\t\t\t\t\t\t<h4 style=\"text-align: left;\"><strong><span style=\"color: #000080;\">Secret\u00e1rio<\/span><\/strong><\/h4><h3>Carlos Henrique Meirelles de Queiroz\u00a0<\/h3><h4 style=\"text-align: left;\"><span style=\"color: #000080;\"><strong>Biografia<\/strong><\/span><\/h4><p>Texto<\/p>\t\t\t\t\t\t\t\t<\/div>\n\t\t\t\t<\/div>\n\t\t\t\t<\/div>\n\t\t\t\t\t<\/div>\n\t\t\t\t<\/div>\n\t\t\t\t\t<\/div>\n\t\t\t\t<\/div>\n\t\t<div class=\"elementor-element elementor-element-f60d836 e-flex e-con-boxed e-con e-parent\" data-id=\"f60d836\" data-element_type=\"container\" data-e-type=\"container\">\n\t\t\t\t\t<div class=\"e-con-inner\">\n\t\t\t\t\t<\/div>\n\t\t\t\t<\/div>\n\t\t<div class=\"elementor-element elementor-element-203b8bf e-flex e-con-boxed e-con e-parent\" data-id=\"203b8bf\" data-element_type=\"container\" data-e-type=\"container\">\n\t\t\t\t\t<div class=\"e-con-inner\">\n\t\t\t\t<div class=\"elementor-element elementor-element-16037dc elementor-widget elementor-widget-text-editor\" data-id=\"16037dc\" data-element_type=\"widget\" data-e-type=\"widget\" data-widget_type=\"text-editor.default\">\n\t\t\t\t<div class=\"elementor-widget-container\">\n\t\t\t\t\t\t\t\t\t<h4><strong><span style=\"color: #000080;\">Atribui\u00e7\u00f5es<\/span><\/strong><\/h4>\t\t\t\t\t\t\t\t<\/div>\n\t\t\t\t<\/div>\n\t\t\t\t\t<\/div>\n\t\t\t\t<\/div>\n\t\t<div class=\"elementor-element elementor-element-96e6599 e-flex e-con-boxed e-con e-parent\" data-id=\"96e6599\" data-element_type=\"container\" data-e-type=\"container\">\n\t\t\t\t\t<div class=\"e-con-inner\">\n\t\t<div class=\"elementor-element elementor-element-c5c2725 e-con-full e-flex e-con e-child\" data-id=\"c5c2725\" data-element_type=\"container\" data-e-type=\"container\">\n\t\t\t\t<div class=\"elementor-element elementor-element-c9e4053 elementor-widget elementor-widget-text-editor\" data-id=\"c9e4053\" data-element_type=\"widget\" data-e-type=\"widget\" data-widget_type=\"text-editor.default\">\n\t\t\t\t<div class=\"elementor-widget-container\">\n\t\t\t\t\t\t\t\t\t<p><strong>A Secretaria Municipal da Ind\u00fastria e Com\u00e9rcio \u2013 SMIC <\/strong>\u00e9 o \u00f3rg\u00e3o respons\u00e1vel por formular, coordenar e executar as pol\u00edticas p\u00fablicas de fomento \u00e0 atividade industrial, comercial e de servi\u00e7os no Munic\u00edpio, \u00e0 qual compete:<\/p><ul><li>promover a atra\u00e7\u00e3o, capta\u00e7\u00e3o e reten\u00e7\u00e3o de investimentos produtivos no territ\u00f3rio municipal;<\/li><li>formular e executar pol\u00edticas de desenvolvimento econ\u00f4mico local;<\/li><li>apoiar o empreendedorismo, especialmente no \u00e2mbito da ind\u00fastria, com\u00e9rcio e servi\u00e7os;<\/li><li>articular-se com associa\u00e7\u00f5es comerciais, sindicatos patronais, entidades empresariais e institui\u00e7\u00f5es de fomento ao desenvolvimento econ\u00f4mico;<\/li><li>promover a\u00e7\u00f5es de incentivo \u00e0 moderniza\u00e7\u00e3o, competitividade e inova\u00e7\u00e3o das atividades produtivas locais;<\/li><li>manter cadastro atualizado de empreendimentos e atividades econ\u00f4micas de interesse municipal;<\/li><li>exercer outras compet\u00eancias diretamente vinculadas \u00e0 sua finalidade institucional.<\/li><\/ul><p style=\"text-align: left;\"><!--EndFragment --><\/p>\t\t\t\t\t\t\t\t<\/div>\n\t\t\t\t<\/div>\n\t\t\t\t<\/div>\n\t\t\t\t\t<\/div>\n\t\t\t\t<\/div>\n\t\t<div class=\"elementor-element elementor-element-151ad43 e-flex e-con-boxed e-con e-parent\" data-id=\"151ad43\" data-element_type=\"container\" data-e-type=\"container\">\n\t\t\t\t\t<div class=\"e-con-inner\">\n\t\t\t\t<div class=\"elementor-element elementor-element-2e03968 elementor-widget elementor-widget-text-editor\" data-id=\"2e03968\" data-element_type=\"widget\" data-e-type=\"widget\" data-widget_type=\"text-editor.default\">\n\t\t\t\t<div class=\"elementor-widget-container\">\n\t\t\t\t\t\t\t\t\t<h4><strong><span style=\"color: #000080;\">Contato<\/span><\/strong><\/h4>\t\t\t\t\t\t\t\t<\/div>\n\t\t\t\t<\/div>\n\t\t\t\t\t<\/div>\n\t\t\t\t<\/div>\n\t\t\t\t<section class=\"elementor-section elementor-top-section elementor-element elementor-element-acde0c4 elementor-section-boxed elementor-section-height-default elementor-section-height-default\" data-id=\"acde0c4\" data-element_type=\"section\" data-e-type=\"section\">\n\t\t\t\t\t\t<div class=\"elementor-container elementor-column-gap-default\">\n\t\t\t\t\t<div class=\"elementor-column elementor-col-100 elementor-top-column elementor-element elementor-element-1b60c63\" data-id=\"1b60c63\" data-element_type=\"column\" data-e-type=\"column\">\n\t\t\t<div class=\"elementor-widget-wrap elementor-element-populated\">\n\t\t\t\t\t\t<div class=\"elementor-element elementor-element-838258e elementor-widget elementor-widget-text-editor\" data-id=\"838258e\" data-element_type=\"widget\" data-e-type=\"widget\" data-widget_type=\"text-editor.default\">\n\t\t\t\t<div class=\"elementor-widget-container\">\n\t\t\t\t\t\t\t\t\t<p style=\"text-align: left;\"><span style=\"color: #000000;\"><span style=\"font-weight: bolder;\">Endere\u00e7o<\/span>:\u00a0Av. Presidente Lincoln, 899 &#8211; 1\u00b0andar &#8211; Jardim Meriti &#8211; S\u00e3o Jo\u00e3o de Meriti &#8211; RJ &#8211; CEP 25555-201\u00a0<\/span><\/p><p><span style=\"color: #000000;\"><a href=\"https:\/\/maps.app.goo.gl\/7GgkXZy4P8CcU22t5\"><strong>\u27a1\ufe0fCOMO CHEGAR<\/strong><\/a><\/span><\/p><p style=\"text-align: left;\"><span style=\"color: #000000;\"><b>Telefone<\/b>:<\/span><span style=\"font-family: var( --e-global-typography-text-font-family ), Sans-serif; font-weight: var( --e-global-typography-text-font-weight ); background-color: rgba(247, 247, 247, 0);\">\u00a0<\/span><\/p><p><span style=\"color: #000000;\"><b>E-mail:<\/b>\u00a0<\/span><\/p><p><span style=\"color: #000000;\"><b>E-mail:<\/b>\u00a0<\/span><\/p><p style=\"text-align: left;\"><span style=\"color: #000000;\"><b>Hor\u00e1rio de funcionamento<\/b>: de segunda a sexta-feira das 08:30h \u00e0s 17:30h<\/span><\/p>\t\t\t\t\t\t\t\t<\/div>\n\t\t\t\t<\/div>\n\t\t\t\t\t<\/div>\n\t\t<\/div>\n\t\t\t\t\t<\/div>\n\t\t<\/section>\n\t\t<div class=\"elementor-element elementor-element-c9882a5 e-flex e-con-boxed e-con e-parent\" data-id=\"c9882a5\" data-element_type=\"container\" data-e-type=\"container\">\n\t\t\t\t\t<div class=\"e-con-inner\">\n\t\t\t\t<div class=\"elementor-element elementor-element-a29fe3a elementor-widget elementor-widget-text-editor\" data-id=\"a29fe3a\" data-element_type=\"widget\" data-e-type=\"widget\" data-widget_type=\"text-editor.default\">\n\t\t\t\t<div class=\"elementor-widget-container\">\n\t\t\t\t\t\t\t\t\t<h4><strong><span style=\"color: #000080;\">Links \u00dateis<\/span><\/strong><\/h4>\t\t\t\t\t\t\t\t<\/div>\n\t\t\t\t<\/div>\n\t\t\t\t\t<\/div>\n\t\t\t\t<\/div>\n\t\t<div class=\"elementor-element elementor-element-23de017 e-flex e-con-boxed e-con e-parent\" data-id=\"23de017\" data-element_type=\"container\" data-e-type=\"container\">\n\t\t\t\t\t<div class=\"e-con-inner\">\n\t\t\t\t\t<\/div>\n\t\t\t\t<\/div>\n\t\t<div class=\"elementor-element elementor-element-4919b50 e-flex e-con-boxed e-con e-parent\" data-id=\"4919b50\" data-element_type=\"container\" data-e-type=\"container\">\n\t\t\t\t\t<div class=\"e-con-inner\">\n\t\t\t\t<div class=\"elementor-element elementor-element-684e365 elementor-widget elementor-widget-text-editor\" data-id=\"684e365\" data-element_type=\"widget\" data-e-type=\"widget\" data-widget_type=\"text-editor.default\">\n\t\t\t\t<div class=\"elementor-widget-container\">\n\t\t\t\t\t\t\t\t\t<h4><strong><span style=\"color: #000080;\">Perguntas Frequentes<\/span><\/strong><\/h4>\t\t\t\t\t\t\t\t<\/div>\n\t\t\t\t<\/div>\n\t\t\t\t\t<\/div>\n\t\t\t\t<\/div>\n\t\t\t\t<section class=\"elementor-section elementor-top-section elementor-element elementor-element-0bf008e elementor-section-boxed elementor-section-height-default elementor-section-height-default\" data-id=\"0bf008e\" data-element_type=\"section\" data-e-type=\"section\">\n\t\t\t\t\t\t<div class=\"elementor-container elementor-column-gap-default\">\n\t\t\t\t\t<div class=\"elementor-column elementor-col-100 elementor-top-column elementor-element elementor-element-2886d34\" data-id=\"2886d34\" data-element_type=\"column\" data-e-type=\"column\">\n\t\t\t<div class=\"elementor-widget-wrap elementor-element-populated\">\n\t\t\t\t\t\t<div class=\"elementor-element elementor-element-9a23c1b elementor-widget elementor-widget-accordion\" data-id=\"9a23c1b\" data-element_type=\"widget\" data-e-type=\"widget\" data-widget_type=\"accordion.default\">\n\t\t\t\t<div class=\"elementor-widget-container\">\n\t\t\t\t\t\t\t<div class=\"elementor-accordion\">\n\t\t\t\t\t\t\t<div class=\"elementor-accordion-item\">\n\t\t\t\t\t<div id=\"elementor-tab-title-1611\" class=\"elementor-tab-title\" data-tab=\"1\" role=\"button\" aria-controls=\"elementor-tab-content-1611\" aria-expanded=\"false\">\n\t\t\t\t\t\t\t\t\t\t\t\t\t<span class=\"elementor-accordion-icon elementor-accordion-icon-left\" aria-hidden=\"true\">\n\t\t\t\t\t\t\t\t\t\t\t\t\t\t\t<span class=\"elementor-accordion-icon-closed\"><svg class=\"e-font-icon-svg e-fas-plus\" viewBox=\"0 0 448 512\" xmlns=\"http:\/\/www.w3.org\/2000\/svg\"><path d=\"M416 208H272V64c0-17.67-14.33-32-32-32h-32c-17.67 0-32 14.33-32 32v144H32c-17.67 0-32 14.33-32 32v32c0 17.67 14.33 32 32 32h144v144c0 17.67 14.33 32 32 32h32c17.67 0 32-14.33 32-32V304h144c17.67 0 32-14.33 32-32v-32c0-17.67-14.33-32-32-32z\"><\/path><\/svg><\/span>\n\t\t\t\t\t\t\t\t<span class=\"elementor-accordion-icon-opened\"><svg class=\"e-font-icon-svg e-fas-minus\" viewBox=\"0 0 448 512\" xmlns=\"http:\/\/www.w3.org\/2000\/svg\"><path d=\"M416 208H32c-17.67 0-32 14.33-32 32v32c0 17.67 14.33 32 32 32h384c17.67 0 32-14.33 32-32v-32c0-17.67-14.33-32-32-32z\"><\/path><\/svg><\/span>\n\t\t\t\t\t\t\t\t\t\t\t\t\t\t<\/span>\n\t\t\t\t\t\t\t\t\t\t\t\t<a class=\"elementor-accordion-title\" tabindex=\"0\">Texto<\/a>\n\t\t\t\t\t<\/div>\n\t\t\t\t\t<div id=\"elementor-tab-content-1611\" class=\"elementor-tab-content elementor-clearfix\" data-tab=\"1\" role=\"region\" aria-labelledby=\"elementor-tab-title-1611\"><\/div>\n\t\t\t\t<\/div>\n\t\t\t\t\t\t\t<div class=\"elementor-accordion-item\">\n\t\t\t\t\t<div id=\"elementor-tab-title-1612\" class=\"elementor-tab-title\" data-tab=\"2\" role=\"button\" aria-controls=\"elementor-tab-content-1612\" aria-expanded=\"false\">\n\t\t\t\t\t\t\t\t\t\t\t\t\t<span class=\"elementor-accordion-icon elementor-accordion-icon-left\" aria-hidden=\"true\">\n\t\t\t\t\t\t\t\t\t\t\t\t\t\t\t<span class=\"elementor-accordion-icon-closed\"><svg class=\"e-font-icon-svg e-fas-plus\" viewBox=\"0 0 448 512\" xmlns=\"http:\/\/www.w3.org\/2000\/svg\"><path d=\"M416 208H272V64c0-17.67-14.33-32-32-32h-32c-17.67 0-32 14.33-32 32v144H32c-17.67 0-32 14.33-32 32v32c0 17.67 14.33 32 32 32h144v144c0 17.67 14.33 32 32 32h32c17.67 0 32-14.33 32-32V304h144c17.67 0 32-14.33 32-32v-32c0-17.67-14.33-32-32-32z\"><\/path><\/svg><\/span>\n\t\t\t\t\t\t\t\t<span class=\"elementor-accordion-icon-opened\"><svg class=\"e-font-icon-svg e-fas-minus\" viewBox=\"0 0 448 512\" xmlns=\"http:\/\/www.w3.org\/2000\/svg\"><path d=\"M416 208H32c-17.67 0-32 14.33-32 32v32c0 17.67 14.33 32 32 32h384c17.67 0 32-14.33 32-32v-32c0-17.67-14.33-32-32-32z\"><\/path><\/svg><\/span>\n\t\t\t\t\t\t\t\t\t\t\t\t\t\t<\/span>\n\t\t\t\t\t\t\t\t\t\t\t\t<a class=\"elementor-accordion-title\" tabindex=\"0\">Texto<\/a>\n\t\t\t\t\t<\/div>\n\t\t\t\t\t<div id=\"elementor-tab-content-1612\" class=\"elementor-tab-content elementor-clearfix\" data-tab=\"2\" role=\"region\" aria-labelledby=\"elementor-tab-title-1612\"><\/div>\n\t\t\t\t<\/div>\n\t\t\t\t\t\t\t<div class=\"elementor-accordion-item\">\n\t\t\t\t\t<div id=\"elementor-tab-title-1613\" class=\"elementor-tab-title\" data-tab=\"3\" role=\"button\" aria-controls=\"elementor-tab-content-1613\" aria-expanded=\"false\">\n\t\t\t\t\t\t\t\t\t\t\t\t\t<span class=\"elementor-accordion-icon elementor-accordion-icon-left\" aria-hidden=\"true\">\n\t\t\t\t\t\t\t\t\t\t\t\t\t\t\t<span class=\"elementor-accordion-icon-closed\"><svg class=\"e-font-icon-svg e-fas-plus\" viewBox=\"0 0 448 512\" xmlns=\"http:\/\/www.w3.org\/2000\/svg\"><path d=\"M416 208H272V64c0-17.67-14.33-32-32-32h-32c-17.67 0-32 14.33-32 32v144H32c-17.67 0-32 14.33-32 32v32c0 17.67 14.33 32 32 32h144v144c0 17.67 14.33 32 32 32h32c17.67 0 32-14.33 32-32V304h144c17.67 0 32-14.33 32-32v-32c0-17.67-14.33-32-32-32z\"><\/path><\/svg><\/span>\n\t\t\t\t\t\t\t\t<span class=\"elementor-accordion-icon-opened\"><svg class=\"e-font-icon-svg e-fas-minus\" viewBox=\"0 0 448 512\" xmlns=\"http:\/\/www.w3.org\/2000\/svg\"><path d=\"M416 208H32c-17.67 0-32 14.33-32 32v32c0 17.67 14.33 32 32 32h384c17.67 0 32-14.33 32-32v-32c0-17.67-14.33-32-32-32z\"><\/path><\/svg><\/span>\n\t\t\t\t\t\t\t\t\t\t\t\t\t\t<\/span>\n\t\t\t\t\t\t\t\t\t\t\t\t<a class=\"elementor-accordion-title\" tabindex=\"0\">texto<\/a>\n\t\t\t\t\t<\/div>\n\t\t\t\t\t<div id=\"elementor-tab-content-1613\" class=\"elementor-tab-content elementor-clearfix\" data-tab=\"3\" role=\"region\" aria-labelledby=\"elementor-tab-title-1613\"><\/div>\n\t\t\t\t<\/div>\n\t\t\t\t\t\t\t\t<\/div>\n\t\t\t\t\t\t<\/div>\n\t\t\t\t<\/div>\n\t\t\t\t\t<\/div>\n\t\t<\/div>\n\t\t\t\t\t<\/div>\n\t\t<\/section>\n\t\t\t\t<\/div>\n\t\t","protected":false},"excerpt":{"rendered":"<p>Secret\u00e1rio Carlos Henrique Meirelles de Queiroz\u00a0 Biografia Texto Atribui\u00e7\u00f5es A Secretaria Municipal da Ind\u00fastria e Com\u00e9rcio \u2013 SMIC \u00e9 o \u00f3rg\u00e3o respons\u00e1vel por formular, coordenar&hellip;<\/p>\n","protected":false},"author":5,"featured_media":0,"parent":0,"menu_order":0,"comment_status":"closed","ping_status":"closed","template":"","meta":{"_customify_content_layout":"","_customify_sidebar":"","_customify_page_header_display":"default","_customify_disable_header":"","_customify_disable_header_top":"","_customify_disable_header_main":"","_customify_disable_header_bottom":"","_customify_disable_page_title":"","_customify_disable_content_vertical_padding":"","_customify_disable_footer_top":"","_customify_disable_footer_main":"","_customify_disable_footer_bottom":"","_customify_breadcrumb_display":"default","_customify_header_transparent_display":"","footnotes":""},"class_list":["post-23945","page","type-page","status-publish","hentry"],"yoast_head":"<!-- This site is optimized with the Yoast SEO plugin v28.2 - https:\/\/yoast.com\/product\/yoast-seo-wordpress\/ -->\n<title>Secretaria Municipal de Ind\u00fastria e Com\u00e9rcio - Prefeitura Municipal de S\u00e3o Jo\u00e3o de Meriti<\/title>\n<meta name=\"robots\" content=\"index, follow, max-snippet:-1, max-image-preview:large, max-video-preview:-1\" \/>\n<link rel=\"canonical\" href=\"https:\/\/meriti.rj.gov.br\/inicio\/secretaria-municipal-de-industria-e-comercio\/\" \/>\n<meta property=\"og:locale\" content=\"pt_BR\" \/>\n<meta property=\"og:type\" content=\"article\" \/>\n<meta property=\"og:title\" content=\"Secretaria Municipal de Ind\u00fastria e Com\u00e9rcio - Prefeitura Municipal de S\u00e3o Jo\u00e3o de Meriti\" \/>\n<meta property=\"og:description\" content=\"Secret\u00e1rio Carlos Henrique Meirelles de Queiroz\u00a0 Biografia Texto Atribui\u00e7\u00f5es A Secretaria Municipal da Ind\u00fastria e Com\u00e9rcio \u2013 SMIC \u00e9 o \u00f3rg\u00e3o respons\u00e1vel por formular, coordenar&hellip;\" \/>\n<meta property=\"og:url\" content=\"https:\/\/meriti.rj.gov.br\/inicio\/secretaria-municipal-de-industria-e-comercio\/\" \/>\n<meta property=\"og:site_name\" content=\"Prefeitura Municipal de S\u00e3o Jo\u00e3o de Meriti\" \/>\n<meta property=\"article:modified_time\" content=\"2026-08-14T13:27:37+00:00\" \/>\n<meta property=\"og:image\" content=\"https:\/\/meriti.rj.gov.br\/inicio\/wp-content\/uploads\/2026\/07\/Banner_SMIC-scaled.png\" \/>\n\t<meta property=\"og:image:width\" content=\"2560\" \/>\n\t<meta property=\"og:image:height\" content=\"410\" \/>\n\t<meta property=\"og:image:type\" content=\"image\/png\" \/>\n<meta name=\"twitter:card\" content=\"summary_large_image\" \/>\n<meta name=\"twitter:label1\" content=\"Est. tempo de leitura\" \/>\n\t<meta name=\"twitter:data1\" content=\"2 minutos\" \/>\n<script type=\"application\/ld+json\" class=\"yoast-schema-graph\">{\"@context\":\"https:\\\/\\\/schema.org\",\"@graph\":[{\"@type\":\"WebPage\",\"@id\":\"https:\\\/\\\/meriti.rj.gov.br\\\/inicio\\\/secretaria-municipal-de-industria-e-comercio\\\/\",\"url\":\"https:\\\/\\\/meriti.rj.gov.br\\\/inicio\\\/secretaria-municipal-de-industria-e-comercio\\\/\",\"name\":\"Secretaria Municipal de Ind\u00fastria e Com\u00e9rcio - Prefeitura Municipal de S\u00e3o Jo\u00e3o de Meriti\",\"isPartOf\":{\"@id\":\"https:\\\/\\\/meriti.rj.gov.br\\\/inicio\\\/#website\"},\"primaryImageOfPage\":{\"@id\":\"https:\\\/\\\/meriti.rj.gov.br\\\/inicio\\\/secretaria-municipal-de-industria-e-comercio\\\/#primaryimage\"},\"image\":{\"@id\":\"https:\\\/\\\/meriti.rj.gov.br\\\/inicio\\\/secretaria-municipal-de-industria-e-comercio\\\/#primaryimage\"},\"thumbnailUrl\":\"https:\\\/\\\/meriti.rj.gov.br\\\/inicio\\\/wp-content\\\/uploads\\\/2026\\\/07\\\/Banner_SMIC-scaled.png\",\"datePublished\":\"2026-08-14T13:23:48+00:00\",\"dateModified\":\"2026-08-14T13:27:37+00:00\",\"breadcrumb\":{\"@id\":\"https:\\\/\\\/meriti.rj.gov.br\\\/inicio\\\/secretaria-municipal-de-industria-e-comercio\\\/#breadcrumb\"},\"inLanguage\":\"pt-BR\",\"potentialAction\":[{\"@type\":\"ReadAction\",\"target\":[\"https:\\\/\\\/meriti.rj.gov.br\\\/inicio\\\/secretaria-municipal-de-industria-e-comercio\\\/\"]}]},{\"@type\":\"ImageObject\",\"inLanguage\":\"pt-BR\",\"@id\":\"https:\\\/\\\/meriti.rj.gov.br\\\/inicio\\\/secretaria-municipal-de-industria-e-comercio\\\/#primaryimage\",\"url\":\"https:\\\/\\\/meriti.rj.gov.br\\\/inicio\\\/wp-content\\\/uploads\\\/2026\\\/07\\\/Banner_SMIC-scaled.png\",\"contentUrl\":\"https:\\\/\\\/meriti.rj.gov.br\\\/inicio\\\/wp-content\\\/uploads\\\/2026\\\/07\\\/Banner_SMIC-scaled.png\",\"width\":2560,\"height\":410},{\"@type\":\"BreadcrumbList\",\"@id\":\"https:\\\/\\\/meriti.rj.gov.br\\\/inicio\\\/secretaria-municipal-de-industria-e-comercio\\\/#breadcrumb\",\"itemListElement\":[{\"@type\":\"ListItem\",\"position\":1,\"name\":\"In\u00edcio\",\"item\":\"https:\\\/\\\/meriti.rj.gov.br\\\/inicio\\\/\"},{\"@type\":\"ListItem\",\"position\":2,\"name\":\"Secretaria Municipal de Ind\u00fastria e Com\u00e9rcio\"}]},{\"@type\":\"WebSite\",\"@id\":\"https:\\\/\\\/meriti.rj.gov.br\\\/inicio\\\/#website\",\"url\":\"https:\\\/\\\/meriti.rj.gov.br\\\/inicio\\\/\",\"name\":\"portal.meriti\",\"description\":\"Prefeitura Municipal de S\u00e3o Jo\u00e3o de Meriti\",\"publisher\":{\"@id\":\"https:\\\/\\\/meriti.rj.gov.br\\\/inicio\\\/#organization\"},\"potentialAction\":[{\"@type\":\"SearchAction\",\"target\":{\"@type\":\"EntryPoint\",\"urlTemplate\":\"https:\\\/\\\/meriti.rj.gov.br\\\/inicio\\\/?s={search_term_string}\"},\"query-input\":{\"@type\":\"PropertyValueSpecification\",\"valueRequired\":true,\"valueName\":\"search_term_string\"}}],\"inLanguage\":\"pt-BR\"},{\"@type\":\"Organization\",\"@id\":\"https:\\\/\\\/meriti.rj.gov.br\\\/inicio\\\/#organization\",\"name\":\"Prefeitura Municipal de S\u00e3o Jo\u00e3o de Meriti\",\"url\":\"https:\\\/\\\/meriti.rj.gov.br\\\/inicio\\\/\",\"logo\":{\"@type\":\"ImageObject\",\"inLanguage\":\"pt-BR\",\"@id\":\"https:\\\/\\\/meriti.rj.gov.br\\\/inicio\\\/#\\\/schema\\\/logo\\\/image\\\/\",\"url\":\"https:\\\/\\\/meriti.rj.gov.br\\\/inicio\\\/wp-content\\\/uploads\\\/2023\\\/04\\\/cropped-logo.png\",\"contentUrl\":\"https:\\\/\\\/meriti.rj.gov.br\\\/inicio\\\/wp-content\\\/uploads\\\/2023\\\/04\\\/cropped-logo.png\",\"width\":512,\"height\":512,\"caption\":\"Prefeitura Municipal de S\u00e3o Jo\u00e3o de Meriti\"},\"image\":{\"@id\":\"https:\\\/\\\/meriti.rj.gov.br\\\/inicio\\\/#\\\/schema\\\/logo\\\/image\\\/\"}}]}<\/script>\n<!-- \/ Yoast SEO plugin. -->","yoast_head_json":{"title":"Secretaria Municipal de Ind\u00fastria e Com\u00e9rcio - Prefeitura Municipal de S\u00e3o Jo\u00e3o de Meriti","robots":{"index":"index","follow":"follow","max-snippet":"max-snippet:-1","max-image-preview":"max-image-preview:large","max-video-preview":"max-video-preview:-1"},"canonical":"https:\/\/meriti.rj.gov.br\/inicio\/secretaria-municipal-de-industria-e-comercio\/","og_locale":"pt_BR","og_type":"article","og_title":"Secretaria Municipal de Ind\u00fastria e Com\u00e9rcio - Prefeitura Municipal de S\u00e3o Jo\u00e3o de Meriti","og_description":"Secret\u00e1rio Carlos Henrique Meirelles de Queiroz\u00a0 Biografia Texto Atribui\u00e7\u00f5es A Secretaria Municipal da Ind\u00fastria e Com\u00e9rcio \u2013 SMIC \u00e9 o \u00f3rg\u00e3o respons\u00e1vel por formular, coordenar&hellip;","og_url":"https:\/\/meriti.rj.gov.br\/inicio\/secretaria-municipal-de-industria-e-comercio\/","og_site_name":"Prefeitura Municipal de S\u00e3o Jo\u00e3o de Meriti","article_modified_time":"2026-08-14T13:27:37+00:00","og_image":[{"width":2560,"height":410,"url":"https:\/\/meriti.rj.gov.br\/inicio\/wp-content\/uploads\/2026\/07\/Banner_SMIC-scaled.png","type":"image\/png"}],"twitter_card":"summary_large_image","twitter_misc":{"Est. tempo de leitura":"2 minutos"},"schema":{"@context":"https:\/\/schema.org","@graph":[{"@type":"WebPage","@id":"https:\/\/meriti.rj.gov.br\/inicio\/secretaria-municipal-de-industria-e-comercio\/","url":"https:\/\/meriti.rj.gov.br\/inicio\/secretaria-municipal-de-industria-e-comercio\/","name":"Secretaria Municipal de Ind\u00fastria e Com\u00e9rcio - Prefeitura Municipal de S\u00e3o Jo\u00e3o de Meriti","isPartOf":{"@id":"https:\/\/meriti.rj.gov.br\/inicio\/#website"},"primaryImageOfPage":{"@id":"https:\/\/meriti.rj.gov.br\/inicio\/secretaria-municipal-de-industria-e-comercio\/#primaryimage"},"image":{"@id":"https:\/\/meriti.rj.gov.br\/inicio\/secretaria-municipal-de-industria-e-comercio\/#primaryimage"},"thumbnailUrl":"https:\/\/meriti.rj.gov.br\/inicio\/wp-content\/uploads\/2026\/07\/Banner_SMIC-scaled.png","datePublished":"2026-08-14T13:23:48+00:00","dateModified":"2026-08-14T13:27:37+00:00","breadcrumb":{"@id":"https:\/\/meriti.rj.gov.br\/inicio\/secretaria-municipal-de-industria-e-comercio\/#breadcrumb"},"inLanguage":"pt-BR","potentialAction":[{"@type":"ReadAction","target":["https:\/\/meriti.rj.gov.br\/inicio\/secretaria-municipal-de-industria-e-comercio\/"]}]},{"@type":"ImageObject","inLanguage":"pt-BR","@id":"https:\/\/meriti.rj.gov.br\/inicio\/secretaria-municipal-de-industria-e-comercio\/#primaryimage","url":"https:\/\/meriti.rj.gov.br\/inicio\/wp-content\/uploads\/2026\/07\/Banner_SMIC-scaled.png","contentUrl":"https:\/\/meriti.rj.gov.br\/inicio\/wp-content\/uploads\/2026\/07\/Banner_SMIC-scaled.png","width":2560,"height":410},{"@type":"BreadcrumbList","@id":"https:\/\/meriti.rj.gov.br\/inicio\/secretaria-municipal-de-industria-e-comercio\/#breadcrumb","itemListElement":[{"@type":"ListItem","position":1,"name":"In\u00edcio","item":"https:\/\/meriti.rj.gov.br\/inicio\/"},{"@type":"ListItem","position":2,"name":"Secretaria Municipal de Ind\u00fastria e Com\u00e9rcio"}]},{"@type":"WebSite","@id":"https:\/\/meriti.rj.gov.br\/inicio\/#website","url":"https:\/\/meriti.rj.gov.br\/inicio\/","name":"portal.meriti","description":"Prefeitura Municipal de S\u00e3o Jo\u00e3o de Meriti","publisher":{"@id":"https:\/\/meriti.rj.gov.br\/inicio\/#organization"},"potentialAction":[{"@type":"SearchAction","target":{"@type":"EntryPoint","urlTemplate":"https:\/\/meriti.rj.gov.br\/inicio\/?s={search_term_string}"},"query-input":{"@type":"PropertyValueSpecification","valueRequired":true,"valueName":"search_term_string"}}],"inLanguage":"pt-BR"},{"@type":"Organization","@id":"https:\/\/meriti.rj.gov.br\/inicio\/#organization","name":"Prefeitura Municipal de S\u00e3o Jo\u00e3o de Meriti","url":"https:\/\/meriti.rj.gov.br\/inicio\/","logo":{"@type":"ImageObject","inLanguage":"pt-BR","@id":"https:\/\/meriti.rj.gov.br\/inicio\/#\/schema\/logo\/image\/","url":"https:\/\/meriti.rj.gov.br\/inicio\/wp-content\/uploads\/2023\/04\/cropped-logo.png","contentUrl":"https:\/\/meriti.rj.gov.br\/inicio\/wp-content\/uploads\/2023\/04\/cropped-logo.png","width":512,"height":512,"caption":"Prefeitura Municipal de S\u00e3o Jo\u00e3o de Meriti"},"image":{"@id":"https:\/\/meriti.rj.gov.br\/inicio\/#\/schema\/logo\/image\/"}}]}},"_links":{"self":[{"href":"https:\/\/meriti.rj.gov.br\/inicio\/wp-json\/wp\/v2\/pages\/23945","targetHints":{"allow":["GET"]}}],"collection":[{"href":"https:\/\/meriti.rj.gov.br\/inicio\/wp-json\/wp\/v2\/pages"}],"about":[{"href":"https:\/\/meriti.rj.gov.br\/inicio\/wp-json\/wp\/v2\/types\/page"}],"author":[{"embeddable":true,"href":"https:\/\/meriti.rj.gov.br\/inicio\/wp-json\/wp\/v2\/users\/5"}],"replies":[{"embeddable":true,"href":"https:\/\/meriti.rj.gov.br\/inicio\/wp-json\/wp\/v2\/comments?post=23945"}],"version-history":[{"count":8,"href":"https:\/\/meriti.rj.gov.br\/inicio\/wp-json\/wp\/v2\/pages\/23945\/revisions"}],"predecessor-version":[{"id":24331,"href":"https:\/\/meriti.rj.gov.br\/inicio\/wp-json\/wp\/v2\/pages\/23945\/revisions\/24331"}],"wp:attachment":[{"href":"https:\/\/meriti.rj.gov.br\/inicio\/wp-json\/wp\/v2\/media?parent=23945"}],"curies":[{"name":"wp","href":"https:\/\/api.w.org\/{rel}","templated":true}]}}