{"id":23940,"date":"2026-08-14T15:55:08","date_gmt":"2026-08-14T18:55:08","guid":{"rendered":"https:\/\/meriti.rj.gov.br\/inicio\/?page_id=23940"},"modified":"2026-08-14T15:57:58","modified_gmt":"2026-08-14T18:57:58","slug":"secretaria-municipal-da-juventude","status":"publish","type":"page","link":"https:\/\/meriti.rj.gov.br\/inicio\/secretaria-municipal-da-juventude\/","title":{"rendered":"Secretaria Municipal da Juventude"},"content":{"rendered":"\t\t<div data-elementor-type=\"wp-page\" data-elementor-id=\"23940\" class=\"elementor elementor-23940\" data-elementor-post-type=\"page\">\n\t\t\t\t<div class=\"elementor-element elementor-element-191fcb4 e-flex e-con-boxed e-con e-parent\" data-id=\"191fcb4\" data-element_type=\"container\" data-e-type=\"container\">\n\t\t\t\t\t<div class=\"e-con-inner\">\n\t\t\t\t<div class=\"elementor-element elementor-element-f74822d elementor-widget elementor-widget-image\" data-id=\"f74822d\" data-element_type=\"widget\" data-e-type=\"widget\" data-widget_type=\"image.default\">\n\t\t\t\t<div class=\"elementor-widget-container\">\n\t\t\t\t\t\t\t\t\t\t\t\t\t\t\t<img fetchpriority=\"high\" decoding=\"async\" width=\"2560\" height=\"410\" src=\"https:\/\/meriti.rj.gov.br\/inicio\/wp-content\/uploads\/2026\/07\/Banner_SMJUV-scaled.png\" class=\"attachment-full size-full wp-image-23870\" alt=\"\" srcset=\"https:\/\/meriti.rj.gov.br\/inicio\/wp-content\/uploads\/2026\/07\/Banner_SMJUV-scaled.png 2560w, https:\/\/meriti.rj.gov.br\/inicio\/wp-content\/uploads\/2026\/07\/Banner_SMJUV-300x48.png 300w, https:\/\/meriti.rj.gov.br\/inicio\/wp-content\/uploads\/2026\/07\/Banner_SMJUV-1024x164.png 1024w, https:\/\/meriti.rj.gov.br\/inicio\/wp-content\/uploads\/2026\/07\/Banner_SMJUV-768x123.png 768w, https:\/\/meriti.rj.gov.br\/inicio\/wp-content\/uploads\/2026\/07\/Banner_SMJUV-1536x246.png 1536w, https:\/\/meriti.rj.gov.br\/inicio\/wp-content\/uploads\/2026\/07\/Banner_SMJUV-2048x328.png 2048w\" sizes=\"(max-width: 2560px) 100vw, 2560px\" \/>\t\t\t\t\t\t\t\t\t\t\t\t\t\t\t<\/div>\n\t\t\t\t<\/div>\n\t\t\t\t\t<\/div>\n\t\t\t\t<\/div>\n\t\t<div class=\"elementor-element elementor-element-024e85a e-con-full e-flex e-con e-parent\" data-id=\"024e85a\" data-element_type=\"container\" data-e-type=\"container\">\n\t\t\t\t<div class=\"elementor-element elementor-element-78b58a2 elementor-widget-mobile__width-initial elementor-widget elementor-widget-html\" data-id=\"78b58a2\" data-element_type=\"widget\" data-e-type=\"widget\" data-widget_type=\"html.default\">\n\t\t\t\t<div class=\"elementor-widget-container\">\n\t\t\t\t\t<body> <!-- Inicio do corpo da p\u00e1gina -->\r\n\r\n   <!-- Conte\u00fado da p\u00e1gina -->\r\n\r\n  <div vw class=\"enabled\">\r\n    <div vw-access-button class=\"active\"><\/div>\r\n    <div vw-plugin-wrapper>\r\n      <div class=\"vw-plugin-top-wrapper\"><\/div>\r\n    <\/div>\r\n  <\/div>\r\n  <script src=\"https:\/\/vlibras.gov.br\/app\/vlibras-plugin.js\"><\/script>\r\n  <script>\r\n    new window.VLibras.Widget('https:\/\/vlibras.gov.br\/app');\r\n  <\/script>\r\n<\/body> <!-- Fim do corpo da p\u00e1gina -->\t\t\t\t<\/div>\n\t\t\t\t<\/div>\n\t\t\t\t<\/div>\n\t\t<div class=\"elementor-element elementor-element-c8bbe9c e-flex e-con-boxed e-con e-parent\" data-id=\"c8bbe9c\" data-element_type=\"container\" data-e-type=\"container\">\n\t\t\t\t\t<div class=\"e-con-inner\">\n\t\t<div class=\"elementor-element elementor-element-fab3398 e-con-full e-flex e-con e-child\" data-id=\"fab3398\" data-element_type=\"container\" data-e-type=\"container\">\n\t\t\t\t<div class=\"elementor-element elementor-element-7556308 elementor-widget elementor-widget-image\" data-id=\"7556308\" data-element_type=\"widget\" data-e-type=\"widget\" data-widget_type=\"image.default\">\n\t\t\t\t<div class=\"elementor-widget-container\">\n\t\t\t\t\t\t\t\t\t\t\t\t\t\t\t<img decoding=\"async\" width=\"300\" height=\"300\" src=\"https:\/\/meriti.rj.gov.br\/inicio\/wp-content\/uploads\/2025\/01\/Avatar_Secretarios-1-300x300.png\" class=\"attachment-medium size-medium wp-image-12690\" alt=\"\" srcset=\"https:\/\/meriti.rj.gov.br\/inicio\/wp-content\/uploads\/2025\/01\/Avatar_Secretarios-1-300x300.png 300w, https:\/\/meriti.rj.gov.br\/inicio\/wp-content\/uploads\/2025\/01\/Avatar_Secretarios-1-150x150.png 150w, https:\/\/meriti.rj.gov.br\/inicio\/wp-content\/uploads\/2025\/01\/Avatar_Secretarios-1-768x768.png 768w, https:\/\/meriti.rj.gov.br\/inicio\/wp-content\/uploads\/2025\/01\/Avatar_Secretarios-1.png 800w\" sizes=\"(max-width: 300px) 100vw, 300px\" \/>\t\t\t\t\t\t\t\t\t\t\t\t\t\t\t<\/div>\n\t\t\t\t<\/div>\n\t\t\t\t<\/div>\n\t\t<div class=\"elementor-element elementor-element-17132d3 e-con-full e-flex e-con e-child\" data-id=\"17132d3\" data-element_type=\"container\" data-e-type=\"container\">\n\t\t\t\t<div class=\"elementor-element elementor-element-eb85751 elementor-widget elementor-widget-text-editor\" data-id=\"eb85751\" data-element_type=\"widget\" data-e-type=\"widget\" data-widget_type=\"text-editor.default\">\n\t\t\t\t<div class=\"elementor-widget-container\">\n\t\t\t\t\t\t\t\t\t<h4 style=\"text-align: left;\"><strong><span style=\"color: #000080;\">Secret\u00e1rio<\/span><\/strong><\/h4><h3>Oto Janes Leite de Oliveira<\/h3><h4 style=\"text-align: left;\"><span style=\"color: #000080;\"><strong>Biografia<\/strong><\/span><\/h4><p>\u00a0<\/p>\t\t\t\t\t\t\t\t<\/div>\n\t\t\t\t<\/div>\n\t\t\t\t<\/div>\n\t\t\t\t\t<\/div>\n\t\t\t\t<\/div>\n\t\t<div class=\"elementor-element elementor-element-3cdad12 e-flex e-con-boxed e-con e-parent\" data-id=\"3cdad12\" data-element_type=\"container\" data-e-type=\"container\">\n\t\t\t\t\t<div class=\"e-con-inner\">\n\t\t\t\t<div class=\"elementor-element elementor-element-33c50a0 elementor-widget elementor-widget-text-editor\" data-id=\"33c50a0\" data-element_type=\"widget\" data-e-type=\"widget\" data-widget_type=\"text-editor.default\">\n\t\t\t\t<div class=\"elementor-widget-container\">\n\t\t\t\t\t\t\t\t\t<h4><span style=\"color: #000080;\"><strong>Atribui\u00e7\u00f5es<\/strong><\/span><\/h4>\t\t\t\t\t\t\t\t<\/div>\n\t\t\t\t<\/div>\n\t\t\t\t\t<\/div>\n\t\t\t\t<\/div>\n\t\t<div class=\"elementor-element elementor-element-f865689 e-flex e-con-boxed e-con e-parent\" data-id=\"f865689\" data-element_type=\"container\" data-e-type=\"container\">\n\t\t\t\t\t<div class=\"e-con-inner\">\n\t\t\t\t<div class=\"elementor-element elementor-element-71f2b30 elementor-widget elementor-widget-text-editor\" data-id=\"71f2b30\" data-element_type=\"widget\" data-e-type=\"widget\" data-widget_type=\"text-editor.default\">\n\t\t\t\t<div class=\"elementor-widget-container\">\n\t\t\t\t\t\t\t\t\t<p style=\"text-align: left;\"><span style=\"color: #333333;\"><strong>A Secretaria Municipal da Juventude<\/strong><\/span><\/p><p>A Secretaria Municipal da Juventude \u00e9 o \u00f3rg\u00e3o respons\u00e1vel por planejar, coordenar, executar, monitorar e avaliar as pol\u00edticas p\u00fablicas voltadas \u00e0 juventude do Munic\u00edpio, nas dimens\u00f5es de educa\u00e7\u00e3o complementar, qualifica\u00e7\u00e3o profissional, cultura, esporte, empreendedorismo, sa\u00fade mental, preven\u00e7\u00e3o \u00e0 viol\u00eancia e participa\u00e7\u00e3o cidad\u00e3, garantindo o protagonismo juvenil e a articula\u00e7\u00e3o intersetorial com as demais Secretarias Municipais, tendo ainda as seguintes atribui\u00e7\u00f5es:<\/p><ul><li>desenvolver, implementar, monitorar e avaliar programas, projetos e a\u00e7\u00f5es destinados \u00e0 promo\u00e7\u00e3o dos direitos da juventude;<\/li><li>formular, apoiar, articular e avaliar pol\u00edticas p\u00fablicas voltadas \u00e0 inclus\u00e3o social, educacional, cultural e econ\u00f4mica dos jovens do Munic\u00edpio;<\/li><li>promover a\u00e7\u00f5es de fortalecimento da cidadania, da participa\u00e7\u00e3o social e do protagonismo juvenil;<\/li><li>propor a adequa\u00e7\u00e3o e o aperfei\u00e7oamento da legisla\u00e7\u00e3o relativa \u00e0s pol\u00edticas p\u00fablicas de juventude;<\/li><li>coordenar programas de qualifica\u00e7\u00e3o profissional, capacita\u00e7\u00e3o t\u00e9cnica e incentivo ao primeiro emprego e \u00e0 inser\u00e7\u00e3o do jovem no mercado de trabalho;<\/li><li>incentivar pol\u00edticas e a\u00e7\u00f5es de empreendedorismo, inova\u00e7\u00e3o, economia criativa e inclus\u00e3o digital para a juventude;<\/li><li>desenvolver a\u00e7\u00f5es integradas de preven\u00e7\u00e3o \u00e0 viol\u00eancia, ao uso de drogas e \u00e0 vulnerabilidade social envolvendo a popula\u00e7\u00e3o jovem;<\/li><li>coordenar e apoiar a\u00e7\u00f5es voltadas \u00e0 promo\u00e7\u00e3o da sa\u00fade f\u00edsica e mental da juventude;<\/li><li>estimular e apoiar atividades esportivas, culturais, recreativas e educacionais destinadas aos jovens;<\/li><li>fomentar a realiza\u00e7\u00e3o de campanhas educativas e de conscientiza\u00e7\u00e3o voltadas aos direitos, deveres e oportunidades da juventude;<\/li><li>desenvolver articula\u00e7\u00f5es com \u00f3rg\u00e3os governamentais, n\u00e3o governamentais, institui\u00e7\u00f5es de ensino, entidades privadas e organiza\u00e7\u00f5es da sociedade civil para implementa\u00e7\u00e3o de pol\u00edticas p\u00fablicas de juventude;<\/li><li>promover a integra\u00e7\u00e3o das pol\u00edticas de juventude com as demais Secretarias Municipais, visando \u00e0 execu\u00e7\u00e3o de a\u00e7\u00f5es intersetoriais;<\/li><li>apoiar e estimular a forma\u00e7\u00e3o, atua\u00e7\u00e3o e fortalecimento dos Conselhos Municipais e demais inst\u00e2ncias de participa\u00e7\u00e3o da juventude;<\/li><li>coordenar programas e projetos voltados ao acesso dos jovens \u00e0 educa\u00e7\u00e3o complementar, cursos preparat\u00f3rios, bolsas de estudo e oportunidades de forma\u00e7\u00e3o;<\/li><li>incentivar a\u00e7\u00f5es de inclus\u00e3o social e acessibilidade para jovens em situa\u00e7\u00e3o de vulnerabilidade, inclusive jovens com defici\u00eancia;<\/li><li>coordenar e acompanhar conv\u00eanios, termos de parceria, acordos, ajustes e instrumentos cong\u00eaneres relacionados \u00e0s pol\u00edticas p\u00fablicas de juventude, bem como fiscalizar sua execu\u00e7\u00e3o;<\/li><li>promover estudos, levantamentos e diagn\u00f3sticos sobre a realidade da juventude no Munic\u00edpio, visando subsidiar o planejamento de pol\u00edticas p\u00fablicas;<\/li><li>assistir ao Prefeito nas quest\u00f5es relativas \u00e0s pol\u00edticas p\u00fablicas de juventude;<\/li><li>coordenar a\u00e7\u00f5es voltadas \u00e0 promo\u00e7\u00e3o da igualdade de oportunidades, combate \u00e0 discrimina\u00e7\u00e3o e valoriza\u00e7\u00e3o da diversidade entre os jovens;<\/li><li>exercer outras atribui\u00e7\u00f5es diretamente vinculadas \u00e0s compet\u00eancias legais da respectiva Secretaria.<\/li><\/ul>\t\t\t\t\t\t\t\t<\/div>\n\t\t\t\t<\/div>\n\t\t\t\t\t<\/div>\n\t\t\t\t<\/div>\n\t\t<div class=\"elementor-element elementor-element-3abe701 e-flex e-con-boxed e-con e-parent\" data-id=\"3abe701\" data-element_type=\"container\" data-e-type=\"container\">\n\t\t\t\t\t<div class=\"e-con-inner\">\n\t\t\t\t<div class=\"elementor-element elementor-element-74ac2db elementor-widget elementor-widget-text-editor\" data-id=\"74ac2db\" data-element_type=\"widget\" data-e-type=\"widget\" data-widget_type=\"text-editor.default\">\n\t\t\t\t<div class=\"elementor-widget-container\">\n\t\t\t\t\t\t\t\t\t<h4><span style=\"color: #000080;\"><strong>Contato<\/strong><\/span><\/h4>\t\t\t\t\t\t\t\t<\/div>\n\t\t\t\t<\/div>\n\t\t\t\t\t<\/div>\n\t\t\t\t<\/div>\n\t\t<div class=\"elementor-element elementor-element-54aa6d0 e-flex e-con-boxed e-con e-parent\" data-id=\"54aa6d0\" data-element_type=\"container\" data-e-type=\"container\">\n\t\t\t\t\t<div class=\"e-con-inner\">\n\t\t\t\t<div class=\"elementor-element elementor-element-3af7586 elementor-widget elementor-widget-text-editor\" data-id=\"3af7586\" data-element_type=\"widget\" data-e-type=\"widget\" data-widget_type=\"text-editor.default\">\n\t\t\t\t<div class=\"elementor-widget-container\">\n\t\t\t\t\t\t\t\t\t<p><span style=\"color: #2e2d2d;\"><strong>Endere\u00e7o:<\/strong> Av. Presidente Lincoln, 899 \u2013 Jardim Meriti &#8211; S\u00e3o Jo\u00e3o de Meriti \u2013 RJ \u2013 CEP 25555-201<\/span><\/p><p><span style=\"color: #000000;\"><a href=\"https:\/\/maps.app.goo.gl\/7GgkXZy4P8CcU22t5\"><strong>\u27a1\ufe0fCOMO CHEGAR<\/strong><\/a><\/span><\/p><p><span style=\"color: #2e2d2d;\"><strong>Telefone:<\/strong><\/span><\/p><p><span style=\"color: #000000;\"><strong>E-mail<\/strong>:\u00a0<\/span><\/p><p><strong>Hor\u00e1rio de Funcionamento<\/strong>: de segunda a sexta-feira das 8:30h \u00e0s 17:30h<\/p>\t\t\t\t\t\t\t\t<\/div>\n\t\t\t\t<\/div>\n\t\t\t\t\t<\/div>\n\t\t\t\t<\/div>\n\t\t<div class=\"elementor-element elementor-element-d272f00 e-flex e-con-boxed e-con e-parent\" data-id=\"d272f00\" data-element_type=\"container\" data-e-type=\"container\">\n\t\t\t\t\t<div class=\"e-con-inner\">\n\t\t\t\t<div class=\"elementor-element elementor-element-374e6e3 elementor-widget elementor-widget-text-editor\" data-id=\"374e6e3\" data-element_type=\"widget\" data-e-type=\"widget\" data-widget_type=\"text-editor.default\">\n\t\t\t\t<div class=\"elementor-widget-container\">\n\t\t\t\t\t\t\t\t\t<h4><span style=\"color: #000080;\"><strong>Links \u00dateis<\/strong><\/span><\/h4>\t\t\t\t\t\t\t\t<\/div>\n\t\t\t\t<\/div>\n\t\t\t\t<div class=\"elementor-element elementor-element-37aff66 elementor-button-info elementor-widget elementor-widget-button\" data-id=\"37aff66\" data-element_type=\"widget\" data-e-type=\"widget\" data-widget_type=\"button.default\">\n\t\t\t\t<div class=\"elementor-widget-container\">\n\t\t\t\t\t\t\t\t\t<div class=\"elementor-button-wrapper\">\n\t\t\t\t\t<a class=\"elementor-button elementor-size-sm\" role=\"button\">\n\t\t\t\t\t\t<span class=\"elementor-button-content-wrapper\">\n\t\t\t\t\t\t\t\t\t<span class=\"elementor-button-text\">Portal da Cidadania<\/span>\n\t\t\t\t\t<\/span>\n\t\t\t\t\t<\/a>\n\t\t\t\t<\/div>\n\t\t\t\t\t\t\t\t<\/div>\n\t\t\t\t<\/div>\n\t\t\t\t\t<\/div>\n\t\t\t\t<\/div>\n\t\t\t\t<\/div>\n\t\t","protected":false},"excerpt":{"rendered":"<p>Secret\u00e1rio Oto Janes Leite de Oliveira Biografia \u00a0 Atribui\u00e7\u00f5es A Secretaria Municipal da Juventude A Secretaria Municipal da Juventude \u00e9 o \u00f3rg\u00e3o respons\u00e1vel por planejar,&hellip;<\/p>\n","protected":false},"author":5,"featured_media":0,"parent":0,"menu_order":0,"comment_status":"closed","ping_status":"closed","template":"","meta":{"_customify_content_layout":"","_customify_sidebar":"","_customify_page_header_display":"default","_customify_disable_header":"","_customify_disable_header_top":"","_customify_disable_header_main":"","_customify_disable_header_bottom":"","_customify_disable_page_title":"","_customify_disable_content_vertical_padding":"","_customify_disable_footer_top":"","_customify_disable_footer_main":"","_customify_disable_footer_bottom":"","_customify_breadcrumb_display":"default","_customify_header_transparent_display":"","footnotes":""},"class_list":["post-23940","page","type-page","status-publish","hentry"],"yoast_head":"<!-- This site is optimized with the Yoast SEO plugin v28.2 - https:\/\/yoast.com\/product\/yoast-seo-wordpress\/ -->\n<title>Secretaria Municipal da Juventude - Prefeitura Municipal de S\u00e3o Jo\u00e3o de Meriti<\/title>\n<meta name=\"robots\" content=\"index, follow, max-snippet:-1, max-image-preview:large, max-video-preview:-1\" \/>\n<link rel=\"canonical\" href=\"https:\/\/meriti.rj.gov.br\/inicio\/secretaria-municipal-da-juventude\/\" \/>\n<meta property=\"og:locale\" content=\"pt_BR\" \/>\n<meta property=\"og:type\" content=\"article\" \/>\n<meta property=\"og:title\" content=\"Secretaria Municipal da Juventude - Prefeitura Municipal de S\u00e3o Jo\u00e3o de Meriti\" \/>\n<meta property=\"og:description\" content=\"Secret\u00e1rio Oto Janes Leite de Oliveira Biografia \u00a0 Atribui\u00e7\u00f5es A Secretaria Municipal da Juventude A Secretaria Municipal da Juventude \u00e9 o \u00f3rg\u00e3o respons\u00e1vel por planejar,&hellip;\" \/>\n<meta property=\"og:url\" content=\"https:\/\/meriti.rj.gov.br\/inicio\/secretaria-municipal-da-juventude\/\" \/>\n<meta property=\"og:site_name\" content=\"Prefeitura Municipal de S\u00e3o Jo\u00e3o de Meriti\" \/>\n<meta property=\"article:modified_time\" content=\"2026-08-14T18:57:58+00:00\" \/>\n<meta property=\"og:image\" content=\"https:\/\/meriti.rj.gov.br\/inicio\/wp-content\/uploads\/2026\/07\/Banner_SMJUV-scaled.png\" \/>\n\t<meta property=\"og:image:width\" content=\"2560\" \/>\n\t<meta property=\"og:image:height\" content=\"410\" \/>\n\t<meta property=\"og:image:type\" content=\"image\/png\" \/>\n<meta name=\"twitter:card\" content=\"summary_large_image\" \/>\n<meta name=\"twitter:label1\" content=\"Est. tempo de leitura\" \/>\n\t<meta name=\"twitter:data1\" content=\"4 minutos\" \/>\n<script type=\"application\/ld+json\" class=\"yoast-schema-graph\">{\"@context\":\"https:\\\/\\\/schema.org\",\"@graph\":[{\"@type\":\"WebPage\",\"@id\":\"https:\\\/\\\/meriti.rj.gov.br\\\/inicio\\\/secretaria-municipal-da-juventude\\\/\",\"url\":\"https:\\\/\\\/meriti.rj.gov.br\\\/inicio\\\/secretaria-municipal-da-juventude\\\/\",\"name\":\"Secretaria Municipal da Juventude - Prefeitura Municipal de S\u00e3o Jo\u00e3o de Meriti\",\"isPartOf\":{\"@id\":\"https:\\\/\\\/meriti.rj.gov.br\\\/inicio\\\/#website\"},\"primaryImageOfPage\":{\"@id\":\"https:\\\/\\\/meriti.rj.gov.br\\\/inicio\\\/secretaria-municipal-da-juventude\\\/#primaryimage\"},\"image\":{\"@id\":\"https:\\\/\\\/meriti.rj.gov.br\\\/inicio\\\/secretaria-municipal-da-juventude\\\/#primaryimage\"},\"thumbnailUrl\":\"https:\\\/\\\/meriti.rj.gov.br\\\/inicio\\\/wp-content\\\/uploads\\\/2026\\\/07\\\/Banner_SMJUV-scaled.png\",\"datePublished\":\"2026-08-14T18:55:08+00:00\",\"dateModified\":\"2026-08-14T18:57:58+00:00\",\"breadcrumb\":{\"@id\":\"https:\\\/\\\/meriti.rj.gov.br\\\/inicio\\\/secretaria-municipal-da-juventude\\\/#breadcrumb\"},\"inLanguage\":\"pt-BR\",\"potentialAction\":[{\"@type\":\"ReadAction\",\"target\":[\"https:\\\/\\\/meriti.rj.gov.br\\\/inicio\\\/secretaria-municipal-da-juventude\\\/\"]}]},{\"@type\":\"ImageObject\",\"inLanguage\":\"pt-BR\",\"@id\":\"https:\\\/\\\/meriti.rj.gov.br\\\/inicio\\\/secretaria-municipal-da-juventude\\\/#primaryimage\",\"url\":\"https:\\\/\\\/meriti.rj.gov.br\\\/inicio\\\/wp-content\\\/uploads\\\/2026\\\/07\\\/Banner_SMJUV-scaled.png\",\"contentUrl\":\"https:\\\/\\\/meriti.rj.gov.br\\\/inicio\\\/wp-content\\\/uploads\\\/2026\\\/07\\\/Banner_SMJUV-scaled.png\",\"width\":2560,\"height\":410},{\"@type\":\"BreadcrumbList\",\"@id\":\"https:\\\/\\\/meriti.rj.gov.br\\\/inicio\\\/secretaria-municipal-da-juventude\\\/#breadcrumb\",\"itemListElement\":[{\"@type\":\"ListItem\",\"position\":1,\"name\":\"In\u00edcio\",\"item\":\"https:\\\/\\\/meriti.rj.gov.br\\\/inicio\\\/\"},{\"@type\":\"ListItem\",\"position\":2,\"name\":\"Secretaria Municipal da Juventude\"}]},{\"@type\":\"WebSite\",\"@id\":\"https:\\\/\\\/meriti.rj.gov.br\\\/inicio\\\/#website\",\"url\":\"https:\\\/\\\/meriti.rj.gov.br\\\/inicio\\\/\",\"name\":\"portal.meriti\",\"description\":\"Prefeitura Municipal de S\u00e3o Jo\u00e3o de Meriti\",\"publisher\":{\"@id\":\"https:\\\/\\\/meriti.rj.gov.br\\\/inicio\\\/#organization\"},\"potentialAction\":[{\"@type\":\"SearchAction\",\"target\":{\"@type\":\"EntryPoint\",\"urlTemplate\":\"https:\\\/\\\/meriti.rj.gov.br\\\/inicio\\\/?s={search_term_string}\"},\"query-input\":{\"@type\":\"PropertyValueSpecification\",\"valueRequired\":true,\"valueName\":\"search_term_string\"}}],\"inLanguage\":\"pt-BR\"},{\"@type\":\"Organization\",\"@id\":\"https:\\\/\\\/meriti.rj.gov.br\\\/inicio\\\/#organization\",\"name\":\"Prefeitura Municipal de S\u00e3o Jo\u00e3o de Meriti\",\"url\":\"https:\\\/\\\/meriti.rj.gov.br\\\/inicio\\\/\",\"logo\":{\"@type\":\"ImageObject\",\"inLanguage\":\"pt-BR\",\"@id\":\"https:\\\/\\\/meriti.rj.gov.br\\\/inicio\\\/#\\\/schema\\\/logo\\\/image\\\/\",\"url\":\"https:\\\/\\\/meriti.rj.gov.br\\\/inicio\\\/wp-content\\\/uploads\\\/2023\\\/04\\\/cropped-logo.png\",\"contentUrl\":\"https:\\\/\\\/meriti.rj.gov.br\\\/inicio\\\/wp-content\\\/uploads\\\/2023\\\/04\\\/cropped-logo.png\",\"width\":512,\"height\":512,\"caption\":\"Prefeitura Municipal de S\u00e3o Jo\u00e3o de Meriti\"},\"image\":{\"@id\":\"https:\\\/\\\/meriti.rj.gov.br\\\/inicio\\\/#\\\/schema\\\/logo\\\/image\\\/\"}}]}<\/script>\n<!-- \/ Yoast SEO plugin. -->","yoast_head_json":{"title":"Secretaria Municipal da Juventude - Prefeitura Municipal de S\u00e3o Jo\u00e3o de Meriti","robots":{"index":"index","follow":"follow","max-snippet":"max-snippet:-1","max-image-preview":"max-image-preview:large","max-video-preview":"max-video-preview:-1"},"canonical":"https:\/\/meriti.rj.gov.br\/inicio\/secretaria-municipal-da-juventude\/","og_locale":"pt_BR","og_type":"article","og_title":"Secretaria Municipal da Juventude - Prefeitura Municipal de S\u00e3o Jo\u00e3o de Meriti","og_description":"Secret\u00e1rio Oto Janes Leite de Oliveira Biografia \u00a0 Atribui\u00e7\u00f5es A Secretaria Municipal da Juventude A Secretaria Municipal da Juventude \u00e9 o \u00f3rg\u00e3o respons\u00e1vel por planejar,&hellip;","og_url":"https:\/\/meriti.rj.gov.br\/inicio\/secretaria-municipal-da-juventude\/","og_site_name":"Prefeitura Municipal de S\u00e3o Jo\u00e3o de Meriti","article_modified_time":"2026-08-14T18:57:58+00:00","og_image":[{"width":2560,"height":410,"url":"https:\/\/meriti.rj.gov.br\/inicio\/wp-content\/uploads\/2026\/07\/Banner_SMJUV-scaled.png","type":"image\/png"}],"twitter_card":"summary_large_image","twitter_misc":{"Est. tempo de leitura":"4 minutos"},"schema":{"@context":"https:\/\/schema.org","@graph":[{"@type":"WebPage","@id":"https:\/\/meriti.rj.gov.br\/inicio\/secretaria-municipal-da-juventude\/","url":"https:\/\/meriti.rj.gov.br\/inicio\/secretaria-municipal-da-juventude\/","name":"Secretaria Municipal da Juventude - Prefeitura Municipal de S\u00e3o Jo\u00e3o de Meriti","isPartOf":{"@id":"https:\/\/meriti.rj.gov.br\/inicio\/#website"},"primaryImageOfPage":{"@id":"https:\/\/meriti.rj.gov.br\/inicio\/secretaria-municipal-da-juventude\/#primaryimage"},"image":{"@id":"https:\/\/meriti.rj.gov.br\/inicio\/secretaria-municipal-da-juventude\/#primaryimage"},"thumbnailUrl":"https:\/\/meriti.rj.gov.br\/inicio\/wp-content\/uploads\/2026\/07\/Banner_SMJUV-scaled.png","datePublished":"2026-08-14T18:55:08+00:00","dateModified":"2026-08-14T18:57:58+00:00","breadcrumb":{"@id":"https:\/\/meriti.rj.gov.br\/inicio\/secretaria-municipal-da-juventude\/#breadcrumb"},"inLanguage":"pt-BR","potentialAction":[{"@type":"ReadAction","target":["https:\/\/meriti.rj.gov.br\/inicio\/secretaria-municipal-da-juventude\/"]}]},{"@type":"ImageObject","inLanguage":"pt-BR","@id":"https:\/\/meriti.rj.gov.br\/inicio\/secretaria-municipal-da-juventude\/#primaryimage","url":"https:\/\/meriti.rj.gov.br\/inicio\/wp-content\/uploads\/2026\/07\/Banner_SMJUV-scaled.png","contentUrl":"https:\/\/meriti.rj.gov.br\/inicio\/wp-content\/uploads\/2026\/07\/Banner_SMJUV-scaled.png","width":2560,"height":410},{"@type":"BreadcrumbList","@id":"https:\/\/meriti.rj.gov.br\/inicio\/secretaria-municipal-da-juventude\/#breadcrumb","itemListElement":[{"@type":"ListItem","position":1,"name":"In\u00edcio","item":"https:\/\/meriti.rj.gov.br\/inicio\/"},{"@type":"ListItem","position":2,"name":"Secretaria Municipal da Juventude"}]},{"@type":"WebSite","@id":"https:\/\/meriti.rj.gov.br\/inicio\/#website","url":"https:\/\/meriti.rj.gov.br\/inicio\/","name":"portal.meriti","description":"Prefeitura Municipal de S\u00e3o Jo\u00e3o de Meriti","publisher":{"@id":"https:\/\/meriti.rj.gov.br\/inicio\/#organization"},"potentialAction":[{"@type":"SearchAction","target":{"@type":"EntryPoint","urlTemplate":"https:\/\/meriti.rj.gov.br\/inicio\/?s={search_term_string}"},"query-input":{"@type":"PropertyValueSpecification","valueRequired":true,"valueName":"search_term_string"}}],"inLanguage":"pt-BR"},{"@type":"Organization","@id":"https:\/\/meriti.rj.gov.br\/inicio\/#organization","name":"Prefeitura Municipal de S\u00e3o Jo\u00e3o de Meriti","url":"https:\/\/meriti.rj.gov.br\/inicio\/","logo":{"@type":"ImageObject","inLanguage":"pt-BR","@id":"https:\/\/meriti.rj.gov.br\/inicio\/#\/schema\/logo\/image\/","url":"https:\/\/meriti.rj.gov.br\/inicio\/wp-content\/uploads\/2023\/04\/cropped-logo.png","contentUrl":"https:\/\/meriti.rj.gov.br\/inicio\/wp-content\/uploads\/2023\/04\/cropped-logo.png","width":512,"height":512,"caption":"Prefeitura Municipal de S\u00e3o Jo\u00e3o de Meriti"},"image":{"@id":"https:\/\/meriti.rj.gov.br\/inicio\/#\/schema\/logo\/image\/"}}]}},"_links":{"self":[{"href":"https:\/\/meriti.rj.gov.br\/inicio\/wp-json\/wp\/v2\/pages\/23940","targetHints":{"allow":["GET"]}}],"collection":[{"href":"https:\/\/meriti.rj.gov.br\/inicio\/wp-json\/wp\/v2\/pages"}],"about":[{"href":"https:\/\/meriti.rj.gov.br\/inicio\/wp-json\/wp\/v2\/types\/page"}],"author":[{"embeddable":true,"href":"https:\/\/meriti.rj.gov.br\/inicio\/wp-json\/wp\/v2\/users\/5"}],"replies":[{"embeddable":true,"href":"https:\/\/meriti.rj.gov.br\/inicio\/wp-json\/wp\/v2\/comments?post=23940"}],"version-history":[{"count":8,"href":"https:\/\/meriti.rj.gov.br\/inicio\/wp-json\/wp\/v2\/pages\/23940\/revisions"}],"predecessor-version":[{"id":24430,"href":"https:\/\/meriti.rj.gov.br\/inicio\/wp-json\/wp\/v2\/pages\/23940\/revisions\/24430"}],"wp:attachment":[{"href":"https:\/\/meriti.rj.gov.br\/inicio\/wp-json\/wp\/v2\/media?parent=23940"}],"curies":[{"name":"wp","href":"https:\/\/api.w.org\/{rel}","templated":true}]}}