{"id":1129,"date":"2023-04-24T09:58:14","date_gmt":"2023-04-24T12:58:14","guid":{"rendered":"http:\/\/localhost\/wordpress\/?page_id=1129"},"modified":"2026-03-25T11:18:08","modified_gmt":"2026-03-25T14:18:08","slug":"secretaria-municipal-de-esporte-e-lazer","status":"publish","type":"page","link":"https:\/\/meriti.rj.gov.br\/inicio\/secretaria-municipal-de-esporte-e-lazer\/","title":{"rendered":"Secretaria Municipal de Esporte e Lazer"},"content":{"rendered":"\t\t<div data-elementor-type=\"wp-page\" data-elementor-id=\"1129\" class=\"elementor elementor-1129\" data-elementor-post-type=\"page\">\n\t\t\t\t<div class=\"elementor-element elementor-element-78e761e e-flex e-con-boxed e-con e-parent\" data-id=\"78e761e\" data-element_type=\"container\" data-e-type=\"container\">\n\t\t\t\t\t<div class=\"e-con-inner\">\n\t\t\t\t<div class=\"elementor-element elementor-element-89a86f3 elementor-widget elementor-widget-image\" data-id=\"89a86f3\" data-element_type=\"widget\" data-e-type=\"widget\" data-widget_type=\"image.default\">\n\t\t\t\t<div class=\"elementor-widget-container\">\n\t\t\t\t\t\t\t\t\t\t\t\t\t\t\t<img fetchpriority=\"high\" decoding=\"async\" width=\"1536\" height=\"247\" src=\"https:\/\/meriti.rj.gov.br\/inicio\/wp-content\/uploads\/2025\/01\/Secretaria-Municipal-de-Esportes-e-Lazer-1.png\" class=\"attachment-full size-full wp-image-13497\" alt=\"\" srcset=\"https:\/\/meriti.rj.gov.br\/inicio\/wp-content\/uploads\/2025\/01\/Secretaria-Municipal-de-Esportes-e-Lazer-1.png 1536w, https:\/\/meriti.rj.gov.br\/inicio\/wp-content\/uploads\/2025\/01\/Secretaria-Municipal-de-Esportes-e-Lazer-1-300x48.png 300w, https:\/\/meriti.rj.gov.br\/inicio\/wp-content\/uploads\/2025\/01\/Secretaria-Municipal-de-Esportes-e-Lazer-1-1024x165.png 1024w, https:\/\/meriti.rj.gov.br\/inicio\/wp-content\/uploads\/2025\/01\/Secretaria-Municipal-de-Esportes-e-Lazer-1-768x124.png 768w\" sizes=\"(max-width: 1536px) 100vw, 1536px\" \/>\t\t\t\t\t\t\t\t\t\t\t\t\t\t\t<\/div>\n\t\t\t\t<\/div>\n\t\t\t\t\t<\/div>\n\t\t\t\t<\/div>\n\t\t\t\t<section class=\"elementor-section elementor-top-section elementor-element elementor-element-ccb2432 elementor-section-boxed elementor-section-height-default elementor-section-height-default\" data-id=\"ccb2432\" data-element_type=\"section\" data-e-type=\"section\">\n\t\t\t\t\t\t<div class=\"elementor-container elementor-column-gap-default\">\n\t\t\t\t\t<div class=\"elementor-column elementor-col-100 elementor-top-column elementor-element elementor-element-66472b6\" data-id=\"66472b6\" data-element_type=\"column\" data-e-type=\"column\">\n\t\t\t<div class=\"elementor-widget-wrap elementor-element-populated\">\n\t\t\t\t\t\t<div class=\"elementor-element elementor-element-322cc50 elementor-widget elementor-widget-html\" data-id=\"322cc50\" data-element_type=\"widget\" data-e-type=\"widget\" data-widget_type=\"html.default\">\n\t\t\t\t<div class=\"elementor-widget-container\">\n\t\t\t\t\t<body> <!-- Inicio do corpo da p\u00e1gina -->\r\n\r\n  <!-- Conte\u00fado da p\u00e1gina -->\r\n\r\n  <div vw class=\"enabled\">\r\n    <div vw-access-button class=\"active\"><\/div>\r\n    <div vw-plugin-wrapper>\r\n      <div class=\"vw-plugin-top-wrapper\"><\/div>\r\n    <\/div>\r\n  <\/div>\r\n  <script src=\"https:\/\/vlibras.gov.br\/app\/vlibras-plugin.js\"><\/script>\r\n  <script>\r\n    new window.VLibras.Widget('https:\/\/vlibras.gov.br\/app');\r\n  <\/script>\r\n<\/body> <!-- Fim do corpo da p\u00e1gina -->\t\t\t\t<\/div>\n\t\t\t\t<\/div>\n\t\t\t\t\t<\/div>\n\t\t<\/div>\n\t\t\t\t\t<\/div>\n\t\t<\/section>\n\t\t<div class=\"elementor-element elementor-element-2097e99 e-flex e-con-boxed e-con e-parent\" data-id=\"2097e99\" data-element_type=\"container\" data-e-type=\"container\">\n\t\t\t\t\t<div class=\"e-con-inner\">\n\t\t<div class=\"elementor-element elementor-element-78e0c4b e-con-full e-flex e-con e-child\" data-id=\"78e0c4b\" data-element_type=\"container\" data-e-type=\"container\">\n\t\t\t\t<div class=\"elementor-element elementor-element-1fe1c28 elementor-widget elementor-widget-image\" data-id=\"1fe1c28\" data-element_type=\"widget\" data-e-type=\"widget\" data-widget_type=\"image.default\">\n\t\t\t\t<div class=\"elementor-widget-container\">\n\t\t\t\t\t\t\t\t\t\t\t\t\t\t\t<img decoding=\"async\" width=\"300\" height=\"300\" src=\"https:\/\/meriti.rj.gov.br\/inicio\/wp-content\/uploads\/2025\/08\/ALAN-CRUZ-300x300.png\" class=\"attachment-medium size-medium wp-image-18064\" alt=\"\" srcset=\"https:\/\/meriti.rj.gov.br\/inicio\/wp-content\/uploads\/2025\/08\/ALAN-CRUZ-300x300.png 300w, https:\/\/meriti.rj.gov.br\/inicio\/wp-content\/uploads\/2025\/08\/ALAN-CRUZ-150x150.png 150w, https:\/\/meriti.rj.gov.br\/inicio\/wp-content\/uploads\/2025\/08\/ALAN-CRUZ.png 768w\" sizes=\"(max-width: 300px) 100vw, 300px\" \/>\t\t\t\t\t\t\t\t\t\t\t\t\t\t\t<\/div>\n\t\t\t\t<\/div>\n\t\t\t\t<\/div>\n\t\t<div class=\"elementor-element elementor-element-e86cd11 e-con-full e-flex e-con e-child\" data-id=\"e86cd11\" data-element_type=\"container\" data-e-type=\"container\">\n\t\t\t\t<div class=\"elementor-element elementor-element-e9490e3 elementor-widget elementor-widget-text-editor\" data-id=\"e9490e3\" data-element_type=\"widget\" data-e-type=\"widget\" data-widget_type=\"text-editor.default\">\n\t\t\t\t<div class=\"elementor-widget-container\">\n\t\t\t\t\t\t\t\t\t<h4 style=\"text-align: left;\"><strong><span style=\"color: #000080;\">Secret\u00e1rio<\/span><\/strong><\/h4><h3>Allan Charles Ponciano da Cruz<\/h3><h4 style=\"text-align: left;\"><span style=\"color: #000080;\"><strong>Biografia<\/strong><\/span><\/h4><p>Bacharel em Gest\u00e3o P\u00fablica pela Universidade Est\u00e1cio. Ministro do Evangelho h\u00e1 26 anos na Igreja Universal do Reino de Deus. Vereador eleito no munic\u00edpio de Meriti no ano de 2020, onde foi presidente da Comiss\u00e3o de Defesa dos Direitos da Pessoa com Defici\u00eancia.<\/p><p>Como parlamentar foi respons\u00e1vel pelos projetos: Lei n\u00ba 2.336 de 21 de junho de 2022 &#8211; Reconhece igrejas, templos e comunidades mission\u00e1rias como atividades essenciais no munic\u00edpio. Lei n\u00ba 2.301 de 11 de janeiro de 2022 &#8211; Institui o Dia Municipal em Mem\u00f3ria \u00e0s V\u00edtimas da Covid-19; e Lei n\u00ba 2.328 de 24 de maio de 2022 &#8211; Cria a Semana Municipal de Preven\u00e7\u00e3o e Intensifica\u00e7\u00e3o no Combate \u00e0s Enchentes.<\/p>\t\t\t\t\t\t\t\t<\/div>\n\t\t\t\t<\/div>\n\t\t\t\t<\/div>\n\t\t\t\t\t<\/div>\n\t\t\t\t<\/div>\n\t\t<div class=\"elementor-element elementor-element-9609ebb e-flex e-con-boxed e-con e-parent\" data-id=\"9609ebb\" data-element_type=\"container\" data-e-type=\"container\">\n\t\t\t\t\t<div class=\"e-con-inner\">\n\t\t\t\t<div class=\"elementor-element elementor-element-ebf5a30 elementor-widget elementor-widget-text-editor\" data-id=\"ebf5a30\" data-element_type=\"widget\" data-e-type=\"widget\" data-widget_type=\"text-editor.default\">\n\t\t\t\t<div class=\"elementor-widget-container\">\n\t\t\t\t\t\t\t\t\t<h4><strong><span style=\"color: #000080;\">Atribui\u00e7\u00f5es<\/span><\/strong><\/h4>\t\t\t\t\t\t\t\t<\/div>\n\t\t\t\t<\/div>\n\t\t\t\t\t<\/div>\n\t\t\t\t<\/div>\n\t\t<div class=\"elementor-element elementor-element-a8f6123 e-flex e-con-boxed e-con e-parent\" data-id=\"a8f6123\" data-element_type=\"container\" data-e-type=\"container\">\n\t\t\t\t\t<div class=\"e-con-inner\">\n\t\t<div class=\"elementor-element elementor-element-91740dd e-con-full e-flex e-con e-child\" data-id=\"91740dd\" data-element_type=\"container\" data-e-type=\"container\">\n\t\t\t\t<div class=\"elementor-element elementor-element-cb35cde elementor-widget elementor-widget-text-editor\" data-id=\"cb35cde\" data-element_type=\"widget\" data-e-type=\"widget\" data-widget_type=\"text-editor.default\">\n\t\t\t\t<div class=\"elementor-widget-container\">\n\t\t\t\t\t\t\t\t\t<p style=\"text-align: left;\"><strong>A Secretaria Municipal de Esporte e Lazer<\/strong>\u00a0<!--StartFragment --><span class=\"cf0\">\u00e9 respons\u00e1vel por promover a forma\u00e7\u00e3o esportiva e educacional para o desenvolvimento da sociedade atrav\u00e9s do <\/span><span class=\"cf0\">desenvolvimento de pol\u00edticas p\u00fablicas de inclus\u00e3o ao esporte e qualidade de vida, tendo ainda as seguintes atribui\u00e7\u00f5es:<\/span><\/p><ul><li><span class=\"cf0\">promover a forma\u00e7\u00e3o e o treinamento especializado de recursos humanos destinados \u00e0 execu\u00e7\u00e3o de programas esportivos;<\/span><\/li><li><span class=\"cf0\">administrar e manter a Vila Ol\u00edmpica municipal;<\/span><\/li><li><span class=\"cf0\">elaborar e executar o Plano de Esportes do Munic\u00edpio e respectivos programas e projetos, observadas as diretrizes da pol\u00edtica municipal de desenvolvimento do esporte de competi\u00e7\u00e3o e de alto rendimento;<\/span><\/li><li><span class=\"cf0\">elaborar e propor programas para as atividades f\u00edsicas e de treinamento considerando de forma integrada, todos os\u00a0<\/span><span class=\"cf0\">fatores que interv\u00eam nesse processo;<\/span><\/li><li><span class=\"cf0\">valorizar e dar suporte \u00e0s ligas esportivas, aos clubes amadores e a outras entidades dirigentes de modalidades\u00a0<\/span><span class=\"cf0\">esportivas;<\/span><\/li><li><span class=\"cf0\">administrar e manter os equipamentos esportivos pr\u00f3prios ou sob sua responsabilidade, zelando por sua manuten\u00e7\u00e3o, por seu bom uso e pelo acesso da comunidade;<\/span><\/li><li><span class=\"cf0\">propor conv\u00eanios de parcerias com outros entes ligados ao esporte;<\/span><\/li><li><span class=\"cf0\">viabilizar os projetos e programas constantes da pol\u00edtica de desenvolvimento do esporte de competi\u00e7\u00e3o, em conjunto com as institui\u00e7\u00f5es de ensino;<\/span><\/li><li><span class=\"cf0\">destinar recursos p\u00fablicos \u00e0 promo\u00e7\u00e3o e ao fomento do esporte de competi\u00e7\u00e3o e de alto rendimento, bem como, \u00e0 promo\u00e7\u00e3o de eventos esportivos;<\/span><\/li><li><span class=\"cf0\">fomentar, promover e viabilizar o lazer em \u00e1reas p\u00fablicas do munic\u00edpio;<\/span><\/li><li><span class=\"cf0\">outras atribui\u00e7\u00f5es correlatas.<\/span><\/li><\/ul><p style=\"text-align: left;\"><!--EndFragment --><\/p>\t\t\t\t\t\t\t\t<\/div>\n\t\t\t\t<\/div>\n\t\t\t\t<\/div>\n\t\t\t\t\t<\/div>\n\t\t\t\t<\/div>\n\t\t<div class=\"elementor-element elementor-element-6ee5746 e-flex e-con-boxed e-con e-parent\" data-id=\"6ee5746\" data-element_type=\"container\" data-e-type=\"container\">\n\t\t\t\t\t<div class=\"e-con-inner\">\n\t\t\t\t<div class=\"elementor-element elementor-element-830ff7d elementor-widget elementor-widget-text-editor\" data-id=\"830ff7d\" data-element_type=\"widget\" data-e-type=\"widget\" data-widget_type=\"text-editor.default\">\n\t\t\t\t<div class=\"elementor-widget-container\">\n\t\t\t\t\t\t\t\t\t<h4><strong><span style=\"color: #000080;\">Contato<\/span><\/strong><\/h4>\t\t\t\t\t\t\t\t<\/div>\n\t\t\t\t<\/div>\n\t\t\t\t\t<\/div>\n\t\t\t\t<\/div>\n\t\t<div class=\"elementor-element elementor-element-9bdf3b2 e-flex e-con-boxed e-con e-parent\" data-id=\"9bdf3b2\" data-element_type=\"container\" data-e-type=\"container\">\n\t\t\t\t\t<div class=\"e-con-inner\">\n\t\t\t\t<div class=\"elementor-element elementor-element-07abbed elementor-widget elementor-widget-text-editor\" data-id=\"07abbed\" data-element_type=\"widget\" data-e-type=\"widget\" data-widget_type=\"text-editor.default\">\n\t\t\t\t<div class=\"elementor-widget-container\">\n\t\t\t\t\t\t\t\t\t<p style=\"text-align: left;\"><span style=\"color: #000000; font-family: Arial, sans-serif;\"><strong>Endere\u00e7o:<\/strong> Vila Ol\u00edmpica &#8211; Rua Milton, s\/n \u2013 Grande Rio, S\u00e3o Jo\u00e3o de Meriti \u2013 RJ &#8211; CEP 25540-050<\/span><\/p><p><span style=\"color: #000000;\"><a href=\"https:\/\/maps.app.goo.gl\/dZMQfzDbGUcsoEqx5\"><strong>\u27a1\ufe0fCOMO CHEGAR<\/strong><\/a><\/span><\/p><p style=\"text-align: left;\"><strong>Telefones:<\/strong><\/p><p style=\"text-align: left;\"><strong>WhatsApp:<\/strong> <a href=\"tel:+5521964736980\">(21) 96939-4614\u00a0 \u00a0<\/a><\/p><p><span style=\"color: #000000;\"><strong>E-mail<\/strong>: <a href=\"mailto:semad@meriti.rj.gov.br\">smel@meriti.rj.gov.br<\/a><\/span><\/p><p style=\"text-align: left;\"><strong>E-mail: <\/strong><a href=\"mailto:esporte@meriti.rj.gov.br\">esporte@meriti.rj.gov.br<\/a><\/p><p style=\"text-align: left;\"><strong>Hor\u00e1rio de Funcionamento<\/strong>: de segunda a sexta-feira das 8:30h \u00e0s 17:30h<\/p>\t\t\t\t\t\t\t\t<\/div>\n\t\t\t\t<\/div>\n\t\t\t\t\t<\/div>\n\t\t\t\t<\/div>\n\t\t<div class=\"elementor-element elementor-element-19798eb e-flex e-con-boxed e-con e-parent\" data-id=\"19798eb\" data-element_type=\"container\" data-e-type=\"container\">\n\t\t\t\t\t<div class=\"e-con-inner\">\n\t\t\t\t<div class=\"elementor-element elementor-element-9b63481 elementor-widget elementor-widget-text-editor\" data-id=\"9b63481\" data-element_type=\"widget\" data-e-type=\"widget\" data-widget_type=\"text-editor.default\">\n\t\t\t\t<div class=\"elementor-widget-container\">\n\t\t\t\t\t\t\t\t\t<h4><strong><span style=\"color: #000080;\">Links \u00dateis<\/span><\/strong><\/h4>\t\t\t\t\t\t\t\t<\/div>\n\t\t\t\t<\/div>\n\t\t\t\t\t<\/div>\n\t\t\t\t<\/div>\n\t\t\t\t<section class=\"elementor-section elementor-top-section elementor-element elementor-element-140be4e elementor-section-boxed elementor-section-height-default elementor-section-height-default\" data-id=\"140be4e\" data-element_type=\"section\" data-e-type=\"section\">\n\t\t\t\t\t\t<div class=\"elementor-container elementor-column-gap-default\">\n\t\t\t\t\t<div class=\"elementor-column elementor-col-100 elementor-top-column elementor-element elementor-element-0c9b23b\" data-id=\"0c9b23b\" data-element_type=\"column\" data-e-type=\"column\">\n\t\t\t<div class=\"elementor-widget-wrap elementor-element-populated\">\n\t\t\t\t\t\t<div class=\"elementor-element elementor-element-635c837 elementor-widget elementor-widget-button\" data-id=\"635c837\" data-element_type=\"widget\" data-e-type=\"widget\" data-widget_type=\"button.default\">\n\t\t\t\t<div class=\"elementor-widget-container\">\n\t\t\t\t\t\t\t\t\t<div class=\"elementor-button-wrapper\">\n\t\t\t\t\t<a class=\"elementor-button elementor-size-sm\" role=\"button\">\n\t\t\t\t\t\t<span class=\"elementor-button-content-wrapper\">\n\t\t\t\t\t\t\t\t\t<span class=\"elementor-button-text\">Matr\u00edcula<\/span>\n\t\t\t\t\t<\/span>\n\t\t\t\t\t<\/a>\n\t\t\t\t<\/div>\n\t\t\t\t\t\t\t\t<\/div>\n\t\t\t\t<\/div>\n\t\t\t\t\t<\/div>\n\t\t<\/div>\n\t\t\t\t\t<\/div>\n\t\t<\/section>\n\t\t<div class=\"elementor-element elementor-element-6b5f9f6 e-flex e-con-boxed e-con e-parent\" data-id=\"6b5f9f6\" data-element_type=\"container\" data-e-type=\"container\">\n\t\t\t\t\t<div class=\"e-con-inner\">\n\t\t\t\t<div class=\"elementor-element elementor-element-9771e74 elementor-widget elementor-widget-text-editor\" data-id=\"9771e74\" data-element_type=\"widget\" data-e-type=\"widget\" data-widget_type=\"text-editor.default\">\n\t\t\t\t<div class=\"elementor-widget-container\">\n\t\t\t\t\t\t\t\t\t<h4><span style=\"color: #000080;\"><strong>Perguntas Frequentes<\/strong><\/span><\/h4>\t\t\t\t\t\t\t\t<\/div>\n\t\t\t\t<\/div>\n\t\t\t\t\t<\/div>\n\t\t\t\t<\/div>\n\t\t<div class=\"elementor-element elementor-element-e9564e5 e-flex e-con-boxed e-con e-parent\" data-id=\"e9564e5\" data-element_type=\"container\" data-e-type=\"container\">\n\t\t\t\t\t<div class=\"e-con-inner\">\n\t\t\t\t<div class=\"elementor-element elementor-element-6bba50b elementor-widget elementor-widget-accordion\" data-id=\"6bba50b\" data-element_type=\"widget\" data-e-type=\"widget\" data-widget_type=\"accordion.default\">\n\t\t\t\t<div class=\"elementor-widget-container\">\n\t\t\t\t\t\t\t<div class=\"elementor-accordion\">\n\t\t\t\t\t\t\t<div class=\"elementor-accordion-item\">\n\t\t\t\t\t<div id=\"elementor-tab-title-1121\" class=\"elementor-tab-title\" data-tab=\"1\" role=\"button\" aria-controls=\"elementor-tab-content-1121\" aria-expanded=\"false\">\n\t\t\t\t\t\t\t\t\t\t\t\t\t<span class=\"elementor-accordion-icon elementor-accordion-icon-left\" aria-hidden=\"true\">\n\t\t\t\t\t\t\t\t\t\t\t\t\t\t\t<span class=\"elementor-accordion-icon-closed\"><svg class=\"e-font-icon-svg e-fas-plus\" viewBox=\"0 0 448 512\" xmlns=\"http:\/\/www.w3.org\/2000\/svg\"><path d=\"M416 208H272V64c0-17.67-14.33-32-32-32h-32c-17.67 0-32 14.33-32 32v144H32c-17.67 0-32 14.33-32 32v32c0 17.67 14.33 32 32 32h144v144c0 17.67 14.33 32 32 32h32c17.67 0 32-14.33 32-32V304h144c17.67 0 32-14.33 32-32v-32c0-17.67-14.33-32-32-32z\"><\/path><\/svg><\/span>\n\t\t\t\t\t\t\t\t<span class=\"elementor-accordion-icon-opened\"><svg class=\"e-font-icon-svg e-fas-minus\" viewBox=\"0 0 448 512\" xmlns=\"http:\/\/www.w3.org\/2000\/svg\"><path d=\"M416 208H32c-17.67 0-32 14.33-32 32v32c0 17.67 14.33 32 32 32h384c17.67 0 32-14.33 32-32v-32c0-17.67-14.33-32-32-32z\"><\/path><\/svg><\/span>\n\t\t\t\t\t\t\t\t\t\t\t\t\t\t<\/span>\n\t\t\t\t\t\t\t\t\t\t\t\t<a class=\"elementor-accordion-title\" tabindex=\"0\">Quais atividades esportivas s\u00e3o oferecidas pela Secretaria?<\/a>\n\t\t\t\t\t<\/div>\n\t\t\t\t\t<div id=\"elementor-tab-content-1121\" class=\"elementor-tab-content elementor-clearfix\" data-tab=\"1\" role=\"region\" aria-labelledby=\"elementor-tab-title-1121\"><p>No momento n\u00e3o h\u00e1 atividades esportivas liberadas, seguindo a determina\u00e7\u00e3o do decreto municipal n 7337 de janeiro de 2025.<\/p><\/div>\n\t\t\t\t<\/div>\n\t\t\t\t\t\t\t<div class=\"elementor-accordion-item\">\n\t\t\t\t\t<div id=\"elementor-tab-title-1122\" class=\"elementor-tab-title\" data-tab=\"2\" role=\"button\" aria-controls=\"elementor-tab-content-1122\" aria-expanded=\"false\">\n\t\t\t\t\t\t\t\t\t\t\t\t\t<span class=\"elementor-accordion-icon elementor-accordion-icon-left\" aria-hidden=\"true\">\n\t\t\t\t\t\t\t\t\t\t\t\t\t\t\t<span class=\"elementor-accordion-icon-closed\"><svg class=\"e-font-icon-svg e-fas-plus\" viewBox=\"0 0 448 512\" xmlns=\"http:\/\/www.w3.org\/2000\/svg\"><path d=\"M416 208H272V64c0-17.67-14.33-32-32-32h-32c-17.67 0-32 14.33-32 32v144H32c-17.67 0-32 14.33-32 32v32c0 17.67 14.33 32 32 32h144v144c0 17.67 14.33 32 32 32h32c17.67 0 32-14.33 32-32V304h144c17.67 0 32-14.33 32-32v-32c0-17.67-14.33-32-32-32z\"><\/path><\/svg><\/span>\n\t\t\t\t\t\t\t\t<span class=\"elementor-accordion-icon-opened\"><svg class=\"e-font-icon-svg e-fas-minus\" viewBox=\"0 0 448 512\" xmlns=\"http:\/\/www.w3.org\/2000\/svg\"><path d=\"M416 208H32c-17.67 0-32 14.33-32 32v32c0 17.67 14.33 32 32 32h384c17.67 0 32-14.33 32-32v-32c0-17.67-14.33-32-32-32z\"><\/path><\/svg><\/span>\n\t\t\t\t\t\t\t\t\t\t\t\t\t\t<\/span>\n\t\t\t\t\t\t\t\t\t\t\t\t<a class=\"elementor-accordion-title\" tabindex=\"0\">Como posso me inscrever nas atividades ou projetos esportivos?<\/a>\n\t\t\t\t\t<\/div>\n\t\t\t\t\t<div id=\"elementor-tab-content-1122\" class=\"elementor-tab-content elementor-clearfix\" data-tab=\"2\" role=\"region\" aria-labelledby=\"elementor-tab-title-1122\"><p>Se dirigindo a secretaria da Vila ol\u00edmpica no endere\u00e7o da R. Milton, s\/n &#8211; Grande Rio, S\u00e3o Jo\u00e3o de Meriti &#8211; RJ, 22514-500<\/p><\/div>\n\t\t\t\t<\/div>\n\t\t\t\t\t\t\t<div class=\"elementor-accordion-item\">\n\t\t\t\t\t<div id=\"elementor-tab-title-1123\" class=\"elementor-tab-title\" data-tab=\"3\" role=\"button\" aria-controls=\"elementor-tab-content-1123\" aria-expanded=\"false\">\n\t\t\t\t\t\t\t\t\t\t\t\t\t<span class=\"elementor-accordion-icon elementor-accordion-icon-left\" aria-hidden=\"true\">\n\t\t\t\t\t\t\t\t\t\t\t\t\t\t\t<span class=\"elementor-accordion-icon-closed\"><svg class=\"e-font-icon-svg e-fas-plus\" viewBox=\"0 0 448 512\" xmlns=\"http:\/\/www.w3.org\/2000\/svg\"><path d=\"M416 208H272V64c0-17.67-14.33-32-32-32h-32c-17.67 0-32 14.33-32 32v144H32c-17.67 0-32 14.33-32 32v32c0 17.67 14.33 32 32 32h144v144c0 17.67 14.33 32 32 32h32c17.67 0 32-14.33 32-32V304h144c17.67 0 32-14.33 32-32v-32c0-17.67-14.33-32-32-32z\"><\/path><\/svg><\/span>\n\t\t\t\t\t\t\t\t<span class=\"elementor-accordion-icon-opened\"><svg class=\"e-font-icon-svg e-fas-minus\" viewBox=\"0 0 448 512\" xmlns=\"http:\/\/www.w3.org\/2000\/svg\"><path d=\"M416 208H32c-17.67 0-32 14.33-32 32v32c0 17.67 14.33 32 32 32h384c17.67 0 32-14.33 32-32v-32c0-17.67-14.33-32-32-32z\"><\/path><\/svg><\/span>\n\t\t\t\t\t\t\t\t\t\t\t\t\t\t<\/span>\n\t\t\t\t\t\t\t\t\t\t\t\t<a class=\"elementor-accordion-title\" tabindex=\"0\">Quais documentos s\u00e3o necess\u00e1rios para participar das atividades?<\/a>\n\t\t\t\t\t<\/div>\n\t\t\t\t\t<div id=\"elementor-tab-content-1123\" class=\"elementor-tab-content elementor-clearfix\" data-tab=\"3\" role=\"region\" aria-labelledby=\"elementor-tab-title-1123\"><p>RG, CPF, COMPROVANTE DE RESIDENCIA E ATESTADO MEDICO.<\/p><\/div>\n\t\t\t\t<\/div>\n\t\t\t\t\t\t\t<div class=\"elementor-accordion-item\">\n\t\t\t\t\t<div id=\"elementor-tab-title-1124\" class=\"elementor-tab-title\" data-tab=\"4\" role=\"button\" aria-controls=\"elementor-tab-content-1124\" aria-expanded=\"false\">\n\t\t\t\t\t\t\t\t\t\t\t\t\t<span class=\"elementor-accordion-icon elementor-accordion-icon-left\" aria-hidden=\"true\">\n\t\t\t\t\t\t\t\t\t\t\t\t\t\t\t<span class=\"elementor-accordion-icon-closed\"><svg class=\"e-font-icon-svg e-fas-plus\" viewBox=\"0 0 448 512\" xmlns=\"http:\/\/www.w3.org\/2000\/svg\"><path d=\"M416 208H272V64c0-17.67-14.33-32-32-32h-32c-17.67 0-32 14.33-32 32v144H32c-17.67 0-32 14.33-32 32v32c0 17.67 14.33 32 32 32h144v144c0 17.67 14.33 32 32 32h32c17.67 0 32-14.33 32-32V304h144c17.67 0 32-14.33 32-32v-32c0-17.67-14.33-32-32-32z\"><\/path><\/svg><\/span>\n\t\t\t\t\t\t\t\t<span class=\"elementor-accordion-icon-opened\"><svg class=\"e-font-icon-svg e-fas-minus\" viewBox=\"0 0 448 512\" xmlns=\"http:\/\/www.w3.org\/2000\/svg\"><path d=\"M416 208H32c-17.67 0-32 14.33-32 32v32c0 17.67 14.33 32 32 32h384c17.67 0 32-14.33 32-32v-32c0-17.67-14.33-32-32-32z\"><\/path><\/svg><\/span>\n\t\t\t\t\t\t\t\t\t\t\t\t\t\t<\/span>\n\t\t\t\t\t\t\t\t\t\t\t\t<a class=\"elementor-accordion-title\" tabindex=\"0\">Onde est\u00e3o localizados os espa\u00e7os esportivos administrados pela Secretaria?<\/a>\n\t\t\t\t\t<\/div>\n\t\t\t\t\t<div id=\"elementor-tab-content-1124\" class=\"elementor-tab-content elementor-clearfix\" data-tab=\"4\" role=\"region\" aria-labelledby=\"elementor-tab-title-1124\"><p>&#8211; VILA OLIMPICA &#8211; R. Milton, s\/n &#8211; Grande Rio, S\u00e3o Jo\u00e3o de Meriti &#8211; RJ, 22514-500;<\/p><p>&#8211; ARENA POEIR\u00c3O &#8211; SOCIAL CLUB ARARUAMA &#8211; Parque Novo Rio, S\u00e3o Jo\u00e3o de Meriti &#8211; RJ, 25585-260;<\/p><p>&#8211; QUADRA POLIESPORTIVA HUMBERTO TOZZI &#8211; Rua Pl\u00e1cido Figueiredo Junior 1.050 &#8211; Coelho da Rocha &#8211; S\u00e3o Jo\u00e3o de Meriti\/RJ, CEP: 25.555-150;<\/p><p>&#8211; PISCINA ESCOLA MUNICIPAL GRA\u00c7A GRIJO &#8211; R. Paulo Soares do Nascimento, 305 &#8211; Vilar dos Teles, S\u00e3o Jo\u00e3o de Meriti &#8211; RJ, 25555-821<\/p><\/div>\n\t\t\t\t<\/div>\n\t\t\t\t\t\t\t<div class=\"elementor-accordion-item\">\n\t\t\t\t\t<div id=\"elementor-tab-title-1125\" class=\"elementor-tab-title\" data-tab=\"5\" role=\"button\" aria-controls=\"elementor-tab-content-1125\" aria-expanded=\"false\">\n\t\t\t\t\t\t\t\t\t\t\t\t\t<span class=\"elementor-accordion-icon elementor-accordion-icon-left\" aria-hidden=\"true\">\n\t\t\t\t\t\t\t\t\t\t\t\t\t\t\t<span class=\"elementor-accordion-icon-closed\"><svg class=\"e-font-icon-svg e-fas-plus\" viewBox=\"0 0 448 512\" xmlns=\"http:\/\/www.w3.org\/2000\/svg\"><path d=\"M416 208H272V64c0-17.67-14.33-32-32-32h-32c-17.67 0-32 14.33-32 32v144H32c-17.67 0-32 14.33-32 32v32c0 17.67 14.33 32 32 32h144v144c0 17.67 14.33 32 32 32h32c17.67 0 32-14.33 32-32V304h144c17.67 0 32-14.33 32-32v-32c0-17.67-14.33-32-32-32z\"><\/path><\/svg><\/span>\n\t\t\t\t\t\t\t\t<span class=\"elementor-accordion-icon-opened\"><svg class=\"e-font-icon-svg e-fas-minus\" viewBox=\"0 0 448 512\" xmlns=\"http:\/\/www.w3.org\/2000\/svg\"><path d=\"M416 208H32c-17.67 0-32 14.33-32 32v32c0 17.67 14.33 32 32 32h384c17.67 0 32-14.33 32-32v-32c0-17.67-14.33-32-32-32z\"><\/path><\/svg><\/span>\n\t\t\t\t\t\t\t\t\t\t\t\t\t\t<\/span>\n\t\t\t\t\t\t\t\t\t\t\t\t<a class=\"elementor-accordion-title\" tabindex=\"0\">Como agendar o uso de um espa\u00e7o esportivo municipal, como a Vila Ol\u00edmpica?<\/a>\n\t\t\t\t\t<\/div>\n\t\t\t\t\t<div id=\"elementor-tab-content-1125\" class=\"elementor-tab-content elementor-clearfix\" data-tab=\"5\" role=\"region\" aria-labelledby=\"elementor-tab-title-1125\"><p>Se dirigindo a secretaria da Vila Ol\u00edmpica de S\u00e3o Jo\u00e3o de Meriti &#8211; R. Milton, s\/n &#8211; Grande Rio, S\u00e3o Jo\u00e3o de Meriti &#8211; RJ, 22514-500;<\/p><\/div>\n\t\t\t\t<\/div>\n\t\t\t\t\t\t\t<div class=\"elementor-accordion-item\">\n\t\t\t\t\t<div id=\"elementor-tab-title-1126\" class=\"elementor-tab-title\" data-tab=\"6\" role=\"button\" aria-controls=\"elementor-tab-content-1126\" aria-expanded=\"false\">\n\t\t\t\t\t\t\t\t\t\t\t\t\t<span class=\"elementor-accordion-icon elementor-accordion-icon-left\" aria-hidden=\"true\">\n\t\t\t\t\t\t\t\t\t\t\t\t\t\t\t<span class=\"elementor-accordion-icon-closed\"><svg class=\"e-font-icon-svg e-fas-plus\" viewBox=\"0 0 448 512\" xmlns=\"http:\/\/www.w3.org\/2000\/svg\"><path d=\"M416 208H272V64c0-17.67-14.33-32-32-32h-32c-17.67 0-32 14.33-32 32v144H32c-17.67 0-32 14.33-32 32v32c0 17.67 14.33 32 32 32h144v144c0 17.67 14.33 32 32 32h32c17.67 0 32-14.33 32-32V304h144c17.67 0 32-14.33 32-32v-32c0-17.67-14.33-32-32-32z\"><\/path><\/svg><\/span>\n\t\t\t\t\t\t\t\t<span class=\"elementor-accordion-icon-opened\"><svg class=\"e-font-icon-svg e-fas-minus\" viewBox=\"0 0 448 512\" xmlns=\"http:\/\/www.w3.org\/2000\/svg\"><path d=\"M416 208H32c-17.67 0-32 14.33-32 32v32c0 17.67 14.33 32 32 32h384c17.67 0 32-14.33 32-32v-32c0-17.67-14.33-32-32-32z\"><\/path><\/svg><\/span>\n\t\t\t\t\t\t\t\t\t\t\t\t\t\t<\/span>\n\t\t\t\t\t\t\t\t\t\t\t\t<a class=\"elementor-accordion-title\" tabindex=\"0\">H\u00e1 atividades gratuitas ou \u00e9 necess\u00e1rio pagar para participar?<\/a>\n\t\t\t\t\t<\/div>\n\t\t\t\t\t<div id=\"elementor-tab-content-1126\" class=\"elementor-tab-content elementor-clearfix\" data-tab=\"6\" role=\"region\" aria-labelledby=\"elementor-tab-title-1126\"><p>Todas as atividades s\u00e3o gratuitas.<\/p><\/div>\n\t\t\t\t<\/div>\n\t\t\t\t\t\t\t\t<\/div>\n\t\t\t\t\t\t<\/div>\n\t\t\t\t<\/div>\n\t\t\t\t\t<\/div>\n\t\t\t\t<\/div>\n\t\t<div class=\"elementor-element elementor-element-0151742 e-flex e-con-boxed e-con e-parent\" data-id=\"0151742\" data-element_type=\"container\" data-e-type=\"container\">\n\t\t\t\t\t<div class=\"e-con-inner\">\n\t\t\t\t<div class=\"elementor-element elementor-element-a82dd49 e-grid-align-left elementor-shape-rounded elementor-grid-0 elementor-widget elementor-widget-social-icons\" data-id=\"a82dd49\" data-element_type=\"widget\" data-e-type=\"widget\" data-widget_type=\"social-icons.default\">\n\t\t\t\t<div class=\"elementor-widget-container\">\n\t\t\t\t\t\t\t<div class=\"elementor-social-icons-wrapper elementor-grid\" role=\"list\">\n\t\t\t\t\t\t\t<span class=\"elementor-grid-item\" role=\"listitem\">\n\t\t\t\t\t<a class=\"elementor-icon elementor-social-icon elementor-social-icon-facebook elementor-repeater-item-66db66c\" href=\"https:\/\/www.facebook.com\/esportesjm\" target=\"_blank\">\n\t\t\t\t\t\t<span class=\"elementor-screen-only\">Facebook<\/span>\n\t\t\t\t\t\t<svg aria-hidden=\"true\" class=\"e-font-icon-svg e-fab-facebook\" viewBox=\"0 0 512 512\" xmlns=\"http:\/\/www.w3.org\/2000\/svg\"><path d=\"M504 256C504 119 393 8 256 8S8 119 8 256c0 123.78 90.69 226.38 209.25 245V327.69h-63V256h63v-54.64c0-62.15 37-96.48 93.67-96.48 27.14 0 55.52 4.84 55.52 4.84v61h-31.28c-30.8 0-40.41 19.12-40.41 38.73V256h68.78l-11 71.69h-57.78V501C413.31 482.38 504 379.78 504 256z\"><\/path><\/svg>\t\t\t\t\t<\/a>\n\t\t\t\t<\/span>\n\t\t\t\t\t\t\t<span class=\"elementor-grid-item\" role=\"listitem\">\n\t\t\t\t\t<a class=\"elementor-icon elementor-social-icon elementor-social-icon-instagram elementor-repeater-item-bd8425e\" href=\"https:\/\/www.instagram.com\/esportesjm\/\" target=\"_blank\">\n\t\t\t\t\t\t<span class=\"elementor-screen-only\">Instagram<\/span>\n\t\t\t\t\t\t<svg aria-hidden=\"true\" class=\"e-font-icon-svg e-fab-instagram\" viewBox=\"0 0 448 512\" xmlns=\"http:\/\/www.w3.org\/2000\/svg\"><path d=\"M224.1 141c-63.6 0-114.9 51.3-114.9 114.9s51.3 114.9 114.9 114.9S339 319.5 339 255.9 287.7 141 224.1 141zm0 189.6c-41.1 0-74.7-33.5-74.7-74.7s33.5-74.7 74.7-74.7 74.7 33.5 74.7 74.7-33.6 74.7-74.7 74.7zm146.4-194.3c0 14.9-12 26.8-26.8 26.8-14.9 0-26.8-12-26.8-26.8s12-26.8 26.8-26.8 26.8 12 26.8 26.8zm76.1 27.2c-1.7-35.9-9.9-67.7-36.2-93.9-26.2-26.2-58-34.4-93.9-36.2-37-2.1-147.9-2.1-184.9 0-35.8 1.7-67.6 9.9-93.9 36.1s-34.4 58-36.2 93.9c-2.1 37-2.1 147.9 0 184.9 1.7 35.9 9.9 67.7 36.2 93.9s58 34.4 93.9 36.2c37 2.1 147.9 2.1 184.9 0 35.9-1.7 67.7-9.9 93.9-36.2 26.2-26.2 34.4-58 36.2-93.9 2.1-37 2.1-147.8 0-184.8zM398.8 388c-7.8 19.6-22.9 34.7-42.6 42.6-29.5 11.7-99.5 9-132.1 9s-102.7 2.6-132.1-9c-19.6-7.8-34.7-22.9-42.6-42.6-11.7-29.5-9-99.5-9-132.1s-2.6-102.7 9-132.1c7.8-19.6 22.9-34.7 42.6-42.6 29.5-11.7 99.5-9 132.1-9s102.7-2.6 132.1 9c19.6 7.8 34.7 22.9 42.6 42.6 11.7 29.5 9 99.5 9 132.1s2.7 102.7-9 132.1z\"><\/path><\/svg>\t\t\t\t\t<\/a>\n\t\t\t\t<\/span>\n\t\t\t\t\t<\/div>\n\t\t\t\t\t\t<\/div>\n\t\t\t\t<\/div>\n\t\t\t\t\t<\/div>\n\t\t\t\t<\/div>\n\t\t\t\t<\/div>\n\t\t","protected":false},"excerpt":{"rendered":"<p>Secret\u00e1rio Allan Charles Ponciano da Cruz Biografia Bacharel em Gest\u00e3o P\u00fablica pela Universidade Est\u00e1cio. Ministro do Evangelho h\u00e1 26 anos na Igreja Universal do Reino&hellip;<\/p>\n","protected":false},"author":1,"featured_media":0,"parent":0,"menu_order":0,"comment_status":"closed","ping_status":"closed","template":"","meta":{"footnotes":""},"class_list":["post-1129","page","type-page","status-publish","hentry"],"yoast_head":"<!-- This site is optimized with the Yoast SEO plugin v27.3 - https:\/\/yoast.com\/product\/yoast-seo-wordpress\/ -->\n<title>Secretaria Municipal de Esporte e Lazer - Prefeitura Municipal de S\u00e3o Jo\u00e3o de Meriti<\/title>\n<meta name=\"robots\" content=\"index, follow, max-snippet:-1, max-image-preview:large, max-video-preview:-1\" \/>\n<link rel=\"canonical\" href=\"https:\/\/meriti.rj.gov.br\/inicio\/secretaria-municipal-de-esporte-e-lazer\/\" \/>\n<meta property=\"og:locale\" content=\"pt_BR\" \/>\n<meta property=\"og:type\" content=\"article\" \/>\n<meta property=\"og:title\" content=\"Secretaria Municipal de Esporte e Lazer - Prefeitura Municipal de S\u00e3o Jo\u00e3o de Meriti\" \/>\n<meta property=\"og:description\" content=\"Secret\u00e1rio Allan Charles Ponciano da Cruz Biografia Bacharel em Gest\u00e3o P\u00fablica pela Universidade Est\u00e1cio. Ministro do Evangelho h\u00e1 26 anos na Igreja Universal do Reino&hellip;\" \/>\n<meta property=\"og:url\" content=\"https:\/\/meriti.rj.gov.br\/inicio\/secretaria-municipal-de-esporte-e-lazer\/\" \/>\n<meta property=\"og:site_name\" content=\"Prefeitura Municipal de S\u00e3o Jo\u00e3o de Meriti\" \/>\n<meta property=\"article:modified_time\" content=\"2026-03-25T14:18:08+00:00\" \/>\n<meta property=\"og:image\" content=\"https:\/\/meriti.rj.gov.br\/inicio\/wp-content\/uploads\/2025\/01\/Secretaria-Municipal-de-Esportes-e-Lazer-1.png\" \/>\n\t<meta property=\"og:image:width\" content=\"1536\" \/>\n\t<meta property=\"og:image:height\" content=\"247\" \/>\n\t<meta property=\"og:image:type\" content=\"image\/png\" \/>\n<meta name=\"twitter:card\" content=\"summary_large_image\" \/>\n<meta name=\"twitter:label1\" content=\"Est. tempo de leitura\" \/>\n\t<meta name=\"twitter:data1\" content=\"4 minutos\" \/>\n<script type=\"application\/ld+json\" class=\"yoast-schema-graph\">{\"@context\":\"https:\\\/\\\/schema.org\",\"@graph\":[{\"@type\":\"WebPage\",\"@id\":\"https:\\\/\\\/meriti.rj.gov.br\\\/inicio\\\/secretaria-municipal-de-esporte-e-lazer\\\/\",\"url\":\"https:\\\/\\\/meriti.rj.gov.br\\\/inicio\\\/secretaria-municipal-de-esporte-e-lazer\\\/\",\"name\":\"Secretaria Municipal de Esporte e Lazer - Prefeitura Municipal de S\u00e3o Jo\u00e3o de Meriti\",\"isPartOf\":{\"@id\":\"https:\\\/\\\/meriti.rj.gov.br\\\/inicio\\\/#website\"},\"primaryImageOfPage\":{\"@id\":\"https:\\\/\\\/meriti.rj.gov.br\\\/inicio\\\/secretaria-municipal-de-esporte-e-lazer\\\/#primaryimage\"},\"image\":{\"@id\":\"https:\\\/\\\/meriti.rj.gov.br\\\/inicio\\\/secretaria-municipal-de-esporte-e-lazer\\\/#primaryimage\"},\"thumbnailUrl\":\"https:\\\/\\\/meriti.rj.gov.br\\\/inicio\\\/wp-content\\\/uploads\\\/2025\\\/01\\\/Secretaria-Municipal-de-Esportes-e-Lazer-1.png\",\"datePublished\":\"2023-04-24T12:58:14+00:00\",\"dateModified\":\"2026-03-25T14:18:08+00:00\",\"breadcrumb\":{\"@id\":\"https:\\\/\\\/meriti.rj.gov.br\\\/inicio\\\/secretaria-municipal-de-esporte-e-lazer\\\/#breadcrumb\"},\"inLanguage\":\"pt-BR\",\"potentialAction\":[{\"@type\":\"ReadAction\",\"target\":[\"https:\\\/\\\/meriti.rj.gov.br\\\/inicio\\\/secretaria-municipal-de-esporte-e-lazer\\\/\"]}]},{\"@type\":\"ImageObject\",\"inLanguage\":\"pt-BR\",\"@id\":\"https:\\\/\\\/meriti.rj.gov.br\\\/inicio\\\/secretaria-municipal-de-esporte-e-lazer\\\/#primaryimage\",\"url\":\"https:\\\/\\\/meriti.rj.gov.br\\\/inicio\\\/wp-content\\\/uploads\\\/2025\\\/01\\\/Secretaria-Municipal-de-Esportes-e-Lazer-1.png\",\"contentUrl\":\"https:\\\/\\\/meriti.rj.gov.br\\\/inicio\\\/wp-content\\\/uploads\\\/2025\\\/01\\\/Secretaria-Municipal-de-Esportes-e-Lazer-1.png\",\"width\":1536,\"height\":247},{\"@type\":\"BreadcrumbList\",\"@id\":\"https:\\\/\\\/meriti.rj.gov.br\\\/inicio\\\/secretaria-municipal-de-esporte-e-lazer\\\/#breadcrumb\",\"itemListElement\":[{\"@type\":\"ListItem\",\"position\":1,\"name\":\"In\u00edcio\",\"item\":\"https:\\\/\\\/meriti.rj.gov.br\\\/inicio\\\/\"},{\"@type\":\"ListItem\",\"position\":2,\"name\":\"Secretaria Municipal de Esporte e Lazer\"}]},{\"@type\":\"WebSite\",\"@id\":\"https:\\\/\\\/meriti.rj.gov.br\\\/inicio\\\/#website\",\"url\":\"https:\\\/\\\/meriti.rj.gov.br\\\/inicio\\\/\",\"name\":\"portal.meriti\",\"description\":\"Prefeitura Municipal de S\u00e3o Jo\u00e3o de Meriti\",\"publisher\":{\"@id\":\"https:\\\/\\\/meriti.rj.gov.br\\\/inicio\\\/#organization\"},\"potentialAction\":[{\"@type\":\"SearchAction\",\"target\":{\"@type\":\"EntryPoint\",\"urlTemplate\":\"https:\\\/\\\/meriti.rj.gov.br\\\/inicio\\\/?s={search_term_string}\"},\"query-input\":{\"@type\":\"PropertyValueSpecification\",\"valueRequired\":true,\"valueName\":\"search_term_string\"}}],\"inLanguage\":\"pt-BR\"},{\"@type\":\"Organization\",\"@id\":\"https:\\\/\\\/meriti.rj.gov.br\\\/inicio\\\/#organization\",\"name\":\"Prefeitura Municipal de S\u00e3o Jo\u00e3o de Meriti\",\"url\":\"https:\\\/\\\/meriti.rj.gov.br\\\/inicio\\\/\",\"logo\":{\"@type\":\"ImageObject\",\"inLanguage\":\"pt-BR\",\"@id\":\"https:\\\/\\\/meriti.rj.gov.br\\\/inicio\\\/#\\\/schema\\\/logo\\\/image\\\/\",\"url\":\"https:\\\/\\\/meriti.rj.gov.br\\\/inicio\\\/wp-content\\\/uploads\\\/2023\\\/04\\\/cropped-logo.png\",\"contentUrl\":\"https:\\\/\\\/meriti.rj.gov.br\\\/inicio\\\/wp-content\\\/uploads\\\/2023\\\/04\\\/cropped-logo.png\",\"width\":512,\"height\":512,\"caption\":\"Prefeitura Municipal de S\u00e3o Jo\u00e3o de Meriti\"},\"image\":{\"@id\":\"https:\\\/\\\/meriti.rj.gov.br\\\/inicio\\\/#\\\/schema\\\/logo\\\/image\\\/\"}}]}<\/script>\n<!-- \/ Yoast SEO plugin. -->","yoast_head_json":{"title":"Secretaria Municipal de Esporte e Lazer - Prefeitura Municipal de S\u00e3o Jo\u00e3o de Meriti","robots":{"index":"index","follow":"follow","max-snippet":"max-snippet:-1","max-image-preview":"max-image-preview:large","max-video-preview":"max-video-preview:-1"},"canonical":"https:\/\/meriti.rj.gov.br\/inicio\/secretaria-municipal-de-esporte-e-lazer\/","og_locale":"pt_BR","og_type":"article","og_title":"Secretaria Municipal de Esporte e Lazer - Prefeitura Municipal de S\u00e3o Jo\u00e3o de Meriti","og_description":"Secret\u00e1rio Allan Charles Ponciano da Cruz Biografia Bacharel em Gest\u00e3o P\u00fablica pela Universidade Est\u00e1cio. Ministro do Evangelho h\u00e1 26 anos na Igreja Universal do Reino&hellip;","og_url":"https:\/\/meriti.rj.gov.br\/inicio\/secretaria-municipal-de-esporte-e-lazer\/","og_site_name":"Prefeitura Municipal de S\u00e3o Jo\u00e3o de Meriti","article_modified_time":"2026-03-25T14:18:08+00:00","og_image":[{"width":1536,"height":247,"url":"https:\/\/meriti.rj.gov.br\/inicio\/wp-content\/uploads\/2025\/01\/Secretaria-Municipal-de-Esportes-e-Lazer-1.png","type":"image\/png"}],"twitter_card":"summary_large_image","twitter_misc":{"Est. tempo de leitura":"4 minutos"},"schema":{"@context":"https:\/\/schema.org","@graph":[{"@type":"WebPage","@id":"https:\/\/meriti.rj.gov.br\/inicio\/secretaria-municipal-de-esporte-e-lazer\/","url":"https:\/\/meriti.rj.gov.br\/inicio\/secretaria-municipal-de-esporte-e-lazer\/","name":"Secretaria Municipal de Esporte e Lazer - Prefeitura Municipal de S\u00e3o Jo\u00e3o de Meriti","isPartOf":{"@id":"https:\/\/meriti.rj.gov.br\/inicio\/#website"},"primaryImageOfPage":{"@id":"https:\/\/meriti.rj.gov.br\/inicio\/secretaria-municipal-de-esporte-e-lazer\/#primaryimage"},"image":{"@id":"https:\/\/meriti.rj.gov.br\/inicio\/secretaria-municipal-de-esporte-e-lazer\/#primaryimage"},"thumbnailUrl":"https:\/\/meriti.rj.gov.br\/inicio\/wp-content\/uploads\/2025\/01\/Secretaria-Municipal-de-Esportes-e-Lazer-1.png","datePublished":"2023-04-24T12:58:14+00:00","dateModified":"2026-03-25T14:18:08+00:00","breadcrumb":{"@id":"https:\/\/meriti.rj.gov.br\/inicio\/secretaria-municipal-de-esporte-e-lazer\/#breadcrumb"},"inLanguage":"pt-BR","potentialAction":[{"@type":"ReadAction","target":["https:\/\/meriti.rj.gov.br\/inicio\/secretaria-municipal-de-esporte-e-lazer\/"]}]},{"@type":"ImageObject","inLanguage":"pt-BR","@id":"https:\/\/meriti.rj.gov.br\/inicio\/secretaria-municipal-de-esporte-e-lazer\/#primaryimage","url":"https:\/\/meriti.rj.gov.br\/inicio\/wp-content\/uploads\/2025\/01\/Secretaria-Municipal-de-Esportes-e-Lazer-1.png","contentUrl":"https:\/\/meriti.rj.gov.br\/inicio\/wp-content\/uploads\/2025\/01\/Secretaria-Municipal-de-Esportes-e-Lazer-1.png","width":1536,"height":247},{"@type":"BreadcrumbList","@id":"https:\/\/meriti.rj.gov.br\/inicio\/secretaria-municipal-de-esporte-e-lazer\/#breadcrumb","itemListElement":[{"@type":"ListItem","position":1,"name":"In\u00edcio","item":"https:\/\/meriti.rj.gov.br\/inicio\/"},{"@type":"ListItem","position":2,"name":"Secretaria Municipal de Esporte e Lazer"}]},{"@type":"WebSite","@id":"https:\/\/meriti.rj.gov.br\/inicio\/#website","url":"https:\/\/meriti.rj.gov.br\/inicio\/","name":"portal.meriti","description":"Prefeitura Municipal de S\u00e3o Jo\u00e3o de Meriti","publisher":{"@id":"https:\/\/meriti.rj.gov.br\/inicio\/#organization"},"potentialAction":[{"@type":"SearchAction","target":{"@type":"EntryPoint","urlTemplate":"https:\/\/meriti.rj.gov.br\/inicio\/?s={search_term_string}"},"query-input":{"@type":"PropertyValueSpecification","valueRequired":true,"valueName":"search_term_string"}}],"inLanguage":"pt-BR"},{"@type":"Organization","@id":"https:\/\/meriti.rj.gov.br\/inicio\/#organization","name":"Prefeitura Municipal de S\u00e3o Jo\u00e3o de Meriti","url":"https:\/\/meriti.rj.gov.br\/inicio\/","logo":{"@type":"ImageObject","inLanguage":"pt-BR","@id":"https:\/\/meriti.rj.gov.br\/inicio\/#\/schema\/logo\/image\/","url":"https:\/\/meriti.rj.gov.br\/inicio\/wp-content\/uploads\/2023\/04\/cropped-logo.png","contentUrl":"https:\/\/meriti.rj.gov.br\/inicio\/wp-content\/uploads\/2023\/04\/cropped-logo.png","width":512,"height":512,"caption":"Prefeitura Municipal de S\u00e3o Jo\u00e3o de Meriti"},"image":{"@id":"https:\/\/meriti.rj.gov.br\/inicio\/#\/schema\/logo\/image\/"}}]}},"_links":{"self":[{"href":"https:\/\/meriti.rj.gov.br\/inicio\/wp-json\/wp\/v2\/pages\/1129","targetHints":{"allow":["GET"]}}],"collection":[{"href":"https:\/\/meriti.rj.gov.br\/inicio\/wp-json\/wp\/v2\/pages"}],"about":[{"href":"https:\/\/meriti.rj.gov.br\/inicio\/wp-json\/wp\/v2\/types\/page"}],"author":[{"embeddable":true,"href":"https:\/\/meriti.rj.gov.br\/inicio\/wp-json\/wp\/v2\/users\/1"}],"replies":[{"embeddable":true,"href":"https:\/\/meriti.rj.gov.br\/inicio\/wp-json\/wp\/v2\/comments?post=1129"}],"version-history":[{"count":260,"href":"https:\/\/meriti.rj.gov.br\/inicio\/wp-json\/wp\/v2\/pages\/1129\/revisions"}],"predecessor-version":[{"id":22250,"href":"https:\/\/meriti.rj.gov.br\/inicio\/wp-json\/wp\/v2\/pages\/1129\/revisions\/22250"}],"wp:attachment":[{"href":"https:\/\/meriti.rj.gov.br\/inicio\/wp-json\/wp\/v2\/media?parent=1129"}],"curies":[{"name":"wp","href":"https:\/\/api.w.org\/{rel}","templated":true}]}}