{"id":10713,"date":"2024-05-10T09:27:36","date_gmt":"2024-05-10T12:27:36","guid":{"rendered":"https:\/\/meriti.rj.gov.br\/inicio\/?page_id=10713"},"modified":"2026-04-29T17:04:17","modified_gmt":"2026-04-29T20:04:17","slug":"aldir-blanc","status":"publish","type":"page","link":"https:\/\/meriti.rj.gov.br\/inicio\/aldir-blanc\/","title":{"rendered":"PNAB"},"content":{"rendered":"\t\t<div data-elementor-type=\"wp-page\" data-elementor-id=\"10713\" class=\"elementor elementor-10713\" data-elementor-post-type=\"page\">\n\t\t\t\t<div class=\"elementor-element elementor-element-1cad82c e-flex e-con-boxed e-con e-parent\" data-id=\"1cad82c\" data-element_type=\"container\" data-e-type=\"container\">\n\t\t\t\t\t<div class=\"e-con-inner\">\n\t\t\t\t<div class=\"elementor-element elementor-element-b66d4d0 elementor-widget elementor-widget-heading\" data-id=\"b66d4d0\" data-element_type=\"widget\" data-e-type=\"widget\" data-widget_type=\"heading.default\">\n\t\t\t\t<div class=\"elementor-widget-container\">\n\t\t\t\t\t<h2 class=\"elementor-heading-title elementor-size-default\">Pol\u00edtica Nacional Aldir Blanc - PNAB<\/h2>\t\t\t\t<\/div>\n\t\t\t\t<\/div>\n\t\t\t\t\t<\/div>\n\t\t\t\t<\/div>\n\t\t<div class=\"elementor-element elementor-element-9a036e8 e-flex e-con-boxed e-con e-parent\" data-id=\"9a036e8\" data-element_type=\"container\" data-e-type=\"container\">\n\t\t\t\t\t<div class=\"e-con-inner\">\n\t\t\t\t<div class=\"elementor-element elementor-element-34a3c91 elementor-widget elementor-widget-text-editor\" data-id=\"34a3c91\" data-element_type=\"widget\" data-e-type=\"widget\" data-widget_type=\"text-editor.default\">\n\t\t\t\t<div class=\"elementor-widget-container\">\n\t\t\t\t\t\t\t\t\t<p>A Pol\u00edtica Nacional Aldir Blanc de Fomento \u00e0 Cultura &#8211; PNAB \u00e9 uma oportunidade hist\u00f3rica de estruturar o sistema federativo de financiamento \u00e0 cultura mediante os repasses da Uni\u00e3o aos Estados, Distrito Federal e Munic\u00edpios de forma continuada at\u00e9 2027.<br \/>Por meio dessa pol\u00edtica, ser\u00e1 poss\u00edvel investir regularmente em projetos e programas, n\u00e3o s\u00f3 de modo emergencial, como foi na Lei Aldir Blanc 1 e na Lei Paulo Gustavo. Os entes federativos ir\u00e3o implementar a\u00e7\u00f5es p\u00fablicas em editais e chamamentos abertos para os\/as trabalhadores(as) da \u00e1rea da cultura. Assim como poder\u00e3o executar os recursos nas pol\u00edticas culturais locais de maneira direta.<\/p>\t\t\t\t\t\t\t\t<\/div>\n\t\t\t\t<\/div>\n\t\t\t\t\t<\/div>\n\t\t\t\t<\/div>\n\t\t<div class=\"elementor-element elementor-element-df0752b e-flex e-con-boxed e-con e-parent\" data-id=\"df0752b\" data-element_type=\"container\" data-e-type=\"container\">\n\t\t\t\t\t<div class=\"e-con-inner\">\n\t\t\t\t<div class=\"elementor-element elementor-element-db59546 elementor-widget elementor-widget-heading\" data-id=\"db59546\" data-element_type=\"widget\" data-e-type=\"widget\" data-widget_type=\"heading.default\">\n\t\t\t\t<div class=\"elementor-widget-container\">\n\t\t\t\t\t<h2 class=\"elementor-heading-title elementor-size-default\">PNAB Ciclo 1-2025<\/h2>\t\t\t\t<\/div>\n\t\t\t\t<\/div>\n\t\t\t\t<div class=\"elementor-element elementor-element-858b074 elementor-widget elementor-widget-text-editor\" data-id=\"858b074\" data-element_type=\"widget\" data-e-type=\"widget\" data-widget_type=\"text-editor.default\">\n\t\t\t\t<div class=\"elementor-widget-container\">\n\t\t\t\t\t\t\t\t\t<p><span style=\"text-decoration: underline;\"><strong><a href=\"https:\/\/meriti.rj.gov.br\/inicio\/wp-content\/uploads\/2026\/04\/Resultado-dos-Suplentes-habitados-e-inabilitados-no-Edital-0032025.pdf\"><b>RESULTADO DOS HABILITADOS SUPLENTES DO EDITAL\u00a0 N\u00b0 003\/2025 SMCT\u00a0 &#8211;\u00a0 SELE\u00c7\u00c3O PARA PREMIA\u00c7\u00c3O POR TRAJET\u00d3RIA CULTURAL &#8211; PNAB CICLO 1\u00a0<\/b><\/a><\/strong><\/span><\/p><p><span style=\"text-decoration: underline;\"><strong><a href=\"https:\/\/meriti.rj.gov.br\/inicio\/wp-content\/uploads\/2026\/04\/Calendario-de-convocacao-dos-Suplentes-.pdf\"><b>CALEND\u00c1RIO DE CONVOCA\u00c7\u00c3O DOS SUPLENTES DO EDITAL\u00a0 N\u00b0 003\/2025 SMCT\u00a0 &#8211;\u00a0 SELE\u00c7\u00c3O PARA PREMIA\u00c7\u00c3O POR TRAJET\u00d3RIA CULTURAL &#8211; PNAB CICLO 1\u00a0<\/b><\/a><\/strong><\/span><\/p><p><span style=\"text-decoration: underline;\"><strong><a href=\"https:\/\/meriti.rj.gov.br\/inicio\/wp-content\/uploads\/2026\/04\/Convocacao-dos-Suplentes-do-Edital-0032025-SMCT-de-Premiacao-.pdf\"><b>CONVOCA\u00c7\u00c3O DOS SUPLENTES DO EDITAL\u00a0 N\u00b0 003\/2025 SMCT\u00a0 &#8211;\u00a0 SELE\u00c7\u00c3O PARA PREMIA\u00c7\u00c3O POR TRAJET\u00d3RIA CULTURAL &#8211; PNAB CICLO 1\u00a0<\/b><\/a><\/strong><\/span><\/p><p><span style=\"text-decoration: underline;\"><strong><a href=\"https:\/\/meriti.rj.gov.br\/inicio\/wp-content\/uploads\/2026\/04\/Retificacao-Resultado-Suplentes-Edital-0032025-1-2.pdf\"><b>RETIFICA\u00c7\u00c3O DO RESULTADO DA CLASSIFICA\u00c7\u00c3O GERAL DO EDITAL\u00a0 N\u00b0 003\/2025 SMCT\u00a0 &#8211;\u00a0 PREMIA\u00c7\u00c3O POR TRAJET\u00d3RIA CULTURAL &#8211; PNAB CICLO 1\u00a0<\/b><\/a><\/strong><\/span><\/p><p><span style=\"text-decoration: underline;\"><strong><a href=\"https:\/\/meriti.rj.gov.br\/inicio\/wp-content\/uploads\/2026\/03\/Resultado-da-homologacao-do-Edital-de-Premiacao-.pdf\"><b>RESULTADO DOS HOMOLOGADOS PARA ASSINAR O TERMO DE PREMIA\u00c7\u00c3O\u00a0 DO EDITAL N\u00b0 003\/2025 SMCT &#8211; PNAB CICLO 1\u00a0<\/b><\/a><\/strong><\/span><\/p><p><span style=\"text-decoration: underline;\"><strong><a href=\"https:\/\/meriti.rj.gov.br\/inicio\/wp-content\/uploads\/2026\/03\/Resultado-dos-Recursos-da-fase-de-Habilitacao.pdf\"><b>RESULTADO DOS RECURSOS DA FASE DE HABILITA\u00c7\u00c3O DO EDITAL N\u00b0 003\/2025 SMCT &#8211; PNAB CICLO 1<\/b><\/a><\/strong><\/span><\/p><p><span style=\"text-decoration: underline;\"><strong><a href=\"https:\/\/forms.gle\/wgqUcUoM7im32EEF7\"><b>FORMUL\u00c1RIO DE\u00a0 RECURSO DA FASE DE HABILITA\u00c7\u00c3O PARA O EDITAL N\u00b0 003\/2025 SMCT DE PREMIA\u00c7\u00c3O POR TRAJET\u00d3RIA CULTURAL\u00a0 &#8211; PNAB CICLO 1<\/b><\/a><\/strong><\/span><\/p><p><span style=\"text-decoration: underline;\"><strong><a href=\"https:\/\/meriti.rj.gov.br\/inicio\/wp-content\/uploads\/2026\/03\/Resultado-enviado-dia-19-03-2.pdf\"><b>RESULTADO DA FASE DE HABILITA\u00c7\u00c3O DO EDITAL N\u00b0 003\/2025 SMCT &#8211; PNAB CICLO 1<\/b><\/a><\/strong><\/span><\/p><p><span style=\"text-decoration: underline;\"><strong><a href=\"https:\/\/meriti.rj.gov.br\/inicio\/wp-content\/uploads\/2026\/03\/Classificacao-Geral-do-edital-de-premiacao-4.pdf\"><b>CLASSIFICA\u00c7\u00c3O GERAL DO EDITAL N\u00b0 003\/2025 &#8211; SMCT\u00a0 DE SELE\u00c7\u00c3O PARA PREMIA\u00c7\u00c3O POR TRAJET\u00d3RIA CULTURAL &#8211; PNAB CICLO 1<\/b><\/a><\/strong><\/span><\/p><p><span style=\"text-decoration: underline;\"><strong><a href=\"https:\/\/meriti.rj.gov.br\/inicio\/wp-content\/uploads\/2026\/03\/Resultado-dos-selecionados-e-convocacao-para-documentacao-.pdf\"><b>RESULTADO DOS SELECIONADOS DO EDITAL N\u00b0 003\/2025 &#8211; SMCT PARA ENTREGA DA DOCUMENTA\u00c7\u00c3O PARA A FASE DE HABILITA\u00c7\u00c3O &#8211; PNAB CICLO 1<\/b><\/a><\/strong><\/span><\/p><p><span style=\"text-decoration: underline;\"><strong><a href=\"https:\/\/meriti.rj.gov.br\/inicio\/wp-content\/uploads\/2026\/03\/Resultado-dos-Recursos-do-Edital-0032025-SMCT-.pdf\"><b>RESULTADO DOS RECURSOS DO EDITAL n\u00ba 003\/2025 &#8211; SMCT &#8211; SELE\u00c7\u00c3O PARA PREMIA\u00c7\u00c3O POR TRAJET\u00d3RIA CULTURAL &#8211; PNAB<\/b><\/a><\/strong><\/span><\/p><p><span style=\"text-decoration: underline;\"><strong><a href=\"https:\/\/meriti.rj.gov.br\/inicio\/wp-content\/uploads\/2026\/03\/Errata_III_do_Edital_de_Premiacao.pdf\"><b>ERRATA 03\/2026 EDITAL N\u00ba 003\/2025 &#8211; SELE\u00c7\u00c3O PARA PREMIA\u00c7\u00c3O &#8211; PNAB PARA AGENTES CULTURAIS COM RECURSOS DA POL\u00cdTICA NACIONAL ALDIR BLANC DE FOMENTO \u00c0 CULTURA &#8211; PNAB (LEI N\u00ba 14.399\/2022)<\/b><\/a><\/strong><\/span><\/p><p><span style=\"text-decoration: underline;\"><strong><a href=\"https:\/\/docs.google.com\/forms\/d\/e\/1FAIpQLSd1A_9xHP9RnHBYF6niaZLbzSw9jwOviwNuaLS8YuIY5vSl5A\/viewform\"><b>FORMUL\u00c1RIO DE RECURSO DO EDITAL\u00a0 003\/2025 -SMCT DE PREMIA\u00c7\u00c3O PNAB<\/b><\/a><\/strong><\/span><\/p><p><span style=\"text-decoration: underline;\"><strong><a href=\"https:\/\/meriti.rj.gov.br\/inicio\/wp-content\/uploads\/2026\/02\/Resultado-do-recurso-do-Edital-.pdf\"><b>RESULTADO DOS RECURSOS DO EDITAL DE CHAMAMENTO P\u00daBLICO N\u00b0 001\/2026 &#8211; SMCT DE SELE\u00c7\u00c3O DE PARECERISTAS VOLUNT\u00c1RIOS<\/b><\/a><\/strong><\/span><\/p><p><span style=\"text-decoration: underline;\"><strong><a href=\"https:\/\/meriti.rj.gov.br\/inicio\/wp-content\/uploads\/2026\/02\/Resultado-dos-Classificados-Edital-Pareceristas-Voluntarios-.pdf\"><b>RESULTADO DOS CLASSIFICADOS DO EDITAL\u00a0 <\/b><\/a><b><a href=\"https:\/\/meriti.rj.gov.br\/inicio\/wp-content\/uploads\/2026\/02\/Resultado-do-recurso-do-Edital-.pdf\">DE CHAMAMENTO P\u00daBLICO N\u00b0 001\/2026 &#8211; SMCT DE SELE\u00c7\u00c3O DE PARECERISTAS VOLUNT\u00c1RIOS <\/a><\/b><\/strong><\/span><\/p><p><span style=\"text-decoration: underline;\"><strong><a href=\"https:\/\/meriti.rj.gov.br\/inicio\/wp-content\/uploads\/2026\/02\/Errata-022026-Edital-de-Premiacao-.pdf\"><b>ERRATA 02\/2026 SMCT DO EDITAL 003 \/2025 \u2013 SELE\u00c7\u00c3O PARA PREMIA\u00c7\u00c3O &#8211; PNAB &#8211; PARA AGENTES CULTURAIS COM RECURSOS DA POL\u00cdTICA NACIONAL ALDIR BLANC DE FOMENTO \u00c0 CULTURA &#8211; PNAB (LEI N\u00b0 14.399\/2022)<\/b><\/a><\/strong><\/span><\/p><p><span style=\"text-decoration: underline;\"><strong><a href=\"https:\/\/meriti.rj.gov.br\/inicio\/wp-content\/uploads\/2026\/02\/Errata-I-Cronograma-atualizado-do-Edital-de-003-2025.pdf\"><b>ERRATA 01\/2026\u00a0 SMCT DO EDITAL 003\/2025 &#8211; SELE\u00c7\u00c3O PARA\u00a0 PREMIA\u00c7\u00c3O &#8211; PNAB PARA AGENTES CULTURAIS COM RECURSOS DA POL\u00cdTICA NACONAL ALDIR BLANC DE FOMENTO \u00c0 CULTURA &#8211; PNAB (LEI N\u00b014.399\/2022)<\/b><\/a><\/strong><\/span><\/p><p><span style=\"text-decoration: underline;\"><strong><a href=\"https:\/\/meriti.rj.gov.br\/inicio\/wp-content\/uploads\/2026\/03\/Roundcube-Webmail-__-Resultado-dos-Recursos-do-Edital-0032026-SMCT-de-Premiacao-.pdf\"><b>RESULTADO DOS RECURSOS DO EDITAL N\u00b0 003\/2025 &#8211; SMCT &#8211; SELE\u00c7\u00c3O PARA PREMIA\u00c7\u00c3O POR TRAJET\u00d3RIA CULTURAL &#8211; PNAB<\/b><\/a><\/strong><\/span><\/p><p><span style=\"text-decoration: underline;\"><strong><a href=\"https:\/\/meriti.rj.gov.br\/inicio\/wp-content\/uploads\/2025\/12\/ERRATA-001-2025-EDITAL-003-2025-PREMIACAO-1.pdf\">ERRATA 001-2025 DO EDITAL 003-2025 DE SE\u00c7\u00c3O PARA PREMIA\u00c7\u00c3O POR TRAJETORIA CULTURAL &#8211; PNAB<\/a><\/strong><\/span><\/p><p><span style=\"text-decoration: underline;\"><strong><a href=\"https:\/\/meriti.rj.gov.br\/inicio\/wp-content\/uploads\/2025\/11\/ANEXO-1-JANEIRO-CALENDARIO.docx\">ANEXO 1 JANEIRO CALEND\u00c1RIO<\/a><\/strong><\/span><\/p><p><span style=\"text-decoration: underline;\"><strong><a href=\"https:\/\/meriti.rj.gov.br\/inicio\/wp-content\/uploads\/2026\/02\/Resultado-preliminar-do-Edital-premiacao-1.pdf\"><b>RESULTADO PRELIMINAR DOS SELECIONADOS DO EDITAL N\u00ba 003\/2025 &#8211; SMCT &#8211;\u00a0 SELE\u00c7\u00c3O PARA\u00a0 PREMIA\u00c7\u00c3O POR TRAJET\u00d3RIA CULTURAL &#8211; PNAB<\/b><\/a><\/strong><\/span><b><\/b><\/p><p><span style=\"text-decoration: underline;\"><strong><a href=\"https:\/\/meriti.rj.gov.br\/inicio\/wp-content\/uploads\/2025\/12\/001-PAR-HABILITADO-1.pdf\">001 PAR HABILITADO<\/a><\/strong><\/span><\/p><p><span style=\"text-decoration: underline;\"><strong><a href=\"https:\/\/meriti.rj.gov.br\/inicio\/wp-content\/uploads\/2025\/11\/001-EDITAL-DE-PREMIACAO-PNAB-2025-SJM-1-1-1.pdf\">001 EDITAL DE PREMIA\u00c7\u00c3O PNAB 2025 SJM<\/a><\/strong><\/span><\/p><p><span style=\"text-decoration: underline;\"><strong><a href=\"https:\/\/meriti.rj.gov.br\/inicio\/wp-content\/uploads\/2025\/11\/ANEXO-2-CATEGORIAS-E-VAGAS.docx\">ANEXO 2 CATEGORIAS E VAGAS<\/a><\/strong><\/span><\/p><p><span style=\"text-decoration: underline;\"><strong><a href=\"https:\/\/meriti.rj.gov.br\/inicio\/wp-content\/uploads\/2025\/12\/ANEXO-3-DECLARACAO-DE-REPRESENTACAO-DE-COLETIVO-2.docx\">ANEXO 3 DECLARA\u00c7\u00c3O DE REPRESENTA\u00c7\u00c3O DE COLETIVO<\/a><\/strong><\/span><\/p><p><span style=\"text-decoration: underline;\"><strong><a href=\"https:\/\/meriti.rj.gov.br\/inicio\/wp-content\/uploads\/2025\/11\/ANEXO-4-\u2013-AUTODECLARACAO-ETNICO-RACIAL.docx\">ANEXO 4 \u2013 AUTODECLARA\u00c7\u00c3O \u00c9TNICO-RACIAL<\/a><\/strong><\/span><\/p><p><span style=\"text-decoration: underline;\"><strong><a href=\"https:\/\/meriti.rj.gov.br\/inicio\/wp-content\/uploads\/2025\/11\/ANEXO-5-DECLARACAO-PESSOA-COM-DEFICIENCIA.docx\">ANEXO 5 DECLARA\u00c7\u00c3O PESSOA COM DEFICI\u00caNCIA<\/a><\/strong><\/span><\/p><p><span style=\"text-decoration: underline;\"><strong><a href=\"https:\/\/meriti.rj.gov.br\/inicio\/wp-content\/uploads\/2025\/11\/ANEXO-6-DADOS-BANCARIOS.docx\">ANEXO 6 DADOS BANC\u00c1RIOS<\/a><\/strong><\/span><\/p><p><span style=\"text-decoration: underline;\"><strong><a href=\"https:\/\/meriti.rj.gov.br\/inicio\/wp-content\/uploads\/2025\/11\/ANEXO-7-TERMO-DE-PREMIACAO-CULTURAL.docx\">ANEXO 7 TERMO DE PREMIA\u00c7\u00c3O CULTURAL<\/a><\/strong><\/span><\/p><p><span style=\"text-decoration: underline;\"><strong><a href=\"https:\/\/meriti.rj.gov.br\/inicio\/wp-content\/uploads\/2025\/11\/ANEXO-8-FORMULARIO-DE-APRESENTACAO-DE-RECURSOS.docx\">ANEXO 8 FORMUL\u00c1RIO DE APRESENTA\u00c7\u00c3O DE RECURSOS<\/a><\/strong><\/span><\/p><p><span style=\"text-decoration: underline;\"><strong><a href=\"https:\/\/meriti.rj.gov.br\/inicio\/wp-content\/uploads\/2025\/11\/ANEXO-9-\u2013-DECLARACAO-PARA-AS-INSTITUICOES-SEM-FINS-LUCRATIVOS.docx\">ANEXO 9 \u2013 DECLARA\u00c7\u00c3O PARA AS INSTITUI\u00c7\u00d5ES SEM FINS LUCRATIVOS.<\/a><\/strong><\/span><\/p><p><span style=\"text-decoration: underline;\"><strong><a href=\"https:\/\/meriti.rj.gov.br\/inicio\/wp-content\/uploads\/2025\/11\/Parecer-PGM-SJM-Premiacao-PNAB-Ciclo-1-2025-2026-1.pdf\">Parecer PGM SJM &#8211; Premia\u00e7\u00e3o PNAB Ciclo 1 2025\/2026 <\/a><\/strong><\/span><\/p><p><span style=\"text-decoration: underline;\"><strong><a href=\"https:\/\/docs.google.com\/forms\/d\/1woFfFLIhf0zxlXaVhXQq9AUbPMmXZgP7H3YYQ4aW95s\/edit?pli=1\">LINK DE INSCRI\u00c7\u00c3O DO EDITAL 003\/2025 DE PREMIA\u00c7\u00c3O \u2013 PNAB EM S\u00c3O JO\u00c3O DE MERITI<\/a><\/strong><\/span><\/p><p><span style=\"text-decoration: underline;\"><strong><a href=\"https:\/\/docs.google.com\/forms\/d\/1nXIrQd2Uifv43jy8XoeI_ViSJ_X4GUgr0umVo5r9WuE\/edit?usp=forms_home&amp;ouid=109188705135783790988&amp;ths=true\">LINK DO FORMUL\u00c1RIO DE RECURSO \u2013 PREMIA\u00c7\u00c3O PNAB \u2013 CICLO 1<\/a><\/strong><\/span><\/p>\t\t\t\t\t\t\t\t<\/div>\n\t\t\t\t<\/div>\n\t\t\t\t\t<\/div>\n\t\t\t\t<\/div>\n\t\t<div class=\"elementor-element elementor-element-36e3224 e-flex e-con-boxed e-con e-parent\" data-id=\"36e3224\" data-element_type=\"container\" data-e-type=\"container\">\n\t\t\t\t\t<div class=\"e-con-inner\">\n\t\t\t\t<div class=\"elementor-element elementor-element-d9f0728 elementor-widget elementor-widget-heading\" data-id=\"d9f0728\" data-element_type=\"widget\" data-e-type=\"widget\" data-widget_type=\"heading.default\">\n\t\t\t\t<div class=\"elementor-widget-container\">\n\t\t\t\t\t<h2 class=\"elementor-heading-title elementor-size-default\">PNAB Ciclo 2-2025<br><\/h2>\t\t\t\t<\/div>\n\t\t\t\t<\/div>\n\t\t\t\t<div class=\"elementor-element elementor-element-2fcb391 elementor-widget elementor-widget-text-editor\" data-id=\"2fcb391\" data-element_type=\"widget\" data-e-type=\"widget\" data-widget_type=\"text-editor.default\">\n\t\t\t\t<div class=\"elementor-widget-container\">\n\t\t\t\t\t\t\t\t\t<p><span style=\"text-decoration: underline;\"><strong><a href=\"https:\/\/meriti.rj.gov.br\/inicio\/wp-content\/uploads\/2025\/08\/Resultado-Consulta-Publica-Pessoa-Fisica-online-PNAB-1.pdf\">RESULTADO CONSULTA P\u00daBLICA PESSOA F\u00cdSICA &#8211; ONLINE PNAB<\/a><\/strong><\/span><\/p><p><span style=\"text-decoration: underline;\"><strong><a href=\"https:\/\/meriti.rj.gov.br\/inicio\/wp-content\/uploads\/2025\/08\/Resultado-Consulta-Publica-Pessoa-Juridica-Consulta-Publica-online-PNAB-Ciclo-2-2025.pdf\">RESULTADO CONSULTA P\u00daBLICA PESSOA JUR\u00cdDICA &#8211; CONSULTA P\u00daBLICA ONLINE PNAB CICLO 2 &#8211; 2025<\/a><\/strong><\/span><\/p>\t\t\t\t\t\t\t\t<\/div>\n\t\t\t\t<\/div>\n\t\t\t\t\t<\/div>\n\t\t\t\t<\/div>\n\t\t<div class=\"elementor-element elementor-element-ee106ee e-flex e-con-boxed e-con e-parent\" data-id=\"ee106ee\" data-element_type=\"container\" data-e-type=\"container\">\n\t\t\t\t\t<div class=\"e-con-inner\">\n\t\t\t\t<div class=\"elementor-element elementor-element-dde1728 elementor-widget elementor-widget-heading\" data-id=\"dde1728\" data-element_type=\"widget\" data-e-type=\"widget\" data-widget_type=\"heading.default\">\n\t\t\t\t<div class=\"elementor-widget-container\">\n\t\t\t\t\t<h2 class=\"elementor-heading-title elementor-size-default\">PNAB Ciclo 2-2026<\/h2>\t\t\t\t<\/div>\n\t\t\t\t<\/div>\n\t\t\t\t<div class=\"elementor-element elementor-element-efc1f40 elementor-widget elementor-widget-text-editor\" data-id=\"efc1f40\" data-element_type=\"widget\" data-e-type=\"widget\" data-widget_type=\"text-editor.default\">\n\t\t\t\t<div class=\"elementor-widget-container\">\n\t\t\t\t\t\t\t\t\t<p><span style=\"text-decoration: underline;\"><strong><a href=\"https:\/\/meriti.rj.gov.br\/inicio\/wp-content\/uploads\/2026\/01\/DOC-IGOR-1.pdf\"><b>EDITAL <\/b>\u00a0<b>N\u00ba 001\/2026<\/b>\u00a0<b>\u2013 SMCT<\/b>\u00a0<b>DE CHAMAMENTO P\u00daBLICO SELE\u00c7\u00c3O DE PARECERISTAS VOLUNT\u00c1RIOS PARA AVALIA\u00c7\u00c3O DE TRAJET\u00d3RIA CULTURAL\u00a0<\/b><\/a><\/strong><\/span><\/p><p><span style=\"text-decoration: underline;\"><strong><a href=\"https:\/\/forms.gle\/SR5hDKz4XF1fL2e47\"><b>INSCRI\u00c7\u00c3O PARA EDITAL <\/b>\u00a0<b>N\u00ba 001\/2026<\/b>\u00a0<b>\u2013 SMCT<\/b>\u00a0<b>DE CHAMAMENTO P\u00daBLICO SELE\u00c7\u00c3O DE PARECERISTAS VOLUNT\u00c1RIOS PARA AVALIA\u00c7\u00c3O DE TRAJET\u00d3RIA CULTURAL\u00a0<\/b><\/a><\/strong><\/span><\/p><p><span style=\"text-decoration: underline;\"><strong><a href=\"https:\/\/meriti.rj.gov.br\/inicio\/wp-content\/uploads\/2026\/02\/Resultado-preliminar-ANONIMIZADO-dos-classificados-1.pdf\"><b>RESULTADO PRELIMINAR DO EDITAL DE CHAMAMENTO P\u00daBLICO <\/b>\u00a0<b>N\u00ba 001\/2026<\/b>\u00a0<b>\u2013 SMCT<\/b> <b>SELE\u00c7\u00c3O DE PARECERISTAS VOLUNT\u00c1RIOS PARA AVALIA\u00c7\u00c3O DE TRAJET\u00d3RIA CULTURAL<\/b><\/a><\/strong><\/span><\/p><p><span style=\"text-decoration: underline;\">\u00a0<\/span><\/p><p>\u00a0<\/p>\t\t\t\t\t\t\t\t<\/div>\n\t\t\t\t<\/div>\n\t\t\t\t\t<\/div>\n\t\t\t\t<\/div>\n\t\t<div class=\"elementor-element elementor-element-ff5d099 e-flex e-con-boxed e-con e-parent\" data-id=\"ff5d099\" data-element_type=\"container\" data-e-type=\"container\">\n\t\t\t\t\t<div class=\"e-con-inner\">\n\t\t\t\t<div class=\"elementor-element elementor-element-3111773 elementor-widget elementor-widget-heading\" data-id=\"3111773\" data-element_type=\"widget\" data-e-type=\"widget\" data-widget_type=\"heading.default\">\n\t\t\t\t<div class=\"elementor-widget-container\">\n\t\t\t\t\t<h2 class=\"elementor-heading-title elementor-size-default\">Cultura viva - Ciclo 1<\/h2>\t\t\t\t<\/div>\n\t\t\t\t<\/div>\n\t\t\t\t<div class=\"elementor-element elementor-element-afeb6c7 elementor-widget elementor-widget-text-editor\" data-id=\"afeb6c7\" data-element_type=\"widget\" data-e-type=\"widget\" data-widget_type=\"text-editor.default\">\n\t\t\t\t<div class=\"elementor-widget-container\">\n\t\t\t\t\t\t\t\t\t<p><span style=\"text-decoration: underline;\"><strong><a href=\"https:\/\/meriti.rj.gov.br\/inicio\/wp-content\/uploads\/2024\/11\/RESULTADO-FINAL-DO-EDITAL-025-2024-SEMECULT-PREMIACAO-DE-PONTOS-E-PONTOES-DA-CULTURA-CULTURA-VIVA.pdf\">RESULTADO FINAL DO EDITAL 025-2024 SEMECULT PREMIA\u00c7\u00c3O DE PONTOS E PONT\u00d5ES DA CULTURA CULTURA VIVA<\/a><\/strong><\/span><\/p><p><span style=\"text-decoration: underline;\"><strong><a href=\"https:\/\/meriti.rj.gov.br\/inicio\/wp-content\/uploads\/2024\/11\/MESTRE-ZECAO.pdf\">MESTRE ZEC\u00c3O<\/a><\/strong><\/span><\/p><p><span style=\"text-decoration: underline;\"><strong><a href=\"https:\/\/meriti.rj.gov.br\/inicio\/wp-content\/uploads\/2024\/11\/GERACAO-DE-OURO-INFANTIL.pdf\">GERA\u00c7\u00c3O DE OURO INFANTIL<\/a><\/strong><\/span><\/p><p><span style=\"text-decoration: underline;\"><strong><a href=\"https:\/\/meriti.rj.gov.br\/inicio\/wp-content\/uploads\/2024\/11\/Negreiro.pdf\">NEGREIRO<\/a><\/strong><\/span><\/p><p><span style=\"text-decoration: underline;\"><strong><a href=\"https:\/\/meriti.rj.gov.br\/inicio\/wp-content\/uploads\/2024\/11\/Mestre-Nilton-ABAC.pdf\">MESTRE NILTON ABAC<\/a><\/strong><\/span><\/p><p><span style=\"text-decoration: underline;\"><strong><a href=\"https:\/\/meriti.rj.gov.br\/inicio\/wp-content\/uploads\/2024\/11\/CAPOEIRA-PARA-TODOS.jpg.pdf\">CAPOEIRA PARA TODOS<\/a><\/strong><\/span><\/p><p><span style=\"text-decoration: underline;\"><strong><a href=\"https:\/\/meriti.rj.gov.br\/inicio\/wp-content\/uploads\/2024\/11\/GERACAO-DE-OURO-ADULTO.pdf\">GERA\u00c7\u00c3O DE OURO ADULTO<\/a><\/strong><\/span><\/p><p><span style=\"text-decoration: underline;\"><strong><a href=\"https:\/\/meriti.rj.gov.br\/inicio\/wp-content\/uploads\/2024\/10\/RESULTADO-DOS-HABILITADOS-E-CONVOCACAO-DO-SUPLENTE.pdf\">RESULTADO DOS HABILITADOS E CONVOCA\u00c7\u00c3O DO SUPLENTE<\/a><\/strong><\/span><\/p><p><span style=\"text-decoration: underline;\"><strong><a href=\"https:\/\/meriti.rj.gov.br\/inicio\/wp-content\/uploads\/2024\/10\/PUBLICACAO-DO-RESULTADO-DOS-RECURSOS.pdf\">PUBLICA\u00c7\u00c3O DO RESULTADO DOS RECURSOS<\/a><\/strong><\/span><\/p><p><span style=\"text-decoration: underline;\"><strong><a href=\"https:\/\/meriti.rj.gov.br\/inicio\/wp-content\/uploads\/2024\/10\/Documentos-Habilitacao-Coletivos.pdf\">DOCUMENTOS HABILITA\u00c7\u00c3O &#8211; COLETIVOS<\/a><\/strong><\/span><\/p><p><span style=\"text-decoration: underline;\"><strong><a href=\"https:\/\/meriti.rj.gov.br\/inicio\/wp-content\/uploads\/2024\/10\/Documentos-Habilitacao-Pessoa-Juridica.pdf\">DOCUMENTOS HABILITA\u00c7\u00c3O &#8211; PESSOA JUR\u00cdDICA<\/a><\/strong><\/span><\/p><p><span style=\"text-decoration: underline;\"><strong><a href=\"https:\/\/meriti.rj.gov.br\/inicio\/wp-content\/uploads\/2024\/10\/PUBLICACAO-DO-RESULTADO-DOS-RECURSOS.pdf\">PUBLICA\u00c7\u00c3O DO RESULTADO DOS RECURSOS<\/a><\/strong><\/span><\/p><p><span style=\"text-decoration: underline;\"><strong><a href=\"https:\/\/meriti.rj.gov.br\/inicio\/wp-content\/uploads\/2024\/10\/PUBLICACAO-DO-RESULTADO-DOS-RECURSOS.pdf\">PUBLICA\u00c7\u00c3O DO RESULTADO DOS RECURSOS<\/a><\/strong><\/span><\/p><p><span style=\"text-decoration: underline;\"><strong><a href=\"https:\/\/docs.google.com\/forms\/d\/e\/1FAIpQLSdsi7AVZoMYRUf-pPq4F5KIae6CaBqfU7crFi_slouD-wDYVQ\/viewform\">Formul\u00e1rio de inscri\u00e7\u00e3o Chamamento P\u00fablico 025\/2024\u00a0\u00a0<\/a><\/strong><\/span><\/p><p><span style=\"text-decoration: underline;\"><strong><a href=\"https:\/\/meriti.rj.gov.br\/inicio\/wp-content\/uploads\/2024\/09\/EDITAL_025-2024_CULTURA_VIVA.pdf\">EDITAL_025-2024_CULTURA_VIVA<\/a><\/strong><\/span><\/p><p><span style=\"text-decoration: underline;\"><strong><a href=\"https:\/\/meriti.rj.gov.br\/inicio\/wp-content\/uploads\/2024\/09\/Nota-Tecnica-001-2024-PNAB-CULTURA-VIVA.pdf\">Nota T\u00e9cnica 001 &#8211; 2024 -PNAB CULTURA VIVA<\/a><\/strong><\/span><\/p><p><span style=\"text-decoration: underline;\"><strong><a href=\"https:\/\/meriti.rj.gov.br\/inicio\/wp-content\/uploads\/2024\/09\/EDITAL_025-2024_CULTURA_VIVA.pdf\">RESULTADO PRELIMINAR DO EDITAL 025-2024 CULTURA VIVA<\/a><\/strong><\/span><\/p>\t\t\t\t\t\t\t\t<\/div>\n\t\t\t\t<\/div>\n\t\t\t\t<div class=\"elementor-element elementor-element-b358da1 elementor-widget elementor-widget-heading\" data-id=\"b358da1\" data-element_type=\"widget\" data-e-type=\"widget\" data-widget_type=\"heading.default\">\n\t\t\t\t<div class=\"elementor-widget-container\">\n\t\t\t\t\t<h2 class=\"elementor-heading-title elementor-size-default\">Multilinguagens Culturais<\/h2>\t\t\t\t<\/div>\n\t\t\t\t<\/div>\n\t\t\t\t<div class=\"elementor-element elementor-element-0851f07 elementor-widget elementor-widget-text-editor\" data-id=\"0851f07\" data-element_type=\"widget\" data-e-type=\"widget\" data-widget_type=\"text-editor.default\">\n\t\t\t\t<div class=\"elementor-widget-container\">\n\t\t\t\t\t\t\t\t\t<p><span style=\"text-decoration: underline;\"><strong><a href=\"https:\/\/meriti.rj.gov.br\/inicio\/wp-content\/uploads\/2025\/04\/ANEXO-14-RECIBO-DE-PAGAMENTO-CULTURAL.docx\">ANEXO 14 &#8211; RECIBO DE PAGAMENTO CULTURAL<\/a><\/strong><\/span><\/p><p><span style=\"text-decoration: underline;\"><strong><a href=\"https:\/\/meriti.rj.gov.br\/inicio\/wp-content\/uploads\/2025\/04\/ANEXO-12-\u2013-RELATORIO-DE-EXECUCAO-DO-OBJETO.docx\">ANEXO 12 \u2013 RELAT\u00d3RIO DE EXECU\u00c7\u00c3O DO OBJETO<\/a><\/strong><\/span><\/p><p><span style=\"text-decoration: underline;\"><strong><a href=\"https:\/\/meriti.rj.gov.br\/inicio\/wp-content\/uploads\/2025\/04\/ANEXO-11-CARTA-DE-ANUENCIA-PESSOA-JURIDICA-PARA-APRESENTACAO-DO-PROJETO.docx\">ANEXO 11 &#8211; CARTA DE ANU\u00caNCIA &#8211; PESSOA JUR\u00cdDICA &#8211; PARA APRESENTA\u00c7\u00c3O DO PROJETO<\/a><\/strong><\/span><\/p><p><span style=\"text-decoration: underline;\"><strong><a href=\"https:\/\/meriti.rj.gov.br\/inicio\/wp-content\/uploads\/2025\/04\/ANEXO-11-CARTA-DE-ANUENCIA-PESSOA-FISICA-PARA-APRESENTACAO-DO-PROJETO-1.docx\">ANEXO 11 &#8211; CARTA DE ANU\u00caNCIA &#8211; PESSOA F\u00cdSICA &#8211; PARA APRESENTA\u00c7\u00c3O DO PROJETO<\/a><\/strong><\/span><\/p><p><span style=\"text-decoration: underline;\"><strong><a href=\"https:\/\/meriti.rj.gov.br\/inicio\/wp-content\/uploads\/2024\/11\/RESULTADO-DOS-HABILITADOS-E-CONVOCACAO-DOS-SUPLENTES-EDITAL-026-2024-MULTILINGUAGENS.pdf\">RESULTADO DOS HABILITADOS E CONVOCA\u00c7\u00c3O DOS SUPLENTES EDITAL 026-2024 MULTILINGUAGENS<\/a><\/strong><\/span><\/p><p><span style=\"text-decoration: underline;\"><strong><a href=\"https:\/\/meriti.rj.gov.br\/inicio\/wp-content\/uploads\/2024\/10\/RESULTADO_PRELIMINAR_EDITAL_026-2024_MULTILINGUAGENS-1.pdf\">RESULTADO_PRELIMINAR_EDITAL_026-2024_MULTILINGUAGENS<\/a><\/strong><\/span><\/p><p><span style=\"text-decoration: underline;\"><strong><a href=\"https:\/\/meriti.rj.gov.br\/inicio\/wp-content\/uploads\/2024\/10\/CRONOGRAMA-ATUALIZADO.pdf\">CRONOGRAMA ATUALIZADO<\/a><\/strong><\/span><\/p><p><span style=\"text-decoration: underline;\"><strong><a href=\"https:\/\/docs.google.com\/forms\/d\/e\/1FAIpQLSfvR8f8DXcDrc13WIFRTUQM9TcGm_wXNMGDlaiuFwgwMG7tbQ\/closedform\">Formul\u00e1rio de inscri\u00e7\u00e3o Chamamento P\u00fablico 026\/2024\u00a0\u00a0<\/a><\/strong><\/span><\/p><p><span style=\"text-decoration: underline;\"><strong><a href=\"https:\/\/meriti.rj.gov.br\/inicio\/wp-content\/uploads\/2024\/09\/001-EDITAL-026-2024-MULTILINGUAGENS-CULTURAL.pdf\">EDITAL 026-2024 MULTILINGUAGENS CULTURAL<\/a><\/strong><\/span><\/p><p><span style=\"text-decoration: underline;\"><strong><a href=\"https:\/\/meriti.rj.gov.br\/inicio\/wp-content\/uploads\/2024\/09\/NOTA-TECNICA-001-2024-MULTILINGUAGENS.pdf\">NOTA T\u00c9CNICA 001-2024 MULTILINGUAGENS<\/a><\/strong><\/span><\/p>\t\t\t\t\t\t\t\t<\/div>\n\t\t\t\t<\/div>\n\t\t\t\t<div class=\"elementor-element elementor-element-8076ca1 elementor-widget elementor-widget-heading\" data-id=\"8076ca1\" data-element_type=\"widget\" data-e-type=\"widget\" data-widget_type=\"heading.default\">\n\t\t\t\t<div class=\"elementor-widget-container\">\n\t\t\t\t\t<h2 class=\"elementor-heading-title elementor-size-default\"><br>Artigos de apoio<\/h2>\t\t\t\t<\/div>\n\t\t\t\t<\/div>\n\t\t\t\t\t<\/div>\n\t\t\t\t<\/div>\n\t\t<div class=\"elementor-element elementor-element-f619241 e-flex e-con-boxed e-con e-parent\" data-id=\"f619241\" data-element_type=\"container\" data-e-type=\"container\">\n\t\t\t\t\t<div class=\"e-con-inner\">\n\t\t\t\t<div class=\"elementor-element elementor-element-449a283 elementor-widget elementor-widget-text-editor\" data-id=\"449a283\" data-element_type=\"widget\" data-e-type=\"widget\" data-widget_type=\"text-editor.default\">\n\t\t\t\t<div class=\"elementor-widget-container\">\n\t\t\t\t\t\t\t\t\t<p><span style=\"text-decoration: underline;\"><strong><a href=\"https:\/\/meriti.rj.gov.br\/inicio\/wp-content\/uploads\/2024\/09\/Regua_de_Marcas_PNAB_vertical.pdf\">R\u00e9gua_de_Marcas_PNAB_vertical PDF<\/a><\/strong><\/span><\/p><p><span style=\"text-decoration: underline;\"><strong><a href=\"https:\/\/meriti.rj.gov.br\/inicio\/wp-content\/uploads\/2024\/09\/Regua_de_Marcas_PNAB_horizontal.pdf\">R\u00e9gua_de_Marcas_PNAB_horizontal PDF<\/a><\/strong><\/span><\/p><p><span style=\"text-decoration: underline;\"><strong><a href=\"https:\/\/meriti.rj.gov.br\/inicio\/wp-content\/uploads\/2024\/09\/Regua_de_Marcas_PNAB_vertical.png\">R\u00e9gua_de_Marcas_PNAB_vertical PNG<\/a><\/strong><\/span><\/p><p><span style=\"text-decoration: underline;\"><strong><a href=\"https:\/\/meriti.rj.gov.br\/inicio\/wp-content\/uploads\/2024\/09\/Regua_de_Marcas_PNAB_horizontal.png\">R\u00e9gua_de_Marcas_PNAB_horizontal PNG<\/a><\/strong><\/span><\/p><p><span style=\"text-decoration: underline;\"><strong><a href=\"https:\/\/meriti.rj.gov.br\/inicio\/wp-content\/uploads\/2024\/08\/001-Editais-020-e-021-2024-Aviso-de-Adiamento-Prorrogacao.pdf\">001 Editais 020 e 021 2024 &#8211; Aviso de Adiamento &#8211; Prorroga\u00e7\u00e3o<\/a><\/strong><\/span><\/p><p><span style=\"text-decoration: underline;\"><strong><a href=\"https:\/\/meriti.rj.gov.br\/inicio\/wp-content\/uploads\/2024\/08\/002-EDITAIS-022-E-023-DE-2024-\u2013-SEMECULT-RESULTADO-FINAL-HABILITADOS-SEGUNDA-ETAPA.pdf\">002 EDITAIS 022 E 023 DE 2024 \u2013 SEMECULT RESULTADO FINAL HABILITADOS SEGUNDA ETAPA<\/a><\/strong><\/span><\/p><p><span style=\"text-decoration: underline;\"><strong><a href=\"https:\/\/meriti.rj.gov.br\/inicio\/wp-content\/uploads\/2024\/08\/003-RESOLUCAO-No-06-de-2024-\u2013-SEMECULT-HOMOLOGACAO-ETITAIS-010-E-011.pdf\">003 RESOLU\u00c7\u00c3O N\u00ba 06 de 2024 \u2013 SEMECULT &#8211; HOMOLOGA\u00c7\u00c3O ETITAIS 010 E 011<\/a><\/strong><\/span><\/p><p><span style=\"text-decoration: underline;\"><strong><a href=\"https:\/\/meriti.rj.gov.br\/inicio\/wp-content\/uploads\/2024\/08\/004-DECISAO-E-AUTORIZO-PARA-PAGAMENTO.pdf\">004 DECIS\u00c3O E AUTORIZO PARA PAGAMENTO<\/a><\/strong><\/span><\/p><p><span style=\"text-decoration: underline;\"><strong><a href=\"https:\/\/meriti.rj.gov.br\/inicio\/wp-content\/uploads\/2024\/08\/005-Plano-Anual-de-Aplicacao-de-Recursos-PAAR-23-julho-2024.pdf\">005 Plano Anual de Aplica\u00e7\u00e3o de Recursos &#8211; PAAR &#8211; 23 julho 2024<\/a><\/strong><\/span><\/p><p><span style=\"text-decoration: underline;\"><strong><a href=\"https:\/\/meriti.rj.gov.br\/inicio\/wp-content\/uploads\/2024\/08\/006-ATAS-DA-COMISSAO-DA-POLITICA-NACIONAL-ALDIR-BLANC-DE-FOMENTO-A-CULTURA-PNAB.pdf\">006 ATAS DA COMISS\u00c3O DA POL\u00cdTICA NACIONAL ALDIR BLANC DE FOMENTO \u00c0 CULTURA &#8211; PNAB<\/a><\/strong><\/span><\/p><p><span style=\"text-decoration: underline;\"><strong><a href=\"https:\/\/meriti.rj.gov.br\/inicio\/wp-content\/uploads\/2024\/08\/007-EDITAL-024-2024-SEMECULT-CONVOCACAO-DOS-SUPLENTES-DAS-QUADRILHAS-JUNINAS.pdf\">007 EDITAL 024-2024 SEMECULT CONVOCA\u00c7\u00c3O DOS SUPLENTES DAS QUADRILHAS JUNINAS<\/a><\/strong><\/span><\/p><p><span style=\"text-decoration: underline;\"><strong><a href=\"https:\/\/meriti.rj.gov.br\/inicio\/wp-content\/uploads\/2024\/07\/EDITAL-018-2024-RESULTADO-DO-RECURSO-E-CLASSIFICADOS-EDITAL-10-2024-CAPOEIRA-2.pdf\">EDITAL 018-2024 RESULTADO DO RECURSO E CLASSIFICADOS EDITAL 10 -2024 CAPOEIRA <\/a><\/strong><\/span><\/p><p><span style=\"text-decoration: underline;\"><strong><a href=\"https:\/\/meriti.rj.gov.br\/inicio\/wp-content\/uploads\/2024\/06\/EDITAL-15-2024-RESULTADO-PRELIMINAR-EDITAL-11-QUADRILHA-JUNINA.pdf\">EDITAL 19-2024 RESULTADO DOS RECURSOS E CLASSIFICAC\u0327A\u0303O DA QUADRILHA JUNINA <\/a><\/strong><\/span><\/p><p><span style=\"text-decoration: underline;\"><strong><a href=\"https:\/\/meriti.rj.gov.br\/inicio\/wp-content\/uploads\/2024\/06\/EDITAL-15-2024-RESULTADO-PRELIMINAR-EDITAL-11-QUADRILHA-JUNINA.pdf\">EDITAL 15-2024 RESULTADO PRELIMINAR EDITAL 11 QUADRILHA JUNINA<\/a><\/strong><\/span><\/p><p><span style=\"text-decoration: underline;\"><strong><a href=\"https:\/\/meriti.rj.gov.br\/inicio\/wp-content\/uploads\/2024\/06\/RESULTADO-PRELIMINAR-EDITAL-010-E-011-1.pdf\">RESULTADO PRELIMINAR EDITAL 010 E 011\u00a0<\/a><\/strong><\/span><\/p><p><span style=\"text-decoration: underline;\"><strong><a href=\"https:\/\/meriti.rj.gov.br\/inicio\/wp-content\/uploads\/2024\/06\/EDITAL-14-2024-RESULTADO-PRELIMINAR-EDITAL-10-CAPOEIRA.pdf\">EDITAL 14-2024 RESULTADO PRELIMINAR EDITAL 10 CAPOEIRA<\/a><\/strong><\/span><\/p><p><span style=\"text-decoration: underline;\"><strong><a href=\"https:\/\/meriti.rj.gov.br\/inicio\/wp-content\/uploads\/2024\/06\/Edital-de-Prorrogacao-Capoeira.pdf\">EDITAL de Prorroga\u00e7\u00e3o Capoeira<\/a><\/strong><\/span><\/p><p><span style=\"text-decoration: underline;\"><strong><a href=\"https:\/\/meriti.rj.gov.br\/inicio\/wp-content\/uploads\/2024\/06\/Edital-de-Prorrogacao-Quadrilha-Juninas.pdf\">EDITAL de Prorroga\u00e7\u00e3o Quadrilha Juninas<\/a><\/strong><\/span><\/p><p><span style=\"text-decoration: underline;\"><strong><a href=\"https:\/\/meriti.rj.gov.br\/inicio\/wp-content\/uploads\/2024\/06\/Nota-Tecnica-001-2024.pdf\">Nota T\u00e9cnica 001- 2024<\/a><\/strong><\/span><\/p><p><span style=\"text-decoration: underline;\"><strong><a href=\"https:\/\/meriti.rj.gov.br\/inicio\/wp-content\/uploads\/2024\/06\/Nota-Tecnica-002-2024-PNAB.pdf\">Nota T\u00e9cnica 002- 2024<\/a><\/strong><\/span><\/p><p><span style=\"text-decoration: underline;\"><strong><a href=\"https:\/\/meriti.rj.gov.br\/inicio\/wp-content\/uploads\/2024\/05\/EDITAL-010-2024-ALDIR-BLANC-CAPOEIRA.pdf\">EDITAL 010-2024 ALDIR BLANC &#8211; CAPOEIRA<\/a><\/strong><\/span><\/p><p><span style=\"text-decoration: underline;\"><strong><a href=\"https:\/\/meriti.rj.gov.br\/inicio\/wp-content\/uploads\/2024\/05\/Edital-011-2024-PNAB-QUADRILHAS-JUNINAS.pdf\">Edital 011-2024 PNAB &#8211; QUADRILHAS JUNINAS<\/a><\/strong><\/span><\/p><p><strong><span style=\"text-decoration: underline;\"><a href=\"https:\/\/meriti.rj.gov.br\/inicio\/wp-content\/uploads\/2024\/05\/1.-Lei-14.399-de-8-de-julho-de-2022-Lei-da-Politica-Nacional-Aldir-Blanc-de-Fomento-a-Cultura_.pdf\">Lei 14.399, de 8 de julho de 2022 (Lei da Pol\u00edtica Nacional Aldir Blanc de Fomento \u00e0 Cultura)<\/a><\/span><\/strong><\/p><p><span style=\"text-decoration: underline;\"><strong><a href=\"https:\/\/meriti.rj.gov.br\/inicio\/wp-content\/uploads\/2024\/05\/ATA-Audiencia-Publica-Presencial_18-de-abril.pdf\"><span class=\"selectable-text copyable-text\">ATA Audi\u00eancia P\u00fablica Presencial 18 de Abril de 2024<\/span><\/a><\/strong><\/span><\/p><p><span style=\"text-decoration: underline;\"><strong><a href=\"https:\/\/meriti.rj.gov.br\/inicio\/wp-content\/uploads\/2024\/05\/ATA-REUNIAO-ORDINARIA-11-DE-ABRIL-2024.pdf\"><span class=\"selectable-text copyable-text\">ATA Reuni\u00e3<\/span><\/a><\/strong><\/span><span style=\"text-decoration: underline;\"><strong><a href=\"https:\/\/meriti.rj.gov.br\/inicio\/wp-content\/uploads\/2024\/05\/ATA-REUNIAO-ORDINARIA-11-DE-ABRIL-2024.pdf\"><span class=\"selectable-text copyable-text\">o Ordin\u00e1ria 11 de Abril de 2024<\/span><\/a><\/strong><\/span><\/p><p><span style=\"text-decoration: underline;\"><strong><a href=\"https:\/\/meriti.rj.gov.br\/inicio\/wp-content\/uploads\/2024\/05\/ATA-da-Reuniao-Extraordinaria-S.J.-Meriti-para-a-PNAB.pdf\"><span class=\"selectable-text copyable-text\">ATA da Reuni\u00e3o Extraordin\u00e1ria S.J Meriti para a PNAB 4 de abril de 2024<\/span><\/a><\/strong><\/span><\/p><p><span style=\"text-decoration: underline;\"><strong><a href=\"https:\/\/meriti.rj.gov.br\/inicio\/wp-content\/uploads\/2024\/05\/6.-Portaria-MinC-119-de-28-de-marco-de-2024-PAAR_.pdf\"><span class=\"selectable-text copyable-text\">Portaria MinC 119, de 28 de mar\u00e7o de 2024<\/span><\/a><\/strong><\/span><\/p><p><span style=\"text-decoration: underline;\"><a href=\"https:\/\/meriti.rj.gov.br\/inicio\/wp-content\/uploads\/2024\/05\/PORTARIA-01-2024-COMISSAO-LEI-ALDIR-BLANC.pdf\"><strong>PORTARIA 01-2024 &#8211; COMISS\u00c3O LEI ALDIR BLANC\u00a0<\/strong><\/a><\/span><\/p><p><span style=\"text-decoration: underline;\"><strong><a href=\"https:\/\/meriti.rj.gov.br\/inicio\/wp-content\/uploads\/2024\/05\/4.1.-Portaria-MinC-80-de-27-de-outubro-de-2023-Diretrizes-para-solicitacao-e-aplicacao-dos-recursos_.pdf\">Portaria MinC 80, de 27 de outubro de 2023 (Diretrizes para solicita\u00e7\u00e3o e aplica\u00e7\u00e3o dos recursos)<\/a><\/strong><\/span><\/p><p><span style=\"text-decoration: underline;\"><strong><a href=\"https:\/\/meriti.rj.gov.br\/inicio\/wp-content\/uploads\/2024\/05\/DECRETO-7129-2024-ALDIR-BLANC.pdf\">DECRETO 7129-2024 ALDIR BLANC<\/a><\/strong><\/span><\/p><p><span style=\"text-decoration: underline;\"><strong><a href=\"https:\/\/meriti.rj.gov.br\/inicio\/wp-content\/uploads\/2024\/05\/2.-Decreto-11.740-de-18-de-outubro-de-2023-Regulamentacao-federal_.pdf\">Decreto 11.740, de 18 de outubro de 2023 (Regulamenta\u00e7\u00e3o federal)<\/a><\/strong><\/span><\/p><p><span style=\"text-decoration: underline;\"><strong><a href=\"https:\/\/meriti.rj.gov.br\/inicio\/wp-content\/uploads\/2024\/05\/3.-Decreto-11.453-de-23-de-marco-de-2023-Decreto-do-Fomento-Cultural_.pdf\">Decreto 11.453, de 23 de mar\u00e7o de 2023 (Decreto do Fomento Cultural)<\/a><\/strong><\/span><\/p><p><span style=\"text-decoration: underline;\"><a href=\"https:\/\/meriti.rj.gov.br\/inicio\/wp-content\/uploads\/2024\/05\/PARECER-EDITAL-010-E-011-2024.pdf\"><strong>PARECER EDITAL 010 e 011-2024<\/strong><\/a><\/span><\/p><p><span style=\"text-decoration: underline;\"><a href=\"https:\/\/meriti.rj.gov.br\/inicio\/wp-content\/uploads\/2024\/05\/PAAR-enviado-para-Diario-Oficial.pdf\"><strong>PAAR enviado &#8211; para Di\u00e1rio Oficial<\/strong><\/a><\/span><\/p><p><span style=\"text-decoration: underline;\"><a href=\"https:\/\/meriti.rj.gov.br\/inicio\/wp-content\/uploads\/2024\/05\/Resposta-a-Carta-Aberta-e-outros-topicos.pdf\"><strong>Resposta \u00e0 Carta Aberta e outros t\u00f3picos<\/strong><\/a><\/span><\/p>\t\t\t\t\t\t\t\t<\/div>\n\t\t\t\t<\/div>\n\t\t\t\t\t<\/div>\n\t\t\t\t<\/div>\n\t\t<div class=\"elementor-element elementor-element-13b7fde e-flex e-con-boxed e-con e-parent\" data-id=\"13b7fde\" data-element_type=\"container\" data-e-type=\"container\">\n\t\t\t\t\t<div class=\"e-con-inner\">\n\t\t\t\t<div class=\"elementor-element elementor-element-801786d elementor-widget elementor-widget-heading\" data-id=\"801786d\" data-element_type=\"widget\" data-e-type=\"widget\" data-widget_type=\"heading.default\">\n\t\t\t\t<div class=\"elementor-widget-container\">\n\t\t\t\t\t<h2 class=\"elementor-heading-title elementor-size-default\">Divulga\u00e7\u00e3o da Audi\u00eancia P\u00fablica <\/h2>\t\t\t\t<\/div>\n\t\t\t\t<\/div>\n\t\t\t\t\t<\/div>\n\t\t\t\t<\/div>\n\t\t<div class=\"elementor-element elementor-element-bed1f5a e-flex e-con-boxed e-con e-parent\" data-id=\"bed1f5a\" data-element_type=\"container\" data-e-type=\"container\">\n\t\t\t\t\t<div class=\"e-con-inner\">\n\t\t\t\t<div class=\"elementor-element elementor-element-f3e1a2d elementor-widget elementor-widget-text-editor\" data-id=\"f3e1a2d\" data-element_type=\"widget\" data-e-type=\"widget\" data-widget_type=\"text-editor.default\">\n\t\t\t\t<div class=\"elementor-widget-container\">\n\t\t\t\t\t\t\t\t\t<p><strong>On-line:<\/strong> <a href=\"https:\/\/www.facebook.com\/share\/p\/DanWmRowceRMJfxs\/?mibextid=oFDknk\">https:\/\/www.facebook.com\/share\/p\/DanWm<\/a><\/p><p><a href=\"https:\/\/www.facebook.com\/share\/p\/DanWmRowceRMJfxs\/?mibextid=oFDknk\">Rowce<\/a><a href=\"https:\/\/www.facebook.com\/share\/p\/DanWmRowceRMJfxs\/?mibextid=oFDknk\">RM<\/a><a href=\"https:\/\/www.facebook.com\/share\/p\/DanWmRowceRMJfxs\/?mibextid=oFDknk\">Jfxs\/?mibextid=oFDknk<\/a><\/p><p><strong>Presencial:<\/strong> <a href=\"https:\/\/www.instagram.com\/p\/C5y3vH9OPwY\/?igsh=dWJ2aHhvMGJoczI=\">https:\/\/www.instagram.com\/p\/C5y3vH9OPwY\/?igsh=dWJ2aHhvMGJoczI=<\/a><\/p>\t\t\t\t\t\t\t\t<\/div>\n\t\t\t\t<\/div>\n\t\t\t\t\t<\/div>\n\t\t\t\t<\/div>\n\t\t<div class=\"elementor-element elementor-element-e595103 e-flex e-con-boxed e-con e-parent\" data-id=\"e595103\" data-element_type=\"container\" data-e-type=\"container\">\n\t\t\t\t\t<div class=\"e-con-inner\">\n\t\t\t\t<div class=\"elementor-element elementor-element-0dfc723 elementor-widget elementor-widget-heading\" data-id=\"0dfc723\" data-element_type=\"widget\" data-e-type=\"widget\" data-widget_type=\"heading.default\">\n\t\t\t\t<div class=\"elementor-widget-container\">\n\t\t\t\t\t<h2 class=\"elementor-heading-title elementor-size-default\">Link da p\u00e1gina onde ocorreu participa\u00e7\u00e3o<\/h2>\t\t\t\t<\/div>\n\t\t\t\t<\/div>\n\t\t\t\t\t<\/div>\n\t\t\t\t<\/div>\n\t\t<div class=\"elementor-element elementor-element-72aa493 e-flex e-con-boxed e-con e-parent\" data-id=\"72aa493\" data-element_type=\"container\" data-e-type=\"container\">\n\t\t\t\t\t<div class=\"e-con-inner\">\n\t\t\t\t<div class=\"elementor-element elementor-element-1748183 elementor-widget elementor-widget-text-editor\" data-id=\"1748183\" data-element_type=\"widget\" data-e-type=\"widget\" data-widget_type=\"text-editor.default\">\n\t\t\t\t<div class=\"elementor-widget-container\">\n\t\t\t\t\t\t\t\t\t<p><strong>On-line:<\/strong> <a href=\"https:\/\/docs.google.com\/forms\/d\/e\/1FAIpQLScSiuLMWuqj5Tczm-EtogXvv19wGf5KlL4jm-R8lHMKLUDqFw\/closedform\">https:\/\/docs.google.com\/forms\/d\/e\/1FAIpQLScSi<\/a><\/p><p><a href=\"https:\/\/docs.google.com\/forms\/d\/e\/1FAIpQLScSiuLMWuqj5Tczm-EtogXvv19wGf5KlL4jm-R8lHMKLUDqFw\/closedform\">uLMWuqj5Tczm-EtogXvv19wGf5KlL4jm-R8lHMKLUDqFw\/closedform<\/a><\/p>\t\t\t\t\t\t\t\t<\/div>\n\t\t\t\t<\/div>\n\t\t\t\t\t<\/div>\n\t\t\t\t<\/div>\n\t\t<div class=\"elementor-element elementor-element-5c4d506 e-flex e-con-boxed e-con e-parent\" data-id=\"5c4d506\" data-element_type=\"container\" data-e-type=\"container\">\n\t\t\t\t\t<div class=\"e-con-inner\">\n\t\t\t\t<div class=\"elementor-element elementor-element-ef128f9 elementor-widget elementor-widget-heading\" data-id=\"ef128f9\" data-element_type=\"widget\" data-e-type=\"widget\" data-widget_type=\"heading.default\">\n\t\t\t\t<div class=\"elementor-widget-container\">\n\t\t\t\t\t<h2 class=\"elementor-heading-title elementor-size-default\">Cobertura da audi\u00eancia p\u00fablica <\/h2>\t\t\t\t<\/div>\n\t\t\t\t<\/div>\n\t\t\t\t\t<\/div>\n\t\t\t\t<\/div>\n\t\t<div class=\"elementor-element elementor-element-2d15157 e-flex e-con-boxed e-con e-parent\" data-id=\"2d15157\" data-element_type=\"container\" data-e-type=\"container\">\n\t\t\t\t\t<div class=\"e-con-inner\">\n\t\t\t\t<div class=\"elementor-element elementor-element-973311a elementor-widget elementor-widget-text-editor\" data-id=\"973311a\" data-element_type=\"widget\" data-e-type=\"widget\" data-widget_type=\"text-editor.default\">\n\t\t\t\t<div class=\"elementor-widget-container\">\n\t\t\t\t\t\t\t\t\t<p><strong>Presencial:<\/strong><\/p><p>Facebook: <a href=\"https:\/\/www.facebook.com\/share\/v\/tE6WuFYmpRF3p26S\/?mibextid=WC7FNe\">https:\/\/www.facebook.com\/share\/v\/tE6WuFYmpR<\/a><\/p><p><a href=\"https:\/\/www.facebook.com\/share\/v\/tE6WuFYmpRF3p26S\/?mibextid=WC7FNe\">F3p26S\/?mibextid=WC7FNe<\/a><\/p><p>Instagram: <a href=\"https:\/\/www.instagram.com\/reel\/C6eJ-lzO2FO\/?igsh=MTFpd2dodW83MHBx\">https:\/\/www.instagram.com\/reel\/C6eJ-lzO2FO\/?igsh=MTFpd2dodW83MHBx<\/a><\/p>\t\t\t\t\t\t\t\t<\/div>\n\t\t\t\t<\/div>\n\t\t\t\t\t<\/div>\n\t\t\t\t<\/div>\n\t\t<div class=\"elementor-element elementor-element-122a10c e-flex e-con-boxed e-con e-parent\" data-id=\"122a10c\" data-element_type=\"container\" data-e-type=\"container\">\n\t\t\t\t\t<div class=\"e-con-inner\">\n\t\t\t\t<div class=\"elementor-element elementor-element-ff4c7ed elementor-widget elementor-widget-heading\" data-id=\"ff4c7ed\" data-element_type=\"widget\" data-e-type=\"widget\" data-widget_type=\"heading.default\">\n\t\t\t\t<div class=\"elementor-widget-container\">\n\t\t\t\t\t<h2 class=\"elementor-heading-title elementor-size-default\">Link do di\u00e1rio Oficial com adequa\u00e7\u00e3o or\u00e7ament\u00e1ria<\/h2>\t\t\t\t<\/div>\n\t\t\t\t<\/div>\n\t\t\t\t\t<\/div>\n\t\t\t\t<\/div>\n\t\t<div class=\"elementor-element elementor-element-80bf8f0 e-flex e-con-boxed e-con e-parent\" data-id=\"80bf8f0\" data-element_type=\"container\" data-e-type=\"container\">\n\t\t\t\t\t<div class=\"e-con-inner\">\n\t\t\t\t<div class=\"elementor-element elementor-element-78d44ac elementor-widget elementor-widget-text-editor\" data-id=\"78d44ac\" data-element_type=\"widget\" data-e-type=\"widget\" data-widget_type=\"text-editor.default\">\n\t\t\t\t<div class=\"elementor-widget-container\">\n\t\t\t\t\t\t\t\t\t<p><strong>Link:<\/strong> <a href=\"https:\/\/transparencia.meriti.rj.gov.br\/ver20230623\/WEB-ObterAnexo.rule?sys=LAI&amp;codigo=6805\">https:\/\/transparencia.meriti.rj.gov.br\/ver20230623\/<\/a><\/p><p><a href=\"https:\/\/transparencia.meriti.rj.gov.br\/ver20230623\/WEB-ObterAnexo.rule?sys=LAI&amp;codigo=6805\">WEB-ObterAnexo.rule?sys=LAI&amp;codigo=6805<\/a><\/p>\t\t\t\t\t\t\t\t<\/div>\n\t\t\t\t<\/div>\n\t\t\t\t\t<\/div>\n\t\t\t\t<\/div>\n\t\t\t\t<\/div>\n\t\t","protected":false},"excerpt":{"rendered":"<p>Pol\u00edtica Nacional Aldir Blanc &#8211; PNAB A Pol\u00edtica Nacional Aldir Blanc de Fomento \u00e0 Cultura &#8211; PNAB \u00e9 uma oportunidade hist\u00f3rica de estruturar o sistema&hellip;<\/p>\n","protected":false},"author":2,"featured_media":0,"parent":0,"menu_order":0,"comment_status":"closed","ping_status":"closed","template":"","meta":{"footnotes":""},"class_list":["post-10713","page","type-page","status-publish","hentry"],"yoast_head":"<!-- This site is optimized with the Yoast SEO plugin v27.3 - https:\/\/yoast.com\/product\/yoast-seo-wordpress\/ -->\n<title>PNAB - Prefeitura Municipal de S\u00e3o Jo\u00e3o de Meriti<\/title>\n<meta name=\"robots\" content=\"index, follow, max-snippet:-1, max-image-preview:large, max-video-preview:-1\" \/>\n<link rel=\"canonical\" href=\"https:\/\/meriti.rj.gov.br\/inicio\/aldir-blanc\/\" \/>\n<meta property=\"og:locale\" content=\"pt_BR\" \/>\n<meta property=\"og:type\" content=\"article\" \/>\n<meta property=\"og:title\" content=\"PNAB - Prefeitura Municipal de S\u00e3o Jo\u00e3o de Meriti\" \/>\n<meta property=\"og:description\" content=\"Pol\u00edtica Nacional Aldir Blanc &#8211; PNAB A Pol\u00edtica Nacional Aldir Blanc de Fomento \u00e0 Cultura &#8211; PNAB \u00e9 uma oportunidade hist\u00f3rica de estruturar o sistema&hellip;\" \/>\n<meta property=\"og:url\" content=\"https:\/\/meriti.rj.gov.br\/inicio\/aldir-blanc\/\" \/>\n<meta property=\"og:site_name\" content=\"Prefeitura Municipal de S\u00e3o Jo\u00e3o de Meriti\" \/>\n<meta property=\"article:modified_time\" content=\"2026-04-29T20:04:17+00:00\" \/>\n<meta name=\"twitter:card\" content=\"summary_large_image\" \/>\n<meta name=\"twitter:label1\" content=\"Est. tempo de leitura\" \/>\n\t<meta name=\"twitter:data1\" content=\"7 minutos\" \/>\n<script type=\"application\/ld+json\" class=\"yoast-schema-graph\">{\"@context\":\"https:\\\/\\\/schema.org\",\"@graph\":[{\"@type\":\"WebPage\",\"@id\":\"https:\\\/\\\/meriti.rj.gov.br\\\/inicio\\\/aldir-blanc\\\/\",\"url\":\"https:\\\/\\\/meriti.rj.gov.br\\\/inicio\\\/aldir-blanc\\\/\",\"name\":\"PNAB - Prefeitura Municipal de S\u00e3o Jo\u00e3o de Meriti\",\"isPartOf\":{\"@id\":\"https:\\\/\\\/meriti.rj.gov.br\\\/inicio\\\/#website\"},\"datePublished\":\"2024-05-10T12:27:36+00:00\",\"dateModified\":\"2026-04-29T20:04:17+00:00\",\"breadcrumb\":{\"@id\":\"https:\\\/\\\/meriti.rj.gov.br\\\/inicio\\\/aldir-blanc\\\/#breadcrumb\"},\"inLanguage\":\"pt-BR\",\"potentialAction\":[{\"@type\":\"ReadAction\",\"target\":[\"https:\\\/\\\/meriti.rj.gov.br\\\/inicio\\\/aldir-blanc\\\/\"]}]},{\"@type\":\"BreadcrumbList\",\"@id\":\"https:\\\/\\\/meriti.rj.gov.br\\\/inicio\\\/aldir-blanc\\\/#breadcrumb\",\"itemListElement\":[{\"@type\":\"ListItem\",\"position\":1,\"name\":\"In\u00edcio\",\"item\":\"https:\\\/\\\/meriti.rj.gov.br\\\/inicio\\\/\"},{\"@type\":\"ListItem\",\"position\":2,\"name\":\"PNAB\"}]},{\"@type\":\"WebSite\",\"@id\":\"https:\\\/\\\/meriti.rj.gov.br\\\/inicio\\\/#website\",\"url\":\"https:\\\/\\\/meriti.rj.gov.br\\\/inicio\\\/\",\"name\":\"portal.meriti\",\"description\":\"Prefeitura Municipal de S\u00e3o Jo\u00e3o de Meriti\",\"publisher\":{\"@id\":\"https:\\\/\\\/meriti.rj.gov.br\\\/inicio\\\/#organization\"},\"potentialAction\":[{\"@type\":\"SearchAction\",\"target\":{\"@type\":\"EntryPoint\",\"urlTemplate\":\"https:\\\/\\\/meriti.rj.gov.br\\\/inicio\\\/?s={search_term_string}\"},\"query-input\":{\"@type\":\"PropertyValueSpecification\",\"valueRequired\":true,\"valueName\":\"search_term_string\"}}],\"inLanguage\":\"pt-BR\"},{\"@type\":\"Organization\",\"@id\":\"https:\\\/\\\/meriti.rj.gov.br\\\/inicio\\\/#organization\",\"name\":\"Prefeitura Municipal de S\u00e3o Jo\u00e3o de Meriti\",\"url\":\"https:\\\/\\\/meriti.rj.gov.br\\\/inicio\\\/\",\"logo\":{\"@type\":\"ImageObject\",\"inLanguage\":\"pt-BR\",\"@id\":\"https:\\\/\\\/meriti.rj.gov.br\\\/inicio\\\/#\\\/schema\\\/logo\\\/image\\\/\",\"url\":\"https:\\\/\\\/meriti.rj.gov.br\\\/inicio\\\/wp-content\\\/uploads\\\/2023\\\/04\\\/cropped-logo.png\",\"contentUrl\":\"https:\\\/\\\/meriti.rj.gov.br\\\/inicio\\\/wp-content\\\/uploads\\\/2023\\\/04\\\/cropped-logo.png\",\"width\":512,\"height\":512,\"caption\":\"Prefeitura Municipal de S\u00e3o Jo\u00e3o de Meriti\"},\"image\":{\"@id\":\"https:\\\/\\\/meriti.rj.gov.br\\\/inicio\\\/#\\\/schema\\\/logo\\\/image\\\/\"}}]}<\/script>\n<!-- \/ Yoast SEO plugin. -->","yoast_head_json":{"title":"PNAB - Prefeitura Municipal de S\u00e3o Jo\u00e3o de Meriti","robots":{"index":"index","follow":"follow","max-snippet":"max-snippet:-1","max-image-preview":"max-image-preview:large","max-video-preview":"max-video-preview:-1"},"canonical":"https:\/\/meriti.rj.gov.br\/inicio\/aldir-blanc\/","og_locale":"pt_BR","og_type":"article","og_title":"PNAB - Prefeitura Municipal de S\u00e3o Jo\u00e3o de Meriti","og_description":"Pol\u00edtica Nacional Aldir Blanc &#8211; PNAB A Pol\u00edtica Nacional Aldir Blanc de Fomento \u00e0 Cultura &#8211; PNAB \u00e9 uma oportunidade hist\u00f3rica de estruturar o sistema&hellip;","og_url":"https:\/\/meriti.rj.gov.br\/inicio\/aldir-blanc\/","og_site_name":"Prefeitura Municipal de S\u00e3o Jo\u00e3o de Meriti","article_modified_time":"2026-04-29T20:04:17+00:00","twitter_card":"summary_large_image","twitter_misc":{"Est. tempo de leitura":"7 minutos"},"schema":{"@context":"https:\/\/schema.org","@graph":[{"@type":"WebPage","@id":"https:\/\/meriti.rj.gov.br\/inicio\/aldir-blanc\/","url":"https:\/\/meriti.rj.gov.br\/inicio\/aldir-blanc\/","name":"PNAB - Prefeitura Municipal de S\u00e3o Jo\u00e3o de Meriti","isPartOf":{"@id":"https:\/\/meriti.rj.gov.br\/inicio\/#website"},"datePublished":"2024-05-10T12:27:36+00:00","dateModified":"2026-04-29T20:04:17+00:00","breadcrumb":{"@id":"https:\/\/meriti.rj.gov.br\/inicio\/aldir-blanc\/#breadcrumb"},"inLanguage":"pt-BR","potentialAction":[{"@type":"ReadAction","target":["https:\/\/meriti.rj.gov.br\/inicio\/aldir-blanc\/"]}]},{"@type":"BreadcrumbList","@id":"https:\/\/meriti.rj.gov.br\/inicio\/aldir-blanc\/#breadcrumb","itemListElement":[{"@type":"ListItem","position":1,"name":"In\u00edcio","item":"https:\/\/meriti.rj.gov.br\/inicio\/"},{"@type":"ListItem","position":2,"name":"PNAB"}]},{"@type":"WebSite","@id":"https:\/\/meriti.rj.gov.br\/inicio\/#website","url":"https:\/\/meriti.rj.gov.br\/inicio\/","name":"portal.meriti","description":"Prefeitura Municipal de S\u00e3o Jo\u00e3o de Meriti","publisher":{"@id":"https:\/\/meriti.rj.gov.br\/inicio\/#organization"},"potentialAction":[{"@type":"SearchAction","target":{"@type":"EntryPoint","urlTemplate":"https:\/\/meriti.rj.gov.br\/inicio\/?s={search_term_string}"},"query-input":{"@type":"PropertyValueSpecification","valueRequired":true,"valueName":"search_term_string"}}],"inLanguage":"pt-BR"},{"@type":"Organization","@id":"https:\/\/meriti.rj.gov.br\/inicio\/#organization","name":"Prefeitura Municipal de S\u00e3o Jo\u00e3o de Meriti","url":"https:\/\/meriti.rj.gov.br\/inicio\/","logo":{"@type":"ImageObject","inLanguage":"pt-BR","@id":"https:\/\/meriti.rj.gov.br\/inicio\/#\/schema\/logo\/image\/","url":"https:\/\/meriti.rj.gov.br\/inicio\/wp-content\/uploads\/2023\/04\/cropped-logo.png","contentUrl":"https:\/\/meriti.rj.gov.br\/inicio\/wp-content\/uploads\/2023\/04\/cropped-logo.png","width":512,"height":512,"caption":"Prefeitura Municipal de S\u00e3o Jo\u00e3o de Meriti"},"image":{"@id":"https:\/\/meriti.rj.gov.br\/inicio\/#\/schema\/logo\/image\/"}}]}},"_links":{"self":[{"href":"https:\/\/meriti.rj.gov.br\/inicio\/wp-json\/wp\/v2\/pages\/10713","targetHints":{"allow":["GET"]}}],"collection":[{"href":"https:\/\/meriti.rj.gov.br\/inicio\/wp-json\/wp\/v2\/pages"}],"about":[{"href":"https:\/\/meriti.rj.gov.br\/inicio\/wp-json\/wp\/v2\/types\/page"}],"author":[{"embeddable":true,"href":"https:\/\/meriti.rj.gov.br\/inicio\/wp-json\/wp\/v2\/users\/2"}],"replies":[{"embeddable":true,"href":"https:\/\/meriti.rj.gov.br\/inicio\/wp-json\/wp\/v2\/comments?post=10713"}],"version-history":[{"count":326,"href":"https:\/\/meriti.rj.gov.br\/inicio\/wp-json\/wp\/v2\/pages\/10713\/revisions"}],"predecessor-version":[{"id":22732,"href":"https:\/\/meriti.rj.gov.br\/inicio\/wp-json\/wp\/v2\/pages\/10713\/revisions\/22732"}],"wp:attachment":[{"href":"https:\/\/meriti.rj.gov.br\/inicio\/wp-json\/wp\/v2\/media?parent=10713"}],"curies":[{"name":"wp","href":"https:\/\/api.w.org\/{rel}","templated":true}]}}