{"id":10318,"date":"2024-04-29T22:46:25","date_gmt":"2024-04-30T01:46:25","guid":{"rendered":"https:\/\/meriti.rj.gov.br\/inicio\/?page_id=10318"},"modified":"2025-11-17T10:10:30","modified_gmt":"2025-11-17T13:10:30","slug":"cultura-sjm-copy","status":"publish","type":"page","link":"https:\/\/meriti.rj.gov.br\/inicio\/cultura-sjm-copy\/","title":{"rendered":"Cultura SJM"},"content":{"rendered":"\t\t<div data-elementor-type=\"wp-page\" data-elementor-id=\"10318\" class=\"elementor elementor-10318\" data-elementor-post-type=\"page\">\n\t\t\t\t<div class=\"elementor-element elementor-element-0fea096 e-flex e-con-boxed e-con e-parent\" data-id=\"0fea096\" data-element_type=\"container\" data-e-type=\"container\">\n\t\t\t\t\t<div class=\"e-con-inner\">\n\t\t<div class=\"elementor-element elementor-element-055dc86 e-con-full e-flex e-con e-child\" data-id=\"055dc86\" data-element_type=\"container\" data-e-type=\"container\">\n\t\t\t\t<div class=\"elementor-element elementor-element-d20397e elementor-widget elementor-widget-image\" data-id=\"d20397e\" data-element_type=\"widget\" data-e-type=\"widget\" data-widget_type=\"image.default\">\n\t\t\t\t<div class=\"elementor-widget-container\">\n\t\t\t\t\t\t\t\t\t\t\t\t\t\t\t<img decoding=\"async\" width=\"109\" height=\"35\" src=\"https:\/\/meriti.rj.gov.br\/inicio\/wp-content\/uploads\/2024\/04\/titulo-noticias.png\" class=\"attachment-large size-large wp-image-10241\" alt=\"\" \/>\t\t\t\t\t\t\t\t\t\t\t\t\t\t\t<\/div>\n\t\t\t\t<\/div>\n\t\t\t\t<\/div>\n\t\t<div class=\"elementor-element elementor-element-51a6682 e-con-full e-flex e-con e-child\" data-id=\"51a6682\" data-element_type=\"container\" data-e-type=\"container\">\n\t\t\t\t<div class=\"elementor-element elementor-element-af76c3e elementor-shape-rounded elementor-grid-0 e-grid-align-center elementor-widget elementor-widget-social-icons\" data-id=\"af76c3e\" data-element_type=\"widget\" data-e-type=\"widget\" data-widget_type=\"social-icons.default\">\n\t\t\t\t<div class=\"elementor-widget-container\">\n\t\t\t\t\t\t\t<div class=\"elementor-social-icons-wrapper elementor-grid\">\n\t\t\t\t\t\t\t<span class=\"elementor-grid-item\">\n\t\t\t\t\t<a class=\"elementor-icon elementor-social-icon elementor-social-icon-instagram elementor-repeater-item-6d794ac\" href=\"https:\/\/www.instagram.com\/culturaeturismosjm?igsh=ejN3aDFtdTBwMmRt\" target=\"_blank\">\n\t\t\t\t\t\t<span class=\"elementor-screen-only\">Instagram<\/span>\n\t\t\t\t\t\t<svg aria-hidden=\"true\" class=\"e-font-icon-svg e-fab-instagram\" viewBox=\"0 0 448 512\" xmlns=\"http:\/\/www.w3.org\/2000\/svg\"><path d=\"M224.1 141c-63.6 0-114.9 51.3-114.9 114.9s51.3 114.9 114.9 114.9S339 319.5 339 255.9 287.7 141 224.1 141zm0 189.6c-41.1 0-74.7-33.5-74.7-74.7s33.5-74.7 74.7-74.7 74.7 33.5 74.7 74.7-33.6 74.7-74.7 74.7zm146.4-194.3c0 14.9-12 26.8-26.8 26.8-14.9 0-26.8-12-26.8-26.8s12-26.8 26.8-26.8 26.8 12 26.8 26.8zm76.1 27.2c-1.7-35.9-9.9-67.7-36.2-93.9-26.2-26.2-58-34.4-93.9-36.2-37-2.1-147.9-2.1-184.9 0-35.8 1.7-67.6 9.9-93.9 36.1s-34.4 58-36.2 93.9c-2.1 37-2.1 147.9 0 184.9 1.7 35.9 9.9 67.7 36.2 93.9s58 34.4 93.9 36.2c37 2.1 147.9 2.1 184.9 0 35.9-1.7 67.7-9.9 93.9-36.2 26.2-26.2 34.4-58 36.2-93.9 2.1-37 2.1-147.8 0-184.8zM398.8 388c-7.8 19.6-22.9 34.7-42.6 42.6-29.5 11.7-99.5 9-132.1 9s-102.7 2.6-132.1-9c-19.6-7.8-34.7-22.9-42.6-42.6-11.7-29.5-9-99.5-9-132.1s-2.6-102.7 9-132.1c7.8-19.6 22.9-34.7 42.6-42.6 29.5-11.7 99.5-9 132.1-9s102.7-2.6 132.1 9c19.6 7.8 34.7 22.9 42.6 42.6 11.7 29.5 9 99.5 9 132.1s2.7 102.7-9 132.1z\"><\/path><\/svg>\t\t\t\t\t<\/a>\n\t\t\t\t<\/span>\n\t\t\t\t\t<\/div>\n\t\t\t\t\t\t<\/div>\n\t\t\t\t<\/div>\n\t\t\t\t<\/div>\n\t\t\t\t\t<\/div>\n\t\t\t\t<\/div>\n\t\t<div class=\"elementor-element elementor-element-811c270 e-flex e-con-boxed e-con e-parent\" data-id=\"811c270\" data-element_type=\"container\" data-e-type=\"container\">\n\t\t\t\t\t<div class=\"e-con-inner\">\n\t\t\t\t<div class=\"elementor-element elementor-element-9c241e4 elementor-widget elementor-widget-sbi-widget\" data-id=\"9c241e4\" data-element_type=\"widget\" data-e-type=\"widget\" data-widget_type=\"sbi-widget.default\">\n\t\t\t\t<div class=\"elementor-widget-container\">\n\t\t\t\t\t\n<div id=\"sb_instagram\"  class=\"sbi sbi_mob_col_1 sbi_tab_col_2 sbi_col_4 sbi_width_resp\" style=\"padding-bottom: 10px;\"\t data-feedid=\"*2\"  data-res=\"auto\" data-cols=\"4\" data-colsmobile=\"1\" data-colstablet=\"2\" data-num=\"20\" data-nummobile=\"20\" data-item-padding=\"5\"\t data-shortcode-atts=\"{&quot;feed&quot;:&quot;2&quot;}\"  data-postid=\"10318\" data-locatornonce=\"9c3bb53e9b\" data-imageaspectratio=\"1:1\" data-sbi-flags=\"favorLocal,gdpr\">\n\t<div class=\"sb_instagram_header  sbi_medium\"   >\n\t<a class=\"sbi_header_link\" target=\"_blank\"\n\t   rel=\"nofollow noopener\" href=\"https:\/\/www.instagram.com\/culturaeturismosjm\/\" title=\"@culturaeturismosjm\">\n\t\t<div class=\"sbi_header_text\">\n\t\t\t<div class=\"sbi_header_img\"  data-avatar-url=\"https:\/\/scontent-gru2-2.cdninstagram.com\/v\/t51.2885-19\/483060920_2102478403513180_1335771712856626296_n.jpg?stp=dst-jpg_s206x206_tt6&amp;_nc_cat=105&amp;ccb=7-5&amp;_nc_sid=bf7eb4&amp;efg=eyJ2ZW5jb2RlX3RhZyI6InByb2ZpbGVfcGljLnd3dy45OTcuQzMifQ%3D%3D&amp;_nc_ohc=anBRhjKym3UQ7kNvwHa8A5H&amp;_nc_oc=Adqt7fbxcc4P3Odq8aRd9iUtswEZyXHcT-I_k6Ff5ZeyQ4MEN6JPtEg4gm8Xb73etpg&amp;_nc_zt=24&amp;_nc_ht=scontent-gru2-2.cdninstagram.com&amp;edm=AP4hL3IEAAAA&amp;_nc_tpa=Q5bMBQHziowtgn2T-veX5z2chpB2eaNm655WikG26fGiwfcRuytciTmer71aE_UkfxiZBLpQ-Msmg6YkKw&amp;oh=00_Af6_zk6ZdV8I05xtlnJb6JC75dL7CeIksm82srdb3bm-FA&amp;oe=69FA111A\">\n\t\t\t\t\t\t\t\t\t<div class=\"sbi_header_img_hover\"  ><svg class=\"sbi_new_logo fa-instagram fa-w-14\" aria-hidden=\"true\" data-fa-processed=\"\" aria-label=\"Instagram\" data-prefix=\"fab\" data-icon=\"instagram\" role=\"img\" viewBox=\"0 0 448 512\">\n                    <path fill=\"currentColor\" d=\"M224.1 141c-63.6 0-114.9 51.3-114.9 114.9s51.3 114.9 114.9 114.9S339 319.5 339 255.9 287.7 141 224.1 141zm0 189.6c-41.1 0-74.7-33.5-74.7-74.7s33.5-74.7 74.7-74.7 74.7 33.5 74.7 74.7-33.6 74.7-74.7 74.7zm146.4-194.3c0 14.9-12 26.8-26.8 26.8-14.9 0-26.8-12-26.8-26.8s12-26.8 26.8-26.8 26.8 12 26.8 26.8zm76.1 27.2c-1.7-35.9-9.9-67.7-36.2-93.9-26.2-26.2-58-34.4-93.9-36.2-37-2.1-147.9-2.1-184.9 0-35.8 1.7-67.6 9.9-93.9 36.1s-34.4 58-36.2 93.9c-2.1 37-2.1 147.9 0 184.9 1.7 35.9 9.9 67.7 36.2 93.9s58 34.4 93.9 36.2c37 2.1 147.9 2.1 184.9 0 35.9-1.7 67.7-9.9 93.9-36.2 26.2-26.2 34.4-58 36.2-93.9 2.1-37 2.1-147.8 0-184.8zM398.8 388c-7.8 19.6-22.9 34.7-42.6 42.6-29.5 11.7-99.5 9-132.1 9s-102.7 2.6-132.1-9c-19.6-7.8-34.7-22.9-42.6-42.6-11.7-29.5-9-99.5-9-132.1s-2.6-102.7 9-132.1c7.8-19.6 22.9-34.7 42.6-42.6 29.5-11.7 99.5-9 132.1-9s102.7-2.6 132.1 9c19.6 7.8 34.7 22.9 42.6 42.6 11.7 29.5 9 99.5 9 132.1s2.7 102.7-9 132.1z\"><\/path>\n                <\/svg><\/div>\n\t\t\t\t\t<img decoding=\"async\"  src=\"https:\/\/meriti.rj.gov.br\/inicio\/wp-content\/plugins\/instagram-feed\/img\/thumb-placeholder.png\" alt=\"\" width=\"50\" height=\"50\">\n\t\t\t\t\n\t\t\t\t\t\t\t<\/div>\n\n\t\t\t<div class=\"sbi_feedtheme_header_text\">\n\t\t\t\t<h3>culturaeturismosjm<\/h3>\n\t\t\t\t\t\t\t\t\t<p class=\"sbi_bio\">| Secretaria de Cultura, Turismo, Empreendedorismo Cultural, Audiovisual e Igualdade Racial.<br>\n\ud83d\udccdCENTRO CULTURAL MERITIENSE<br>\n| Secret\u00e1rio: Marcus Medina<\/p>\n\t\t\t\t\t\t\t<\/div>\n\t\t<\/div>\n\t<\/a>\n<\/div>\n\n\t<div id=\"sbi_images\"  style=\"gap: 10px;\">\n\t\t<div class=\"sbi_item sbi_type_carousel sbi_new sbi_transition\"\n\tid=\"sbi_18091413062351030\" data-date=\"1776863831\">\n\t<div class=\"sbi_photo_wrap\">\n\t\t<a class=\"sbi_photo\" href=\"https:\/\/www.instagram.com\/p\/DXb3CYRgFtX\/\" target=\"_blank\" rel=\"noopener nofollow\"\n\t\t\tdata-full-res=\"https:\/\/scontent-gru1-2.cdninstagram.com\/v\/t51.82787-15\/670980082_17995445207930826_5573301789101153956_n.jpg?stp=dst-jpg_e35_tt6&#038;_nc_cat=103&#038;ccb=7-5&#038;_nc_sid=18de74&#038;efg=eyJlZmdfdGFnIjoiQ0FST1VTRUxfSVRFTS5iZXN0X2ltYWdlX3VybGdlbi5DMyJ9&#038;_nc_ohc=jvps7XnIU_UQ7kNvwH-CIDX&#038;_nc_oc=AdpuvAUiFdE64jFSO8sjOk11PLmU8cY8_bvgefPWBMivY2CudPWl0ESZZxjvmdVyRBk&#038;_nc_zt=23&#038;_nc_ht=scontent-gru1-2.cdninstagram.com&#038;edm=ANo9K5cEAAAA&#038;_nc_gid=f8CPyLO5Lgpgf2bciWG1TQ&#038;_nc_tpa=Q5bMBQFq8qNkn0H0TeR-Zq3zqgqzhNrgzkt4gMli4lZIVaQ8TMKM-POnVOaPNNqfbGaydnNpcZiLJ2so1g&#038;oh=00_Af5SDrPo5uvqPDT-92hR6V8jVRJa-vZmLwtD-DCZaDYsMQ&#038;oe=69FA3439\"\n\t\t\tdata-img-src-set=\"{&quot;d&quot;:&quot;https:\\\/\\\/scontent-gru1-2.cdninstagram.com\\\/v\\\/t51.82787-15\\\/670980082_17995445207930826_5573301789101153956_n.jpg?stp=dst-jpg_e35_tt6&amp;_nc_cat=103&amp;ccb=7-5&amp;_nc_sid=18de74&amp;efg=eyJlZmdfdGFnIjoiQ0FST1VTRUxfSVRFTS5iZXN0X2ltYWdlX3VybGdlbi5DMyJ9&amp;_nc_ohc=jvps7XnIU_UQ7kNvwH-CIDX&amp;_nc_oc=AdpuvAUiFdE64jFSO8sjOk11PLmU8cY8_bvgefPWBMivY2CudPWl0ESZZxjvmdVyRBk&amp;_nc_zt=23&amp;_nc_ht=scontent-gru1-2.cdninstagram.com&amp;edm=ANo9K5cEAAAA&amp;_nc_gid=f8CPyLO5Lgpgf2bciWG1TQ&amp;_nc_tpa=Q5bMBQFq8qNkn0H0TeR-Zq3zqgqzhNrgzkt4gMli4lZIVaQ8TMKM-POnVOaPNNqfbGaydnNpcZiLJ2so1g&amp;oh=00_Af5SDrPo5uvqPDT-92hR6V8jVRJa-vZmLwtD-DCZaDYsMQ&amp;oe=69FA3439&quot;,&quot;150&quot;:&quot;https:\\\/\\\/scontent-gru1-2.cdninstagram.com\\\/v\\\/t51.82787-15\\\/670980082_17995445207930826_5573301789101153956_n.jpg?stp=dst-jpg_e35_tt6&amp;_nc_cat=103&amp;ccb=7-5&amp;_nc_sid=18de74&amp;efg=eyJlZmdfdGFnIjoiQ0FST1VTRUxfSVRFTS5iZXN0X2ltYWdlX3VybGdlbi5DMyJ9&amp;_nc_ohc=jvps7XnIU_UQ7kNvwH-CIDX&amp;_nc_oc=AdpuvAUiFdE64jFSO8sjOk11PLmU8cY8_bvgefPWBMivY2CudPWl0ESZZxjvmdVyRBk&amp;_nc_zt=23&amp;_nc_ht=scontent-gru1-2.cdninstagram.com&amp;edm=ANo9K5cEAAAA&amp;_nc_gid=f8CPyLO5Lgpgf2bciWG1TQ&amp;_nc_tpa=Q5bMBQFq8qNkn0H0TeR-Zq3zqgqzhNrgzkt4gMli4lZIVaQ8TMKM-POnVOaPNNqfbGaydnNpcZiLJ2so1g&amp;oh=00_Af5SDrPo5uvqPDT-92hR6V8jVRJa-vZmLwtD-DCZaDYsMQ&amp;oe=69FA3439&quot;,&quot;320&quot;:&quot;https:\\\/\\\/scontent-gru1-2.cdninstagram.com\\\/v\\\/t51.82787-15\\\/670980082_17995445207930826_5573301789101153956_n.jpg?stp=dst-jpg_e35_tt6&amp;_nc_cat=103&amp;ccb=7-5&amp;_nc_sid=18de74&amp;efg=eyJlZmdfdGFnIjoiQ0FST1VTRUxfSVRFTS5iZXN0X2ltYWdlX3VybGdlbi5DMyJ9&amp;_nc_ohc=jvps7XnIU_UQ7kNvwH-CIDX&amp;_nc_oc=AdpuvAUiFdE64jFSO8sjOk11PLmU8cY8_bvgefPWBMivY2CudPWl0ESZZxjvmdVyRBk&amp;_nc_zt=23&amp;_nc_ht=scontent-gru1-2.cdninstagram.com&amp;edm=ANo9K5cEAAAA&amp;_nc_gid=f8CPyLO5Lgpgf2bciWG1TQ&amp;_nc_tpa=Q5bMBQFq8qNkn0H0TeR-Zq3zqgqzhNrgzkt4gMli4lZIVaQ8TMKM-POnVOaPNNqfbGaydnNpcZiLJ2so1g&amp;oh=00_Af5SDrPo5uvqPDT-92hR6V8jVRJa-vZmLwtD-DCZaDYsMQ&amp;oe=69FA3439&quot;,&quot;640&quot;:&quot;https:\\\/\\\/scontent-gru1-2.cdninstagram.com\\\/v\\\/t51.82787-15\\\/670980082_17995445207930826_5573301789101153956_n.jpg?stp=dst-jpg_e35_tt6&amp;_nc_cat=103&amp;ccb=7-5&amp;_nc_sid=18de74&amp;efg=eyJlZmdfdGFnIjoiQ0FST1VTRUxfSVRFTS5iZXN0X2ltYWdlX3VybGdlbi5DMyJ9&amp;_nc_ohc=jvps7XnIU_UQ7kNvwH-CIDX&amp;_nc_oc=AdpuvAUiFdE64jFSO8sjOk11PLmU8cY8_bvgefPWBMivY2CudPWl0ESZZxjvmdVyRBk&amp;_nc_zt=23&amp;_nc_ht=scontent-gru1-2.cdninstagram.com&amp;edm=ANo9K5cEAAAA&amp;_nc_gid=f8CPyLO5Lgpgf2bciWG1TQ&amp;_nc_tpa=Q5bMBQFq8qNkn0H0TeR-Zq3zqgqzhNrgzkt4gMli4lZIVaQ8TMKM-POnVOaPNNqfbGaydnNpcZiLJ2so1g&amp;oh=00_Af5SDrPo5uvqPDT-92hR6V8jVRJa-vZmLwtD-DCZaDYsMQ&amp;oe=69FA3439&quot;}\">\n\t\t\t<span class=\"sbi-screenreader\">Aten\u00e7\u00e3o, Agentes Culturais!\n\nFoi publicada a convo<\/span>\n\t\t\t<svg class=\"svg-inline--fa fa-clone fa-w-16 sbi_lightbox_carousel_icon\" aria-hidden=\"true\" aria-label=\"Clone\" data-fa-pro\u0192cessed=\"\" data-prefix=\"far\" data-icon=\"clone\" role=\"img\" xmlns=\"http:\/\/www.w3.org\/2000\/svg\" viewBox=\"0 0 512 512\">\n                    <path fill=\"currentColor\" d=\"M464 0H144c-26.51 0-48 21.49-48 48v48H48c-26.51 0-48 21.49-48 48v320c0 26.51 21.49 48 48 48h320c26.51 0 48-21.49 48-48v-48h48c26.51 0 48-21.49 48-48V48c0-26.51-21.49-48-48-48zM362 464H54a6 6 0 0 1-6-6V150a6 6 0 0 1 6-6h42v224c0 26.51 21.49 48 48 48h224v42a6 6 0 0 1-6 6zm96-96H150a6 6 0 0 1-6-6V54a6 6 0 0 1 6-6h308a6 6 0 0 1 6 6v308a6 6 0 0 1-6 6z\"><\/path>\n                <\/svg>\t\t\t\t\t\t<img decoding=\"async\" src=\"https:\/\/meriti.rj.gov.br\/inicio\/wp-content\/plugins\/instagram-feed\/img\/placeholder.png\" alt=\"Aten\u00e7\u00e3o, Agentes Culturais!\n\nFoi publicada a convoca\u00e7\u00e3o para entrega de documenta\u00e7\u00e3o dos suplentes do Edital 003\/2025 \u2013 SMCT, PNAB \u2013 Ciclo 1.\n\nOs suplentes devem comparecer ao Centro Cultural Meritiense com os documentos impressos, conforme o hor\u00e1rio e o calend\u00e1rio oficial atualizado.\n\nFique atento aos prazos!\n\n\ud83d\udce9 Para d\u00favidas, reclama\u00e7\u00f5es ou sugest\u00f5es, entre em contato pelo e-mail (conforme item 11.4 do edital):\npnabsjm2025@gmail.com\n\n\ud83c\udf10 Para mais informa\u00e7\u00f5es e para consultar o edital completo, acesse:\nhttps:\/\/meriti.rj.gov.br\/inicio\/aldir-blanc\/\" aria-hidden=\"true\">\n\t\t<\/a>\n\t<\/div>\n<\/div><div class=\"sbi_item sbi_type_carousel sbi_new sbi_transition\"\n\tid=\"sbi_18037003394782930\" data-date=\"1774470262\">\n\t<div class=\"sbi_photo_wrap\">\n\t\t<a class=\"sbi_photo\" href=\"https:\/\/www.instagram.com\/p\/DWUhqrxFNwP\/\" target=\"_blank\" rel=\"noopener nofollow\"\n\t\t\tdata-full-res=\"https:\/\/scontent-gru1-2.cdninstagram.com\/v\/t51.82787-15\/657330107_17992107959930826_2418934763744468123_n.jpg?stp=dst-jpg_e35_tt6&#038;_nc_cat=103&#038;ccb=7-5&#038;_nc_sid=18de74&#038;efg=eyJlZmdfdGFnIjoiQ0FST1VTRUxfSVRFTS5iZXN0X2ltYWdlX3VybGdlbi5DMyJ9&#038;_nc_ohc=6rnE3QpT1NkQ7kNvwFpG1Sp&#038;_nc_oc=Adr6ZAQIPQT3Cqe8kPEaV3vwJufiCLyH88tNJADmVdlRToWr5xnLw8y7LyGZlpeMUlA&#038;_nc_zt=23&#038;_nc_ht=scontent-gru1-2.cdninstagram.com&#038;edm=ANo9K5cEAAAA&#038;_nc_gid=f8CPyLO5Lgpgf2bciWG1TQ&#038;_nc_tpa=Q5bMBQH_nCCUZb6mZDkIsoof4mvU5nqwCmR1xeIA7kq0iYYZza4JBrP8pF-f2bpD6PtFztt1R7qE0BgQUQ&#038;oh=00_Af4WwxCMGZwd293ZkMiB5sWnjZ81e0gtuv81IH3L9xtgyQ&#038;oe=69FA35B4\"\n\t\t\tdata-img-src-set=\"{&quot;d&quot;:&quot;https:\\\/\\\/scontent-gru1-2.cdninstagram.com\\\/v\\\/t51.82787-15\\\/657330107_17992107959930826_2418934763744468123_n.jpg?stp=dst-jpg_e35_tt6&amp;_nc_cat=103&amp;ccb=7-5&amp;_nc_sid=18de74&amp;efg=eyJlZmdfdGFnIjoiQ0FST1VTRUxfSVRFTS5iZXN0X2ltYWdlX3VybGdlbi5DMyJ9&amp;_nc_ohc=6rnE3QpT1NkQ7kNvwFpG1Sp&amp;_nc_oc=Adr6ZAQIPQT3Cqe8kPEaV3vwJufiCLyH88tNJADmVdlRToWr5xnLw8y7LyGZlpeMUlA&amp;_nc_zt=23&amp;_nc_ht=scontent-gru1-2.cdninstagram.com&amp;edm=ANo9K5cEAAAA&amp;_nc_gid=f8CPyLO5Lgpgf2bciWG1TQ&amp;_nc_tpa=Q5bMBQH_nCCUZb6mZDkIsoof4mvU5nqwCmR1xeIA7kq0iYYZza4JBrP8pF-f2bpD6PtFztt1R7qE0BgQUQ&amp;oh=00_Af4WwxCMGZwd293ZkMiB5sWnjZ81e0gtuv81IH3L9xtgyQ&amp;oe=69FA35B4&quot;,&quot;150&quot;:&quot;https:\\\/\\\/scontent-gru1-2.cdninstagram.com\\\/v\\\/t51.82787-15\\\/657330107_17992107959930826_2418934763744468123_n.jpg?stp=dst-jpg_e35_tt6&amp;_nc_cat=103&amp;ccb=7-5&amp;_nc_sid=18de74&amp;efg=eyJlZmdfdGFnIjoiQ0FST1VTRUxfSVRFTS5iZXN0X2ltYWdlX3VybGdlbi5DMyJ9&amp;_nc_ohc=6rnE3QpT1NkQ7kNvwFpG1Sp&amp;_nc_oc=Adr6ZAQIPQT3Cqe8kPEaV3vwJufiCLyH88tNJADmVdlRToWr5xnLw8y7LyGZlpeMUlA&amp;_nc_zt=23&amp;_nc_ht=scontent-gru1-2.cdninstagram.com&amp;edm=ANo9K5cEAAAA&amp;_nc_gid=f8CPyLO5Lgpgf2bciWG1TQ&amp;_nc_tpa=Q5bMBQH_nCCUZb6mZDkIsoof4mvU5nqwCmR1xeIA7kq0iYYZza4JBrP8pF-f2bpD6PtFztt1R7qE0BgQUQ&amp;oh=00_Af4WwxCMGZwd293ZkMiB5sWnjZ81e0gtuv81IH3L9xtgyQ&amp;oe=69FA35B4&quot;,&quot;320&quot;:&quot;https:\\\/\\\/scontent-gru1-2.cdninstagram.com\\\/v\\\/t51.82787-15\\\/657330107_17992107959930826_2418934763744468123_n.jpg?stp=dst-jpg_e35_tt6&amp;_nc_cat=103&amp;ccb=7-5&amp;_nc_sid=18de74&amp;efg=eyJlZmdfdGFnIjoiQ0FST1VTRUxfSVRFTS5iZXN0X2ltYWdlX3VybGdlbi5DMyJ9&amp;_nc_ohc=6rnE3QpT1NkQ7kNvwFpG1Sp&amp;_nc_oc=Adr6ZAQIPQT3Cqe8kPEaV3vwJufiCLyH88tNJADmVdlRToWr5xnLw8y7LyGZlpeMUlA&amp;_nc_zt=23&amp;_nc_ht=scontent-gru1-2.cdninstagram.com&amp;edm=ANo9K5cEAAAA&amp;_nc_gid=f8CPyLO5Lgpgf2bciWG1TQ&amp;_nc_tpa=Q5bMBQH_nCCUZb6mZDkIsoof4mvU5nqwCmR1xeIA7kq0iYYZza4JBrP8pF-f2bpD6PtFztt1R7qE0BgQUQ&amp;oh=00_Af4WwxCMGZwd293ZkMiB5sWnjZ81e0gtuv81IH3L9xtgyQ&amp;oe=69FA35B4&quot;,&quot;640&quot;:&quot;https:\\\/\\\/scontent-gru1-2.cdninstagram.com\\\/v\\\/t51.82787-15\\\/657330107_17992107959930826_2418934763744468123_n.jpg?stp=dst-jpg_e35_tt6&amp;_nc_cat=103&amp;ccb=7-5&amp;_nc_sid=18de74&amp;efg=eyJlZmdfdGFnIjoiQ0FST1VTRUxfSVRFTS5iZXN0X2ltYWdlX3VybGdlbi5DMyJ9&amp;_nc_ohc=6rnE3QpT1NkQ7kNvwFpG1Sp&amp;_nc_oc=Adr6ZAQIPQT3Cqe8kPEaV3vwJufiCLyH88tNJADmVdlRToWr5xnLw8y7LyGZlpeMUlA&amp;_nc_zt=23&amp;_nc_ht=scontent-gru1-2.cdninstagram.com&amp;edm=ANo9K5cEAAAA&amp;_nc_gid=f8CPyLO5Lgpgf2bciWG1TQ&amp;_nc_tpa=Q5bMBQH_nCCUZb6mZDkIsoof4mvU5nqwCmR1xeIA7kq0iYYZza4JBrP8pF-f2bpD6PtFztt1R7qE0BgQUQ&amp;oh=00_Af4WwxCMGZwd293ZkMiB5sWnjZ81e0gtuv81IH3L9xtgyQ&amp;oe=69FA35B4&quot;}\">\n\t\t\t<span class=\"sbi-screenreader\">\ud83d\udea8 ATEN\u00c7\u00c3O, AGENTES CULTURAIS!\n\nEst\u00e1 publicado o re<\/span>\n\t\t\t<svg class=\"svg-inline--fa fa-clone fa-w-16 sbi_lightbox_carousel_icon\" aria-hidden=\"true\" aria-label=\"Clone\" data-fa-pro\u0192cessed=\"\" data-prefix=\"far\" data-icon=\"clone\" role=\"img\" xmlns=\"http:\/\/www.w3.org\/2000\/svg\" viewBox=\"0 0 512 512\">\n                    <path fill=\"currentColor\" d=\"M464 0H144c-26.51 0-48 21.49-48 48v48H48c-26.51 0-48 21.49-48 48v320c0 26.51 21.49 48 48 48h320c26.51 0 48-21.49 48-48v-48h48c26.51 0 48-21.49 48-48V48c0-26.51-21.49-48-48-48zM362 464H54a6 6 0 0 1-6-6V150a6 6 0 0 1 6-6h42v224c0 26.51 21.49 48 48 48h224v42a6 6 0 0 1-6 6zm96-96H150a6 6 0 0 1-6-6V54a6 6 0 0 1 6-6h308a6 6 0 0 1 6 6v308a6 6 0 0 1-6 6z\"><\/path>\n                <\/svg>\t\t\t\t\t\t<img decoding=\"async\" src=\"https:\/\/meriti.rj.gov.br\/inicio\/wp-content\/plugins\/instagram-feed\/img\/placeholder.png\" alt=\"\ud83d\udea8 ATEN\u00c7\u00c3O, AGENTES CULTURAIS!\n\nEst\u00e1 publicado o resultado final com os homologados do Edital 003\/2025 \u2013 Premia\u00e7\u00e3o por Trajet\u00f3ria Cultural (PNAB \u2013 Ciclo I) na P\u00e1gina da Cultura.\n\n\ud83d\udccc Assinatura do Termo de Premia\u00e7\u00e3o:\n\ud83d\uddd3\ufe0f 26 e 27 de mar\u00e7o de 2026\n\u23f0 Das 9h30 \u00e0s 16h30\n\ud83d\udccd Centro Cultural Meritiense\n\n\ud83d\udcce O calend\u00e1rio completo est\u00e1 anexado a este post.\n\n\ud83d\udce9 D\u00favidas, reclama\u00e7\u00f5es ou sugest\u00f5es:\npnabsjm2025@gmail.com\n (Item 11.4 do edital)\n\n\ud83c\udf10 Mais informa\u00e7\u00f5es e edital completo:\nmeriti.rj.gov.br\/inicio\/aldir-blanc\/ \ud83c\udfad\ud83d\udcc4\" aria-hidden=\"true\">\n\t\t<\/a>\n\t<\/div>\n<\/div><div class=\"sbi_item sbi_type_carousel sbi_new sbi_transition\"\n\tid=\"sbi_18093305363039081\" data-date=\"1774380504\">\n\t<div class=\"sbi_photo_wrap\">\n\t\t<a class=\"sbi_photo\" href=\"https:\/\/www.instagram.com\/p\/DWR2d_IFOlK\/\" target=\"_blank\" rel=\"noopener nofollow\"\n\t\t\tdata-full-res=\"https:\/\/scontent-gru1-2.cdninstagram.com\/v\/t51.82787-15\/656599383_17991973151930826_4528614679828446980_n.jpg?stp=dst-jpg_e35_tt6&#038;_nc_cat=103&#038;ccb=7-5&#038;_nc_sid=18de74&#038;efg=eyJlZmdfdGFnIjoiQ0FST1VTRUxfSVRFTS5iZXN0X2ltYWdlX3VybGdlbi5DMyJ9&#038;_nc_ohc=_ntc3rUorukQ7kNvwG2vLlz&#038;_nc_oc=AdqnoPtt_Zl0anNIBP6frsMt8fQlS-R1ike8iUq9zaCUfx-Bmdln95BBqoWQjfIHszI&#038;_nc_zt=23&#038;_nc_ht=scontent-gru1-2.cdninstagram.com&#038;edm=ANo9K5cEAAAA&#038;_nc_gid=f8CPyLO5Lgpgf2bciWG1TQ&#038;_nc_tpa=Q5bMBQET6bMD-0PRbfbhxpHtjEcLsx_bl6Ixyj86eiM7gx4gRhhpp9-EtVckfluZrQanzsbu0G-8VhPA4g&#038;oh=00_Af4QIqGpX9O_Ks3EVJe2nrw1_GivYQooGV7bzhd-UKkGXQ&#038;oe=69FA1A26\"\n\t\t\tdata-img-src-set=\"{&quot;d&quot;:&quot;https:\\\/\\\/scontent-gru1-2.cdninstagram.com\\\/v\\\/t51.82787-15\\\/656599383_17991973151930826_4528614679828446980_n.jpg?stp=dst-jpg_e35_tt6&amp;_nc_cat=103&amp;ccb=7-5&amp;_nc_sid=18de74&amp;efg=eyJlZmdfdGFnIjoiQ0FST1VTRUxfSVRFTS5iZXN0X2ltYWdlX3VybGdlbi5DMyJ9&amp;_nc_ohc=_ntc3rUorukQ7kNvwG2vLlz&amp;_nc_oc=AdqnoPtt_Zl0anNIBP6frsMt8fQlS-R1ike8iUq9zaCUfx-Bmdln95BBqoWQjfIHszI&amp;_nc_zt=23&amp;_nc_ht=scontent-gru1-2.cdninstagram.com&amp;edm=ANo9K5cEAAAA&amp;_nc_gid=f8CPyLO5Lgpgf2bciWG1TQ&amp;_nc_tpa=Q5bMBQET6bMD-0PRbfbhxpHtjEcLsx_bl6Ixyj86eiM7gx4gRhhpp9-EtVckfluZrQanzsbu0G-8VhPA4g&amp;oh=00_Af4QIqGpX9O_Ks3EVJe2nrw1_GivYQooGV7bzhd-UKkGXQ&amp;oe=69FA1A26&quot;,&quot;150&quot;:&quot;https:\\\/\\\/scontent-gru1-2.cdninstagram.com\\\/v\\\/t51.82787-15\\\/656599383_17991973151930826_4528614679828446980_n.jpg?stp=dst-jpg_e35_tt6&amp;_nc_cat=103&amp;ccb=7-5&amp;_nc_sid=18de74&amp;efg=eyJlZmdfdGFnIjoiQ0FST1VTRUxfSVRFTS5iZXN0X2ltYWdlX3VybGdlbi5DMyJ9&amp;_nc_ohc=_ntc3rUorukQ7kNvwG2vLlz&amp;_nc_oc=AdqnoPtt_Zl0anNIBP6frsMt8fQlS-R1ike8iUq9zaCUfx-Bmdln95BBqoWQjfIHszI&amp;_nc_zt=23&amp;_nc_ht=scontent-gru1-2.cdninstagram.com&amp;edm=ANo9K5cEAAAA&amp;_nc_gid=f8CPyLO5Lgpgf2bciWG1TQ&amp;_nc_tpa=Q5bMBQET6bMD-0PRbfbhxpHtjEcLsx_bl6Ixyj86eiM7gx4gRhhpp9-EtVckfluZrQanzsbu0G-8VhPA4g&amp;oh=00_Af4QIqGpX9O_Ks3EVJe2nrw1_GivYQooGV7bzhd-UKkGXQ&amp;oe=69FA1A26&quot;,&quot;320&quot;:&quot;https:\\\/\\\/scontent-gru1-2.cdninstagram.com\\\/v\\\/t51.82787-15\\\/656599383_17991973151930826_4528614679828446980_n.jpg?stp=dst-jpg_e35_tt6&amp;_nc_cat=103&amp;ccb=7-5&amp;_nc_sid=18de74&amp;efg=eyJlZmdfdGFnIjoiQ0FST1VTRUxfSVRFTS5iZXN0X2ltYWdlX3VybGdlbi5DMyJ9&amp;_nc_ohc=_ntc3rUorukQ7kNvwG2vLlz&amp;_nc_oc=AdqnoPtt_Zl0anNIBP6frsMt8fQlS-R1ike8iUq9zaCUfx-Bmdln95BBqoWQjfIHszI&amp;_nc_zt=23&amp;_nc_ht=scontent-gru1-2.cdninstagram.com&amp;edm=ANo9K5cEAAAA&amp;_nc_gid=f8CPyLO5Lgpgf2bciWG1TQ&amp;_nc_tpa=Q5bMBQET6bMD-0PRbfbhxpHtjEcLsx_bl6Ixyj86eiM7gx4gRhhpp9-EtVckfluZrQanzsbu0G-8VhPA4g&amp;oh=00_Af4QIqGpX9O_Ks3EVJe2nrw1_GivYQooGV7bzhd-UKkGXQ&amp;oe=69FA1A26&quot;,&quot;640&quot;:&quot;https:\\\/\\\/scontent-gru1-2.cdninstagram.com\\\/v\\\/t51.82787-15\\\/656599383_17991973151930826_4528614679828446980_n.jpg?stp=dst-jpg_e35_tt6&amp;_nc_cat=103&amp;ccb=7-5&amp;_nc_sid=18de74&amp;efg=eyJlZmdfdGFnIjoiQ0FST1VTRUxfSVRFTS5iZXN0X2ltYWdlX3VybGdlbi5DMyJ9&amp;_nc_ohc=_ntc3rUorukQ7kNvwG2vLlz&amp;_nc_oc=AdqnoPtt_Zl0anNIBP6frsMt8fQlS-R1ike8iUq9zaCUfx-Bmdln95BBqoWQjfIHszI&amp;_nc_zt=23&amp;_nc_ht=scontent-gru1-2.cdninstagram.com&amp;edm=ANo9K5cEAAAA&amp;_nc_gid=f8CPyLO5Lgpgf2bciWG1TQ&amp;_nc_tpa=Q5bMBQET6bMD-0PRbfbhxpHtjEcLsx_bl6Ixyj86eiM7gx4gRhhpp9-EtVckfluZrQanzsbu0G-8VhPA4g&amp;oh=00_Af4QIqGpX9O_Ks3EVJe2nrw1_GivYQooGV7bzhd-UKkGXQ&amp;oe=69FA1A26&quot;}\">\n\t\t\t<span class=\"sbi-screenreader\">\ud83d\udea8 ATEN\u00c7\u00c3O, AGENTES CULTURAIS!\n\n\ud83d\udccc J\u00e1 est\u00e1 dispon\u00edve<\/span>\n\t\t\t<svg class=\"svg-inline--fa fa-clone fa-w-16 sbi_lightbox_carousel_icon\" aria-hidden=\"true\" aria-label=\"Clone\" data-fa-pro\u0192cessed=\"\" data-prefix=\"far\" data-icon=\"clone\" role=\"img\" xmlns=\"http:\/\/www.w3.org\/2000\/svg\" viewBox=\"0 0 512 512\">\n                    <path fill=\"currentColor\" d=\"M464 0H144c-26.51 0-48 21.49-48 48v48H48c-26.51 0-48 21.49-48 48v320c0 26.51 21.49 48 48 48h320c26.51 0 48-21.49 48-48v-48h48c26.51 0 48-21.49 48-48V48c0-26.51-21.49-48-48-48zM362 464H54a6 6 0 0 1-6-6V150a6 6 0 0 1 6-6h42v224c0 26.51 21.49 48 48 48h224v42a6 6 0 0 1-6 6zm96-96H150a6 6 0 0 1-6-6V54a6 6 0 0 1 6-6h308a6 6 0 0 1 6 6v308a6 6 0 0 1-6 6z\"><\/path>\n                <\/svg>\t\t\t\t\t\t<img decoding=\"async\" src=\"https:\/\/meriti.rj.gov.br\/inicio\/wp-content\/plugins\/instagram-feed\/img\/placeholder.png\" alt=\"\ud83d\udea8 ATEN\u00c7\u00c3O, AGENTES CULTURAIS!\n\n\ud83d\udccc J\u00e1 est\u00e1 dispon\u00edvel na P\u00e1gina da Cultura o resultado da fase de Recursos de Entrega de Documenta\u00e7\u00e3o para Habilita\u00e7\u00e3o do\nEdital 003\/2025 \u2013 Premia\u00e7\u00e3o por Trajet\u00f3ria Cultural (PNAB \u2013 Ciclo I).\n\n\ud83d\uddd3\ufe0f Dia 25:\nPublica\u00e7\u00e3o do resultado final com os homologados do edital.\n\n\ud83d\udcce O calend\u00e1rio completo est\u00e1 anexado a este post.\n\n\ud83d\udce9 D\u00favidas, reclama\u00e7\u00f5es ou sugest\u00f5es:\npnabsjm2025@gmail.com\n (Item 11.4 do edital)\n\n\ud83c\udf10 Mais informa\u00e7\u00f5es e edital completo:\nmeriti.rj.gov.br\/inicio\/aldir-blanc\/\n\nAcompanhe pelos canais oficiais da Cultura. \ud83c\udfad\ud83d\udcc4\" aria-hidden=\"true\">\n\t\t<\/a>\n\t<\/div>\n<\/div><div class=\"sbi_item sbi_type_video sbi_new sbi_transition\"\n\tid=\"sbi_18439174147116807\" data-date=\"1774357951\">\n\t<div class=\"sbi_photo_wrap\">\n\t\t<a class=\"sbi_photo\" href=\"https:\/\/www.instagram.com\/reel\/DWRLWo8AO4a\/\" target=\"_blank\" rel=\"noopener nofollow\"\n\t\t\tdata-full-res=\"https:\/\/scontent-gru2-1.cdninstagram.com\/v\/t51.71878-15\/656206115_24663997063298106_7141663879393726289_n.jpg?stp=dst-jpg_e35_tt6&#038;_nc_cat=109&#038;ccb=7-5&#038;_nc_sid=18de74&#038;efg=eyJlZmdfdGFnIjoiQ0xJUFMuYmVzdF9pbWFnZV91cmxnZW4uQzMifQ%3D%3D&#038;_nc_ohc=Ffa_ePXmAF0Q7kNvwH2VYkp&#038;_nc_oc=AdpHdYuFq4R3yCXiczmAGe2awS_ihDCeW7iCWmYnielqxFb22vWC1WkC7iZtRZHSAZk&#038;_nc_zt=23&#038;_nc_ht=scontent-gru2-1.cdninstagram.com&#038;edm=ANo9K5cEAAAA&#038;_nc_gid=f8CPyLO5Lgpgf2bciWG1TQ&#038;_nc_tpa=Q5bMBQGsBaoKeNYC3a7sVq6IjY7JJxwBbAqZ0MD_EDBI_Gh-i0d4-AKapknENY4hTdFeJsufuN8IVtJvpA&#038;oh=00_Af7GNE4l0h1qrioFZt5TuHopdt-utQTCgksojEtIlRTG1A&#038;oe=69FA297F\"\n\t\t\tdata-img-src-set=\"{&quot;d&quot;:&quot;https:\\\/\\\/scontent-gru2-1.cdninstagram.com\\\/v\\\/t51.71878-15\\\/656206115_24663997063298106_7141663879393726289_n.jpg?stp=dst-jpg_e35_tt6&amp;_nc_cat=109&amp;ccb=7-5&amp;_nc_sid=18de74&amp;efg=eyJlZmdfdGFnIjoiQ0xJUFMuYmVzdF9pbWFnZV91cmxnZW4uQzMifQ%3D%3D&amp;_nc_ohc=Ffa_ePXmAF0Q7kNvwH2VYkp&amp;_nc_oc=AdpHdYuFq4R3yCXiczmAGe2awS_ihDCeW7iCWmYnielqxFb22vWC1WkC7iZtRZHSAZk&amp;_nc_zt=23&amp;_nc_ht=scontent-gru2-1.cdninstagram.com&amp;edm=ANo9K5cEAAAA&amp;_nc_gid=f8CPyLO5Lgpgf2bciWG1TQ&amp;_nc_tpa=Q5bMBQGsBaoKeNYC3a7sVq6IjY7JJxwBbAqZ0MD_EDBI_Gh-i0d4-AKapknENY4hTdFeJsufuN8IVtJvpA&amp;oh=00_Af7GNE4l0h1qrioFZt5TuHopdt-utQTCgksojEtIlRTG1A&amp;oe=69FA297F&quot;,&quot;150&quot;:&quot;https:\\\/\\\/scontent-gru2-1.cdninstagram.com\\\/v\\\/t51.71878-15\\\/656206115_24663997063298106_7141663879393726289_n.jpg?stp=dst-jpg_e35_tt6&amp;_nc_cat=109&amp;ccb=7-5&amp;_nc_sid=18de74&amp;efg=eyJlZmdfdGFnIjoiQ0xJUFMuYmVzdF9pbWFnZV91cmxnZW4uQzMifQ%3D%3D&amp;_nc_ohc=Ffa_ePXmAF0Q7kNvwH2VYkp&amp;_nc_oc=AdpHdYuFq4R3yCXiczmAGe2awS_ihDCeW7iCWmYnielqxFb22vWC1WkC7iZtRZHSAZk&amp;_nc_zt=23&amp;_nc_ht=scontent-gru2-1.cdninstagram.com&amp;edm=ANo9K5cEAAAA&amp;_nc_gid=f8CPyLO5Lgpgf2bciWG1TQ&amp;_nc_tpa=Q5bMBQGsBaoKeNYC3a7sVq6IjY7JJxwBbAqZ0MD_EDBI_Gh-i0d4-AKapknENY4hTdFeJsufuN8IVtJvpA&amp;oh=00_Af7GNE4l0h1qrioFZt5TuHopdt-utQTCgksojEtIlRTG1A&amp;oe=69FA297F&quot;,&quot;320&quot;:&quot;https:\\\/\\\/scontent-gru2-1.cdninstagram.com\\\/v\\\/t51.71878-15\\\/656206115_24663997063298106_7141663879393726289_n.jpg?stp=dst-jpg_e35_tt6&amp;_nc_cat=109&amp;ccb=7-5&amp;_nc_sid=18de74&amp;efg=eyJlZmdfdGFnIjoiQ0xJUFMuYmVzdF9pbWFnZV91cmxnZW4uQzMifQ%3D%3D&amp;_nc_ohc=Ffa_ePXmAF0Q7kNvwH2VYkp&amp;_nc_oc=AdpHdYuFq4R3yCXiczmAGe2awS_ihDCeW7iCWmYnielqxFb22vWC1WkC7iZtRZHSAZk&amp;_nc_zt=23&amp;_nc_ht=scontent-gru2-1.cdninstagram.com&amp;edm=ANo9K5cEAAAA&amp;_nc_gid=f8CPyLO5Lgpgf2bciWG1TQ&amp;_nc_tpa=Q5bMBQGsBaoKeNYC3a7sVq6IjY7JJxwBbAqZ0MD_EDBI_Gh-i0d4-AKapknENY4hTdFeJsufuN8IVtJvpA&amp;oh=00_Af7GNE4l0h1qrioFZt5TuHopdt-utQTCgksojEtIlRTG1A&amp;oe=69FA297F&quot;,&quot;640&quot;:&quot;https:\\\/\\\/scontent-gru2-1.cdninstagram.com\\\/v\\\/t51.71878-15\\\/656206115_24663997063298106_7141663879393726289_n.jpg?stp=dst-jpg_e35_tt6&amp;_nc_cat=109&amp;ccb=7-5&amp;_nc_sid=18de74&amp;efg=eyJlZmdfdGFnIjoiQ0xJUFMuYmVzdF9pbWFnZV91cmxnZW4uQzMifQ%3D%3D&amp;_nc_ohc=Ffa_ePXmAF0Q7kNvwH2VYkp&amp;_nc_oc=AdpHdYuFq4R3yCXiczmAGe2awS_ihDCeW7iCWmYnielqxFb22vWC1WkC7iZtRZHSAZk&amp;_nc_zt=23&amp;_nc_ht=scontent-gru2-1.cdninstagram.com&amp;edm=ANo9K5cEAAAA&amp;_nc_gid=f8CPyLO5Lgpgf2bciWG1TQ&amp;_nc_tpa=Q5bMBQGsBaoKeNYC3a7sVq6IjY7JJxwBbAqZ0MD_EDBI_Gh-i0d4-AKapknENY4hTdFeJsufuN8IVtJvpA&amp;oh=00_Af7GNE4l0h1qrioFZt5TuHopdt-utQTCgksojEtIlRTG1A&amp;oe=69FA297F&quot;}\">\n\t\t\t<span class=\"sbi-screenreader\">Em reuni\u00e3o de alinhamento realizada no Centro Cult<\/span>\n\t\t\t\t\t\t<svg style=\"color: rgba(255,255,255,1)\" class=\"svg-inline--fa fa-play fa-w-14 sbi_playbtn\" aria-label=\"Play\" aria-hidden=\"true\" data-fa-processed=\"\" data-prefix=\"fa\" data-icon=\"play\" role=\"presentation\" xmlns=\"http:\/\/www.w3.org\/2000\/svg\" viewBox=\"0 0 448 512\"><path fill=\"currentColor\" d=\"M424.4 214.7L72.4 6.6C43.8-10.3 0 6.1 0 47.9V464c0 37.5 40.7 60.1 72.4 41.3l352-208c31.4-18.5 31.5-64.1 0-82.6z\"><\/path><\/svg>\t\t\t<img decoding=\"async\" src=\"https:\/\/meriti.rj.gov.br\/inicio\/wp-content\/plugins\/instagram-feed\/img\/placeholder.png\" alt=\"Em reuni\u00e3o de alinhamento realizada no Centro Cultural Meritiense, foi definido o tema da 14\u00aa edi\u00e7\u00e3o do Festival Liter\u00e1rio Internacional da Di\u00e1spora Africana (FLIDAM): \u201cSacop\u00e3s e Camorins \u2013 Quilombos Urbanos do Rio de Janeiro\u201d.\n\nO encontro reuniu representantes da cultura, educa\u00e7\u00e3o e sociedade civil para alinhar propostas e estrat\u00e9gias, incluindo a abordagem do tema nas escolas da rede municipal, fortalecendo o debate sobre identidade, mem\u00f3ria e combate ao racismo.\n\nO FLIDAM 2026 acontecer\u00e1 de 17 a 20 de novembro, reafirmando o compromisso do munic\u00edpio com a valoriza\u00e7\u00e3o da cultura e da educa\u00e7\u00e3o.\n\nPrefeitura de S\u00e3o Jo\u00e3o de Meriti\nRumo a uma nova hist\u00f3ria. \ud83d\udc9a\n\n#S\u00e3oJo\u00e3odeMeriti #Meriti #FLIDAM\" aria-hidden=\"true\">\n\t\t<\/a>\n\t<\/div>\n<\/div><div class=\"sbi_item sbi_type_carousel sbi_new sbi_transition\"\n\tid=\"sbi_18114311431589177\" data-date=\"1773951840\">\n\t<div class=\"sbi_photo_wrap\">\n\t\t<a class=\"sbi_photo\" href=\"https:\/\/www.instagram.com\/p\/DWFE2ullEj4\/\" target=\"_blank\" rel=\"noopener nofollow\"\n\t\t\tdata-full-res=\"https:\/\/scontent-gru2-2.cdninstagram.com\/v\/t51.82787-15\/655148690_17991303524930826_6188736105875037378_n.jpg?stp=dst-jpg_e35_tt6&#038;_nc_cat=102&#038;ccb=7-5&#038;_nc_sid=18de74&#038;efg=eyJlZmdfdGFnIjoiQ0FST1VTRUxfSVRFTS5iZXN0X2ltYWdlX3VybGdlbi5DMyJ9&#038;_nc_ohc=eEDzwiAXzVkQ7kNvwHwJr3B&#038;_nc_oc=AdoiR0kI2hg-U4oz5HSJpmpZCTsf4IGPbKH-ASa1ueGaRIS7UIrJ0wmFfdriz-6fTRQ&#038;_nc_zt=23&#038;_nc_ht=scontent-gru2-2.cdninstagram.com&#038;edm=ANo9K5cEAAAA&#038;_nc_gid=f8CPyLO5Lgpgf2bciWG1TQ&#038;_nc_tpa=Q5bMBQFm9NVAIQH2i89FwmRc90XlXYDmnFO_RLbapMlN-WTzJOmjQjW74bVsUZg1hxGnxzZZRCDK3lVy5A&#038;oh=00_Af7v-WvUBkMR0JZLvao6RvKARNAB4mCxdZwBlEVtPyRYUA&#038;oe=69FA3161\"\n\t\t\tdata-img-src-set=\"{&quot;d&quot;:&quot;https:\\\/\\\/scontent-gru2-2.cdninstagram.com\\\/v\\\/t51.82787-15\\\/655148690_17991303524930826_6188736105875037378_n.jpg?stp=dst-jpg_e35_tt6&amp;_nc_cat=102&amp;ccb=7-5&amp;_nc_sid=18de74&amp;efg=eyJlZmdfdGFnIjoiQ0FST1VTRUxfSVRFTS5iZXN0X2ltYWdlX3VybGdlbi5DMyJ9&amp;_nc_ohc=eEDzwiAXzVkQ7kNvwHwJr3B&amp;_nc_oc=AdoiR0kI2hg-U4oz5HSJpmpZCTsf4IGPbKH-ASa1ueGaRIS7UIrJ0wmFfdriz-6fTRQ&amp;_nc_zt=23&amp;_nc_ht=scontent-gru2-2.cdninstagram.com&amp;edm=ANo9K5cEAAAA&amp;_nc_gid=f8CPyLO5Lgpgf2bciWG1TQ&amp;_nc_tpa=Q5bMBQFm9NVAIQH2i89FwmRc90XlXYDmnFO_RLbapMlN-WTzJOmjQjW74bVsUZg1hxGnxzZZRCDK3lVy5A&amp;oh=00_Af7v-WvUBkMR0JZLvao6RvKARNAB4mCxdZwBlEVtPyRYUA&amp;oe=69FA3161&quot;,&quot;150&quot;:&quot;https:\\\/\\\/scontent-gru2-2.cdninstagram.com\\\/v\\\/t51.82787-15\\\/655148690_17991303524930826_6188736105875037378_n.jpg?stp=dst-jpg_e35_tt6&amp;_nc_cat=102&amp;ccb=7-5&amp;_nc_sid=18de74&amp;efg=eyJlZmdfdGFnIjoiQ0FST1VTRUxfSVRFTS5iZXN0X2ltYWdlX3VybGdlbi5DMyJ9&amp;_nc_ohc=eEDzwiAXzVkQ7kNvwHwJr3B&amp;_nc_oc=AdoiR0kI2hg-U4oz5HSJpmpZCTsf4IGPbKH-ASa1ueGaRIS7UIrJ0wmFfdriz-6fTRQ&amp;_nc_zt=23&amp;_nc_ht=scontent-gru2-2.cdninstagram.com&amp;edm=ANo9K5cEAAAA&amp;_nc_gid=f8CPyLO5Lgpgf2bciWG1TQ&amp;_nc_tpa=Q5bMBQFm9NVAIQH2i89FwmRc90XlXYDmnFO_RLbapMlN-WTzJOmjQjW74bVsUZg1hxGnxzZZRCDK3lVy5A&amp;oh=00_Af7v-WvUBkMR0JZLvao6RvKARNAB4mCxdZwBlEVtPyRYUA&amp;oe=69FA3161&quot;,&quot;320&quot;:&quot;https:\\\/\\\/scontent-gru2-2.cdninstagram.com\\\/v\\\/t51.82787-15\\\/655148690_17991303524930826_6188736105875037378_n.jpg?stp=dst-jpg_e35_tt6&amp;_nc_cat=102&amp;ccb=7-5&amp;_nc_sid=18de74&amp;efg=eyJlZmdfdGFnIjoiQ0FST1VTRUxfSVRFTS5iZXN0X2ltYWdlX3VybGdlbi5DMyJ9&amp;_nc_ohc=eEDzwiAXzVkQ7kNvwHwJr3B&amp;_nc_oc=AdoiR0kI2hg-U4oz5HSJpmpZCTsf4IGPbKH-ASa1ueGaRIS7UIrJ0wmFfdriz-6fTRQ&amp;_nc_zt=23&amp;_nc_ht=scontent-gru2-2.cdninstagram.com&amp;edm=ANo9K5cEAAAA&amp;_nc_gid=f8CPyLO5Lgpgf2bciWG1TQ&amp;_nc_tpa=Q5bMBQFm9NVAIQH2i89FwmRc90XlXYDmnFO_RLbapMlN-WTzJOmjQjW74bVsUZg1hxGnxzZZRCDK3lVy5A&amp;oh=00_Af7v-WvUBkMR0JZLvao6RvKARNAB4mCxdZwBlEVtPyRYUA&amp;oe=69FA3161&quot;,&quot;640&quot;:&quot;https:\\\/\\\/scontent-gru2-2.cdninstagram.com\\\/v\\\/t51.82787-15\\\/655148690_17991303524930826_6188736105875037378_n.jpg?stp=dst-jpg_e35_tt6&amp;_nc_cat=102&amp;ccb=7-5&amp;_nc_sid=18de74&amp;efg=eyJlZmdfdGFnIjoiQ0FST1VTRUxfSVRFTS5iZXN0X2ltYWdlX3VybGdlbi5DMyJ9&amp;_nc_ohc=eEDzwiAXzVkQ7kNvwHwJr3B&amp;_nc_oc=AdoiR0kI2hg-U4oz5HSJpmpZCTsf4IGPbKH-ASa1ueGaRIS7UIrJ0wmFfdriz-6fTRQ&amp;_nc_zt=23&amp;_nc_ht=scontent-gru2-2.cdninstagram.com&amp;edm=ANo9K5cEAAAA&amp;_nc_gid=f8CPyLO5Lgpgf2bciWG1TQ&amp;_nc_tpa=Q5bMBQFm9NVAIQH2i89FwmRc90XlXYDmnFO_RLbapMlN-WTzJOmjQjW74bVsUZg1hxGnxzZZRCDK3lVy5A&amp;oh=00_Af7v-WvUBkMR0JZLvao6RvKARNAB4mCxdZwBlEVtPyRYUA&amp;oe=69FA3161&quot;}\">\n\t\t\t<span class=\"sbi-screenreader\">\ud83d\udea8 AL\u00d4, AGENTES CULTURAIS!\n\nEst\u00e1 publicado o result<\/span>\n\t\t\t<svg class=\"svg-inline--fa fa-clone fa-w-16 sbi_lightbox_carousel_icon\" aria-hidden=\"true\" aria-label=\"Clone\" data-fa-pro\u0192cessed=\"\" data-prefix=\"far\" data-icon=\"clone\" role=\"img\" xmlns=\"http:\/\/www.w3.org\/2000\/svg\" viewBox=\"0 0 512 512\">\n                    <path fill=\"currentColor\" d=\"M464 0H144c-26.51 0-48 21.49-48 48v48H48c-26.51 0-48 21.49-48 48v320c0 26.51 21.49 48 48 48h320c26.51 0 48-21.49 48-48v-48h48c26.51 0 48-21.49 48-48V48c0-26.51-21.49-48-48-48zM362 464H54a6 6 0 0 1-6-6V150a6 6 0 0 1 6-6h42v224c0 26.51 21.49 48 48 48h224v42a6 6 0 0 1-6 6zm96-96H150a6 6 0 0 1-6-6V54a6 6 0 0 1 6-6h308a6 6 0 0 1 6 6v308a6 6 0 0 1-6 6z\"><\/path>\n                <\/svg>\t\t\t\t\t\t<img decoding=\"async\" src=\"https:\/\/meriti.rj.gov.br\/inicio\/wp-content\/plugins\/instagram-feed\/img\/placeholder.png\" alt=\"\ud83d\udea8 AL\u00d4, AGENTES CULTURAIS!\n\nEst\u00e1 publicado o resultado da fase de Habilita\u00e7\u00e3o do Edital 003\/2025 \u2013 Premia\u00e7\u00e3o por Trajet\u00f3ria Cultural (PNAB \u2013 Ciclo I).\n\n\ud83d\udccc Prazo para recursos de documenta\u00e7\u00e3o (Habilita\u00e7\u00e3o):\n\ud83d\uddd3\ufe0f 20 a 23 de mar\u00e7o (conforme link na bio)\n\n\ud83d\udcce O calend\u00e1rio completo est\u00e1 anexado a este post.\n\n\ud83d\udce9 D\u00favidas, reclama\u00e7\u00f5es ou sugest\u00f5es:\npnabsjm2025@gmail.com\n (Item 11.4 do edital)\n\n\ud83c\udf10 Mais informa\u00e7\u00f5es e edital completo:\nmeriti.rj.gov.br\/inicio\/aldir-blanc\/\n\nAcompanhe tamb\u00e9m pelas redes oficiais da Cultura. \ud83c\udfad\ud83d\udcc4\" aria-hidden=\"true\">\n\t\t<\/a>\n\t<\/div>\n<\/div><div class=\"sbi_item sbi_type_image sbi_new sbi_transition\"\n\tid=\"sbi_18165099784412053\" data-date=\"1773842302\">\n\t<div class=\"sbi_photo_wrap\">\n\t\t<a class=\"sbi_photo\" href=\"https:\/\/www.instagram.com\/p\/DWBzxfDgEne\/\" target=\"_blank\" rel=\"noopener nofollow\"\n\t\t\tdata-full-res=\"https:\/\/scontent-gru2-1.cdninstagram.com\/v\/t51.82787-15\/654474525_17991117713930826_8095907518972739982_n.jpg?stp=dst-jpg_e35_tt6&#038;_nc_cat=111&#038;ccb=7-5&#038;_nc_sid=18de74&#038;efg=eyJlZmdfdGFnIjoiRkVFRC5iZXN0X2ltYWdlX3VybGdlbi5DMyJ9&#038;_nc_ohc=5G8qOeNfq-cQ7kNvwFcVrjz&#038;_nc_oc=Adr9XyGWniV-be5yYi-iRshyShj4usjbATSaVpG6w_t9D2aYdrDsrkPYMF1KaND91AE&#038;_nc_zt=23&#038;_nc_ht=scontent-gru2-1.cdninstagram.com&#038;edm=ANo9K5cEAAAA&#038;_nc_gid=f8CPyLO5Lgpgf2bciWG1TQ&#038;_nc_tpa=Q5bMBQFCy6qc-olPOFzyeqy9U1HgFjuZQELk8kqlVSKVwG9vfl1Rm1MFMFl2ion3ouXEXMoLarXbL8eGlg&#038;oh=00_Af7nTwXt3Mc8QXQhpNnleX7MOg-BUvonWzRfVM_6tzazag&#038;oe=69FA156D\"\n\t\t\tdata-img-src-set=\"{&quot;d&quot;:&quot;https:\\\/\\\/scontent-gru2-1.cdninstagram.com\\\/v\\\/t51.82787-15\\\/654474525_17991117713930826_8095907518972739982_n.jpg?stp=dst-jpg_e35_tt6&amp;_nc_cat=111&amp;ccb=7-5&amp;_nc_sid=18de74&amp;efg=eyJlZmdfdGFnIjoiRkVFRC5iZXN0X2ltYWdlX3VybGdlbi5DMyJ9&amp;_nc_ohc=5G8qOeNfq-cQ7kNvwFcVrjz&amp;_nc_oc=Adr9XyGWniV-be5yYi-iRshyShj4usjbATSaVpG6w_t9D2aYdrDsrkPYMF1KaND91AE&amp;_nc_zt=23&amp;_nc_ht=scontent-gru2-1.cdninstagram.com&amp;edm=ANo9K5cEAAAA&amp;_nc_gid=f8CPyLO5Lgpgf2bciWG1TQ&amp;_nc_tpa=Q5bMBQFCy6qc-olPOFzyeqy9U1HgFjuZQELk8kqlVSKVwG9vfl1Rm1MFMFl2ion3ouXEXMoLarXbL8eGlg&amp;oh=00_Af7nTwXt3Mc8QXQhpNnleX7MOg-BUvonWzRfVM_6tzazag&amp;oe=69FA156D&quot;,&quot;150&quot;:&quot;https:\\\/\\\/scontent-gru2-1.cdninstagram.com\\\/v\\\/t51.82787-15\\\/654474525_17991117713930826_8095907518972739982_n.jpg?stp=dst-jpg_e35_tt6&amp;_nc_cat=111&amp;ccb=7-5&amp;_nc_sid=18de74&amp;efg=eyJlZmdfdGFnIjoiRkVFRC5iZXN0X2ltYWdlX3VybGdlbi5DMyJ9&amp;_nc_ohc=5G8qOeNfq-cQ7kNvwFcVrjz&amp;_nc_oc=Adr9XyGWniV-be5yYi-iRshyShj4usjbATSaVpG6w_t9D2aYdrDsrkPYMF1KaND91AE&amp;_nc_zt=23&amp;_nc_ht=scontent-gru2-1.cdninstagram.com&amp;edm=ANo9K5cEAAAA&amp;_nc_gid=f8CPyLO5Lgpgf2bciWG1TQ&amp;_nc_tpa=Q5bMBQFCy6qc-olPOFzyeqy9U1HgFjuZQELk8kqlVSKVwG9vfl1Rm1MFMFl2ion3ouXEXMoLarXbL8eGlg&amp;oh=00_Af7nTwXt3Mc8QXQhpNnleX7MOg-BUvonWzRfVM_6tzazag&amp;oe=69FA156D&quot;,&quot;320&quot;:&quot;https:\\\/\\\/scontent-gru2-1.cdninstagram.com\\\/v\\\/t51.82787-15\\\/654474525_17991117713930826_8095907518972739982_n.jpg?stp=dst-jpg_e35_tt6&amp;_nc_cat=111&amp;ccb=7-5&amp;_nc_sid=18de74&amp;efg=eyJlZmdfdGFnIjoiRkVFRC5iZXN0X2ltYWdlX3VybGdlbi5DMyJ9&amp;_nc_ohc=5G8qOeNfq-cQ7kNvwFcVrjz&amp;_nc_oc=Adr9XyGWniV-be5yYi-iRshyShj4usjbATSaVpG6w_t9D2aYdrDsrkPYMF1KaND91AE&amp;_nc_zt=23&amp;_nc_ht=scontent-gru2-1.cdninstagram.com&amp;edm=ANo9K5cEAAAA&amp;_nc_gid=f8CPyLO5Lgpgf2bciWG1TQ&amp;_nc_tpa=Q5bMBQFCy6qc-olPOFzyeqy9U1HgFjuZQELk8kqlVSKVwG9vfl1Rm1MFMFl2ion3ouXEXMoLarXbL8eGlg&amp;oh=00_Af7nTwXt3Mc8QXQhpNnleX7MOg-BUvonWzRfVM_6tzazag&amp;oe=69FA156D&quot;,&quot;640&quot;:&quot;https:\\\/\\\/scontent-gru2-1.cdninstagram.com\\\/v\\\/t51.82787-15\\\/654474525_17991117713930826_8095907518972739982_n.jpg?stp=dst-jpg_e35_tt6&amp;_nc_cat=111&amp;ccb=7-5&amp;_nc_sid=18de74&amp;efg=eyJlZmdfdGFnIjoiRkVFRC5iZXN0X2ltYWdlX3VybGdlbi5DMyJ9&amp;_nc_ohc=5G8qOeNfq-cQ7kNvwFcVrjz&amp;_nc_oc=Adr9XyGWniV-be5yYi-iRshyShj4usjbATSaVpG6w_t9D2aYdrDsrkPYMF1KaND91AE&amp;_nc_zt=23&amp;_nc_ht=scontent-gru2-1.cdninstagram.com&amp;edm=ANo9K5cEAAAA&amp;_nc_gid=f8CPyLO5Lgpgf2bciWG1TQ&amp;_nc_tpa=Q5bMBQFCy6qc-olPOFzyeqy9U1HgFjuZQELk8kqlVSKVwG9vfl1Rm1MFMFl2ion3ouXEXMoLarXbL8eGlg&amp;oh=00_Af7nTwXt3Mc8QXQhpNnleX7MOg-BUvonWzRfVM_6tzazag&amp;oe=69FA156D&quot;}\">\n\t\t\t<span class=\"sbi-screenreader\">Posse dos Conselheiros de Igualdade Racial \u2013 COMIR<\/span>\n\t\t\t\t\t\t\t\t\t<img decoding=\"async\" src=\"https:\/\/meriti.rj.gov.br\/inicio\/wp-content\/plugins\/instagram-feed\/img\/placeholder.png\" alt=\"Posse dos Conselheiros de Igualdade Racial \u2013 COMIRA\n\nNo dia 25 de mar\u00e7o, a C\u00e2mara Municipal de S\u00e3o Jo\u00e3o de Meriti ser\u00e1 palco de um momento hist\u00f3rico: a posse dos novos conselheiros do Conselho Municipal de Igualdade Racial (COMIRA). \n\nEste \u00e9 um passo fundamental para fortalecer as pol\u00edticas p\u00fablicas de promo\u00e7\u00e3o da igualdade racial, ampliar o di\u00e1logo com a sociedade e garantir que vozes diversas sejam ouvidas na constru\u00e7\u00e3o de uma cidade mais justa e inclusiva. \n\n\u2728 Venha participar, prestigiar e celebrar este marco para S\u00e3o Jo\u00e3o de Meriti. \n\ud83d\udccd Local: C\u00e2mara Municipal de S\u00e3o Jo\u00e3o de Meriti \n\ud83d\udcc5 Data: 25 de mar\u00e7o \n\nJuntos, seguimos na luta por respeito, diversidade e igualdade! \u270a\ud83c\udfff\u270a\ud83c\udffe\u270a\ud83c\udffd\" aria-hidden=\"true\">\n\t\t<\/a>\n\t<\/div>\n<\/div><div class=\"sbi_item sbi_type_carousel sbi_new sbi_transition\"\n\tid=\"sbi_18073945856156743\" data-date=\"1773255497\">\n\t<div class=\"sbi_photo_wrap\">\n\t\t<a class=\"sbi_photo\" href=\"https:\/\/www.instagram.com\/p\/DVwUr-HFHzP\/\" target=\"_blank\" rel=\"noopener nofollow\"\n\t\t\tdata-full-res=\"https:\/\/scontent-gru2-1.cdninstagram.com\/v\/t51.82787-15\/649174516_17990238230930826_8107320475004767681_n.jpg?stp=dst-jpg_e35_tt6&#038;_nc_cat=111&#038;ccb=7-5&#038;_nc_sid=18de74&#038;efg=eyJlZmdfdGFnIjoiQ0FST1VTRUxfSVRFTS5iZXN0X2ltYWdlX3VybGdlbi5DMyJ9&#038;_nc_ohc=UcBnpLFCYSwQ7kNvwH1oFwB&#038;_nc_oc=Adrb2FM_VKCJ9YUk0wBwmZxDrHlw0iuK1kSh7Qs7jxI2pQC10CaRk3OK9k7IS1pl4Do&#038;_nc_zt=23&#038;_nc_ht=scontent-gru2-1.cdninstagram.com&#038;edm=ANo9K5cEAAAA&#038;_nc_gid=f8CPyLO5Lgpgf2bciWG1TQ&#038;_nc_tpa=Q5bMBQGS2uXvpKOddp-bs6BQBEfjwSX7L_KzwgvFdQc0NcEd1mSmoxxbWLoGga3cHhru0pDjPAv_CnfGLA&#038;oh=00_Af5dTnnAEay5sutKRfyyKcLPPGSI87WAjGEsgbFwxXEwBA&#038;oe=69FA3EF5\"\n\t\t\tdata-img-src-set=\"{&quot;d&quot;:&quot;https:\\\/\\\/scontent-gru2-1.cdninstagram.com\\\/v\\\/t51.82787-15\\\/649174516_17990238230930826_8107320475004767681_n.jpg?stp=dst-jpg_e35_tt6&amp;_nc_cat=111&amp;ccb=7-5&amp;_nc_sid=18de74&amp;efg=eyJlZmdfdGFnIjoiQ0FST1VTRUxfSVRFTS5iZXN0X2ltYWdlX3VybGdlbi5DMyJ9&amp;_nc_ohc=UcBnpLFCYSwQ7kNvwH1oFwB&amp;_nc_oc=Adrb2FM_VKCJ9YUk0wBwmZxDrHlw0iuK1kSh7Qs7jxI2pQC10CaRk3OK9k7IS1pl4Do&amp;_nc_zt=23&amp;_nc_ht=scontent-gru2-1.cdninstagram.com&amp;edm=ANo9K5cEAAAA&amp;_nc_gid=f8CPyLO5Lgpgf2bciWG1TQ&amp;_nc_tpa=Q5bMBQGS2uXvpKOddp-bs6BQBEfjwSX7L_KzwgvFdQc0NcEd1mSmoxxbWLoGga3cHhru0pDjPAv_CnfGLA&amp;oh=00_Af5dTnnAEay5sutKRfyyKcLPPGSI87WAjGEsgbFwxXEwBA&amp;oe=69FA3EF5&quot;,&quot;150&quot;:&quot;https:\\\/\\\/scontent-gru2-1.cdninstagram.com\\\/v\\\/t51.82787-15\\\/649174516_17990238230930826_8107320475004767681_n.jpg?stp=dst-jpg_e35_tt6&amp;_nc_cat=111&amp;ccb=7-5&amp;_nc_sid=18de74&amp;efg=eyJlZmdfdGFnIjoiQ0FST1VTRUxfSVRFTS5iZXN0X2ltYWdlX3VybGdlbi5DMyJ9&amp;_nc_ohc=UcBnpLFCYSwQ7kNvwH1oFwB&amp;_nc_oc=Adrb2FM_VKCJ9YUk0wBwmZxDrHlw0iuK1kSh7Qs7jxI2pQC10CaRk3OK9k7IS1pl4Do&amp;_nc_zt=23&amp;_nc_ht=scontent-gru2-1.cdninstagram.com&amp;edm=ANo9K5cEAAAA&amp;_nc_gid=f8CPyLO5Lgpgf2bciWG1TQ&amp;_nc_tpa=Q5bMBQGS2uXvpKOddp-bs6BQBEfjwSX7L_KzwgvFdQc0NcEd1mSmoxxbWLoGga3cHhru0pDjPAv_CnfGLA&amp;oh=00_Af5dTnnAEay5sutKRfyyKcLPPGSI87WAjGEsgbFwxXEwBA&amp;oe=69FA3EF5&quot;,&quot;320&quot;:&quot;https:\\\/\\\/scontent-gru2-1.cdninstagram.com\\\/v\\\/t51.82787-15\\\/649174516_17990238230930826_8107320475004767681_n.jpg?stp=dst-jpg_e35_tt6&amp;_nc_cat=111&amp;ccb=7-5&amp;_nc_sid=18de74&amp;efg=eyJlZmdfdGFnIjoiQ0FST1VTRUxfSVRFTS5iZXN0X2ltYWdlX3VybGdlbi5DMyJ9&amp;_nc_ohc=UcBnpLFCYSwQ7kNvwH1oFwB&amp;_nc_oc=Adrb2FM_VKCJ9YUk0wBwmZxDrHlw0iuK1kSh7Qs7jxI2pQC10CaRk3OK9k7IS1pl4Do&amp;_nc_zt=23&amp;_nc_ht=scontent-gru2-1.cdninstagram.com&amp;edm=ANo9K5cEAAAA&amp;_nc_gid=f8CPyLO5Lgpgf2bciWG1TQ&amp;_nc_tpa=Q5bMBQGS2uXvpKOddp-bs6BQBEfjwSX7L_KzwgvFdQc0NcEd1mSmoxxbWLoGga3cHhru0pDjPAv_CnfGLA&amp;oh=00_Af5dTnnAEay5sutKRfyyKcLPPGSI87WAjGEsgbFwxXEwBA&amp;oe=69FA3EF5&quot;,&quot;640&quot;:&quot;https:\\\/\\\/scontent-gru2-1.cdninstagram.com\\\/v\\\/t51.82787-15\\\/649174516_17990238230930826_8107320475004767681_n.jpg?stp=dst-jpg_e35_tt6&amp;_nc_cat=111&amp;ccb=7-5&amp;_nc_sid=18de74&amp;efg=eyJlZmdfdGFnIjoiQ0FST1VTRUxfSVRFTS5iZXN0X2ltYWdlX3VybGdlbi5DMyJ9&amp;_nc_ohc=UcBnpLFCYSwQ7kNvwH1oFwB&amp;_nc_oc=Adrb2FM_VKCJ9YUk0wBwmZxDrHlw0iuK1kSh7Qs7jxI2pQC10CaRk3OK9k7IS1pl4Do&amp;_nc_zt=23&amp;_nc_ht=scontent-gru2-1.cdninstagram.com&amp;edm=ANo9K5cEAAAA&amp;_nc_gid=f8CPyLO5Lgpgf2bciWG1TQ&amp;_nc_tpa=Q5bMBQGS2uXvpKOddp-bs6BQBEfjwSX7L_KzwgvFdQc0NcEd1mSmoxxbWLoGga3cHhru0pDjPAv_CnfGLA&amp;oh=00_Af5dTnnAEay5sutKRfyyKcLPPGSI87WAjGEsgbFwxXEwBA&amp;oe=69FA3EF5&quot;}\">\n\t\t\t<span class=\"sbi-screenreader\">\ud83d\udea8 Aten\u00e7\u00e3o, Agentes Culturais!\n\nFoi publicado o res<\/span>\n\t\t\t<svg class=\"svg-inline--fa fa-clone fa-w-16 sbi_lightbox_carousel_icon\" aria-hidden=\"true\" aria-label=\"Clone\" data-fa-pro\u0192cessed=\"\" data-prefix=\"far\" data-icon=\"clone\" role=\"img\" xmlns=\"http:\/\/www.w3.org\/2000\/svg\" viewBox=\"0 0 512 512\">\n                    <path fill=\"currentColor\" d=\"M464 0H144c-26.51 0-48 21.49-48 48v48H48c-26.51 0-48 21.49-48 48v320c0 26.51 21.49 48 48 48h320c26.51 0 48-21.49 48-48v-48h48c26.51 0 48-21.49 48-48V48c0-26.51-21.49-48-48-48zM362 464H54a6 6 0 0 1-6-6V150a6 6 0 0 1 6-6h42v224c0 26.51 21.49 48 48 48h224v42a6 6 0 0 1-6 6zm96-96H150a6 6 0 0 1-6-6V54a6 6 0 0 1 6-6h308a6 6 0 0 1 6 6v308a6 6 0 0 1-6 6z\"><\/path>\n                <\/svg>\t\t\t\t\t\t<img decoding=\"async\" src=\"https:\/\/meriti.rj.gov.br\/inicio\/wp-content\/plugins\/instagram-feed\/img\/placeholder.png\" alt=\"\ud83d\udea8 Aten\u00e7\u00e3o, Agentes Culturais!\n\nFoi publicado o resultado dos recursos do Edital 003\/2026 \u2013 Premia\u00e7\u00e3o Cultural PNAB Ciclo 1, juntamente com a convoca\u00e7\u00e3o dos selecionados para entrega de documentos.\n\n\ud83d\udcce O calend\u00e1rio com as pr\u00f3ximas etapas est\u00e1 anexado a este post.\n\n\ud83d\udccc Consulte o resultado e a convoca\u00e7\u00e3o na p\u00e1gina da Cultura no Portal da Transpar\u00eancia, nas redes sociais oficiais e no Di\u00e1rio Oficial da Prefeitura.\n\n\ud83d\udce9 Para d\u00favidas, reclama\u00e7\u00f5es ou sugest\u00f5es, entre em contato pelo e-mail (conforme item 11.4 do edital):\npnabsjm2025@gmail.com\n\n\ud83c\udf10 Para outras informa\u00e7\u00f5es e acesso ao edital completo, acesse:\nhttps:\/\/meriti.rj.gov.br\/inicio\/aldir-blanc\/\n\n#PNAB #Premia\u00e7\u00e3oCultural #CulturaSJM #S\u00e3oJo\u00e3odeMeriti #LeiAldirBlanc\" aria-hidden=\"true\">\n\t\t<\/a>\n\t<\/div>\n<\/div><div class=\"sbi_item sbi_type_image sbi_new sbi_transition\"\n\tid=\"sbi_18070052294217906\" data-date=\"1772804758\">\n\t<div class=\"sbi_photo_wrap\">\n\t\t<a class=\"sbi_photo\" href=\"https:\/\/www.instagram.com\/p\/DVi46jngKeO\/\" target=\"_blank\" rel=\"noopener nofollow\"\n\t\t\tdata-full-res=\"https:\/\/scontent-gru2-2.cdninstagram.com\/v\/t51.82787-15\/642662954_17989543685930826_3771158018726371209_n.jpg?stp=dst-jpg_e35_tt6&#038;_nc_cat=105&#038;ccb=7-5&#038;_nc_sid=18de74&#038;efg=eyJlZmdfdGFnIjoiRkVFRC5iZXN0X2ltYWdlX3VybGdlbi5DMyJ9&#038;_nc_ohc=c55DQ92VHpwQ7kNvwEWgyUf&#038;_nc_oc=AdpIB4PvP8n80pgvuT3H1IQYGpVZQGITp2IXOJQ-nKbmWXmNBSGK6b1jINlvkxwSm6g&#038;_nc_zt=23&#038;_nc_ht=scontent-gru2-2.cdninstagram.com&#038;edm=ANo9K5cEAAAA&#038;_nc_gid=f8CPyLO5Lgpgf2bciWG1TQ&#038;_nc_tpa=Q5bMBQH0_sOUvJ8IcMR_5psUe2FO9cWuZhzWyrCUkjDkaEwSb2cid-fvQX4k27TzaVtesdYNB59uK1FcyQ&#038;oh=00_Af6coL0wDshNRi2JBKHsQ1VxkaPnOKz57XENloZD3T1YPg&#038;oe=69FA3375\"\n\t\t\tdata-img-src-set=\"{&quot;d&quot;:&quot;https:\\\/\\\/scontent-gru2-2.cdninstagram.com\\\/v\\\/t51.82787-15\\\/642662954_17989543685930826_3771158018726371209_n.jpg?stp=dst-jpg_e35_tt6&amp;_nc_cat=105&amp;ccb=7-5&amp;_nc_sid=18de74&amp;efg=eyJlZmdfdGFnIjoiRkVFRC5iZXN0X2ltYWdlX3VybGdlbi5DMyJ9&amp;_nc_ohc=c55DQ92VHpwQ7kNvwEWgyUf&amp;_nc_oc=AdpIB4PvP8n80pgvuT3H1IQYGpVZQGITp2IXOJQ-nKbmWXmNBSGK6b1jINlvkxwSm6g&amp;_nc_zt=23&amp;_nc_ht=scontent-gru2-2.cdninstagram.com&amp;edm=ANo9K5cEAAAA&amp;_nc_gid=f8CPyLO5Lgpgf2bciWG1TQ&amp;_nc_tpa=Q5bMBQH0_sOUvJ8IcMR_5psUe2FO9cWuZhzWyrCUkjDkaEwSb2cid-fvQX4k27TzaVtesdYNB59uK1FcyQ&amp;oh=00_Af6coL0wDshNRi2JBKHsQ1VxkaPnOKz57XENloZD3T1YPg&amp;oe=69FA3375&quot;,&quot;150&quot;:&quot;https:\\\/\\\/scontent-gru2-2.cdninstagram.com\\\/v\\\/t51.82787-15\\\/642662954_17989543685930826_3771158018726371209_n.jpg?stp=dst-jpg_e35_tt6&amp;_nc_cat=105&amp;ccb=7-5&amp;_nc_sid=18de74&amp;efg=eyJlZmdfdGFnIjoiRkVFRC5iZXN0X2ltYWdlX3VybGdlbi5DMyJ9&amp;_nc_ohc=c55DQ92VHpwQ7kNvwEWgyUf&amp;_nc_oc=AdpIB4PvP8n80pgvuT3H1IQYGpVZQGITp2IXOJQ-nKbmWXmNBSGK6b1jINlvkxwSm6g&amp;_nc_zt=23&amp;_nc_ht=scontent-gru2-2.cdninstagram.com&amp;edm=ANo9K5cEAAAA&amp;_nc_gid=f8CPyLO5Lgpgf2bciWG1TQ&amp;_nc_tpa=Q5bMBQH0_sOUvJ8IcMR_5psUe2FO9cWuZhzWyrCUkjDkaEwSb2cid-fvQX4k27TzaVtesdYNB59uK1FcyQ&amp;oh=00_Af6coL0wDshNRi2JBKHsQ1VxkaPnOKz57XENloZD3T1YPg&amp;oe=69FA3375&quot;,&quot;320&quot;:&quot;https:\\\/\\\/scontent-gru2-2.cdninstagram.com\\\/v\\\/t51.82787-15\\\/642662954_17989543685930826_3771158018726371209_n.jpg?stp=dst-jpg_e35_tt6&amp;_nc_cat=105&amp;ccb=7-5&amp;_nc_sid=18de74&amp;efg=eyJlZmdfdGFnIjoiRkVFRC5iZXN0X2ltYWdlX3VybGdlbi5DMyJ9&amp;_nc_ohc=c55DQ92VHpwQ7kNvwEWgyUf&amp;_nc_oc=AdpIB4PvP8n80pgvuT3H1IQYGpVZQGITp2IXOJQ-nKbmWXmNBSGK6b1jINlvkxwSm6g&amp;_nc_zt=23&amp;_nc_ht=scontent-gru2-2.cdninstagram.com&amp;edm=ANo9K5cEAAAA&amp;_nc_gid=f8CPyLO5Lgpgf2bciWG1TQ&amp;_nc_tpa=Q5bMBQH0_sOUvJ8IcMR_5psUe2FO9cWuZhzWyrCUkjDkaEwSb2cid-fvQX4k27TzaVtesdYNB59uK1FcyQ&amp;oh=00_Af6coL0wDshNRi2JBKHsQ1VxkaPnOKz57XENloZD3T1YPg&amp;oe=69FA3375&quot;,&quot;640&quot;:&quot;https:\\\/\\\/scontent-gru2-2.cdninstagram.com\\\/v\\\/t51.82787-15\\\/642662954_17989543685930826_3771158018726371209_n.jpg?stp=dst-jpg_e35_tt6&amp;_nc_cat=105&amp;ccb=7-5&amp;_nc_sid=18de74&amp;efg=eyJlZmdfdGFnIjoiRkVFRC5iZXN0X2ltYWdlX3VybGdlbi5DMyJ9&amp;_nc_ohc=c55DQ92VHpwQ7kNvwEWgyUf&amp;_nc_oc=AdpIB4PvP8n80pgvuT3H1IQYGpVZQGITp2IXOJQ-nKbmWXmNBSGK6b1jINlvkxwSm6g&amp;_nc_zt=23&amp;_nc_ht=scontent-gru2-2.cdninstagram.com&amp;edm=ANo9K5cEAAAA&amp;_nc_gid=f8CPyLO5Lgpgf2bciWG1TQ&amp;_nc_tpa=Q5bMBQH0_sOUvJ8IcMR_5psUe2FO9cWuZhzWyrCUkjDkaEwSb2cid-fvQX4k27TzaVtesdYNB59uK1FcyQ&amp;oh=00_Af6coL0wDshNRi2JBKHsQ1VxkaPnOKz57XENloZD3T1YPg&amp;oe=69FA3375&quot;}\">\n\t\t\t<span class=\"sbi-screenreader\">\u2728 O Encontro da Juventude de Terreiros da Baixada <\/span>\n\t\t\t\t\t\t\t\t\t<img decoding=\"async\" src=\"https:\/\/meriti.rj.gov.br\/inicio\/wp-content\/plugins\/instagram-feed\/img\/placeholder.png\" alt=\"\u2728 O Encontro da Juventude de Terreiros da Baixada Fluminense est\u00e1 chegando!\n\nUm momento de uni\u00e3o, resist\u00eancia, aprendizado e fortalecimento da nossa ancestralidade. A juventude de terreiro carrega a for\u00e7a dos mais velhos, a sabedoria dos ancestrais e a miss\u00e3o de manter viva a nossa f\u00e9, cultura e tradi\u00e7\u00f5es. \ud83c\udf3f\n\n\ud83d\udcc5 21 de mar\u00e7o\n\u23f0 9h\n\ud83d\udccd Teatro Raul Cortez \u2013 Duque de Caxias\n\nQue cada jovem chegue com o cora\u00e7\u00e3o aberto para trocar experi\u00eancias, aprender, ensinar e fortalecer ainda mais essa grande corrente de ax\u00e9.\n\n\ud83c\udf3f Nossa f\u00e9 resiste. Nossa juventude constr\u00f3i. Nosso ax\u00e9 nos une.\n\n#JuventudeDeTerreiro #Ax\u00e9 #BaixadaFluminense #Resist\u00eancia #Ancestralidade \u2728\" aria-hidden=\"true\">\n\t\t<\/a>\n\t<\/div>\n<\/div><div class=\"sbi_item sbi_type_carousel sbi_new sbi_transition\"\n\tid=\"sbi_17913899415316525\" data-date=\"1772797256\">\n\t<div class=\"sbi_photo_wrap\">\n\t\t<a class=\"sbi_photo\" href=\"https:\/\/www.instagram.com\/p\/DViqqWfAJYZ\/\" target=\"_blank\" rel=\"noopener nofollow\"\n\t\t\tdata-full-res=\"https:\/\/scontent-gru1-2.cdninstagram.com\/v\/t51.82787-15\/642644872_17989531112930826_202142131242910892_n.jpg?stp=dst-jpg_e35_tt6&#038;_nc_cat=103&#038;ccb=7-5&#038;_nc_sid=18de74&#038;efg=eyJlZmdfdGFnIjoiQ0FST1VTRUxfSVRFTS5iZXN0X2ltYWdlX3VybGdlbi5DMyJ9&#038;_nc_ohc=h38BMomIsywQ7kNvwEK66Q2&#038;_nc_oc=AdrG0xYE_cAHKTgGtE75dRJx5kObNjsJWtnG-Cy0bhDs5-SbUaqszHb3TmQd36nK-dY&#038;_nc_zt=23&#038;_nc_ht=scontent-gru1-2.cdninstagram.com&#038;edm=ANo9K5cEAAAA&#038;_nc_gid=f8CPyLO5Lgpgf2bciWG1TQ&#038;_nc_tpa=Q5bMBQHuzWL8TZsBNv0cVkv26fE5wcvQ_udEA-gH36ReBaMUYShaxhpHMLptXj9gF953qKrh87yHdNrNKg&#038;oh=00_Af63PakFoDaYxmmcYAyklqMbQjiaMr_MT11LTnbsxiE4qw&#038;oe=69FA1FDB\"\n\t\t\tdata-img-src-set=\"{&quot;d&quot;:&quot;https:\\\/\\\/scontent-gru1-2.cdninstagram.com\\\/v\\\/t51.82787-15\\\/642644872_17989531112930826_202142131242910892_n.jpg?stp=dst-jpg_e35_tt6&amp;_nc_cat=103&amp;ccb=7-5&amp;_nc_sid=18de74&amp;efg=eyJlZmdfdGFnIjoiQ0FST1VTRUxfSVRFTS5iZXN0X2ltYWdlX3VybGdlbi5DMyJ9&amp;_nc_ohc=h38BMomIsywQ7kNvwEK66Q2&amp;_nc_oc=AdrG0xYE_cAHKTgGtE75dRJx5kObNjsJWtnG-Cy0bhDs5-SbUaqszHb3TmQd36nK-dY&amp;_nc_zt=23&amp;_nc_ht=scontent-gru1-2.cdninstagram.com&amp;edm=ANo9K5cEAAAA&amp;_nc_gid=f8CPyLO5Lgpgf2bciWG1TQ&amp;_nc_tpa=Q5bMBQHuzWL8TZsBNv0cVkv26fE5wcvQ_udEA-gH36ReBaMUYShaxhpHMLptXj9gF953qKrh87yHdNrNKg&amp;oh=00_Af63PakFoDaYxmmcYAyklqMbQjiaMr_MT11LTnbsxiE4qw&amp;oe=69FA1FDB&quot;,&quot;150&quot;:&quot;https:\\\/\\\/scontent-gru1-2.cdninstagram.com\\\/v\\\/t51.82787-15\\\/642644872_17989531112930826_202142131242910892_n.jpg?stp=dst-jpg_e35_tt6&amp;_nc_cat=103&amp;ccb=7-5&amp;_nc_sid=18de74&amp;efg=eyJlZmdfdGFnIjoiQ0FST1VTRUxfSVRFTS5iZXN0X2ltYWdlX3VybGdlbi5DMyJ9&amp;_nc_ohc=h38BMomIsywQ7kNvwEK66Q2&amp;_nc_oc=AdrG0xYE_cAHKTgGtE75dRJx5kObNjsJWtnG-Cy0bhDs5-SbUaqszHb3TmQd36nK-dY&amp;_nc_zt=23&amp;_nc_ht=scontent-gru1-2.cdninstagram.com&amp;edm=ANo9K5cEAAAA&amp;_nc_gid=f8CPyLO5Lgpgf2bciWG1TQ&amp;_nc_tpa=Q5bMBQHuzWL8TZsBNv0cVkv26fE5wcvQ_udEA-gH36ReBaMUYShaxhpHMLptXj9gF953qKrh87yHdNrNKg&amp;oh=00_Af63PakFoDaYxmmcYAyklqMbQjiaMr_MT11LTnbsxiE4qw&amp;oe=69FA1FDB&quot;,&quot;320&quot;:&quot;https:\\\/\\\/scontent-gru1-2.cdninstagram.com\\\/v\\\/t51.82787-15\\\/642644872_17989531112930826_202142131242910892_n.jpg?stp=dst-jpg_e35_tt6&amp;_nc_cat=103&amp;ccb=7-5&amp;_nc_sid=18de74&amp;efg=eyJlZmdfdGFnIjoiQ0FST1VTRUxfSVRFTS5iZXN0X2ltYWdlX3VybGdlbi5DMyJ9&amp;_nc_ohc=h38BMomIsywQ7kNvwEK66Q2&amp;_nc_oc=AdrG0xYE_cAHKTgGtE75dRJx5kObNjsJWtnG-Cy0bhDs5-SbUaqszHb3TmQd36nK-dY&amp;_nc_zt=23&amp;_nc_ht=scontent-gru1-2.cdninstagram.com&amp;edm=ANo9K5cEAAAA&amp;_nc_gid=f8CPyLO5Lgpgf2bciWG1TQ&amp;_nc_tpa=Q5bMBQHuzWL8TZsBNv0cVkv26fE5wcvQ_udEA-gH36ReBaMUYShaxhpHMLptXj9gF953qKrh87yHdNrNKg&amp;oh=00_Af63PakFoDaYxmmcYAyklqMbQjiaMr_MT11LTnbsxiE4qw&amp;oe=69FA1FDB&quot;,&quot;640&quot;:&quot;https:\\\/\\\/scontent-gru1-2.cdninstagram.com\\\/v\\\/t51.82787-15\\\/642644872_17989531112930826_202142131242910892_n.jpg?stp=dst-jpg_e35_tt6&amp;_nc_cat=103&amp;ccb=7-5&amp;_nc_sid=18de74&amp;efg=eyJlZmdfdGFnIjoiQ0FST1VTRUxfSVRFTS5iZXN0X2ltYWdlX3VybGdlbi5DMyJ9&amp;_nc_ohc=h38BMomIsywQ7kNvwEK66Q2&amp;_nc_oc=AdrG0xYE_cAHKTgGtE75dRJx5kObNjsJWtnG-Cy0bhDs5-SbUaqszHb3TmQd36nK-dY&amp;_nc_zt=23&amp;_nc_ht=scontent-gru1-2.cdninstagram.com&amp;edm=ANo9K5cEAAAA&amp;_nc_gid=f8CPyLO5Lgpgf2bciWG1TQ&amp;_nc_tpa=Q5bMBQHuzWL8TZsBNv0cVkv26fE5wcvQ_udEA-gH36ReBaMUYShaxhpHMLptXj9gF953qKrh87yHdNrNKg&amp;oh=00_Af63PakFoDaYxmmcYAyklqMbQjiaMr_MT11LTnbsxiE4qw&amp;oe=69FA1FDB&quot;}\">\n\t\t\t<span class=\"sbi-screenreader\">\ud83d\udea8 ATEN\u00c7\u00c3O, ARTISTAS MERITIENSES!\n\nHouve altera\u00e7\u00e3o <\/span>\n\t\t\t<svg class=\"svg-inline--fa fa-clone fa-w-16 sbi_lightbox_carousel_icon\" aria-hidden=\"true\" aria-label=\"Clone\" data-fa-pro\u0192cessed=\"\" data-prefix=\"far\" data-icon=\"clone\" role=\"img\" xmlns=\"http:\/\/www.w3.org\/2000\/svg\" viewBox=\"0 0 512 512\">\n                    <path fill=\"currentColor\" d=\"M464 0H144c-26.51 0-48 21.49-48 48v48H48c-26.51 0-48 21.49-48 48v320c0 26.51 21.49 48 48 48h320c26.51 0 48-21.49 48-48v-48h48c26.51 0 48-21.49 48-48V48c0-26.51-21.49-48-48-48zM362 464H54a6 6 0 0 1-6-6V150a6 6 0 0 1 6-6h42v224c0 26.51 21.49 48 48 48h224v42a6 6 0 0 1-6 6zm96-96H150a6 6 0 0 1-6-6V54a6 6 0 0 1 6-6h308a6 6 0 0 1 6 6v308a6 6 0 0 1-6 6z\"><\/path>\n                <\/svg>\t\t\t\t\t\t<img decoding=\"async\" src=\"https:\/\/meriti.rj.gov.br\/inicio\/wp-content\/plugins\/instagram-feed\/img\/placeholder.png\" alt=\"\ud83d\udea8 ATEN\u00c7\u00c3O, ARTISTAS MERITIENSES!\n\nHouve altera\u00e7\u00e3o no cronograma do Edital 003\/2025 \u2013 Premia\u00e7\u00e3o por Trajet\u00f3ria Cultural \u2013 PNAB.\n\n\u26a0\ufe0f Fiquem atentos aos novos prazos das pr\u00f3ximas etapas, incluindo habilita\u00e7\u00e3o e interposi\u00e7\u00e3o de recursos.\n\n\ud83d\udcce O calend\u00e1rio atualizado est\u00e1 neste post para consulta.\n\n\ud83d\udcdd O Formul\u00e1rio de Recurso do Edital 003\/2025 \u2013 SMCT de Premia\u00e7\u00e3o PNAB (Ciclo 1) est\u00e1 dispon\u00edvel na BIO do perfil.\n\n\ud83d\udce9 D\u00favidas, reclama\u00e7\u00f5es ou sugest\u00f5es: pnabsjm2025@gmail.com\n\n\ud83c\udf10 Edital completo e outras informa\u00e7\u00f5es: https:\/\/meriti.rj.gov.br\/inicio\/aldir-blanc\/\n\nAcompanhe os canais oficiais para novas atualiza\u00e7\u00f5es.\n\n#PNAB #Edital003 #Trajet\u00f3riaCultural #CulturaSJM #S\u00e3oJo\u00e3odeMeriti\" aria-hidden=\"true\">\n\t\t<\/a>\n\t<\/div>\n<\/div><div class=\"sbi_item sbi_type_carousel sbi_new sbi_transition\"\n\tid=\"sbi_18072452171567227\" data-date=\"1772653079\">\n\t<div class=\"sbi_photo_wrap\">\n\t\t<a class=\"sbi_photo\" href=\"https:\/\/www.instagram.com\/p\/DVeXqpiEVJa\/\" target=\"_blank\" rel=\"noopener nofollow\"\n\t\t\tdata-full-res=\"https:\/\/scontent-gru2-2.cdninstagram.com\/v\/t51.82787-15\/643576678_17989354646930826_2127984400892971929_n.jpg?stp=dst-jpg_e35_tt6&#038;_nc_cat=105&#038;ccb=7-5&#038;_nc_sid=18de74&#038;efg=eyJlZmdfdGFnIjoiQ0FST1VTRUxfSVRFTS5iZXN0X2ltYWdlX3VybGdlbi5DMyJ9&#038;_nc_ohc=8u1BKOQE73sQ7kNvwEkGoSB&#038;_nc_oc=AdoI7erCmqCu9EtMADqjbwWIaw3tFFOXYfrXCfGf-6Wa_0D1vKluzjfa1WXywQ80wm0&#038;_nc_zt=23&#038;_nc_ht=scontent-gru2-2.cdninstagram.com&#038;edm=ANo9K5cEAAAA&#038;_nc_gid=f8CPyLO5Lgpgf2bciWG1TQ&#038;_nc_tpa=Q5bMBQEdrlOHNtmo9YH3tzssNxjkICINYb9WRyZ7rPtNcR0NzY9a98_Lv-V0Oq-fAWlE7mRY34DLERKa2Q&#038;oh=00_Af6qPNMtHtDRtzn0SMuehVeguIRa5hejqvd-Fbgq2uNfCQ&#038;oe=69FA37B9\"\n\t\t\tdata-img-src-set=\"{&quot;d&quot;:&quot;https:\\\/\\\/scontent-gru2-2.cdninstagram.com\\\/v\\\/t51.82787-15\\\/643576678_17989354646930826_2127984400892971929_n.jpg?stp=dst-jpg_e35_tt6&amp;_nc_cat=105&amp;ccb=7-5&amp;_nc_sid=18de74&amp;efg=eyJlZmdfdGFnIjoiQ0FST1VTRUxfSVRFTS5iZXN0X2ltYWdlX3VybGdlbi5DMyJ9&amp;_nc_ohc=8u1BKOQE73sQ7kNvwEkGoSB&amp;_nc_oc=AdoI7erCmqCu9EtMADqjbwWIaw3tFFOXYfrXCfGf-6Wa_0D1vKluzjfa1WXywQ80wm0&amp;_nc_zt=23&amp;_nc_ht=scontent-gru2-2.cdninstagram.com&amp;edm=ANo9K5cEAAAA&amp;_nc_gid=f8CPyLO5Lgpgf2bciWG1TQ&amp;_nc_tpa=Q5bMBQEdrlOHNtmo9YH3tzssNxjkICINYb9WRyZ7rPtNcR0NzY9a98_Lv-V0Oq-fAWlE7mRY34DLERKa2Q&amp;oh=00_Af6qPNMtHtDRtzn0SMuehVeguIRa5hejqvd-Fbgq2uNfCQ&amp;oe=69FA37B9&quot;,&quot;150&quot;:&quot;https:\\\/\\\/scontent-gru2-2.cdninstagram.com\\\/v\\\/t51.82787-15\\\/643576678_17989354646930826_2127984400892971929_n.jpg?stp=dst-jpg_e35_tt6&amp;_nc_cat=105&amp;ccb=7-5&amp;_nc_sid=18de74&amp;efg=eyJlZmdfdGFnIjoiQ0FST1VTRUxfSVRFTS5iZXN0X2ltYWdlX3VybGdlbi5DMyJ9&amp;_nc_ohc=8u1BKOQE73sQ7kNvwEkGoSB&amp;_nc_oc=AdoI7erCmqCu9EtMADqjbwWIaw3tFFOXYfrXCfGf-6Wa_0D1vKluzjfa1WXywQ80wm0&amp;_nc_zt=23&amp;_nc_ht=scontent-gru2-2.cdninstagram.com&amp;edm=ANo9K5cEAAAA&amp;_nc_gid=f8CPyLO5Lgpgf2bciWG1TQ&amp;_nc_tpa=Q5bMBQEdrlOHNtmo9YH3tzssNxjkICINYb9WRyZ7rPtNcR0NzY9a98_Lv-V0Oq-fAWlE7mRY34DLERKa2Q&amp;oh=00_Af6qPNMtHtDRtzn0SMuehVeguIRa5hejqvd-Fbgq2uNfCQ&amp;oe=69FA37B9&quot;,&quot;320&quot;:&quot;https:\\\/\\\/scontent-gru2-2.cdninstagram.com\\\/v\\\/t51.82787-15\\\/643576678_17989354646930826_2127984400892971929_n.jpg?stp=dst-jpg_e35_tt6&amp;_nc_cat=105&amp;ccb=7-5&amp;_nc_sid=18de74&amp;efg=eyJlZmdfdGFnIjoiQ0FST1VTRUxfSVRFTS5iZXN0X2ltYWdlX3VybGdlbi5DMyJ9&amp;_nc_ohc=8u1BKOQE73sQ7kNvwEkGoSB&amp;_nc_oc=AdoI7erCmqCu9EtMADqjbwWIaw3tFFOXYfrXCfGf-6Wa_0D1vKluzjfa1WXywQ80wm0&amp;_nc_zt=23&amp;_nc_ht=scontent-gru2-2.cdninstagram.com&amp;edm=ANo9K5cEAAAA&amp;_nc_gid=f8CPyLO5Lgpgf2bciWG1TQ&amp;_nc_tpa=Q5bMBQEdrlOHNtmo9YH3tzssNxjkICINYb9WRyZ7rPtNcR0NzY9a98_Lv-V0Oq-fAWlE7mRY34DLERKa2Q&amp;oh=00_Af6qPNMtHtDRtzn0SMuehVeguIRa5hejqvd-Fbgq2uNfCQ&amp;oe=69FA37B9&quot;,&quot;640&quot;:&quot;https:\\\/\\\/scontent-gru2-2.cdninstagram.com\\\/v\\\/t51.82787-15\\\/643576678_17989354646930826_2127984400892971929_n.jpg?stp=dst-jpg_e35_tt6&amp;_nc_cat=105&amp;ccb=7-5&amp;_nc_sid=18de74&amp;efg=eyJlZmdfdGFnIjoiQ0FST1VTRUxfSVRFTS5iZXN0X2ltYWdlX3VybGdlbi5DMyJ9&amp;_nc_ohc=8u1BKOQE73sQ7kNvwEkGoSB&amp;_nc_oc=AdoI7erCmqCu9EtMADqjbwWIaw3tFFOXYfrXCfGf-6Wa_0D1vKluzjfa1WXywQ80wm0&amp;_nc_zt=23&amp;_nc_ht=scontent-gru2-2.cdninstagram.com&amp;edm=ANo9K5cEAAAA&amp;_nc_gid=f8CPyLO5Lgpgf2bciWG1TQ&amp;_nc_tpa=Q5bMBQEdrlOHNtmo9YH3tzssNxjkICINYb9WRyZ7rPtNcR0NzY9a98_Lv-V0Oq-fAWlE7mRY34DLERKa2Q&amp;oh=00_Af6qPNMtHtDRtzn0SMuehVeguIRa5hejqvd-Fbgq2uNfCQ&amp;oe=69FA37B9&quot;}\">\n\t\t\t<span class=\"sbi-screenreader\">\ud83d\udce2 O resultado dos recursos do Edital 003\/2025 \u2013 Se<\/span>\n\t\t\t<svg class=\"svg-inline--fa fa-clone fa-w-16 sbi_lightbox_carousel_icon\" aria-hidden=\"true\" aria-label=\"Clone\" data-fa-pro\u0192cessed=\"\" data-prefix=\"far\" data-icon=\"clone\" role=\"img\" xmlns=\"http:\/\/www.w3.org\/2000\/svg\" viewBox=\"0 0 512 512\">\n                    <path fill=\"currentColor\" d=\"M464 0H144c-26.51 0-48 21.49-48 48v48H48c-26.51 0-48 21.49-48 48v320c0 26.51 21.49 48 48 48h320c26.51 0 48-21.49 48-48v-48h48c26.51 0 48-21.49 48-48V48c0-26.51-21.49-48-48-48zM362 464H54a6 6 0 0 1-6-6V150a6 6 0 0 1 6-6h42v224c0 26.51 21.49 48 48 48h224v42a6 6 0 0 1-6 6zm96-96H150a6 6 0 0 1-6-6V54a6 6 0 0 1 6-6h308a6 6 0 0 1 6 6v308a6 6 0 0 1-6 6z\"><\/path>\n                <\/svg>\t\t\t\t\t\t<img decoding=\"async\" src=\"https:\/\/meriti.rj.gov.br\/inicio\/wp-content\/plugins\/instagram-feed\/img\/placeholder.png\" alt=\"\ud83d\udce2 O resultado dos recursos do Edital 003\/2025 \u2013 Sele\u00e7\u00e3o para Premia\u00e7\u00e3o PNAB Ciclo 1 j\u00e1 est\u00e1 dispon\u00edvel!\n\nConfira todas as informa\u00e7\u00f5es na p\u00e1gina da Secretaria Municipal de Cultura e Turismo, no Portal da Prefeitura.\n\n\ud83d\udcce O calend\u00e1rio atualizado est\u00e1 anexado a este post.\n\ud83d\udce9 D\u00favidas, reclama\u00e7\u00f5es e sugest\u00f5es devem ser enviadas para o e-mail, conforme item 11.4 do edital: pnabsjm2025@gmail.com\n\n\ud83c\udf10 Para outras informa\u00e7\u00f5es, consulte o edital completo no site oficial:\nhttps:\/\/meriti.rj.gov.br\/inicio\/aldir-blanc\/\n\nFique atento aos prazos e acompanhe as pr\u00f3ximas etapas!\n\n#Edital003 #PNAB #PNABCiclo1 #CulturaSJM #LeiAldirBlanc\" aria-hidden=\"true\">\n\t\t<\/a>\n\t<\/div>\n<\/div><div class=\"sbi_item sbi_type_image sbi_new sbi_transition\"\n\tid=\"sbi_18092524481020854\" data-date=\"1772224712\">\n\t<div class=\"sbi_photo_wrap\">\n\t\t<a class=\"sbi_photo\" href=\"https:\/\/www.instagram.com\/p\/DVRmmIPEcsO\/\" target=\"_blank\" rel=\"noopener nofollow\"\n\t\t\tdata-full-res=\"https:\/\/scontent-gru1-2.cdninstagram.com\/v\/t51.82787-15\/640442537_17988791969930826_4865462978196624382_n.jpg?stp=dst-jpg_e35_tt6&#038;_nc_cat=110&#038;ccb=7-5&#038;_nc_sid=18de74&#038;efg=eyJlZmdfdGFnIjoiRkVFRC5iZXN0X2ltYWdlX3VybGdlbi5DMyJ9&#038;_nc_ohc=LofVHBxhCXcQ7kNvwGa_W0r&#038;_nc_oc=AdrN4dsw3SZ2EDz6ifWFDiCej4CSEayktMbsfA1BRPoZMmV-mJwoI72ih8wsux1vAAQ&#038;_nc_zt=23&#038;_nc_ht=scontent-gru1-2.cdninstagram.com&#038;edm=ANo9K5cEAAAA&#038;_nc_gid=f8CPyLO5Lgpgf2bciWG1TQ&#038;_nc_tpa=Q5bMBQHKLd0X32XE-ySF56tBa_xkxg2COvmx7VSbQbaxSwXWZgX5waLmwHTff-0zz0MCiZ3tz6CUUPoomA&#038;oh=00_Af6npIc4sRU9ZNp5sXzncIzFIGalFgdSTf2gOXrJXflpag&#038;oe=69FA2C70\"\n\t\t\tdata-img-src-set=\"{&quot;d&quot;:&quot;https:\\\/\\\/scontent-gru1-2.cdninstagram.com\\\/v\\\/t51.82787-15\\\/640442537_17988791969930826_4865462978196624382_n.jpg?stp=dst-jpg_e35_tt6&amp;_nc_cat=110&amp;ccb=7-5&amp;_nc_sid=18de74&amp;efg=eyJlZmdfdGFnIjoiRkVFRC5iZXN0X2ltYWdlX3VybGdlbi5DMyJ9&amp;_nc_ohc=LofVHBxhCXcQ7kNvwGa_W0r&amp;_nc_oc=AdrN4dsw3SZ2EDz6ifWFDiCej4CSEayktMbsfA1BRPoZMmV-mJwoI72ih8wsux1vAAQ&amp;_nc_zt=23&amp;_nc_ht=scontent-gru1-2.cdninstagram.com&amp;edm=ANo9K5cEAAAA&amp;_nc_gid=f8CPyLO5Lgpgf2bciWG1TQ&amp;_nc_tpa=Q5bMBQHKLd0X32XE-ySF56tBa_xkxg2COvmx7VSbQbaxSwXWZgX5waLmwHTff-0zz0MCiZ3tz6CUUPoomA&amp;oh=00_Af6npIc4sRU9ZNp5sXzncIzFIGalFgdSTf2gOXrJXflpag&amp;oe=69FA2C70&quot;,&quot;150&quot;:&quot;https:\\\/\\\/scontent-gru1-2.cdninstagram.com\\\/v\\\/t51.82787-15\\\/640442537_17988791969930826_4865462978196624382_n.jpg?stp=dst-jpg_e35_tt6&amp;_nc_cat=110&amp;ccb=7-5&amp;_nc_sid=18de74&amp;efg=eyJlZmdfdGFnIjoiRkVFRC5iZXN0X2ltYWdlX3VybGdlbi5DMyJ9&amp;_nc_ohc=LofVHBxhCXcQ7kNvwGa_W0r&amp;_nc_oc=AdrN4dsw3SZ2EDz6ifWFDiCej4CSEayktMbsfA1BRPoZMmV-mJwoI72ih8wsux1vAAQ&amp;_nc_zt=23&amp;_nc_ht=scontent-gru1-2.cdninstagram.com&amp;edm=ANo9K5cEAAAA&amp;_nc_gid=f8CPyLO5Lgpgf2bciWG1TQ&amp;_nc_tpa=Q5bMBQHKLd0X32XE-ySF56tBa_xkxg2COvmx7VSbQbaxSwXWZgX5waLmwHTff-0zz0MCiZ3tz6CUUPoomA&amp;oh=00_Af6npIc4sRU9ZNp5sXzncIzFIGalFgdSTf2gOXrJXflpag&amp;oe=69FA2C70&quot;,&quot;320&quot;:&quot;https:\\\/\\\/scontent-gru1-2.cdninstagram.com\\\/v\\\/t51.82787-15\\\/640442537_17988791969930826_4865462978196624382_n.jpg?stp=dst-jpg_e35_tt6&amp;_nc_cat=110&amp;ccb=7-5&amp;_nc_sid=18de74&amp;efg=eyJlZmdfdGFnIjoiRkVFRC5iZXN0X2ltYWdlX3VybGdlbi5DMyJ9&amp;_nc_ohc=LofVHBxhCXcQ7kNvwGa_W0r&amp;_nc_oc=AdrN4dsw3SZ2EDz6ifWFDiCej4CSEayktMbsfA1BRPoZMmV-mJwoI72ih8wsux1vAAQ&amp;_nc_zt=23&amp;_nc_ht=scontent-gru1-2.cdninstagram.com&amp;edm=ANo9K5cEAAAA&amp;_nc_gid=f8CPyLO5Lgpgf2bciWG1TQ&amp;_nc_tpa=Q5bMBQHKLd0X32XE-ySF56tBa_xkxg2COvmx7VSbQbaxSwXWZgX5waLmwHTff-0zz0MCiZ3tz6CUUPoomA&amp;oh=00_Af6npIc4sRU9ZNp5sXzncIzFIGalFgdSTf2gOXrJXflpag&amp;oe=69FA2C70&quot;,&quot;640&quot;:&quot;https:\\\/\\\/scontent-gru1-2.cdninstagram.com\\\/v\\\/t51.82787-15\\\/640442537_17988791969930826_4865462978196624382_n.jpg?stp=dst-jpg_e35_tt6&amp;_nc_cat=110&amp;ccb=7-5&amp;_nc_sid=18de74&amp;efg=eyJlZmdfdGFnIjoiRkVFRC5iZXN0X2ltYWdlX3VybGdlbi5DMyJ9&amp;_nc_ohc=LofVHBxhCXcQ7kNvwGa_W0r&amp;_nc_oc=AdrN4dsw3SZ2EDz6ifWFDiCej4CSEayktMbsfA1BRPoZMmV-mJwoI72ih8wsux1vAAQ&amp;_nc_zt=23&amp;_nc_ht=scontent-gru1-2.cdninstagram.com&amp;edm=ANo9K5cEAAAA&amp;_nc_gid=f8CPyLO5Lgpgf2bciWG1TQ&amp;_nc_tpa=Q5bMBQHKLd0X32XE-ySF56tBa_xkxg2COvmx7VSbQbaxSwXWZgX5waLmwHTff-0zz0MCiZ3tz6CUUPoomA&amp;oh=00_Af6npIc4sRU9ZNp5sXzncIzFIGalFgdSTf2gOXrJXflpag&amp;oe=69FA2C70&quot;}\">\n\t\t\t<span class=\"sbi-screenreader\">\u2728 Aten\u00e7\u00e3o!! Avan\u00e7amos para a pr\u00f3xima etapa! \u2728\n\nAs <\/span>\n\t\t\t\t\t\t\t\t\t<img decoding=\"async\" src=\"https:\/\/meriti.rj.gov.br\/inicio\/wp-content\/plugins\/instagram-feed\/img\/placeholder.png\" alt=\"\u2728 Aten\u00e7\u00e3o!! Avan\u00e7amos para a pr\u00f3xima etapa! \u2728\n\nAs inscri\u00e7\u00f5es foram um sucesso e agora entramos na fase de liga\u00e7\u00f5es e contatos com os pr\u00e9-inscritos \ud83d\udcde\ud83d\udcac\n\nSe voc\u00ea garantiu sua vaga, fique atento ao telefone e \u00e0s mensagens nos pr\u00f3ximos dias. Nossa equipe j\u00e1 est\u00e1 entrando em contato para dar continuidade ao processo.\n\n\u00c9 hora de transformar interesse em participa\u00e7\u00e3o, e talento em palco \ud83c\udfad\ud83c\udfb6\ud83c\udfa8\n\n\ud83d\udccc Fique ligado para n\u00e3o perder nenhuma informa\u00e7\u00e3o importante!\n\nSeguimos juntos fortalecendo a cultura em SJM \ud83d\udc99\ud83d\udc9b\n\n#CursosAbertos #Cultura #Secretaria #SJM\" aria-hidden=\"true\">\n\t\t<\/a>\n\t<\/div>\n<\/div><div class=\"sbi_item sbi_type_image sbi_new sbi_transition\"\n\tid=\"sbi_18097154174483801\" data-date=\"1772109657\">\n\t<div class=\"sbi_photo_wrap\">\n\t\t<a class=\"sbi_photo\" href=\"https:\/\/www.instagram.com\/p\/DVOLGIXAK7s\/\" target=\"_blank\" rel=\"noopener nofollow\"\n\t\t\tdata-full-res=\"https:\/\/scontent-gru2-1.cdninstagram.com\/v\/t51.82787-15\/639746537_17988641216930826_5469516505978412138_n.jpg?stp=dst-jpg_e35_tt6&#038;_nc_cat=109&#038;ccb=7-5&#038;_nc_sid=18de74&#038;efg=eyJlZmdfdGFnIjoiRkVFRC5iZXN0X2ltYWdlX3VybGdlbi5DMyJ9&#038;_nc_ohc=6Sy4TCzg0XsQ7kNvwFNYuiO&#038;_nc_oc=Ado9SzBIU2cOG-Z7rO6TShCOulsHGDvRwCzb8U9x-zzscCy007s2WX1ivYr25jdtmOQ&#038;_nc_zt=23&#038;_nc_ht=scontent-gru2-1.cdninstagram.com&#038;edm=ANo9K5cEAAAA&#038;_nc_gid=f8CPyLO5Lgpgf2bciWG1TQ&#038;_nc_tpa=Q5bMBQFZdbHNX3_MhQV1UE8ePtFfQkWq8W2naidFwdFeoPgTcMF2Hlkc53tobfblhK_tYlouNAQK2t97ig&#038;oh=00_Af4PyaJMaspXZ6R9-ZJnbKKsFLf6Vo6mnYQb0y7iOv5Uzg&#038;oe=69FA406C\"\n\t\t\tdata-img-src-set=\"{&quot;d&quot;:&quot;https:\\\/\\\/scontent-gru2-1.cdninstagram.com\\\/v\\\/t51.82787-15\\\/639746537_17988641216930826_5469516505978412138_n.jpg?stp=dst-jpg_e35_tt6&amp;_nc_cat=109&amp;ccb=7-5&amp;_nc_sid=18de74&amp;efg=eyJlZmdfdGFnIjoiRkVFRC5iZXN0X2ltYWdlX3VybGdlbi5DMyJ9&amp;_nc_ohc=6Sy4TCzg0XsQ7kNvwFNYuiO&amp;_nc_oc=Ado9SzBIU2cOG-Z7rO6TShCOulsHGDvRwCzb8U9x-zzscCy007s2WX1ivYr25jdtmOQ&amp;_nc_zt=23&amp;_nc_ht=scontent-gru2-1.cdninstagram.com&amp;edm=ANo9K5cEAAAA&amp;_nc_gid=f8CPyLO5Lgpgf2bciWG1TQ&amp;_nc_tpa=Q5bMBQFZdbHNX3_MhQV1UE8ePtFfQkWq8W2naidFwdFeoPgTcMF2Hlkc53tobfblhK_tYlouNAQK2t97ig&amp;oh=00_Af4PyaJMaspXZ6R9-ZJnbKKsFLf6Vo6mnYQb0y7iOv5Uzg&amp;oe=69FA406C&quot;,&quot;150&quot;:&quot;https:\\\/\\\/scontent-gru2-1.cdninstagram.com\\\/v\\\/t51.82787-15\\\/639746537_17988641216930826_5469516505978412138_n.jpg?stp=dst-jpg_e35_tt6&amp;_nc_cat=109&amp;ccb=7-5&amp;_nc_sid=18de74&amp;efg=eyJlZmdfdGFnIjoiRkVFRC5iZXN0X2ltYWdlX3VybGdlbi5DMyJ9&amp;_nc_ohc=6Sy4TCzg0XsQ7kNvwFNYuiO&amp;_nc_oc=Ado9SzBIU2cOG-Z7rO6TShCOulsHGDvRwCzb8U9x-zzscCy007s2WX1ivYr25jdtmOQ&amp;_nc_zt=23&amp;_nc_ht=scontent-gru2-1.cdninstagram.com&amp;edm=ANo9K5cEAAAA&amp;_nc_gid=f8CPyLO5Lgpgf2bciWG1TQ&amp;_nc_tpa=Q5bMBQFZdbHNX3_MhQV1UE8ePtFfQkWq8W2naidFwdFeoPgTcMF2Hlkc53tobfblhK_tYlouNAQK2t97ig&amp;oh=00_Af4PyaJMaspXZ6R9-ZJnbKKsFLf6Vo6mnYQb0y7iOv5Uzg&amp;oe=69FA406C&quot;,&quot;320&quot;:&quot;https:\\\/\\\/scontent-gru2-1.cdninstagram.com\\\/v\\\/t51.82787-15\\\/639746537_17988641216930826_5469516505978412138_n.jpg?stp=dst-jpg_e35_tt6&amp;_nc_cat=109&amp;ccb=7-5&amp;_nc_sid=18de74&amp;efg=eyJlZmdfdGFnIjoiRkVFRC5iZXN0X2ltYWdlX3VybGdlbi5DMyJ9&amp;_nc_ohc=6Sy4TCzg0XsQ7kNvwFNYuiO&amp;_nc_oc=Ado9SzBIU2cOG-Z7rO6TShCOulsHGDvRwCzb8U9x-zzscCy007s2WX1ivYr25jdtmOQ&amp;_nc_zt=23&amp;_nc_ht=scontent-gru2-1.cdninstagram.com&amp;edm=ANo9K5cEAAAA&amp;_nc_gid=f8CPyLO5Lgpgf2bciWG1TQ&amp;_nc_tpa=Q5bMBQFZdbHNX3_MhQV1UE8ePtFfQkWq8W2naidFwdFeoPgTcMF2Hlkc53tobfblhK_tYlouNAQK2t97ig&amp;oh=00_Af4PyaJMaspXZ6R9-ZJnbKKsFLf6Vo6mnYQb0y7iOv5Uzg&amp;oe=69FA406C&quot;,&quot;640&quot;:&quot;https:\\\/\\\/scontent-gru2-1.cdninstagram.com\\\/v\\\/t51.82787-15\\\/639746537_17988641216930826_5469516505978412138_n.jpg?stp=dst-jpg_e35_tt6&amp;_nc_cat=109&amp;ccb=7-5&amp;_nc_sid=18de74&amp;efg=eyJlZmdfdGFnIjoiRkVFRC5iZXN0X2ltYWdlX3VybGdlbi5DMyJ9&amp;_nc_ohc=6Sy4TCzg0XsQ7kNvwFNYuiO&amp;_nc_oc=Ado9SzBIU2cOG-Z7rO6TShCOulsHGDvRwCzb8U9x-zzscCy007s2WX1ivYr25jdtmOQ&amp;_nc_zt=23&amp;_nc_ht=scontent-gru2-1.cdninstagram.com&amp;edm=ANo9K5cEAAAA&amp;_nc_gid=f8CPyLO5Lgpgf2bciWG1TQ&amp;_nc_tpa=Q5bMBQFZdbHNX3_MhQV1UE8ePtFfQkWq8W2naidFwdFeoPgTcMF2Hlkc53tobfblhK_tYlouNAQK2t97ig&amp;oh=00_Af4PyaJMaspXZ6R9-ZJnbKKsFLf6Vo6mnYQb0y7iOv5Uzg&amp;oe=69FA406C&quot;}\">\n\t\t\t<span class=\"sbi-screenreader\">Mar\u00e7o \u00e9 m\u00eas de celebrar a for\u00e7a e a hist\u00f3ria das m<\/span>\n\t\t\t\t\t\t\t\t\t<img decoding=\"async\" src=\"https:\/\/meriti.rj.gov.br\/inicio\/wp-content\/plugins\/instagram-feed\/img\/placeholder.png\" alt=\"Mar\u00e7o \u00e9 m\u00eas de celebrar a for\u00e7a e a hist\u00f3ria das mulheres. E a arte se torna ponte entre passado e presente \ud83c\udfb9\u2728\n\nNo dia 09\/03, \u00e0s 15h, o Centro Cultural Meritiense recebe o recital c\u00eanico \u201cChiquinha Gonzaga, Eu Quero Passar\u201d, uma homenagem especial ao Dia das Mulheres.\nInspirado na trajet\u00f3ria de Chiquinha Gonzaga, o espet\u00e1culo revisita a vida da compositora que desafiou padr\u00f5es e abriu caminhos na m\u00fasica brasileira. Com interpreta\u00e7\u00e3o de Raquel Paix\u00e3o, piano e teatro conduzem o p\u00fablico por uma narrativa marcada por talento, coragem e pioneirismo.\n\nUma tarde para apreciar, refletir e celebrar o protagonismo feminino na cultura. \ud83d\udc9c\ud83c\udfb6\n\n#DiaDasMulheres #ChiquinhaGonzaga #Cultura #ProtagonismoFeminino #M\u00fasicaBrasileira\" aria-hidden=\"true\">\n\t\t<\/a>\n\t<\/div>\n<\/div><div class=\"sbi_item sbi_type_carousel sbi_new sbi_transition\"\n\tid=\"sbi_18563975686021340\" data-date=\"1771966436\">\n\t<div class=\"sbi_photo_wrap\">\n\t\t<a class=\"sbi_photo\" href=\"https:\/\/www.instagram.com\/p\/DVJ5_51ke0u\/\" target=\"_blank\" rel=\"noopener nofollow\"\n\t\t\tdata-full-res=\"https:\/\/scontent-gru1-2.cdninstagram.com\/v\/t51.82787-15\/640483289_17988472145930826_6169986802498499839_n.jpg?stp=dst-jpg_e35_tt6&#038;_nc_cat=103&#038;ccb=7-5&#038;_nc_sid=18de74&#038;efg=eyJlZmdfdGFnIjoiQ0FST1VTRUxfSVRFTS5iZXN0X2ltYWdlX3VybGdlbi5DMyJ9&#038;_nc_ohc=aXXhnzZy4XwQ7kNvwEX2EyV&#038;_nc_oc=AdqxwRvnYtyRm6ghxleToAry8maMV7uZemYu8BIROhv3ESG1c1o7aO8KR-5Afe-61Dw&#038;_nc_zt=23&#038;_nc_ht=scontent-gru1-2.cdninstagram.com&#038;edm=ANo9K5cEAAAA&#038;_nc_gid=f8CPyLO5Lgpgf2bciWG1TQ&#038;_nc_tpa=Q5bMBQFX12NGZWIW5TTx1GMgiPzQE498V6yc2UGNm3mjxX5hiLfqNv7yShtK8in99hIsMTAsf82WEeBm2w&#038;oh=00_Af5ayQuIO8DL7BD62n5V_UqdlsOXYvyXqD6mkGGHe9-Vzg&#038;oe=69FA1655\"\n\t\t\tdata-img-src-set=\"{&quot;d&quot;:&quot;https:\\\/\\\/scontent-gru1-2.cdninstagram.com\\\/v\\\/t51.82787-15\\\/640483289_17988472145930826_6169986802498499839_n.jpg?stp=dst-jpg_e35_tt6&amp;_nc_cat=103&amp;ccb=7-5&amp;_nc_sid=18de74&amp;efg=eyJlZmdfdGFnIjoiQ0FST1VTRUxfSVRFTS5iZXN0X2ltYWdlX3VybGdlbi5DMyJ9&amp;_nc_ohc=aXXhnzZy4XwQ7kNvwEX2EyV&amp;_nc_oc=AdqxwRvnYtyRm6ghxleToAry8maMV7uZemYu8BIROhv3ESG1c1o7aO8KR-5Afe-61Dw&amp;_nc_zt=23&amp;_nc_ht=scontent-gru1-2.cdninstagram.com&amp;edm=ANo9K5cEAAAA&amp;_nc_gid=f8CPyLO5Lgpgf2bciWG1TQ&amp;_nc_tpa=Q5bMBQFX12NGZWIW5TTx1GMgiPzQE498V6yc2UGNm3mjxX5hiLfqNv7yShtK8in99hIsMTAsf82WEeBm2w&amp;oh=00_Af5ayQuIO8DL7BD62n5V_UqdlsOXYvyXqD6mkGGHe9-Vzg&amp;oe=69FA1655&quot;,&quot;150&quot;:&quot;https:\\\/\\\/scontent-gru1-2.cdninstagram.com\\\/v\\\/t51.82787-15\\\/640483289_17988472145930826_6169986802498499839_n.jpg?stp=dst-jpg_e35_tt6&amp;_nc_cat=103&amp;ccb=7-5&amp;_nc_sid=18de74&amp;efg=eyJlZmdfdGFnIjoiQ0FST1VTRUxfSVRFTS5iZXN0X2ltYWdlX3VybGdlbi5DMyJ9&amp;_nc_ohc=aXXhnzZy4XwQ7kNvwEX2EyV&amp;_nc_oc=AdqxwRvnYtyRm6ghxleToAry8maMV7uZemYu8BIROhv3ESG1c1o7aO8KR-5Afe-61Dw&amp;_nc_zt=23&amp;_nc_ht=scontent-gru1-2.cdninstagram.com&amp;edm=ANo9K5cEAAAA&amp;_nc_gid=f8CPyLO5Lgpgf2bciWG1TQ&amp;_nc_tpa=Q5bMBQFX12NGZWIW5TTx1GMgiPzQE498V6yc2UGNm3mjxX5hiLfqNv7yShtK8in99hIsMTAsf82WEeBm2w&amp;oh=00_Af5ayQuIO8DL7BD62n5V_UqdlsOXYvyXqD6mkGGHe9-Vzg&amp;oe=69FA1655&quot;,&quot;320&quot;:&quot;https:\\\/\\\/scontent-gru1-2.cdninstagram.com\\\/v\\\/t51.82787-15\\\/640483289_17988472145930826_6169986802498499839_n.jpg?stp=dst-jpg_e35_tt6&amp;_nc_cat=103&amp;ccb=7-5&amp;_nc_sid=18de74&amp;efg=eyJlZmdfdGFnIjoiQ0FST1VTRUxfSVRFTS5iZXN0X2ltYWdlX3VybGdlbi5DMyJ9&amp;_nc_ohc=aXXhnzZy4XwQ7kNvwEX2EyV&amp;_nc_oc=AdqxwRvnYtyRm6ghxleToAry8maMV7uZemYu8BIROhv3ESG1c1o7aO8KR-5Afe-61Dw&amp;_nc_zt=23&amp;_nc_ht=scontent-gru1-2.cdninstagram.com&amp;edm=ANo9K5cEAAAA&amp;_nc_gid=f8CPyLO5Lgpgf2bciWG1TQ&amp;_nc_tpa=Q5bMBQFX12NGZWIW5TTx1GMgiPzQE498V6yc2UGNm3mjxX5hiLfqNv7yShtK8in99hIsMTAsf82WEeBm2w&amp;oh=00_Af5ayQuIO8DL7BD62n5V_UqdlsOXYvyXqD6mkGGHe9-Vzg&amp;oe=69FA1655&quot;,&quot;640&quot;:&quot;https:\\\/\\\/scontent-gru1-2.cdninstagram.com\\\/v\\\/t51.82787-15\\\/640483289_17988472145930826_6169986802498499839_n.jpg?stp=dst-jpg_e35_tt6&amp;_nc_cat=103&amp;ccb=7-5&amp;_nc_sid=18de74&amp;efg=eyJlZmdfdGFnIjoiQ0FST1VTRUxfSVRFTS5iZXN0X2ltYWdlX3VybGdlbi5DMyJ9&amp;_nc_ohc=aXXhnzZy4XwQ7kNvwEX2EyV&amp;_nc_oc=AdqxwRvnYtyRm6ghxleToAry8maMV7uZemYu8BIROhv3ESG1c1o7aO8KR-5Afe-61Dw&amp;_nc_zt=23&amp;_nc_ht=scontent-gru1-2.cdninstagram.com&amp;edm=ANo9K5cEAAAA&amp;_nc_gid=f8CPyLO5Lgpgf2bciWG1TQ&amp;_nc_tpa=Q5bMBQFX12NGZWIW5TTx1GMgiPzQE498V6yc2UGNm3mjxX5hiLfqNv7yShtK8in99hIsMTAsf82WEeBm2w&amp;oh=00_Af5ayQuIO8DL7BD62n5V_UqdlsOXYvyXqD6mkGGHe9-Vzg&amp;oe=69FA1655&quot;}\">\n\t\t\t<span class=\"sbi-screenreader\">A Secretaria Municipal de Cultura e Turismo inform<\/span>\n\t\t\t<svg class=\"svg-inline--fa fa-clone fa-w-16 sbi_lightbox_carousel_icon\" aria-hidden=\"true\" aria-label=\"Clone\" data-fa-pro\u0192cessed=\"\" data-prefix=\"far\" data-icon=\"clone\" role=\"img\" xmlns=\"http:\/\/www.w3.org\/2000\/svg\" viewBox=\"0 0 512 512\">\n                    <path fill=\"currentColor\" d=\"M464 0H144c-26.51 0-48 21.49-48 48v48H48c-26.51 0-48 21.49-48 48v320c0 26.51 21.49 48 48 48h320c26.51 0 48-21.49 48-48v-48h48c26.51 0 48-21.49 48-48V48c0-26.51-21.49-48-48-48zM362 464H54a6 6 0 0 1-6-6V150a6 6 0 0 1 6-6h42v224c0 26.51 21.49 48 48 48h224v42a6 6 0 0 1-6 6zm96-96H150a6 6 0 0 1-6-6V54a6 6 0 0 1 6-6h308a6 6 0 0 1 6 6v308a6 6 0 0 1-6 6z\"><\/path>\n                <\/svg>\t\t\t\t\t\t<img decoding=\"async\" src=\"https:\/\/meriti.rj.gov.br\/inicio\/wp-content\/plugins\/instagram-feed\/img\/placeholder.png\" alt=\"A Secretaria Municipal de Cultura e Turismo informa:\n\nEst\u00e1 dispon\u00edvel o Resultado Provis\u00f3rio dos Classificados do Edital de Premia\u00e7\u00e3o!\nAcesse os canais oficiais da Secretaria Municipal de Cultura e Turismo.\n\nFiquem atentos ao o prazo para interposi\u00e7\u00e3o de recursos, seguir\u00e1 conforme previsto no calend\u00e1rio atualizado.\n\n#Cultura #EditalDePremia\u00e7\u00e3o #ResultadoProvis\u00f3rio #Secretaria #SMCTSJM\" aria-hidden=\"true\">\n\t\t<\/a>\n\t<\/div>\n<\/div><div class=\"sbi_item sbi_type_image sbi_new sbi_transition\"\n\tid=\"sbi_18087041204146288\" data-date=\"1771620152\">\n\t<div class=\"sbi_photo_wrap\">\n\t\t<a class=\"sbi_photo\" href=\"https:\/\/www.instagram.com\/p\/DU_lY-mEZIo\/\" target=\"_blank\" rel=\"noopener nofollow\"\n\t\t\tdata-full-res=\"https:\/\/scontent-gru1-2.cdninstagram.com\/v\/t51.82787-15\/640229708_17988049592930826_1890090036209072344_n.jpg?stp=dst-jpg_e35_tt6&#038;_nc_cat=110&#038;ccb=7-5&#038;_nc_sid=18de74&#038;efg=eyJlZmdfdGFnIjoiRkVFRC5iZXN0X2ltYWdlX3VybGdlbi5DMyJ9&#038;_nc_ohc=INO_GvFP5iIQ7kNvwERrE-1&#038;_nc_oc=Adr1cLDBTifSIUM_1x7-QH5xTmDEH0qtewTmzBUkRcUDVc2RwXcIZClZ0-RoqSFOUT8&#038;_nc_zt=23&#038;_nc_ht=scontent-gru1-2.cdninstagram.com&#038;edm=ANo9K5cEAAAA&#038;_nc_gid=f8CPyLO5Lgpgf2bciWG1TQ&#038;_nc_tpa=Q5bMBQFDDRPvREoV1VU8vLmo4Q1HphDw3B_zKaHz_XXsIgXyY7WHmtmHxXwZJCR5hZlfYyfDajGZm1jlyg&#038;oh=00_Af7N8mQCaxv2x01yeQUjgtY0AqPMj0CUcrDQq-uEGkM7_Q&#038;oe=69FA2E20\"\n\t\t\tdata-img-src-set=\"{&quot;d&quot;:&quot;https:\\\/\\\/scontent-gru1-2.cdninstagram.com\\\/v\\\/t51.82787-15\\\/640229708_17988049592930826_1890090036209072344_n.jpg?stp=dst-jpg_e35_tt6&amp;_nc_cat=110&amp;ccb=7-5&amp;_nc_sid=18de74&amp;efg=eyJlZmdfdGFnIjoiRkVFRC5iZXN0X2ltYWdlX3VybGdlbi5DMyJ9&amp;_nc_ohc=INO_GvFP5iIQ7kNvwERrE-1&amp;_nc_oc=Adr1cLDBTifSIUM_1x7-QH5xTmDEH0qtewTmzBUkRcUDVc2RwXcIZClZ0-RoqSFOUT8&amp;_nc_zt=23&amp;_nc_ht=scontent-gru1-2.cdninstagram.com&amp;edm=ANo9K5cEAAAA&amp;_nc_gid=f8CPyLO5Lgpgf2bciWG1TQ&amp;_nc_tpa=Q5bMBQFDDRPvREoV1VU8vLmo4Q1HphDw3B_zKaHz_XXsIgXyY7WHmtmHxXwZJCR5hZlfYyfDajGZm1jlyg&amp;oh=00_Af7N8mQCaxv2x01yeQUjgtY0AqPMj0CUcrDQq-uEGkM7_Q&amp;oe=69FA2E20&quot;,&quot;150&quot;:&quot;https:\\\/\\\/scontent-gru1-2.cdninstagram.com\\\/v\\\/t51.82787-15\\\/640229708_17988049592930826_1890090036209072344_n.jpg?stp=dst-jpg_e35_tt6&amp;_nc_cat=110&amp;ccb=7-5&amp;_nc_sid=18de74&amp;efg=eyJlZmdfdGFnIjoiRkVFRC5iZXN0X2ltYWdlX3VybGdlbi5DMyJ9&amp;_nc_ohc=INO_GvFP5iIQ7kNvwERrE-1&amp;_nc_oc=Adr1cLDBTifSIUM_1x7-QH5xTmDEH0qtewTmzBUkRcUDVc2RwXcIZClZ0-RoqSFOUT8&amp;_nc_zt=23&amp;_nc_ht=scontent-gru1-2.cdninstagram.com&amp;edm=ANo9K5cEAAAA&amp;_nc_gid=f8CPyLO5Lgpgf2bciWG1TQ&amp;_nc_tpa=Q5bMBQFDDRPvREoV1VU8vLmo4Q1HphDw3B_zKaHz_XXsIgXyY7WHmtmHxXwZJCR5hZlfYyfDajGZm1jlyg&amp;oh=00_Af7N8mQCaxv2x01yeQUjgtY0AqPMj0CUcrDQq-uEGkM7_Q&amp;oe=69FA2E20&quot;,&quot;320&quot;:&quot;https:\\\/\\\/scontent-gru1-2.cdninstagram.com\\\/v\\\/t51.82787-15\\\/640229708_17988049592930826_1890090036209072344_n.jpg?stp=dst-jpg_e35_tt6&amp;_nc_cat=110&amp;ccb=7-5&amp;_nc_sid=18de74&amp;efg=eyJlZmdfdGFnIjoiRkVFRC5iZXN0X2ltYWdlX3VybGdlbi5DMyJ9&amp;_nc_ohc=INO_GvFP5iIQ7kNvwERrE-1&amp;_nc_oc=Adr1cLDBTifSIUM_1x7-QH5xTmDEH0qtewTmzBUkRcUDVc2RwXcIZClZ0-RoqSFOUT8&amp;_nc_zt=23&amp;_nc_ht=scontent-gru1-2.cdninstagram.com&amp;edm=ANo9K5cEAAAA&amp;_nc_gid=f8CPyLO5Lgpgf2bciWG1TQ&amp;_nc_tpa=Q5bMBQFDDRPvREoV1VU8vLmo4Q1HphDw3B_zKaHz_XXsIgXyY7WHmtmHxXwZJCR5hZlfYyfDajGZm1jlyg&amp;oh=00_Af7N8mQCaxv2x01yeQUjgtY0AqPMj0CUcrDQq-uEGkM7_Q&amp;oe=69FA2E20&quot;,&quot;640&quot;:&quot;https:\\\/\\\/scontent-gru1-2.cdninstagram.com\\\/v\\\/t51.82787-15\\\/640229708_17988049592930826_1890090036209072344_n.jpg?stp=dst-jpg_e35_tt6&amp;_nc_cat=110&amp;ccb=7-5&amp;_nc_sid=18de74&amp;efg=eyJlZmdfdGFnIjoiRkVFRC5iZXN0X2ltYWdlX3VybGdlbi5DMyJ9&amp;_nc_ohc=INO_GvFP5iIQ7kNvwERrE-1&amp;_nc_oc=Adr1cLDBTifSIUM_1x7-QH5xTmDEH0qtewTmzBUkRcUDVc2RwXcIZClZ0-RoqSFOUT8&amp;_nc_zt=23&amp;_nc_ht=scontent-gru1-2.cdninstagram.com&amp;edm=ANo9K5cEAAAA&amp;_nc_gid=f8CPyLO5Lgpgf2bciWG1TQ&amp;_nc_tpa=Q5bMBQFDDRPvREoV1VU8vLmo4Q1HphDw3B_zKaHz_XXsIgXyY7WHmtmHxXwZJCR5hZlfYyfDajGZm1jlyg&amp;oh=00_Af7N8mQCaxv2x01yeQUjgtY0AqPMj0CUcrDQq-uEGkM7_Q&amp;oe=69FA2E20&quot;}\">\n\t\t\t<span class=\"sbi-screenreader\">\u2728 Aten\u00e7\u00e3o!! As inscri\u00e7\u00f5es foram prorrogadas!\u2728\n\u00c9 ho<\/span>\n\t\t\t\t\t\t\t\t\t<img decoding=\"async\" src=\"https:\/\/meriti.rj.gov.br\/inicio\/wp-content\/plugins\/instagram-feed\/img\/placeholder.png\" alt=\"\u2728 Aten\u00e7\u00e3o!! As inscri\u00e7\u00f5es foram prorrogadas!\u2728\n\u00c9 hora de aprender, criar e se expressar por meio da arte e da cultura \ud83c\udfb6\ud83c\udfa8\ud83d\udc83\nTem op\u00e7\u00f5es para todas as idades e talentos!\n\n\ud83d\udccc Inscri\u00e7\u00f5es prorrogadas at\u00e9 27\/02!\n\ud83d\udc49 Garanta sua pr\u00e9-inscri\u00e7\u00e3o pelo link na bio e acompanhe as pr\u00f3ximas etapas.\n\nN\u00e3o fique de fora dessa oportunidade! \ud83d\udc99\ud83d\udc9b\n\n#CursosAbertos #Cultura #secretaria #SJM\" aria-hidden=\"true\">\n\t\t<\/a>\n\t<\/div>\n<\/div><div class=\"sbi_item sbi_type_image sbi_new sbi_transition\"\n\tid=\"sbi_18127036687529895\" data-date=\"1770755731\">\n\t<div class=\"sbi_photo_wrap\">\n\t\t<a class=\"sbi_photo\" href=\"https:\/\/www.instagram.com\/p\/DUl0rC6kZY5\/\" target=\"_blank\" rel=\"noopener nofollow\"\n\t\t\tdata-full-res=\"https:\/\/scontent-gru1-2.cdninstagram.com\/v\/t51.82787-15\/628443430_17986979912930826_891949957209336462_n.jpg?stp=dst-jpg_e35_tt6&#038;_nc_cat=103&#038;ccb=7-5&#038;_nc_sid=18de74&#038;efg=eyJlZmdfdGFnIjoiRkVFRC5iZXN0X2ltYWdlX3VybGdlbi5DMyJ9&#038;_nc_ohc=Y8fwcYvu2hMQ7kNvwHFwmXV&#038;_nc_oc=AdqDaeazE4gEQccqR9sl7iX95VgX4SBnPvIdOCv9y8PKMKFnziQQ14cJCEflACqANs8&#038;_nc_zt=23&#038;_nc_ht=scontent-gru1-2.cdninstagram.com&#038;edm=ANo9K5cEAAAA&#038;_nc_gid=f8CPyLO5Lgpgf2bciWG1TQ&#038;_nc_tpa=Q5bMBQHGROFJXMOc1liKtzlV6WmhuBpRyanEnqtrmAczBMi3stTUmATtxNF319XMCd_2Dw91yEcpMSYITQ&#038;oh=00_Af6JJtwNhLo3GJzuHpiqywIPrtKF7urEZEG2D0mWs18mCg&#038;oe=69FA13E6\"\n\t\t\tdata-img-src-set=\"{&quot;d&quot;:&quot;https:\\\/\\\/scontent-gru1-2.cdninstagram.com\\\/v\\\/t51.82787-15\\\/628443430_17986979912930826_891949957209336462_n.jpg?stp=dst-jpg_e35_tt6&amp;_nc_cat=103&amp;ccb=7-5&amp;_nc_sid=18de74&amp;efg=eyJlZmdfdGFnIjoiRkVFRC5iZXN0X2ltYWdlX3VybGdlbi5DMyJ9&amp;_nc_ohc=Y8fwcYvu2hMQ7kNvwHFwmXV&amp;_nc_oc=AdqDaeazE4gEQccqR9sl7iX95VgX4SBnPvIdOCv9y8PKMKFnziQQ14cJCEflACqANs8&amp;_nc_zt=23&amp;_nc_ht=scontent-gru1-2.cdninstagram.com&amp;edm=ANo9K5cEAAAA&amp;_nc_gid=f8CPyLO5Lgpgf2bciWG1TQ&amp;_nc_tpa=Q5bMBQHGROFJXMOc1liKtzlV6WmhuBpRyanEnqtrmAczBMi3stTUmATtxNF319XMCd_2Dw91yEcpMSYITQ&amp;oh=00_Af6JJtwNhLo3GJzuHpiqywIPrtKF7urEZEG2D0mWs18mCg&amp;oe=69FA13E6&quot;,&quot;150&quot;:&quot;https:\\\/\\\/scontent-gru1-2.cdninstagram.com\\\/v\\\/t51.82787-15\\\/628443430_17986979912930826_891949957209336462_n.jpg?stp=dst-jpg_e35_tt6&amp;_nc_cat=103&amp;ccb=7-5&amp;_nc_sid=18de74&amp;efg=eyJlZmdfdGFnIjoiRkVFRC5iZXN0X2ltYWdlX3VybGdlbi5DMyJ9&amp;_nc_ohc=Y8fwcYvu2hMQ7kNvwHFwmXV&amp;_nc_oc=AdqDaeazE4gEQccqR9sl7iX95VgX4SBnPvIdOCv9y8PKMKFnziQQ14cJCEflACqANs8&amp;_nc_zt=23&amp;_nc_ht=scontent-gru1-2.cdninstagram.com&amp;edm=ANo9K5cEAAAA&amp;_nc_gid=f8CPyLO5Lgpgf2bciWG1TQ&amp;_nc_tpa=Q5bMBQHGROFJXMOc1liKtzlV6WmhuBpRyanEnqtrmAczBMi3stTUmATtxNF319XMCd_2Dw91yEcpMSYITQ&amp;oh=00_Af6JJtwNhLo3GJzuHpiqywIPrtKF7urEZEG2D0mWs18mCg&amp;oe=69FA13E6&quot;,&quot;320&quot;:&quot;https:\\\/\\\/scontent-gru1-2.cdninstagram.com\\\/v\\\/t51.82787-15\\\/628443430_17986979912930826_891949957209336462_n.jpg?stp=dst-jpg_e35_tt6&amp;_nc_cat=103&amp;ccb=7-5&amp;_nc_sid=18de74&amp;efg=eyJlZmdfdGFnIjoiRkVFRC5iZXN0X2ltYWdlX3VybGdlbi5DMyJ9&amp;_nc_ohc=Y8fwcYvu2hMQ7kNvwHFwmXV&amp;_nc_oc=AdqDaeazE4gEQccqR9sl7iX95VgX4SBnPvIdOCv9y8PKMKFnziQQ14cJCEflACqANs8&amp;_nc_zt=23&amp;_nc_ht=scontent-gru1-2.cdninstagram.com&amp;edm=ANo9K5cEAAAA&amp;_nc_gid=f8CPyLO5Lgpgf2bciWG1TQ&amp;_nc_tpa=Q5bMBQHGROFJXMOc1liKtzlV6WmhuBpRyanEnqtrmAczBMi3stTUmATtxNF319XMCd_2Dw91yEcpMSYITQ&amp;oh=00_Af6JJtwNhLo3GJzuHpiqywIPrtKF7urEZEG2D0mWs18mCg&amp;oe=69FA13E6&quot;,&quot;640&quot;:&quot;https:\\\/\\\/scontent-gru1-2.cdninstagram.com\\\/v\\\/t51.82787-15\\\/628443430_17986979912930826_891949957209336462_n.jpg?stp=dst-jpg_e35_tt6&amp;_nc_cat=103&amp;ccb=7-5&amp;_nc_sid=18de74&amp;efg=eyJlZmdfdGFnIjoiRkVFRC5iZXN0X2ltYWdlX3VybGdlbi5DMyJ9&amp;_nc_ohc=Y8fwcYvu2hMQ7kNvwHFwmXV&amp;_nc_oc=AdqDaeazE4gEQccqR9sl7iX95VgX4SBnPvIdOCv9y8PKMKFnziQQ14cJCEflACqANs8&amp;_nc_zt=23&amp;_nc_ht=scontent-gru1-2.cdninstagram.com&amp;edm=ANo9K5cEAAAA&amp;_nc_gid=f8CPyLO5Lgpgf2bciWG1TQ&amp;_nc_tpa=Q5bMBQHGROFJXMOc1liKtzlV6WmhuBpRyanEnqtrmAczBMi3stTUmATtxNF319XMCd_2Dw91yEcpMSYITQ&amp;oh=00_Af6JJtwNhLo3GJzuHpiqywIPrtKF7urEZEG2D0mWs18mCg&amp;oe=69FA13E6&quot;}\">\n\t\t\t<span class=\"sbi-screenreader\">Bora garantir sua vaga? \ud83c\udfb6\u2728\nAcompanhe as etapas e n<\/span>\n\t\t\t\t\t\t\t\t\t<img decoding=\"async\" src=\"https:\/\/meriti.rj.gov.br\/inicio\/wp-content\/plugins\/instagram-feed\/img\/placeholder.png\" alt=\"Bora garantir sua vaga? \ud83c\udfb6\u2728\nAcompanhe as etapas e n\u00e3o fique de fora!\n\nAs inscri\u00e7\u00f5es est\u00e3o abertas at\u00e9 20\/02\/2026 e o passo a passo \u00e9 simples:\n\n1\ufe0f\u20e3 Fa\u00e7a a pr\u00e9-inscri\u00e7\u00e3o pelo link na bio \u2705\n2\ufe0f\u20e3 Aguarde o agendamento via WhatsApp ou liga\u00e7\u00e3o\n3\ufe0f\u20e3 Compare\u00e7a ao Centro Cultural Meritiense ap\u00f3s convoca\u00e7\u00e3o\n4\ufe0f\u20e3 Fique atento ao informativo de in\u00edcio das aulas\n\n\ud83d\udccd Centro Cultural Meritiense\n(Rua Pamanense, s\/n\u00ba \u2013 Jardim Meriti, SJM)\n\n\u26a0\ufe0f N\u00e3o esque\u00e7a dos documentos:\n\u2714\ufe0f C\u00f3pia da Identidade\n\u2714\ufe0f C\u00f3pia do CPF\n\u2714\ufe0f Comprovante de Resid\u00eancia\n\u2714\ufe0f Foto 3x4\n\n\u00c9 a sua chance de viver a cultura de perto, aprender e desenvolver seu talento! \ud83d\udc99\ud83d\udc9b\n\n#S\u00e3oJo\u00e3odeMeriti #CulturaSJM #Inscri\u00e7\u00f5esAbertas #CentroCulturalMeritiense #VemPraCultura\" aria-hidden=\"true\">\n\t\t<\/a>\n\t<\/div>\n<\/div><div class=\"sbi_item sbi_type_image sbi_new sbi_transition\"\n\tid=\"sbi_18055237106411119\" data-date=\"1770323478\">\n\t<div class=\"sbi_photo_wrap\">\n\t\t<a class=\"sbi_photo\" href=\"https:\/\/www.instagram.com\/p\/DUY8EKWkXBF\/\" target=\"_blank\" rel=\"noopener nofollow\"\n\t\t\tdata-full-res=\"https:\/\/scontent-gru2-1.cdninstagram.com\/v\/t51.82787-15\/625981049_17986477202930826_5059045366265436545_n.jpg?stp=dst-jpg_e35_tt6&#038;_nc_cat=109&#038;ccb=7-5&#038;_nc_sid=18de74&#038;efg=eyJlZmdfdGFnIjoiRkVFRC5iZXN0X2ltYWdlX3VybGdlbi5DMyJ9&#038;_nc_ohc=P0iwvgpxPB4Q7kNvwFCXWmn&#038;_nc_oc=Adrglyzsppvx4VpCZ1C4K-UcgoWwxp0cMn1WAfzKEt1uOUm-C3lnr-A-W-_J7N8Lw10&#038;_nc_zt=23&#038;_nc_ht=scontent-gru2-1.cdninstagram.com&#038;edm=ANo9K5cEAAAA&#038;_nc_gid=f8CPyLO5Lgpgf2bciWG1TQ&#038;_nc_tpa=Q5bMBQGTdpOisCYeab_EOKeLIuA-Cs5R_GduSPGnq0kCfHq_23C0mqGG69LZyMHqYoT7lNDlOPWYGcYplw&#038;oh=00_Af6wbgjTFW8zwPNaldatnZK9uByauq-D5vEUugiwqPKnWQ&#038;oe=69FA2897\"\n\t\t\tdata-img-src-set=\"{&quot;d&quot;:&quot;https:\\\/\\\/scontent-gru2-1.cdninstagram.com\\\/v\\\/t51.82787-15\\\/625981049_17986477202930826_5059045366265436545_n.jpg?stp=dst-jpg_e35_tt6&amp;_nc_cat=109&amp;ccb=7-5&amp;_nc_sid=18de74&amp;efg=eyJlZmdfdGFnIjoiRkVFRC5iZXN0X2ltYWdlX3VybGdlbi5DMyJ9&amp;_nc_ohc=P0iwvgpxPB4Q7kNvwFCXWmn&amp;_nc_oc=Adrglyzsppvx4VpCZ1C4K-UcgoWwxp0cMn1WAfzKEt1uOUm-C3lnr-A-W-_J7N8Lw10&amp;_nc_zt=23&amp;_nc_ht=scontent-gru2-1.cdninstagram.com&amp;edm=ANo9K5cEAAAA&amp;_nc_gid=f8CPyLO5Lgpgf2bciWG1TQ&amp;_nc_tpa=Q5bMBQGTdpOisCYeab_EOKeLIuA-Cs5R_GduSPGnq0kCfHq_23C0mqGG69LZyMHqYoT7lNDlOPWYGcYplw&amp;oh=00_Af6wbgjTFW8zwPNaldatnZK9uByauq-D5vEUugiwqPKnWQ&amp;oe=69FA2897&quot;,&quot;150&quot;:&quot;https:\\\/\\\/scontent-gru2-1.cdninstagram.com\\\/v\\\/t51.82787-15\\\/625981049_17986477202930826_5059045366265436545_n.jpg?stp=dst-jpg_e35_tt6&amp;_nc_cat=109&amp;ccb=7-5&amp;_nc_sid=18de74&amp;efg=eyJlZmdfdGFnIjoiRkVFRC5iZXN0X2ltYWdlX3VybGdlbi5DMyJ9&amp;_nc_ohc=P0iwvgpxPB4Q7kNvwFCXWmn&amp;_nc_oc=Adrglyzsppvx4VpCZ1C4K-UcgoWwxp0cMn1WAfzKEt1uOUm-C3lnr-A-W-_J7N8Lw10&amp;_nc_zt=23&amp;_nc_ht=scontent-gru2-1.cdninstagram.com&amp;edm=ANo9K5cEAAAA&amp;_nc_gid=f8CPyLO5Lgpgf2bciWG1TQ&amp;_nc_tpa=Q5bMBQGTdpOisCYeab_EOKeLIuA-Cs5R_GduSPGnq0kCfHq_23C0mqGG69LZyMHqYoT7lNDlOPWYGcYplw&amp;oh=00_Af6wbgjTFW8zwPNaldatnZK9uByauq-D5vEUugiwqPKnWQ&amp;oe=69FA2897&quot;,&quot;320&quot;:&quot;https:\\\/\\\/scontent-gru2-1.cdninstagram.com\\\/v\\\/t51.82787-15\\\/625981049_17986477202930826_5059045366265436545_n.jpg?stp=dst-jpg_e35_tt6&amp;_nc_cat=109&amp;ccb=7-5&amp;_nc_sid=18de74&amp;efg=eyJlZmdfdGFnIjoiRkVFRC5iZXN0X2ltYWdlX3VybGdlbi5DMyJ9&amp;_nc_ohc=P0iwvgpxPB4Q7kNvwFCXWmn&amp;_nc_oc=Adrglyzsppvx4VpCZ1C4K-UcgoWwxp0cMn1WAfzKEt1uOUm-C3lnr-A-W-_J7N8Lw10&amp;_nc_zt=23&amp;_nc_ht=scontent-gru2-1.cdninstagram.com&amp;edm=ANo9K5cEAAAA&amp;_nc_gid=f8CPyLO5Lgpgf2bciWG1TQ&amp;_nc_tpa=Q5bMBQGTdpOisCYeab_EOKeLIuA-Cs5R_GduSPGnq0kCfHq_23C0mqGG69LZyMHqYoT7lNDlOPWYGcYplw&amp;oh=00_Af6wbgjTFW8zwPNaldatnZK9uByauq-D5vEUugiwqPKnWQ&amp;oe=69FA2897&quot;,&quot;640&quot;:&quot;https:\\\/\\\/scontent-gru2-1.cdninstagram.com\\\/v\\\/t51.82787-15\\\/625981049_17986477202930826_5059045366265436545_n.jpg?stp=dst-jpg_e35_tt6&amp;_nc_cat=109&amp;ccb=7-5&amp;_nc_sid=18de74&amp;efg=eyJlZmdfdGFnIjoiRkVFRC5iZXN0X2ltYWdlX3VybGdlbi5DMyJ9&amp;_nc_ohc=P0iwvgpxPB4Q7kNvwFCXWmn&amp;_nc_oc=Adrglyzsppvx4VpCZ1C4K-UcgoWwxp0cMn1WAfzKEt1uOUm-C3lnr-A-W-_J7N8Lw10&amp;_nc_zt=23&amp;_nc_ht=scontent-gru2-1.cdninstagram.com&amp;edm=ANo9K5cEAAAA&amp;_nc_gid=f8CPyLO5Lgpgf2bciWG1TQ&amp;_nc_tpa=Q5bMBQGTdpOisCYeab_EOKeLIuA-Cs5R_GduSPGnq0kCfHq_23C0mqGG69LZyMHqYoT7lNDlOPWYGcYplw&amp;oh=00_Af6wbgjTFW8zwPNaldatnZK9uByauq-D5vEUugiwqPKnWQ&amp;oe=69FA2897&quot;}\">\n\t\t\t<span class=\"sbi-screenreader\">\u2728 Os cursos voltaram! \u2728\n\u00c9 hora de aprender, criar <\/span>\n\t\t\t\t\t\t\t\t\t<img decoding=\"async\" src=\"https:\/\/meriti.rj.gov.br\/inicio\/wp-content\/plugins\/instagram-feed\/img\/placeholder.png\" alt=\"\u2728 Os cursos voltaram! \u2728\n\u00c9 hora de aprender, criar e se expressar por meio da arte e da cultura \ud83c\udfb6\ud83c\udfa8\ud83d\udc83\nTem op\u00e7\u00f5es para todas as idades e talentos!\n\n\ud83d\udcc5 Inscri\u00e7\u00f5es abertas at\u00e9 20\/02\/26\n\ud83d\udc49 Garanta sua pr\u00e9-inscri\u00e7\u00e3o pelo link na bio e acompanhe as pr\u00f3ximas etapas.\n\nN\u00e3o fique de fora dessa oportunidade! \ud83d\udc99\ud83d\udc9b\n\n#CursosAbertos #Cultura #secretaria #SJM\" aria-hidden=\"true\">\n\t\t<\/a>\n\t<\/div>\n<\/div><div class=\"sbi_item sbi_type_carousel sbi_new sbi_transition\"\n\tid=\"sbi_17964303143877728\" data-date=\"1769810664\">\n\t<div class=\"sbi_photo_wrap\">\n\t\t<a class=\"sbi_photo\" href=\"https:\/\/www.instagram.com\/p\/DUJqMF1kbND\/\" target=\"_blank\" rel=\"noopener nofollow\"\n\t\t\tdata-full-res=\"https:\/\/scontent-gru1-2.cdninstagram.com\/v\/t51.82787-15\/624921950_17985845225930826_884614611232735180_n.jpg?stp=dst-jpg_e35_tt6&#038;_nc_cat=103&#038;ccb=7-5&#038;_nc_sid=18de74&#038;efg=eyJlZmdfdGFnIjoiQ0FST1VTRUxfSVRFTS5iZXN0X2ltYWdlX3VybGdlbi5DMyJ9&#038;_nc_ohc=SSnYM5iHnQUQ7kNvwH4BXy2&#038;_nc_oc=Adpu7U9cZ3VFgtSjJWnsGVC95GKXsacOnAy_KXK7rIFS9IuY5amJOQZ63oilblu2N-o&#038;_nc_zt=23&#038;_nc_ht=scontent-gru1-2.cdninstagram.com&#038;edm=ANo9K5cEAAAA&#038;_nc_gid=f8CPyLO5Lgpgf2bciWG1TQ&#038;_nc_tpa=Q5bMBQG9Ujp6z4vbKmEvF5S86kLW314-KVfGpFXdHhnw8bc7alsxWadR0baq7ZXFL2jvc5r_EWj5h3sTHA&#038;oh=00_Af5whSn8hXxmFWqTSERbKYQJTq51kRepKfw8STuR1pYlkQ&#038;oe=69FA1E82\"\n\t\t\tdata-img-src-set=\"{&quot;d&quot;:&quot;https:\\\/\\\/scontent-gru1-2.cdninstagram.com\\\/v\\\/t51.82787-15\\\/624921950_17985845225930826_884614611232735180_n.jpg?stp=dst-jpg_e35_tt6&amp;_nc_cat=103&amp;ccb=7-5&amp;_nc_sid=18de74&amp;efg=eyJlZmdfdGFnIjoiQ0FST1VTRUxfSVRFTS5iZXN0X2ltYWdlX3VybGdlbi5DMyJ9&amp;_nc_ohc=SSnYM5iHnQUQ7kNvwH4BXy2&amp;_nc_oc=Adpu7U9cZ3VFgtSjJWnsGVC95GKXsacOnAy_KXK7rIFS9IuY5amJOQZ63oilblu2N-o&amp;_nc_zt=23&amp;_nc_ht=scontent-gru1-2.cdninstagram.com&amp;edm=ANo9K5cEAAAA&amp;_nc_gid=f8CPyLO5Lgpgf2bciWG1TQ&amp;_nc_tpa=Q5bMBQG9Ujp6z4vbKmEvF5S86kLW314-KVfGpFXdHhnw8bc7alsxWadR0baq7ZXFL2jvc5r_EWj5h3sTHA&amp;oh=00_Af5whSn8hXxmFWqTSERbKYQJTq51kRepKfw8STuR1pYlkQ&amp;oe=69FA1E82&quot;,&quot;150&quot;:&quot;https:\\\/\\\/scontent-gru1-2.cdninstagram.com\\\/v\\\/t51.82787-15\\\/624921950_17985845225930826_884614611232735180_n.jpg?stp=dst-jpg_e35_tt6&amp;_nc_cat=103&amp;ccb=7-5&amp;_nc_sid=18de74&amp;efg=eyJlZmdfdGFnIjoiQ0FST1VTRUxfSVRFTS5iZXN0X2ltYWdlX3VybGdlbi5DMyJ9&amp;_nc_ohc=SSnYM5iHnQUQ7kNvwH4BXy2&amp;_nc_oc=Adpu7U9cZ3VFgtSjJWnsGVC95GKXsacOnAy_KXK7rIFS9IuY5amJOQZ63oilblu2N-o&amp;_nc_zt=23&amp;_nc_ht=scontent-gru1-2.cdninstagram.com&amp;edm=ANo9K5cEAAAA&amp;_nc_gid=f8CPyLO5Lgpgf2bciWG1TQ&amp;_nc_tpa=Q5bMBQG9Ujp6z4vbKmEvF5S86kLW314-KVfGpFXdHhnw8bc7alsxWadR0baq7ZXFL2jvc5r_EWj5h3sTHA&amp;oh=00_Af5whSn8hXxmFWqTSERbKYQJTq51kRepKfw8STuR1pYlkQ&amp;oe=69FA1E82&quot;,&quot;320&quot;:&quot;https:\\\/\\\/scontent-gru1-2.cdninstagram.com\\\/v\\\/t51.82787-15\\\/624921950_17985845225930826_884614611232735180_n.jpg?stp=dst-jpg_e35_tt6&amp;_nc_cat=103&amp;ccb=7-5&amp;_nc_sid=18de74&amp;efg=eyJlZmdfdGFnIjoiQ0FST1VTRUxfSVRFTS5iZXN0X2ltYWdlX3VybGdlbi5DMyJ9&amp;_nc_ohc=SSnYM5iHnQUQ7kNvwH4BXy2&amp;_nc_oc=Adpu7U9cZ3VFgtSjJWnsGVC95GKXsacOnAy_KXK7rIFS9IuY5amJOQZ63oilblu2N-o&amp;_nc_zt=23&amp;_nc_ht=scontent-gru1-2.cdninstagram.com&amp;edm=ANo9K5cEAAAA&amp;_nc_gid=f8CPyLO5Lgpgf2bciWG1TQ&amp;_nc_tpa=Q5bMBQG9Ujp6z4vbKmEvF5S86kLW314-KVfGpFXdHhnw8bc7alsxWadR0baq7ZXFL2jvc5r_EWj5h3sTHA&amp;oh=00_Af5whSn8hXxmFWqTSERbKYQJTq51kRepKfw8STuR1pYlkQ&amp;oe=69FA1E82&quot;,&quot;640&quot;:&quot;https:\\\/\\\/scontent-gru1-2.cdninstagram.com\\\/v\\\/t51.82787-15\\\/624921950_17985845225930826_884614611232735180_n.jpg?stp=dst-jpg_e35_tt6&amp;_nc_cat=103&amp;ccb=7-5&amp;_nc_sid=18de74&amp;efg=eyJlZmdfdGFnIjoiQ0FST1VTRUxfSVRFTS5iZXN0X2ltYWdlX3VybGdlbi5DMyJ9&amp;_nc_ohc=SSnYM5iHnQUQ7kNvwH4BXy2&amp;_nc_oc=Adpu7U9cZ3VFgtSjJWnsGVC95GKXsacOnAy_KXK7rIFS9IuY5amJOQZ63oilblu2N-o&amp;_nc_zt=23&amp;_nc_ht=scontent-gru1-2.cdninstagram.com&amp;edm=ANo9K5cEAAAA&amp;_nc_gid=f8CPyLO5Lgpgf2bciWG1TQ&amp;_nc_tpa=Q5bMBQG9Ujp6z4vbKmEvF5S86kLW314-KVfGpFXdHhnw8bc7alsxWadR0baq7ZXFL2jvc5r_EWj5h3sTHA&amp;oh=00_Af5whSn8hXxmFWqTSERbKYQJTq51kRepKfw8STuR1pYlkQ&amp;oe=69FA1E82&quot;}\">\n\t\t\t<span class=\"sbi-screenreader\">\u2728 ATEN\u00c7\u00c3O, FAZEDORES DE CULTURA! \u2728\n\nO novo Cronogr<\/span>\n\t\t\t<svg class=\"svg-inline--fa fa-clone fa-w-16 sbi_lightbox_carousel_icon\" aria-hidden=\"true\" aria-label=\"Clone\" data-fa-pro\u0192cessed=\"\" data-prefix=\"far\" data-icon=\"clone\" role=\"img\" xmlns=\"http:\/\/www.w3.org\/2000\/svg\" viewBox=\"0 0 512 512\">\n                    <path fill=\"currentColor\" d=\"M464 0H144c-26.51 0-48 21.49-48 48v48H48c-26.51 0-48 21.49-48 48v320c0 26.51 21.49 48 48 48h320c26.51 0 48-21.49 48-48v-48h48c26.51 0 48-21.49 48-48V48c0-26.51-21.49-48-48-48zM362 464H54a6 6 0 0 1-6-6V150a6 6 0 0 1 6-6h42v224c0 26.51 21.49 48 48 48h224v42a6 6 0 0 1-6 6zm96-96H150a6 6 0 0 1-6-6V54a6 6 0 0 1 6-6h308a6 6 0 0 1 6 6v308a6 6 0 0 1-6 6z\"><\/path>\n                <\/svg>\t\t\t\t\t\t<img decoding=\"async\" src=\"https:\/\/meriti.rj.gov.br\/inicio\/wp-content\/plugins\/instagram-feed\/img\/placeholder.png\" alt=\"\u2728 ATEN\u00c7\u00c3O, FAZEDORES DE CULTURA! \u2728\n\nO novo Cronograma do Edital 003\/2025 de Premia\u00e7\u00e3o j\u00e1 est\u00e1 dispon\u00edvel \ud83d\udcc5\n\nAs datas foram atualizadas para garantir mais organiza\u00e7\u00e3o, transpar\u00eancia e seguran\u00e7a para todos os agentes culturais participantes.\n\n\ud83d\udc49 Fiquem atentos aos novos prazos e confiram o cronograma completo.\nSeguimos fortalecendo e valorizando as trajet\u00f3rias culturais em S\u00e3o Jo\u00e3o de Meriti \ud83c\udfad\ud83c\udfb6\ud83d\udcda\n\n#CulturaSJM #Edital0032025 #FazedoresDeCultura #Cultura\u00c9Direito #Premia\u00e7\u00e3oCultural S\u00e3oJo\u00e3oDeMeriti\" aria-hidden=\"true\">\n\t\t<\/a>\n\t<\/div>\n<\/div><div class=\"sbi_item sbi_type_image sbi_new sbi_transition\"\n\tid=\"sbi_18087693311093996\" data-date=\"1767970702\">\n\t<div class=\"sbi_photo_wrap\">\n\t\t<a class=\"sbi_photo\" href=\"https:\/\/www.instagram.com\/p\/DTS0vbdgEFo\/\" target=\"_blank\" rel=\"noopener nofollow\"\n\t\t\tdata-full-res=\"https:\/\/scontent-gru2-1.cdninstagram.com\/v\/t51.82787-15\/612500893_17983646339930826_2637236136348399416_n.jpg?stp=dst-jpg_e35_tt6&#038;_nc_cat=109&#038;ccb=7-5&#038;_nc_sid=18de74&#038;efg=eyJlZmdfdGFnIjoiRkVFRC5iZXN0X2ltYWdlX3VybGdlbi5DMyJ9&#038;_nc_ohc=3EfTpMK89PUQ7kNvwELgKE5&#038;_nc_oc=AdoqM1eoy5TOeZxUQD_csW8KLe7fni86oYk6Exo-H568nwKfKMTSv7iMQ3pMpwKn9Pk&#038;_nc_zt=23&#038;_nc_ht=scontent-gru2-1.cdninstagram.com&#038;edm=ANo9K5cEAAAA&#038;_nc_gid=f8CPyLO5Lgpgf2bciWG1TQ&#038;_nc_tpa=Q5bMBQE789G60IGgP_TuvYX06782YN91hnGu4A3io1hX8HmvlO_EpiOhhwdzvdhWBKhyhTjLvFVWUs39vQ&#038;oh=00_Af4QO3hJWp0LupV6PCYiTBOadLF3325Vcmi82BbdU7q2hQ&#038;oe=69FA4450\"\n\t\t\tdata-img-src-set=\"{&quot;d&quot;:&quot;https:\\\/\\\/scontent-gru2-1.cdninstagram.com\\\/v\\\/t51.82787-15\\\/612500893_17983646339930826_2637236136348399416_n.jpg?stp=dst-jpg_e35_tt6&amp;_nc_cat=109&amp;ccb=7-5&amp;_nc_sid=18de74&amp;efg=eyJlZmdfdGFnIjoiRkVFRC5iZXN0X2ltYWdlX3VybGdlbi5DMyJ9&amp;_nc_ohc=3EfTpMK89PUQ7kNvwELgKE5&amp;_nc_oc=AdoqM1eoy5TOeZxUQD_csW8KLe7fni86oYk6Exo-H568nwKfKMTSv7iMQ3pMpwKn9Pk&amp;_nc_zt=23&amp;_nc_ht=scontent-gru2-1.cdninstagram.com&amp;edm=ANo9K5cEAAAA&amp;_nc_gid=f8CPyLO5Lgpgf2bciWG1TQ&amp;_nc_tpa=Q5bMBQE789G60IGgP_TuvYX06782YN91hnGu4A3io1hX8HmvlO_EpiOhhwdzvdhWBKhyhTjLvFVWUs39vQ&amp;oh=00_Af4QO3hJWp0LupV6PCYiTBOadLF3325Vcmi82BbdU7q2hQ&amp;oe=69FA4450&quot;,&quot;150&quot;:&quot;https:\\\/\\\/scontent-gru2-1.cdninstagram.com\\\/v\\\/t51.82787-15\\\/612500893_17983646339930826_2637236136348399416_n.jpg?stp=dst-jpg_e35_tt6&amp;_nc_cat=109&amp;ccb=7-5&amp;_nc_sid=18de74&amp;efg=eyJlZmdfdGFnIjoiRkVFRC5iZXN0X2ltYWdlX3VybGdlbi5DMyJ9&amp;_nc_ohc=3EfTpMK89PUQ7kNvwELgKE5&amp;_nc_oc=AdoqM1eoy5TOeZxUQD_csW8KLe7fni86oYk6Exo-H568nwKfKMTSv7iMQ3pMpwKn9Pk&amp;_nc_zt=23&amp;_nc_ht=scontent-gru2-1.cdninstagram.com&amp;edm=ANo9K5cEAAAA&amp;_nc_gid=f8CPyLO5Lgpgf2bciWG1TQ&amp;_nc_tpa=Q5bMBQE789G60IGgP_TuvYX06782YN91hnGu4A3io1hX8HmvlO_EpiOhhwdzvdhWBKhyhTjLvFVWUs39vQ&amp;oh=00_Af4QO3hJWp0LupV6PCYiTBOadLF3325Vcmi82BbdU7q2hQ&amp;oe=69FA4450&quot;,&quot;320&quot;:&quot;https:\\\/\\\/scontent-gru2-1.cdninstagram.com\\\/v\\\/t51.82787-15\\\/612500893_17983646339930826_2637236136348399416_n.jpg?stp=dst-jpg_e35_tt6&amp;_nc_cat=109&amp;ccb=7-5&amp;_nc_sid=18de74&amp;efg=eyJlZmdfdGFnIjoiRkVFRC5iZXN0X2ltYWdlX3VybGdlbi5DMyJ9&amp;_nc_ohc=3EfTpMK89PUQ7kNvwELgKE5&amp;_nc_oc=AdoqM1eoy5TOeZxUQD_csW8KLe7fni86oYk6Exo-H568nwKfKMTSv7iMQ3pMpwKn9Pk&amp;_nc_zt=23&amp;_nc_ht=scontent-gru2-1.cdninstagram.com&amp;edm=ANo9K5cEAAAA&amp;_nc_gid=f8CPyLO5Lgpgf2bciWG1TQ&amp;_nc_tpa=Q5bMBQE789G60IGgP_TuvYX06782YN91hnGu4A3io1hX8HmvlO_EpiOhhwdzvdhWBKhyhTjLvFVWUs39vQ&amp;oh=00_Af4QO3hJWp0LupV6PCYiTBOadLF3325Vcmi82BbdU7q2hQ&amp;oe=69FA4450&quot;,&quot;640&quot;:&quot;https:\\\/\\\/scontent-gru2-1.cdninstagram.com\\\/v\\\/t51.82787-15\\\/612500893_17983646339930826_2637236136348399416_n.jpg?stp=dst-jpg_e35_tt6&amp;_nc_cat=109&amp;ccb=7-5&amp;_nc_sid=18de74&amp;efg=eyJlZmdfdGFnIjoiRkVFRC5iZXN0X2ltYWdlX3VybGdlbi5DMyJ9&amp;_nc_ohc=3EfTpMK89PUQ7kNvwELgKE5&amp;_nc_oc=AdoqM1eoy5TOeZxUQD_csW8KLe7fni86oYk6Exo-H568nwKfKMTSv7iMQ3pMpwKn9Pk&amp;_nc_zt=23&amp;_nc_ht=scontent-gru2-1.cdninstagram.com&amp;edm=ANo9K5cEAAAA&amp;_nc_gid=f8CPyLO5Lgpgf2bciWG1TQ&amp;_nc_tpa=Q5bMBQE789G60IGgP_TuvYX06782YN91hnGu4A3io1hX8HmvlO_EpiOhhwdzvdhWBKhyhTjLvFVWUs39vQ&amp;oh=00_Af4QO3hJWp0LupV6PCYiTBOadLF3325Vcmi82BbdU7q2hQ&amp;oe=69FA4450&quot;}\">\n\t\t\t<span class=\"sbi-screenreader\">\u2728 Aten\u00e7\u00e3o, fazedores de cultura! \u2728\n\nA Secretaria M<\/span>\n\t\t\t\t\t\t\t\t\t<img decoding=\"async\" src=\"https:\/\/meriti.rj.gov.br\/inicio\/wp-content\/plugins\/instagram-feed\/img\/placeholder.png\" alt=\"\u2728 Aten\u00e7\u00e3o, fazedores de cultura! \u2728\n\nA Secretaria Municipal de Cultura e Turismo informa que o cronograma do Edital n\u00ba 003\/2025 \u2013 Premia\u00e7\u00e3o por Trajet\u00f3ria Cultural foi prorrogado.\n\n\ud83d\udcc5 A divulga\u00e7\u00e3o do resultado preliminar, prevista para 08\/01\/2026, ter\u00e1 nova data, que ser\u00e1 anunciada em breve.\n\nEssa prorroga\u00e7\u00e3o garante mais transpar\u00eancia, organiza\u00e7\u00e3o e um processo ainda mais cuidadoso para todos os participantes.\n\n\ud83d\udc49 Fiquem atentos \u00e0s pr\u00f3ximas atualiza\u00e7\u00f5es e ao novo cronograma no site oficial da Prefeitura de S\u00e3o Jo\u00e3o de Meriti.\n\n#Cultura #FazedoresDeCultura #EditalCultural #CulturaMeriti #S\u00e3oJo\u00e3oDeMeriti #CulturaEArte\" aria-hidden=\"true\">\n\t\t<\/a>\n\t<\/div>\n<\/div><div class=\"sbi_item sbi_type_video sbi_new sbi_transition\"\n\tid=\"sbi_18113673880612923\" data-date=\"1767642512\">\n\t<div class=\"sbi_photo_wrap\">\n\t\t<a class=\"sbi_photo\" href=\"https:\/\/www.instagram.com\/reel\/DTJCjTOEUMA\/\" target=\"_blank\" rel=\"noopener nofollow\"\n\t\t\tdata-full-res=\"https:\/\/scontent-gru2-2.cdninstagram.com\/v\/t51.71878-15\/609255510_3788390161467383_6627069587009191220_n.jpg?stp=dst-jpg_e35_tt6&#038;_nc_cat=106&#038;ccb=7-5&#038;_nc_sid=18de74&#038;efg=eyJlZmdfdGFnIjoiQ0xJUFMuYmVzdF9pbWFnZV91cmxnZW4uQzMifQ%3D%3D&#038;_nc_ohc=QHfavlbCG1UQ7kNvwHGj2u_&#038;_nc_oc=AdpoM9eTI-MlJQOAZI7kARp3Ylvuqs1iBo-6pIYYFOAOe8OTIIs6Ho_vwVqv4TSSwGs&#038;_nc_zt=23&#038;_nc_ht=scontent-gru2-2.cdninstagram.com&#038;edm=ANo9K5cEAAAA&#038;_nc_gid=f8CPyLO5Lgpgf2bciWG1TQ&#038;_nc_tpa=Q5bMBQGI5MNAt_yGeH45UZ2nirYruvLJlLCrRBO8FQkkMDxULOlCS45bxZ8XzF2GGbTNrL_rtfXQCrUMkA&#038;oh=00_Af7FnQ3NX6JUTgTKvFC8fC0mEABsPAqZxYlUAMjjKMXk4w&#038;oe=69FA3501\"\n\t\t\tdata-img-src-set=\"{&quot;d&quot;:&quot;https:\\\/\\\/scontent-gru2-2.cdninstagram.com\\\/v\\\/t51.71878-15\\\/609255510_3788390161467383_6627069587009191220_n.jpg?stp=dst-jpg_e35_tt6&amp;_nc_cat=106&amp;ccb=7-5&amp;_nc_sid=18de74&amp;efg=eyJlZmdfdGFnIjoiQ0xJUFMuYmVzdF9pbWFnZV91cmxnZW4uQzMifQ%3D%3D&amp;_nc_ohc=QHfavlbCG1UQ7kNvwHGj2u_&amp;_nc_oc=AdpoM9eTI-MlJQOAZI7kARp3Ylvuqs1iBo-6pIYYFOAOe8OTIIs6Ho_vwVqv4TSSwGs&amp;_nc_zt=23&amp;_nc_ht=scontent-gru2-2.cdninstagram.com&amp;edm=ANo9K5cEAAAA&amp;_nc_gid=f8CPyLO5Lgpgf2bciWG1TQ&amp;_nc_tpa=Q5bMBQGI5MNAt_yGeH45UZ2nirYruvLJlLCrRBO8FQkkMDxULOlCS45bxZ8XzF2GGbTNrL_rtfXQCrUMkA&amp;oh=00_Af7FnQ3NX6JUTgTKvFC8fC0mEABsPAqZxYlUAMjjKMXk4w&amp;oe=69FA3501&quot;,&quot;150&quot;:&quot;https:\\\/\\\/scontent-gru2-2.cdninstagram.com\\\/v\\\/t51.71878-15\\\/609255510_3788390161467383_6627069587009191220_n.jpg?stp=dst-jpg_e35_tt6&amp;_nc_cat=106&amp;ccb=7-5&amp;_nc_sid=18de74&amp;efg=eyJlZmdfdGFnIjoiQ0xJUFMuYmVzdF9pbWFnZV91cmxnZW4uQzMifQ%3D%3D&amp;_nc_ohc=QHfavlbCG1UQ7kNvwHGj2u_&amp;_nc_oc=AdpoM9eTI-MlJQOAZI7kARp3Ylvuqs1iBo-6pIYYFOAOe8OTIIs6Ho_vwVqv4TSSwGs&amp;_nc_zt=23&amp;_nc_ht=scontent-gru2-2.cdninstagram.com&amp;edm=ANo9K5cEAAAA&amp;_nc_gid=f8CPyLO5Lgpgf2bciWG1TQ&amp;_nc_tpa=Q5bMBQGI5MNAt_yGeH45UZ2nirYruvLJlLCrRBO8FQkkMDxULOlCS45bxZ8XzF2GGbTNrL_rtfXQCrUMkA&amp;oh=00_Af7FnQ3NX6JUTgTKvFC8fC0mEABsPAqZxYlUAMjjKMXk4w&amp;oe=69FA3501&quot;,&quot;320&quot;:&quot;https:\\\/\\\/scontent-gru2-2.cdninstagram.com\\\/v\\\/t51.71878-15\\\/609255510_3788390161467383_6627069587009191220_n.jpg?stp=dst-jpg_e35_tt6&amp;_nc_cat=106&amp;ccb=7-5&amp;_nc_sid=18de74&amp;efg=eyJlZmdfdGFnIjoiQ0xJUFMuYmVzdF9pbWFnZV91cmxnZW4uQzMifQ%3D%3D&amp;_nc_ohc=QHfavlbCG1UQ7kNvwHGj2u_&amp;_nc_oc=AdpoM9eTI-MlJQOAZI7kARp3Ylvuqs1iBo-6pIYYFOAOe8OTIIs6Ho_vwVqv4TSSwGs&amp;_nc_zt=23&amp;_nc_ht=scontent-gru2-2.cdninstagram.com&amp;edm=ANo9K5cEAAAA&amp;_nc_gid=f8CPyLO5Lgpgf2bciWG1TQ&amp;_nc_tpa=Q5bMBQGI5MNAt_yGeH45UZ2nirYruvLJlLCrRBO8FQkkMDxULOlCS45bxZ8XzF2GGbTNrL_rtfXQCrUMkA&amp;oh=00_Af7FnQ3NX6JUTgTKvFC8fC0mEABsPAqZxYlUAMjjKMXk4w&amp;oe=69FA3501&quot;,&quot;640&quot;:&quot;https:\\\/\\\/scontent-gru2-2.cdninstagram.com\\\/v\\\/t51.71878-15\\\/609255510_3788390161467383_6627069587009191220_n.jpg?stp=dst-jpg_e35_tt6&amp;_nc_cat=106&amp;ccb=7-5&amp;_nc_sid=18de74&amp;efg=eyJlZmdfdGFnIjoiQ0xJUFMuYmVzdF9pbWFnZV91cmxnZW4uQzMifQ%3D%3D&amp;_nc_ohc=QHfavlbCG1UQ7kNvwHGj2u_&amp;_nc_oc=AdpoM9eTI-MlJQOAZI7kARp3Ylvuqs1iBo-6pIYYFOAOe8OTIIs6Ho_vwVqv4TSSwGs&amp;_nc_zt=23&amp;_nc_ht=scontent-gru2-2.cdninstagram.com&amp;edm=ANo9K5cEAAAA&amp;_nc_gid=f8CPyLO5Lgpgf2bciWG1TQ&amp;_nc_tpa=Q5bMBQGI5MNAt_yGeH45UZ2nirYruvLJlLCrRBO8FQkkMDxULOlCS45bxZ8XzF2GGbTNrL_rtfXQCrUMkA&amp;oh=00_Af7FnQ3NX6JUTgTKvFC8fC0mEABsPAqZxYlUAMjjKMXk4w&amp;oe=69FA3501&quot;}\">\n\t\t\t<span class=\"sbi-screenreader\">\u2728 Vem a\u00ed o Workshop das Oficinas do Centro Cultura<\/span>\n\t\t\t\t\t\t<svg style=\"color: rgba(255,255,255,1)\" class=\"svg-inline--fa fa-play fa-w-14 sbi_playbtn\" aria-label=\"Play\" aria-hidden=\"true\" data-fa-processed=\"\" data-prefix=\"fa\" data-icon=\"play\" role=\"presentation\" xmlns=\"http:\/\/www.w3.org\/2000\/svg\" viewBox=\"0 0 448 512\"><path fill=\"currentColor\" d=\"M424.4 214.7L72.4 6.6C43.8-10.3 0 6.1 0 47.9V464c0 37.5 40.7 60.1 72.4 41.3l352-208c31.4-18.5 31.5-64.1 0-82.6z\"><\/path><\/svg>\t\t\t<img decoding=\"async\" src=\"https:\/\/meriti.rj.gov.br\/inicio\/wp-content\/plugins\/instagram-feed\/img\/placeholder.png\" alt=\"\u2728 Vem a\u00ed o Workshop das Oficinas do Centro Cultural! \u2728\n\nPrepare-se para dias cheios de criatividade, aprendizado e muita troca de experi\u00eancias \ud83c\udfa8\ud83c\udfad\u2728\n\n\ud83d\udcc5 De 19 a 30 de janeiro, o Centro Cultural abre as portas para um workshop especial com diversas oficinas que celebram a arte, a cultura e a express\u00e3o em todas as suas formas.\n\n\ud83d\udcdd Inscri\u00e7\u00f5es online a partir de 05 de janeiro de 2026 - Link na bio!\n\n\ud83d\udccd Local: Centro Cultural Meritiense\n\nN\u00e3o fique de fora! Venha criar, aprender e se inspirar \ud83d\udc9b\n\n#CulturaMeriti #S\u00e3oJo\u00e3odeMeriti #PrefeituradeMeriti #CulturaeArte\" aria-hidden=\"true\">\n\t\t<\/a>\n\t<\/div>\n<\/div><div class=\"sbi_item sbi_type_video sbi_new sbi_transition\"\n\tid=\"sbi_18552529318048004\" data-date=\"1767633287\">\n\t<div class=\"sbi_photo_wrap\">\n\t\t<a class=\"sbi_photo\" href=\"https:\/\/www.instagram.com\/reel\/DTIxCTbgJ33\/\" target=\"_blank\" rel=\"noopener nofollow\"\n\t\t\tdata-full-res=\"https:\/\/scontent-gru2-2.cdninstagram.com\/v\/t51.71878-15\/610277638_4201077206818579_7618609906242922241_n.jpg?stp=dst-jpg_e35_tt6&#038;_nc_cat=106&#038;ccb=7-5&#038;_nc_sid=18de74&#038;efg=eyJlZmdfdGFnIjoiQ0xJUFMuYmVzdF9pbWFnZV91cmxnZW4uQzMifQ%3D%3D&#038;_nc_ohc=h2qAZ184sO0Q7kNvwHBLCP5&#038;_nc_oc=AdqZhNXgdpNBx8_et67aV56JLGNeDYB3tFgPpKeW2Iqn0TjvInkB5Jdc0Y-1bsDsyzg&#038;_nc_zt=23&#038;_nc_ht=scontent-gru2-2.cdninstagram.com&#038;edm=ANo9K5cEAAAA&#038;_nc_gid=f8CPyLO5Lgpgf2bciWG1TQ&#038;_nc_tpa=Q5bMBQE1BHNzNIXl7pBtkRcm7FXc95h1wLTPDkkWH0xQR-_9omlKq_MqnSgqmYT181br4LQ5lbCoEvlL1Q&#038;oh=00_Af5syYLUwFKSXY7xGqsYZzMwL97zCx3J5HsKuExcThqR1g&#038;oe=69FA2FCA\"\n\t\t\tdata-img-src-set=\"{&quot;d&quot;:&quot;https:\\\/\\\/scontent-gru2-2.cdninstagram.com\\\/v\\\/t51.71878-15\\\/610277638_4201077206818579_7618609906242922241_n.jpg?stp=dst-jpg_e35_tt6&amp;_nc_cat=106&amp;ccb=7-5&amp;_nc_sid=18de74&amp;efg=eyJlZmdfdGFnIjoiQ0xJUFMuYmVzdF9pbWFnZV91cmxnZW4uQzMifQ%3D%3D&amp;_nc_ohc=h2qAZ184sO0Q7kNvwHBLCP5&amp;_nc_oc=AdqZhNXgdpNBx8_et67aV56JLGNeDYB3tFgPpKeW2Iqn0TjvInkB5Jdc0Y-1bsDsyzg&amp;_nc_zt=23&amp;_nc_ht=scontent-gru2-2.cdninstagram.com&amp;edm=ANo9K5cEAAAA&amp;_nc_gid=f8CPyLO5Lgpgf2bciWG1TQ&amp;_nc_tpa=Q5bMBQE1BHNzNIXl7pBtkRcm7FXc95h1wLTPDkkWH0xQR-_9omlKq_MqnSgqmYT181br4LQ5lbCoEvlL1Q&amp;oh=00_Af5syYLUwFKSXY7xGqsYZzMwL97zCx3J5HsKuExcThqR1g&amp;oe=69FA2FCA&quot;,&quot;150&quot;:&quot;https:\\\/\\\/scontent-gru2-2.cdninstagram.com\\\/v\\\/t51.71878-15\\\/610277638_4201077206818579_7618609906242922241_n.jpg?stp=dst-jpg_e35_tt6&amp;_nc_cat=106&amp;ccb=7-5&amp;_nc_sid=18de74&amp;efg=eyJlZmdfdGFnIjoiQ0xJUFMuYmVzdF9pbWFnZV91cmxnZW4uQzMifQ%3D%3D&amp;_nc_ohc=h2qAZ184sO0Q7kNvwHBLCP5&amp;_nc_oc=AdqZhNXgdpNBx8_et67aV56JLGNeDYB3tFgPpKeW2Iqn0TjvInkB5Jdc0Y-1bsDsyzg&amp;_nc_zt=23&amp;_nc_ht=scontent-gru2-2.cdninstagram.com&amp;edm=ANo9K5cEAAAA&amp;_nc_gid=f8CPyLO5Lgpgf2bciWG1TQ&amp;_nc_tpa=Q5bMBQE1BHNzNIXl7pBtkRcm7FXc95h1wLTPDkkWH0xQR-_9omlKq_MqnSgqmYT181br4LQ5lbCoEvlL1Q&amp;oh=00_Af5syYLUwFKSXY7xGqsYZzMwL97zCx3J5HsKuExcThqR1g&amp;oe=69FA2FCA&quot;,&quot;320&quot;:&quot;https:\\\/\\\/scontent-gru2-2.cdninstagram.com\\\/v\\\/t51.71878-15\\\/610277638_4201077206818579_7618609906242922241_n.jpg?stp=dst-jpg_e35_tt6&amp;_nc_cat=106&amp;ccb=7-5&amp;_nc_sid=18de74&amp;efg=eyJlZmdfdGFnIjoiQ0xJUFMuYmVzdF9pbWFnZV91cmxnZW4uQzMifQ%3D%3D&amp;_nc_ohc=h2qAZ184sO0Q7kNvwHBLCP5&amp;_nc_oc=AdqZhNXgdpNBx8_et67aV56JLGNeDYB3tFgPpKeW2Iqn0TjvInkB5Jdc0Y-1bsDsyzg&amp;_nc_zt=23&amp;_nc_ht=scontent-gru2-2.cdninstagram.com&amp;edm=ANo9K5cEAAAA&amp;_nc_gid=f8CPyLO5Lgpgf2bciWG1TQ&amp;_nc_tpa=Q5bMBQE1BHNzNIXl7pBtkRcm7FXc95h1wLTPDkkWH0xQR-_9omlKq_MqnSgqmYT181br4LQ5lbCoEvlL1Q&amp;oh=00_Af5syYLUwFKSXY7xGqsYZzMwL97zCx3J5HsKuExcThqR1g&amp;oe=69FA2FCA&quot;,&quot;640&quot;:&quot;https:\\\/\\\/scontent-gru2-2.cdninstagram.com\\\/v\\\/t51.71878-15\\\/610277638_4201077206818579_7618609906242922241_n.jpg?stp=dst-jpg_e35_tt6&amp;_nc_cat=106&amp;ccb=7-5&amp;_nc_sid=18de74&amp;efg=eyJlZmdfdGFnIjoiQ0xJUFMuYmVzdF9pbWFnZV91cmxnZW4uQzMifQ%3D%3D&amp;_nc_ohc=h2qAZ184sO0Q7kNvwHBLCP5&amp;_nc_oc=AdqZhNXgdpNBx8_et67aV56JLGNeDYB3tFgPpKeW2Iqn0TjvInkB5Jdc0Y-1bsDsyzg&amp;_nc_zt=23&amp;_nc_ht=scontent-gru2-2.cdninstagram.com&amp;edm=ANo9K5cEAAAA&amp;_nc_gid=f8CPyLO5Lgpgf2bciWG1TQ&amp;_nc_tpa=Q5bMBQE1BHNzNIXl7pBtkRcm7FXc95h1wLTPDkkWH0xQR-_9omlKq_MqnSgqmYT181br4LQ5lbCoEvlL1Q&amp;oh=00_Af5syYLUwFKSXY7xGqsYZzMwL97zCx3J5HsKuExcThqR1g&amp;oe=69FA2FCA&quot;}\">\n\t\t\t<span class=\"sbi-screenreader\">\ud83c\udfad\u2728 A cultura popular tomou conta de S\u00e3o Jo\u00e3o de Me<\/span>\n\t\t\t\t\t\t<svg style=\"color: rgba(255,255,255,1)\" class=\"svg-inline--fa fa-play fa-w-14 sbi_playbtn\" aria-label=\"Play\" aria-hidden=\"true\" data-fa-processed=\"\" data-prefix=\"fa\" data-icon=\"play\" role=\"presentation\" xmlns=\"http:\/\/www.w3.org\/2000\/svg\" viewBox=\"0 0 448 512\"><path fill=\"currentColor\" d=\"M424.4 214.7L72.4 6.6C43.8-10.3 0 6.1 0 47.9V464c0 37.5 40.7 60.1 72.4 41.3l352-208c31.4-18.5 31.5-64.1 0-82.6z\"><\/path><\/svg>\t\t\t<img decoding=\"async\" src=\"https:\/\/meriti.rj.gov.br\/inicio\/wp-content\/plugins\/instagram-feed\/img\/placeholder.png\" alt=\"\ud83c\udfad\u2728 A cultura popular tomou conta de S\u00e3o Jo\u00e3o de Meriti!\nO 2\u00ba Giro da Folia foi celebrado no Morro do Embaixador - Museu Marinheiro Jo\u00e3o C\u00e2ndido, com muita alegria, tradi\u00e7\u00e3o e participa\u00e7\u00e3o da comunidade.\n\nA Secretaria de Cultura e Turismo de S\u00e3o Jo\u00e3o de Meriti segue valorizando e fortalecendo as manifesta\u00e7\u00f5es culturais do nosso munic\u00edpio. \ud83d\udc9b\ud83d\udc99\n\n#CulturaMeriti #TurismoMeriti #GiroDaFolia #CulturaPopular #S\u00e3oJo\u00e3oDeMeriti\" aria-hidden=\"true\">\n\t\t<\/a>\n\t<\/div>\n<\/div>\t<\/div>\n\n\t<div id=\"sbi_load\" >\n\n\t\t\t<button class=\"sbi_load_btn\"\n\t\t\ttype=\"button\" >\n\t\t\t<span class=\"sbi_btn_text\" >Carregar mais<\/span>\n\t\t\t<span class=\"sbi_loader sbi_hidden\" style=\"background-color: rgb(255, 255, 255);\" aria-hidden=\"true\"><\/span>\n\t\t<\/button>\n\t\n\t\t\t<span class=\"sbi_follow_btn sbi_custom\" >\n\t\t\t<a target=\"_blank\"\n\t\t\t\trel=\"nofollow noopener\"  href=\"https:\/\/www.instagram.com\/culturaeturismosjm\/\" style=\"background: rgb(64,139,209);\">\n\t\t\t\t<svg class=\"svg-inline--fa fa-instagram fa-w-14\" aria-hidden=\"true\" data-fa-processed=\"\" aria-label=\"Instagram\" data-prefix=\"fab\" data-icon=\"instagram\" role=\"img\" viewBox=\"0 0 448 512\">\n                    <path fill=\"currentColor\" d=\"M224.1 141c-63.6 0-114.9 51.3-114.9 114.9s51.3 114.9 114.9 114.9S339 319.5 339 255.9 287.7 141 224.1 141zm0 189.6c-41.1 0-74.7-33.5-74.7-74.7s33.5-74.7 74.7-74.7 74.7 33.5 74.7 74.7-33.6 74.7-74.7 74.7zm146.4-194.3c0 14.9-12 26.8-26.8 26.8-14.9 0-26.8-12-26.8-26.8s12-26.8 26.8-26.8 26.8 12 26.8 26.8zm76.1 27.2c-1.7-35.9-9.9-67.7-36.2-93.9-26.2-26.2-58-34.4-93.9-36.2-37-2.1-147.9-2.1-184.9 0-35.8 1.7-67.6 9.9-93.9 36.1s-34.4 58-36.2 93.9c-2.1 37-2.1 147.9 0 184.9 1.7 35.9 9.9 67.7 36.2 93.9s58 34.4 93.9 36.2c37 2.1 147.9 2.1 184.9 0 35.9-1.7 67.7-9.9 93.9-36.2 26.2-26.2 34.4-58 36.2-93.9 2.1-37 2.1-147.8 0-184.8zM398.8 388c-7.8 19.6-22.9 34.7-42.6 42.6-29.5 11.7-99.5 9-132.1 9s-102.7 2.6-132.1-9c-19.6-7.8-34.7-22.9-42.6-42.6-11.7-29.5-9-99.5-9-132.1s-2.6-102.7 9-132.1c7.8-19.6 22.9-34.7 42.6-42.6 29.5-11.7 99.5-9 132.1-9s102.7-2.6 132.1 9c19.6 7.8 34.7 22.9 42.6 42.6 11.7 29.5 9 99.5 9 132.1s2.7 102.7-9 132.1z\"><\/path>\n                <\/svg>\t\t\t\t<span>Seguir no Instagram<\/span>\n\t\t\t<\/a>\n\t\t<\/span>\n\t\n<\/div>\n\t\t<span class=\"sbi_resized_image_data\" data-feed-id=\"*2\"\n\t\t  data-resized=\"{&quot;18439174147116807&quot;:{&quot;id&quot;:&quot;656206115_24663997063298106_7141663879393726289_n&quot;,&quot;ratio&quot;:&quot;0.56&quot;,&quot;sizes&quot;:{&quot;full&quot;:640,&quot;low&quot;:320,&quot;thumb&quot;:150},&quot;extension&quot;:&quot;.webp&quot;},&quot;18114311431589177&quot;:{&quot;id&quot;:&quot;655148690_17991303524930826_6188736105875037378_n&quot;,&quot;ratio&quot;:&quot;0.80&quot;,&quot;sizes&quot;:{&quot;full&quot;:640,&quot;low&quot;:320,&quot;thumb&quot;:150},&quot;extension&quot;:&quot;.webp&quot;},&quot;18165099784412053&quot;:{&quot;id&quot;:&quot;654474525_17991117713930826_8095907518972739982_n&quot;,&quot;ratio&quot;:&quot;0.75&quot;,&quot;sizes&quot;:{&quot;full&quot;:640,&quot;low&quot;:320,&quot;thumb&quot;:150},&quot;extension&quot;:&quot;.webp&quot;},&quot;18073945856156743&quot;:{&quot;id&quot;:&quot;649174516_17990238230930826_8107320475004767681_n&quot;,&quot;ratio&quot;:&quot;0.80&quot;,&quot;sizes&quot;:{&quot;full&quot;:640,&quot;low&quot;:320,&quot;thumb&quot;:150},&quot;extension&quot;:&quot;.webp&quot;},&quot;18070052294217906&quot;:{&quot;id&quot;:&quot;642662954_17989543685930826_3771158018726371209_n&quot;,&quot;ratio&quot;:&quot;1.00&quot;,&quot;sizes&quot;:{&quot;full&quot;:640,&quot;low&quot;:320,&quot;thumb&quot;:150},&quot;extension&quot;:&quot;.webp&quot;},&quot;17913899415316525&quot;:{&quot;id&quot;:&quot;642644872_17989531112930826_202142131242910892_n&quot;,&quot;ratio&quot;:&quot;0.80&quot;,&quot;sizes&quot;:{&quot;full&quot;:640,&quot;low&quot;:320,&quot;thumb&quot;:150},&quot;extension&quot;:&quot;.webp&quot;},&quot;18072452171567227&quot;:{&quot;id&quot;:&quot;643576678_17989354646930826_2127984400892971929_n&quot;,&quot;ratio&quot;:&quot;0.80&quot;,&quot;sizes&quot;:{&quot;full&quot;:640,&quot;low&quot;:320,&quot;thumb&quot;:150},&quot;extension&quot;:&quot;.webp&quot;},&quot;18092524481020854&quot;:{&quot;id&quot;:&quot;640442537_17988791969930826_4865462978196624382_n&quot;,&quot;ratio&quot;:&quot;0.75&quot;,&quot;sizes&quot;:{&quot;full&quot;:640,&quot;low&quot;:320,&quot;thumb&quot;:150},&quot;extension&quot;:&quot;.webp&quot;},&quot;18097154174483801&quot;:{&quot;id&quot;:&quot;639746537_17988641216930826_5469516505978412138_n&quot;,&quot;ratio&quot;:&quot;0.75&quot;,&quot;sizes&quot;:{&quot;full&quot;:640,&quot;low&quot;:320,&quot;thumb&quot;:150},&quot;extension&quot;:&quot;.webp&quot;},&quot;18563975686021340&quot;:{&quot;id&quot;:&quot;640483289_17988472145930826_6169986802498499839_n&quot;,&quot;ratio&quot;:&quot;0.80&quot;,&quot;sizes&quot;:{&quot;full&quot;:640,&quot;low&quot;:320,&quot;thumb&quot;:150},&quot;extension&quot;:&quot;.webp&quot;},&quot;18087041204146288&quot;:{&quot;id&quot;:&quot;640229708_17988049592930826_1890090036209072344_n&quot;,&quot;ratio&quot;:&quot;0.75&quot;,&quot;sizes&quot;:{&quot;full&quot;:640,&quot;low&quot;:320,&quot;thumb&quot;:150},&quot;extension&quot;:&quot;.webp&quot;},&quot;18127036687529895&quot;:{&quot;id&quot;:&quot;628443430_17986979912930826_891949957209336462_n&quot;,&quot;ratio&quot;:&quot;0.75&quot;,&quot;sizes&quot;:{&quot;full&quot;:640,&quot;low&quot;:320,&quot;thumb&quot;:150},&quot;extension&quot;:&quot;.webp&quot;},&quot;18055237106411119&quot;:{&quot;id&quot;:&quot;625981049_17986477202930826_5059045366265436545_n&quot;,&quot;ratio&quot;:&quot;0.75&quot;,&quot;sizes&quot;:{&quot;full&quot;:640,&quot;low&quot;:320,&quot;thumb&quot;:150},&quot;extension&quot;:&quot;.webp&quot;},&quot;17964303143877728&quot;:{&quot;id&quot;:&quot;624921950_17985845225930826_884614611232735180_n&quot;,&quot;ratio&quot;:&quot;0.80&quot;,&quot;sizes&quot;:{&quot;full&quot;:640,&quot;low&quot;:320,&quot;thumb&quot;:150},&quot;extension&quot;:&quot;.webp&quot;},&quot;18087693311093996&quot;:{&quot;id&quot;:&quot;612500893_17983646339930826_2637236136348399416_n&quot;,&quot;ratio&quot;:&quot;0.75&quot;,&quot;sizes&quot;:{&quot;full&quot;:640,&quot;low&quot;:320,&quot;thumb&quot;:150},&quot;extension&quot;:&quot;.webp&quot;},&quot;18113673880612923&quot;:{&quot;id&quot;:&quot;609255510_3788390161467383_6627069587009191220_n&quot;,&quot;ratio&quot;:&quot;0.56&quot;,&quot;sizes&quot;:{&quot;full&quot;:640,&quot;low&quot;:320,&quot;thumb&quot;:150},&quot;extension&quot;:&quot;.webp&quot;},&quot;18552529318048004&quot;:{&quot;id&quot;:&quot;610277638_4201077206818579_7618609906242922241_n&quot;,&quot;ratio&quot;:&quot;0.56&quot;,&quot;sizes&quot;:{&quot;full&quot;:640,&quot;low&quot;:320,&quot;thumb&quot;:150},&quot;extension&quot;:&quot;.webp&quot;},&quot;18093305363039081&quot;:{&quot;id&quot;:&quot;656599383_17991973151930826_4528614679828446980_n&quot;,&quot;ratio&quot;:&quot;0.80&quot;,&quot;sizes&quot;:{&quot;full&quot;:640,&quot;low&quot;:320,&quot;thumb&quot;:150},&quot;extension&quot;:&quot;.webp&quot;},&quot;18037003394782930&quot;:{&quot;id&quot;:&quot;657330107_17992107959930826_2418934763744468123_n&quot;,&quot;ratio&quot;:&quot;0.80&quot;,&quot;sizes&quot;:{&quot;full&quot;:640,&quot;low&quot;:320,&quot;thumb&quot;:150},&quot;extension&quot;:&quot;.webp&quot;},&quot;18091413062351030&quot;:{&quot;id&quot;:&quot;670980082_17995445207930826_5573301789101153956_n&quot;,&quot;ratio&quot;:&quot;0.80&quot;,&quot;sizes&quot;:{&quot;full&quot;:640,&quot;low&quot;:320,&quot;thumb&quot;:150},&quot;extension&quot;:&quot;.webp&quot;}}\">\n\t<\/span>\n\t<\/div>\n\n\t\t\t\t<\/div>\n\t\t\t\t<\/div>\n\t\t\t\t\t<\/div>\n\t\t\t\t<\/div>\n\t\t<div class=\"elementor-element elementor-element-b59a97a e-flex e-con-boxed e-con e-parent\" data-id=\"b59a97a\" data-element_type=\"container\" data-e-type=\"container\">\n\t\t\t\t\t<div class=\"e-con-inner\">\n\t\t<div class=\"elementor-element elementor-element-1b921e6 e-con-full e-flex e-con e-child\" data-id=\"1b921e6\" data-element_type=\"container\" data-e-type=\"container\">\n\t\t\t\t<div class=\"elementor-element elementor-element-0b7e727 elementor-widget elementor-widget-image\" data-id=\"0b7e727\" data-element_type=\"widget\" data-e-type=\"widget\" data-widget_type=\"image.default\">\n\t\t\t\t<div class=\"elementor-widget-container\">\n\t\t\t\t\t\t\t\t\t\t\t\t\t\t\t<img decoding=\"async\" width=\"160\" height=\"29\" src=\"https:\/\/meriti.rj.gov.br\/inicio\/wp-content\/uploads\/2024\/04\/titulo-saiba-mais.png\" class=\"attachment-large size-large wp-image-10274\" alt=\"\" \/>\t\t\t\t\t\t\t\t\t\t\t\t\t\t\t<\/div>\n\t\t\t\t<\/div>\n\t\t\t\t<\/div>\n\t\t\t\t\t<\/div>\n\t\t\t\t<\/div>\n\t\t<div class=\"elementor-element elementor-element-8481426 e-flex e-con-boxed e-con e-parent\" data-id=\"8481426\" data-element_type=\"container\" data-e-type=\"container\">\n\t\t\t\t\t<div class=\"e-con-inner\">\n\t\t<div class=\"elementor-element elementor-element-b48415a e-flex e-con-boxed e-con e-child\" data-id=\"b48415a\" data-element_type=\"container\" data-e-type=\"container\">\n\t\t\t\t\t<div class=\"e-con-inner\">\n\t\t\t\t<div class=\"elementor-element elementor-element-d727708 elementor-widget elementor-widget-image\" data-id=\"d727708\" data-element_type=\"widget\" data-e-type=\"widget\" data-widget_type=\"image.default\">\n\t\t\t\t<div class=\"elementor-widget-container\">\n\t\t\t\t\t\t\t\t\t\t\t\t\t\t\t\t<a href=\"https:\/\/meriti.rj.gov.br\/inicio\/?page_id=10713\">\n\t\t\t\t\t\t\t<img loading=\"lazy\" decoding=\"async\" width=\"406\" height=\"244\" src=\"https:\/\/meriti.rj.gov.br\/inicio\/wp-content\/uploads\/2024\/04\/card-aldir-blanc.png\" class=\"attachment-full size-full wp-image-10232\" alt=\"\" srcset=\"https:\/\/meriti.rj.gov.br\/inicio\/wp-content\/uploads\/2024\/04\/card-aldir-blanc.png 406w, https:\/\/meriti.rj.gov.br\/inicio\/wp-content\/uploads\/2024\/04\/card-aldir-blanc-300x180.png 300w\" sizes=\"(max-width: 406px) 100vw, 406px\" \/>\t\t\t\t\t\t\t\t<\/a>\n\t\t\t\t\t\t\t\t\t\t\t\t\t\t\t<\/div>\n\t\t\t\t<\/div>\n\t\t\t\t<div class=\"elementor-element elementor-element-868853c elementor-widget elementor-widget-text-editor\" data-id=\"868853c\" data-element_type=\"widget\" data-e-type=\"widget\" data-widget_type=\"text-editor.default\">\n\t\t\t\t<div class=\"elementor-widget-container\">\n\t\t\t\t\t\t\t\t\t<p><a style=\"color: white;\" href=\"https:\/\/meriti.rj.gov.br\/inicio\/?page_id=10713\">Pol\u00edtica Nacional Aldir Blanc &#8211; PNAB<\/a><\/p>\t\t\t\t\t\t\t\t<\/div>\n\t\t\t\t<\/div>\n\t\t\t\t<div class=\"elementor-element elementor-element-74336e4 elementor-widget elementor-widget-text-editor\" data-id=\"74336e4\" data-element_type=\"widget\" data-e-type=\"widget\" data-widget_type=\"text-editor.default\">\n\t\t\t\t<div class=\"elementor-widget-container\">\n\t\t\t\t\t\t\t\t\t<a href=\"https:\/\/meriti.rj.gov.br\/inicio\/?page_id=10713\"><span style=\"text-decoration: underline; color:white;\">Clique aqui<\/span><\/a>\t\t\t\t\t\t\t\t<\/div>\n\t\t\t\t<\/div>\n\t\t\t\t\t<\/div>\n\t\t\t\t<\/div>\n\t\t<div class=\"elementor-element elementor-element-be94107 e-flex e-con-boxed e-con e-child\" data-id=\"be94107\" data-element_type=\"container\" data-e-type=\"container\">\n\t\t\t\t\t<div class=\"e-con-inner\">\n\t\t\t\t<div class=\"elementor-element elementor-element-409aa63 elementor-widget elementor-widget-image\" data-id=\"409aa63\" data-element_type=\"widget\" data-e-type=\"widget\" data-widget_type=\"image.default\">\n\t\t\t\t<div class=\"elementor-widget-container\">\n\t\t\t\t\t\t\t\t\t\t\t\t\t\t\t\t<a href=\"https:\/\/meriti.rj.gov.br\/inicio\/?page_id=10848\">\n\t\t\t\t\t\t\t<img loading=\"lazy\" decoding=\"async\" width=\"406\" height=\"244\" src=\"https:\/\/meriti.rj.gov.br\/inicio\/wp-content\/uploads\/2024\/04\/card-paulo-gustavo-Copia.png\" class=\"attachment-full size-full wp-image-10235\" alt=\"\" srcset=\"https:\/\/meriti.rj.gov.br\/inicio\/wp-content\/uploads\/2024\/04\/card-paulo-gustavo-Copia.png 406w, https:\/\/meriti.rj.gov.br\/inicio\/wp-content\/uploads\/2024\/04\/card-paulo-gustavo-Copia-300x180.png 300w\" sizes=\"(max-width: 406px) 100vw, 406px\" \/>\t\t\t\t\t\t\t\t<\/a>\n\t\t\t\t\t\t\t\t\t\t\t\t\t\t\t<\/div>\n\t\t\t\t<\/div>\n\t\t\t\t<div class=\"elementor-element elementor-element-1425ebe elementor-widget elementor-widget-text-editor\" data-id=\"1425ebe\" data-element_type=\"widget\" data-e-type=\"widget\" data-widget_type=\"text-editor.default\">\n\t\t\t\t<div class=\"elementor-widget-container\">\n\t\t\t\t\t\t\t\t\t<a <span style=\"color: white;\" href=\"https:\/\/meriti.rj.gov.br\/inicio\/?page_id=10848\">LEI PAULO GUSTAVO  <\/span> <\/a>\t\t\t\t\t\t\t\t<\/div>\n\t\t\t\t<\/div>\n\t\t\t\t<div class=\"elementor-element elementor-element-5b93e28 elementor-widget elementor-widget-text-editor\" data-id=\"5b93e28\" data-element_type=\"widget\" data-e-type=\"widget\" data-widget_type=\"text-editor.default\">\n\t\t\t\t<div class=\"elementor-widget-container\">\n\t\t\t\t\t\t\t\t\t<a href=\"https:\/\/meriti.rj.gov.br\/inicio\/?page_id=10848\"><span style=\"text-decoration: underline; color:white;\">\u200eClique Aqui<\/span><\/a>\t\t\t\t\t\t\t\t<\/div>\n\t\t\t\t<\/div>\n\t\t\t\t\t<\/div>\n\t\t\t\t<\/div>\n\t\t<div class=\"elementor-element elementor-element-f5cc892 e-flex e-con-boxed e-con e-child\" data-id=\"f5cc892\" data-element_type=\"container\" data-e-type=\"container\">\n\t\t\t\t\t<div class=\"e-con-inner\">\n\t\t\t\t<div class=\"elementor-element elementor-element-f3a8079 elementor-widget elementor-widget-image\" data-id=\"f3a8079\" data-element_type=\"widget\" data-e-type=\"widget\" data-widget_type=\"image.default\">\n\t\t\t\t<div class=\"elementor-widget-container\">\n\t\t\t\t\t\t\t\t\t\t\t\t\t\t\t<img loading=\"lazy\" decoding=\"async\" width=\"406\" height=\"244\" src=\"https:\/\/meriti.rj.gov.br\/inicio\/wp-content\/uploads\/2024\/04\/card-oficinas.png\" class=\"attachment-full size-full wp-image-10234\" alt=\"\" srcset=\"https:\/\/meriti.rj.gov.br\/inicio\/wp-content\/uploads\/2024\/04\/card-oficinas.png 406w, https:\/\/meriti.rj.gov.br\/inicio\/wp-content\/uploads\/2024\/04\/card-oficinas-300x180.png 300w\" sizes=\"(max-width: 406px) 100vw, 406px\" \/>\t\t\t\t\t\t\t\t\t\t\t\t\t\t\t<\/div>\n\t\t\t\t<\/div>\n\t\t\t\t<div class=\"elementor-element elementor-element-20b2cf6 elementor-widget elementor-widget-text-editor\" data-id=\"20b2cf6\" data-element_type=\"widget\" data-e-type=\"widget\" data-widget_type=\"text-editor.default\">\n\t\t\t\t<div class=\"elementor-widget-container\">\n\t\t\t\t\t\t\t\t\t<p>OFICINAS CULTURAIS<\/p>\t\t\t\t\t\t\t\t<\/div>\n\t\t\t\t<\/div>\n\t\t\t\t<div class=\"elementor-element elementor-element-b469864 elementor-widget elementor-widget-text-editor\" data-id=\"b469864\" data-element_type=\"widget\" data-e-type=\"widget\" data-widget_type=\"text-editor.default\">\n\t\t\t\t<div class=\"elementor-widget-container\">\n\t\t\t\t\t\t\t\t\t<p><span style=\"text-decoration: underline;\">\u200eClique aqui<\/span><\/p>\t\t\t\t\t\t\t\t<\/div>\n\t\t\t\t<\/div>\n\t\t\t\t\t<\/div>\n\t\t\t\t<\/div>\n\t\t\t\t\t<\/div>\n\t\t\t\t<\/div>\n\t\t<div class=\"elementor-element elementor-element-1cf7592 e-flex e-con-boxed e-con e-parent\" data-id=\"1cf7592\" data-element_type=\"container\" data-e-type=\"container\">\n\t\t\t\t\t<div class=\"e-con-inner\">\n\t\t<div class=\"elementor-element elementor-element-37370ed e-con-full e-flex e-con e-child\" data-id=\"37370ed\" data-element_type=\"container\" data-e-type=\"container\">\n\t\t\t\t<div class=\"elementor-element elementor-element-83ba676 elementor-widget elementor-widget-image\" data-id=\"83ba676\" data-element_type=\"widget\" data-e-type=\"widget\" data-widget_type=\"image.default\">\n\t\t\t\t<div class=\"elementor-widget-container\">\n\t\t\t\t\t\t\t\t\t\t\t\t\t\t\t<img loading=\"lazy\" decoding=\"async\" width=\"170\" height=\"29\" src=\"https:\/\/meriti.rj.gov.br\/inicio\/wp-content\/uploads\/2024\/04\/titulo-outros-links.png\" class=\"attachment-large size-large wp-image-10275\" alt=\"\" \/>\t\t\t\t\t\t\t\t\t\t\t\t\t\t\t<\/div>\n\t\t\t\t<\/div>\n\t\t\t\t<\/div>\n\t\t\t\t\t<\/div>\n\t\t\t\t<\/div>\n\t\t<div class=\"elementor-element elementor-element-bc25a28 e-flex e-con-boxed e-con e-parent\" data-id=\"bc25a28\" data-element_type=\"container\" data-e-type=\"container\">\n\t\t\t\t\t<div class=\"e-con-inner\">\n\t\t<div class=\"elementor-element elementor-element-a6bc488 e-con-full e-flex e-con e-child\" data-id=\"a6bc488\" data-element_type=\"container\" data-e-type=\"container\">\n\t\t\t\t<div class=\"elementor-element elementor-element-1a683c0 elementor-absolute e-transform elementor-widget elementor-widget-button\" data-id=\"1a683c0\" data-element_type=\"widget\" data-e-type=\"widget\" data-settings=\"{&quot;_position&quot;:&quot;absolute&quot;,&quot;_transform_scale_effect_hover&quot;:{&quot;unit&quot;:&quot;px&quot;,&quot;size&quot;:1.100000000000000088817841970012523233890533447265625,&quot;sizes&quot;:[]},&quot;_transform_scale_effect_hover_laptop&quot;:{&quot;unit&quot;:&quot;px&quot;,&quot;size&quot;:&quot;&quot;,&quot;sizes&quot;:[]},&quot;_transform_scale_effect_hover_tablet_extra&quot;:{&quot;unit&quot;:&quot;px&quot;,&quot;size&quot;:&quot;&quot;,&quot;sizes&quot;:[]},&quot;_transform_scale_effect_hover_tablet&quot;:{&quot;unit&quot;:&quot;px&quot;,&quot;size&quot;:&quot;&quot;,&quot;sizes&quot;:[]},&quot;_transform_scale_effect_hover_mobile&quot;:{&quot;unit&quot;:&quot;px&quot;,&quot;size&quot;:&quot;&quot;,&quot;sizes&quot;:[]}}\" data-widget_type=\"button.default\">\n\t\t\t\t<div class=\"elementor-widget-container\">\n\t\t\t\t\t\t\t\t\t<div class=\"elementor-button-wrapper\">\n\t\t\t\t\t<a class=\"elementor-button elementor-button-link elementor-size-sm\" href=\"#\">\n\t\t\t\t\t\t<span class=\"elementor-button-content-wrapper\">\n\t\t\t\t\t\t\t\t\t<span class=\"elementor-button-text\">Subsecretaria\u200e\u200e<\/span>\n\t\t\t\t\t<\/span>\n\t\t\t\t\t<\/a>\n\t\t\t\t<\/div>\n\t\t\t\t\t\t\t\t<\/div>\n\t\t\t\t<\/div>\n\t\t\t\t<\/div>\n\t\t<div class=\"elementor-element elementor-element-17a6a61 e-con-full e-flex e-con e-child\" data-id=\"17a6a61\" data-element_type=\"container\" data-e-type=\"container\">\n\t\t\t\t<div class=\"elementor-element elementor-element-1a8f1d5 elementor-absolute e-transform elementor-mobile-align-center elementor-widget elementor-widget-button\" data-id=\"1a8f1d5\" data-element_type=\"widget\" data-e-type=\"widget\" data-settings=\"{&quot;_position&quot;:&quot;absolute&quot;,&quot;_transform_scale_effect_hover&quot;:{&quot;unit&quot;:&quot;px&quot;,&quot;size&quot;:1.100000000000000088817841970012523233890533447265625,&quot;sizes&quot;:[]},&quot;_transform_scale_effect_hover_laptop&quot;:{&quot;unit&quot;:&quot;px&quot;,&quot;size&quot;:&quot;&quot;,&quot;sizes&quot;:[]},&quot;_transform_scale_effect_hover_tablet_extra&quot;:{&quot;unit&quot;:&quot;px&quot;,&quot;size&quot;:&quot;&quot;,&quot;sizes&quot;:[]},&quot;_transform_scale_effect_hover_tablet&quot;:{&quot;unit&quot;:&quot;px&quot;,&quot;size&quot;:&quot;&quot;,&quot;sizes&quot;:[]},&quot;_transform_scale_effect_hover_mobile&quot;:{&quot;unit&quot;:&quot;px&quot;,&quot;size&quot;:&quot;&quot;,&quot;sizes&quot;:[]}}\" data-widget_type=\"button.default\">\n\t\t\t\t<div class=\"elementor-widget-container\">\n\t\t\t\t\t\t\t\t\t<div class=\"elementor-button-wrapper\">\n\t\t\t\t\t<a class=\"elementor-button elementor-button-link elementor-size-sm\" href=\"#\">\n\t\t\t\t\t\t<span class=\"elementor-button-content-wrapper\">\n\t\t\t\t\t\t\t\t\t<span class=\"elementor-button-text\">  \u200e   \u200e Bibliotecas \u200e  <\/span>\n\t\t\t\t\t<\/span>\n\t\t\t\t\t<\/a>\n\t\t\t\t<\/div>\n\t\t\t\t\t\t\t\t<\/div>\n\t\t\t\t<\/div>\n\t\t\t\t<\/div>\n\t\t<div class=\"elementor-element elementor-element-cd237af e-con-full e-flex e-con e-child\" data-id=\"cd237af\" data-element_type=\"container\" data-e-type=\"container\">\n\t\t\t\t<div class=\"elementor-element elementor-element-5bfe426 elementor-absolute e-transform elementor-widget elementor-widget-button\" data-id=\"5bfe426\" data-element_type=\"widget\" data-e-type=\"widget\" data-settings=\"{&quot;_position&quot;:&quot;absolute&quot;,&quot;_transform_scale_effect_hover&quot;:{&quot;unit&quot;:&quot;px&quot;,&quot;size&quot;:1.100000000000000088817841970012523233890533447265625,&quot;sizes&quot;:[]},&quot;_transform_scale_effect_hover_laptop&quot;:{&quot;unit&quot;:&quot;px&quot;,&quot;size&quot;:&quot;&quot;,&quot;sizes&quot;:[]},&quot;_transform_scale_effect_hover_tablet_extra&quot;:{&quot;unit&quot;:&quot;px&quot;,&quot;size&quot;:&quot;&quot;,&quot;sizes&quot;:[]},&quot;_transform_scale_effect_hover_tablet&quot;:{&quot;unit&quot;:&quot;px&quot;,&quot;size&quot;:&quot;&quot;,&quot;sizes&quot;:[]},&quot;_transform_scale_effect_hover_mobile&quot;:{&quot;unit&quot;:&quot;px&quot;,&quot;size&quot;:&quot;&quot;,&quot;sizes&quot;:[]}}\" data-widget_type=\"button.default\">\n\t\t\t\t<div class=\"elementor-widget-container\">\n\t\t\t\t\t\t\t\t\t<div class=\"elementor-button-wrapper\">\n\t\t\t\t\t<a class=\"elementor-button elementor-button-link elementor-size-sm\" href=\"#\">\n\t\t\t\t\t\t<span class=\"elementor-button-content-wrapper\">\n\t\t\t\t\t\t\t\t\t<span class=\"elementor-button-text\"> \u200e   \u200e  \u200e Oficinas \u200e  \u200e  \u200e  \u200e  \u200e <\/span>\n\t\t\t\t\t<\/span>\n\t\t\t\t\t<\/a>\n\t\t\t\t<\/div>\n\t\t\t\t\t\t\t\t<\/div>\n\t\t\t\t<\/div>\n\t\t\t\t<\/div>\n\t\t<div class=\"elementor-element elementor-element-0527f7b e-con-full e-flex e-con e-child\" data-id=\"0527f7b\" data-element_type=\"container\" data-e-type=\"container\">\n\t\t\t\t<div class=\"elementor-element elementor-element-2d5fef4 elementor-absolute e-transform elementor-mobile-align-center elementor-widget elementor-widget-button\" data-id=\"2d5fef4\" data-element_type=\"widget\" data-e-type=\"widget\" data-settings=\"{&quot;_position&quot;:&quot;absolute&quot;,&quot;_transform_scale_effect_hover&quot;:{&quot;unit&quot;:&quot;px&quot;,&quot;size&quot;:1.100000000000000088817841970012523233890533447265625,&quot;sizes&quot;:[]},&quot;_transform_scale_effect_hover_laptop&quot;:{&quot;unit&quot;:&quot;px&quot;,&quot;size&quot;:&quot;&quot;,&quot;sizes&quot;:[]},&quot;_transform_scale_effect_hover_tablet_extra&quot;:{&quot;unit&quot;:&quot;px&quot;,&quot;size&quot;:&quot;&quot;,&quot;sizes&quot;:[]},&quot;_transform_scale_effect_hover_tablet&quot;:{&quot;unit&quot;:&quot;px&quot;,&quot;size&quot;:&quot;&quot;,&quot;sizes&quot;:[]},&quot;_transform_scale_effect_hover_mobile&quot;:{&quot;unit&quot;:&quot;px&quot;,&quot;size&quot;:&quot;&quot;,&quot;sizes&quot;:[]}}\" data-widget_type=\"button.default\">\n\t\t\t\t<div class=\"elementor-widget-container\">\n\t\t\t\t\t\t\t\t\t<div class=\"elementor-button-wrapper\">\n\t\t\t\t\t<a class=\"elementor-button elementor-button-link elementor-size-sm\" href=\"#\">\n\t\t\t\t\t\t<span class=\"elementor-button-content-wrapper\">\n\t\t\t\t\t\t\t\t\t<span class=\"elementor-button-text\"> \u200e  \u200e \u200e  Memorial\u200e \u200e  \u200e <\/span>\n\t\t\t\t\t<\/span>\n\t\t\t\t\t<\/a>\n\t\t\t\t<\/div>\n\t\t\t\t\t\t\t\t<\/div>\n\t\t\t\t<\/div>\n\t\t\t\t<\/div>\n\t\t\t\t\t<\/div>\n\t\t\t\t<\/div>\n\t\t<div class=\"elementor-element elementor-element-0842bfb e-flex e-con-boxed e-con e-parent\" data-id=\"0842bfb\" data-element_type=\"container\" data-e-type=\"container\">\n\t\t\t\t\t<div class=\"e-con-inner\">\n\t\t\t\t<div class=\"elementor-element elementor-element-0fba763 elementor-widget-mobile__width-initial elementor-widget elementor-widget-image\" data-id=\"0fba763\" data-element_type=\"widget\" data-e-type=\"widget\" data-widget_type=\"image.default\">\n\t\t\t\t<div class=\"elementor-widget-container\">\n\t\t\t\t\t\t\t\t\t\t\t\t\t\t\t<img loading=\"lazy\" decoding=\"async\" width=\"1366\" height=\"338\" src=\"https:\/\/meriti.rj.gov.br\/inicio\/wp-content\/uploads\/2024\/04\/background-links-Copia.png\" class=\"attachment-full size-full wp-image-10226\" alt=\"\" srcset=\"https:\/\/meriti.rj.gov.br\/inicio\/wp-content\/uploads\/2024\/04\/background-links-Copia.png 1366w, https:\/\/meriti.rj.gov.br\/inicio\/wp-content\/uploads\/2024\/04\/background-links-Copia-300x74.png 300w, https:\/\/meriti.rj.gov.br\/inicio\/wp-content\/uploads\/2024\/04\/background-links-Copia-1024x253.png 1024w, https:\/\/meriti.rj.gov.br\/inicio\/wp-content\/uploads\/2024\/04\/background-links-Copia-768x190.png 768w\" sizes=\"(max-width: 1366px) 100vw, 1366px\" \/>\t\t\t\t\t\t\t\t\t\t\t\t\t\t\t<\/div>\n\t\t\t\t<\/div>\n\t\t\t\t\t<\/div>\n\t\t\t\t<\/div>\n\t\t<div class=\"elementor-element elementor-element-e3da76b e-flex e-con-boxed e-con e-parent\" data-id=\"e3da76b\" data-element_type=\"container\" data-e-type=\"container\">\n\t\t\t\t\t<div class=\"e-con-inner\">\n\t\t\t\t<div class=\"elementor-element elementor-element-1a3c991 elementor-widget elementor-widget-image\" data-id=\"1a3c991\" data-element_type=\"widget\" data-e-type=\"widget\" data-widget_type=\"image.default\">\n\t\t\t\t<div class=\"elementor-widget-container\">\n\t\t\t\t\t\t\t\t\t\t\t\t\t\t\t<img loading=\"lazy\" decoding=\"async\" width=\"1366\" height=\"23\" src=\"https:\/\/meriti.rj.gov.br\/inicio\/wp-content\/uploads\/2024\/04\/barra-colorida-inferior.png\" class=\"attachment-full size-full wp-image-10229\" alt=\"\" srcset=\"https:\/\/meriti.rj.gov.br\/inicio\/wp-content\/uploads\/2024\/04\/barra-colorida-inferior.png 1366w, https:\/\/meriti.rj.gov.br\/inicio\/wp-content\/uploads\/2024\/04\/barra-colorida-inferior-300x5.png 300w, https:\/\/meriti.rj.gov.br\/inicio\/wp-content\/uploads\/2024\/04\/barra-colorida-inferior-1024x17.png 1024w, https:\/\/meriti.rj.gov.br\/inicio\/wp-content\/uploads\/2024\/04\/barra-colorida-inferior-768x13.png 768w\" sizes=\"(max-width: 1366px) 100vw, 1366px\" \/>\t\t\t\t\t\t\t\t\t\t\t\t\t\t\t<\/div>\n\t\t\t\t<\/div>\n\t\t\t\t\t<\/div>\n\t\t\t\t<\/div>\n\t\t\t\t<\/div>\n\t\t","protected":false},"excerpt":{"rendered":"<p>Instagram culturaeturismosjm | Subsecretaria de Cultura, Turismo, Empreendedorismo Cultural, Audiovisual e Igualdade Racial \ud83d\udccdRua Panamense &#8211; Jd. Meriti CENTRO CULTURAL MERITIENSE Vem a\u00ed o novo&hellip;<\/p>\n","protected":false},"author":5,"featured_media":0,"parent":0,"menu_order":0,"comment_status":"closed","ping_status":"closed","template":"","meta":{"footnotes":""},"class_list":["post-10318","page","type-page","status-publish","hentry"],"yoast_head":"<!-- This site is optimized with the Yoast SEO plugin v27.3 - https:\/\/yoast.com\/product\/yoast-seo-wordpress\/ -->\n<title>Cultura SJM - Prefeitura Municipal de S\u00e3o Jo\u00e3o de Meriti<\/title>\n<meta name=\"robots\" content=\"index, follow, max-snippet:-1, max-image-preview:large, max-video-preview:-1\" \/>\n<link rel=\"canonical\" href=\"https:\/\/meriti.rj.gov.br\/inicio\/cultura-sjm-copy\/\" \/>\n<meta property=\"og:locale\" content=\"pt_BR\" \/>\n<meta property=\"og:type\" content=\"article\" \/>\n<meta property=\"og:title\" content=\"Cultura SJM - Prefeitura Municipal de S\u00e3o Jo\u00e3o de Meriti\" \/>\n<meta property=\"og:description\" content=\"Instagram culturaeturismosjm | Subsecretaria de Cultura, Turismo, Empreendedorismo Cultural, Audiovisual e Igualdade Racial \ud83d\udccdRua Panamense &#8211; Jd. Meriti CENTRO CULTURAL MERITIENSE Vem a\u00ed o novo&hellip;\" \/>\n<meta property=\"og:url\" content=\"https:\/\/meriti.rj.gov.br\/inicio\/cultura-sjm-copy\/\" \/>\n<meta property=\"og:site_name\" content=\"Prefeitura Municipal de S\u00e3o Jo\u00e3o de Meriti\" \/>\n<meta property=\"article:modified_time\" content=\"2025-11-17T13:10:30+00:00\" \/>\n<meta property=\"og:image\" content=\"https:\/\/meriti.rj.gov.br\/inicio\/wp-content\/uploads\/2024\/04\/titulo-noticias.png\" \/>\n\t<meta property=\"og:image:width\" content=\"109\" \/>\n\t<meta property=\"og:image:height\" content=\"35\" \/>\n\t<meta property=\"og:image:type\" content=\"image\/png\" \/>\n<meta name=\"twitter:card\" content=\"summary_large_image\" \/>\n<meta name=\"twitter:label1\" content=\"Est. tempo de leitura\" \/>\n\t<meta name=\"twitter:data1\" content=\"7 minutos\" \/>\n<script type=\"application\/ld+json\" class=\"yoast-schema-graph\">{\"@context\":\"https:\\\/\\\/schema.org\",\"@graph\":[{\"@type\":\"WebPage\",\"@id\":\"https:\\\/\\\/meriti.rj.gov.br\\\/inicio\\\/cultura-sjm-copy\\\/\",\"url\":\"https:\\\/\\\/meriti.rj.gov.br\\\/inicio\\\/cultura-sjm-copy\\\/\",\"name\":\"Cultura SJM - Prefeitura Municipal de S\u00e3o Jo\u00e3o de Meriti\",\"isPartOf\":{\"@id\":\"https:\\\/\\\/meriti.rj.gov.br\\\/inicio\\\/#website\"},\"primaryImageOfPage\":{\"@id\":\"https:\\\/\\\/meriti.rj.gov.br\\\/inicio\\\/cultura-sjm-copy\\\/#primaryimage\"},\"image\":{\"@id\":\"https:\\\/\\\/meriti.rj.gov.br\\\/inicio\\\/cultura-sjm-copy\\\/#primaryimage\"},\"thumbnailUrl\":\"https:\\\/\\\/meriti.rj.gov.br\\\/inicio\\\/wp-content\\\/uploads\\\/2024\\\/04\\\/titulo-noticias.png\",\"datePublished\":\"2024-04-30T01:46:25+00:00\",\"dateModified\":\"2025-11-17T13:10:30+00:00\",\"breadcrumb\":{\"@id\":\"https:\\\/\\\/meriti.rj.gov.br\\\/inicio\\\/cultura-sjm-copy\\\/#breadcrumb\"},\"inLanguage\":\"pt-BR\",\"potentialAction\":[{\"@type\":\"ReadAction\",\"target\":[\"https:\\\/\\\/meriti.rj.gov.br\\\/inicio\\\/cultura-sjm-copy\\\/\"]}]},{\"@type\":\"ImageObject\",\"inLanguage\":\"pt-BR\",\"@id\":\"https:\\\/\\\/meriti.rj.gov.br\\\/inicio\\\/cultura-sjm-copy\\\/#primaryimage\",\"url\":\"https:\\\/\\\/meriti.rj.gov.br\\\/inicio\\\/wp-content\\\/uploads\\\/2024\\\/04\\\/titulo-noticias.png\",\"contentUrl\":\"https:\\\/\\\/meriti.rj.gov.br\\\/inicio\\\/wp-content\\\/uploads\\\/2024\\\/04\\\/titulo-noticias.png\",\"width\":109,\"height\":35},{\"@type\":\"BreadcrumbList\",\"@id\":\"https:\\\/\\\/meriti.rj.gov.br\\\/inicio\\\/cultura-sjm-copy\\\/#breadcrumb\",\"itemListElement\":[{\"@type\":\"ListItem\",\"position\":1,\"name\":\"In\u00edcio\",\"item\":\"https:\\\/\\\/meriti.rj.gov.br\\\/inicio\\\/\"},{\"@type\":\"ListItem\",\"position\":2,\"name\":\"Cultura SJM\"}]},{\"@type\":\"WebSite\",\"@id\":\"https:\\\/\\\/meriti.rj.gov.br\\\/inicio\\\/#website\",\"url\":\"https:\\\/\\\/meriti.rj.gov.br\\\/inicio\\\/\",\"name\":\"portal.meriti\",\"description\":\"Prefeitura Municipal de S\u00e3o Jo\u00e3o de Meriti\",\"publisher\":{\"@id\":\"https:\\\/\\\/meriti.rj.gov.br\\\/inicio\\\/#organization\"},\"potentialAction\":[{\"@type\":\"SearchAction\",\"target\":{\"@type\":\"EntryPoint\",\"urlTemplate\":\"https:\\\/\\\/meriti.rj.gov.br\\\/inicio\\\/?s={search_term_string}\"},\"query-input\":{\"@type\":\"PropertyValueSpecification\",\"valueRequired\":true,\"valueName\":\"search_term_string\"}}],\"inLanguage\":\"pt-BR\"},{\"@type\":\"Organization\",\"@id\":\"https:\\\/\\\/meriti.rj.gov.br\\\/inicio\\\/#organization\",\"name\":\"Prefeitura Municipal de S\u00e3o Jo\u00e3o de Meriti\",\"url\":\"https:\\\/\\\/meriti.rj.gov.br\\\/inicio\\\/\",\"logo\":{\"@type\":\"ImageObject\",\"inLanguage\":\"pt-BR\",\"@id\":\"https:\\\/\\\/meriti.rj.gov.br\\\/inicio\\\/#\\\/schema\\\/logo\\\/image\\\/\",\"url\":\"https:\\\/\\\/meriti.rj.gov.br\\\/inicio\\\/wp-content\\\/uploads\\\/2023\\\/04\\\/cropped-logo.png\",\"contentUrl\":\"https:\\\/\\\/meriti.rj.gov.br\\\/inicio\\\/wp-content\\\/uploads\\\/2023\\\/04\\\/cropped-logo.png\",\"width\":512,\"height\":512,\"caption\":\"Prefeitura Municipal de S\u00e3o Jo\u00e3o de Meriti\"},\"image\":{\"@id\":\"https:\\\/\\\/meriti.rj.gov.br\\\/inicio\\\/#\\\/schema\\\/logo\\\/image\\\/\"}}]}<\/script>\n<!-- \/ Yoast SEO plugin. -->","yoast_head_json":{"title":"Cultura SJM - Prefeitura Municipal de S\u00e3o Jo\u00e3o de Meriti","robots":{"index":"index","follow":"follow","max-snippet":"max-snippet:-1","max-image-preview":"max-image-preview:large","max-video-preview":"max-video-preview:-1"},"canonical":"https:\/\/meriti.rj.gov.br\/inicio\/cultura-sjm-copy\/","og_locale":"pt_BR","og_type":"article","og_title":"Cultura SJM - Prefeitura Municipal de S\u00e3o Jo\u00e3o de Meriti","og_description":"Instagram culturaeturismosjm | Subsecretaria de Cultura, Turismo, Empreendedorismo Cultural, Audiovisual e Igualdade Racial \ud83d\udccdRua Panamense &#8211; Jd. Meriti CENTRO CULTURAL MERITIENSE Vem a\u00ed o novo&hellip;","og_url":"https:\/\/meriti.rj.gov.br\/inicio\/cultura-sjm-copy\/","og_site_name":"Prefeitura Municipal de S\u00e3o Jo\u00e3o de Meriti","article_modified_time":"2025-11-17T13:10:30+00:00","og_image":[{"width":109,"height":35,"url":"https:\/\/meriti.rj.gov.br\/inicio\/wp-content\/uploads\/2024\/04\/titulo-noticias.png","type":"image\/png"}],"twitter_card":"summary_large_image","twitter_misc":{"Est. tempo de leitura":"7 minutos"},"schema":{"@context":"https:\/\/schema.org","@graph":[{"@type":"WebPage","@id":"https:\/\/meriti.rj.gov.br\/inicio\/cultura-sjm-copy\/","url":"https:\/\/meriti.rj.gov.br\/inicio\/cultura-sjm-copy\/","name":"Cultura SJM - Prefeitura Municipal de S\u00e3o Jo\u00e3o de Meriti","isPartOf":{"@id":"https:\/\/meriti.rj.gov.br\/inicio\/#website"},"primaryImageOfPage":{"@id":"https:\/\/meriti.rj.gov.br\/inicio\/cultura-sjm-copy\/#primaryimage"},"image":{"@id":"https:\/\/meriti.rj.gov.br\/inicio\/cultura-sjm-copy\/#primaryimage"},"thumbnailUrl":"https:\/\/meriti.rj.gov.br\/inicio\/wp-content\/uploads\/2024\/04\/titulo-noticias.png","datePublished":"2024-04-30T01:46:25+00:00","dateModified":"2025-11-17T13:10:30+00:00","breadcrumb":{"@id":"https:\/\/meriti.rj.gov.br\/inicio\/cultura-sjm-copy\/#breadcrumb"},"inLanguage":"pt-BR","potentialAction":[{"@type":"ReadAction","target":["https:\/\/meriti.rj.gov.br\/inicio\/cultura-sjm-copy\/"]}]},{"@type":"ImageObject","inLanguage":"pt-BR","@id":"https:\/\/meriti.rj.gov.br\/inicio\/cultura-sjm-copy\/#primaryimage","url":"https:\/\/meriti.rj.gov.br\/inicio\/wp-content\/uploads\/2024\/04\/titulo-noticias.png","contentUrl":"https:\/\/meriti.rj.gov.br\/inicio\/wp-content\/uploads\/2024\/04\/titulo-noticias.png","width":109,"height":35},{"@type":"BreadcrumbList","@id":"https:\/\/meriti.rj.gov.br\/inicio\/cultura-sjm-copy\/#breadcrumb","itemListElement":[{"@type":"ListItem","position":1,"name":"In\u00edcio","item":"https:\/\/meriti.rj.gov.br\/inicio\/"},{"@type":"ListItem","position":2,"name":"Cultura SJM"}]},{"@type":"WebSite","@id":"https:\/\/meriti.rj.gov.br\/inicio\/#website","url":"https:\/\/meriti.rj.gov.br\/inicio\/","name":"portal.meriti","description":"Prefeitura Municipal de S\u00e3o Jo\u00e3o de Meriti","publisher":{"@id":"https:\/\/meriti.rj.gov.br\/inicio\/#organization"},"potentialAction":[{"@type":"SearchAction","target":{"@type":"EntryPoint","urlTemplate":"https:\/\/meriti.rj.gov.br\/inicio\/?s={search_term_string}"},"query-input":{"@type":"PropertyValueSpecification","valueRequired":true,"valueName":"search_term_string"}}],"inLanguage":"pt-BR"},{"@type":"Organization","@id":"https:\/\/meriti.rj.gov.br\/inicio\/#organization","name":"Prefeitura Municipal de S\u00e3o Jo\u00e3o de Meriti","url":"https:\/\/meriti.rj.gov.br\/inicio\/","logo":{"@type":"ImageObject","inLanguage":"pt-BR","@id":"https:\/\/meriti.rj.gov.br\/inicio\/#\/schema\/logo\/image\/","url":"https:\/\/meriti.rj.gov.br\/inicio\/wp-content\/uploads\/2023\/04\/cropped-logo.png","contentUrl":"https:\/\/meriti.rj.gov.br\/inicio\/wp-content\/uploads\/2023\/04\/cropped-logo.png","width":512,"height":512,"caption":"Prefeitura Municipal de S\u00e3o Jo\u00e3o de Meriti"},"image":{"@id":"https:\/\/meriti.rj.gov.br\/inicio\/#\/schema\/logo\/image\/"}}]}},"_links":{"self":[{"href":"https:\/\/meriti.rj.gov.br\/inicio\/wp-json\/wp\/v2\/pages\/10318","targetHints":{"allow":["GET"]}}],"collection":[{"href":"https:\/\/meriti.rj.gov.br\/inicio\/wp-json\/wp\/v2\/pages"}],"about":[{"href":"https:\/\/meriti.rj.gov.br\/inicio\/wp-json\/wp\/v2\/types\/page"}],"author":[{"embeddable":true,"href":"https:\/\/meriti.rj.gov.br\/inicio\/wp-json\/wp\/v2\/users\/5"}],"replies":[{"embeddable":true,"href":"https:\/\/meriti.rj.gov.br\/inicio\/wp-json\/wp\/v2\/comments?post=10318"}],"version-history":[{"count":293,"href":"https:\/\/meriti.rj.gov.br\/inicio\/wp-json\/wp\/v2\/pages\/10318\/revisions"}],"predecessor-version":[{"id":19868,"href":"https:\/\/meriti.rj.gov.br\/inicio\/wp-json\/wp\/v2\/pages\/10318\/revisions\/19868"}],"wp:attachment":[{"href":"https:\/\/meriti.rj.gov.br\/inicio\/wp-json\/wp\/v2\/media?parent=10318"}],"curies":[{"name":"wp","href":"https:\/\/api.w.org\/{rel}","templated":true}]}}